{"id":50947,"date":"2026-02-09T20:24:18","date_gmt":"2026-02-10T01:24:18","guid":{"rendered":"https:\/\/cusointernational.org\/talent-pluriel-en-action\/"},"modified":"2026-02-11T21:05:55","modified_gmt":"2026-02-12T02:05:55","slug":"talent-pluriel-en-action","status":"publish","type":"page","link":"https:\/\/cusointernational.org\/fr\/talent-pluriel-en-action\/","title":{"rendered":"Talent Pluriel en Action"},"content":{"rendered":"\n<h2>\n\t\t\tC\u00e9l\u00e9brer <br \/>Talent Pluriel\t<\/h2>\n\t<p>Autonomiser les professionnels, renforcer les communaut\u00e9s<\/p>\n<h2>\n\t\t\tQui est Cuso ?\t<\/h2>\n\t<p>Depuis plus de 60 ans, Cuso International est un partenaire de confiance dans le domaine du d\u00e9veloppement \u00e9conomique inclusif. De l&#8217;Afrique \u00e0 l&#8217;Am\u00e9rique latine, en passant par les Cara\u00efbes et le Canada, nous mettons en relation des entreprises internationales avec des talents, des entrepreneurs et des communaut\u00e9s locales afin de favoriser une croissance durable.<\/p>\n<p>Nous allons au-del\u00e0 de la philanthropie : nous concevons des solutions pratiques et sur mesure pour le d\u00e9veloppement de la main-d&#8217;\u0153uvre qui aident les entreprises \u00e0 r\u00e9ussir tout en cr\u00e9ant des avantages \u00e0 long terme pour les communaut\u00e9s.<\/p>\n<h3>\n\t\t\tL&#8217;effet Cuso\t<\/h3>\n\t<p>Quand nous formons, soutenons ou accompagnons une personne; qu&#8217;il s&#8217;agisse d&#8217;un jeune leader, d&#8217;une agricultrice ou d&#8217;un chercheur d&#8217;emploi; l&#8217;impact de ses nouveaux acquis la d\u00e9passe largement. Chaque action se multiplie. Chaque changement en inspire un autre. Petit \u00e0 petit, un mouvement grandit en un effet boule de neige porteur d&#8217;avenir.<\/p>\n\t<p><strong>Aujourd&#8217;hui, nous c\u00e9l\u00e9brons l&#8217;incroyable impact de Talent Pluriel, un programme qui a permis d&#8217;autonomiser des professionnels, de renforcer des entreprises et de faire prosp\u00e9rer des communaut\u00e9s. Merci \u00e0 tous ceux qui ont rendu ce succ\u00e8s possible !<\/strong><\/p>\n<h2>\n\t\t\t\u00c0 propos de Talent Pluriel\t<\/h2>\n\t<p><strong>Ann\u00e9es de mise en \u0153uvre :<\/strong> 2022-2026<\/p>\n<p><strong>Bailleurs de fonds :<\/strong> <a href=\"https:\/\/international.canada.ca\/fr\/affaires-mondiales\" target=\"_blank\" rel=\"noopener\">Affaires mondiales Canada (AMC)<\/a> and the <a href=\"https:\/\/www.sida.se\/en\" target=\"_blank\" rel=\"noopener\">l&#8217;Agence su\u00e9doise de coop\u00e9ration internationale au d\u00e9veloppement (Sida)<\/a><\/p>\n<p>Talent Pluriels est un programme unique en son genre. Ce projet, qui s&#8217;inspire du mod\u00e8le d&#8217;emploi inclusif tr\u00e8s r\u00e9ussi <a href=\"https:\/\/cusointernational.org\/fr\/programme-colombien-de-possibilites-de-consolidation-de-la-paix-et-demplois-durables-programme-scope\/\">Sustainable Colombian Opportunities for Peacebuilding and Employment (SCOPE)<\/a>, a \u00e9t\u00e9 lanc\u00e9 en 2022 dans le but d&#8217;aider les jeunes de la R\u00e9publique d\u00e9mocratique du Congo \u00e0 se construire un avenir meilleur. Il soutient les jeunes confront\u00e9s \u00e0 des obstacles, en particulier les femmes, les personnes LGBTQIA+, les personnes handicap\u00e9es et les personnes d\u00e9plac\u00e9es, en leur proposant des formations, un accompagnement et une aide pour trouver un emploi, cr\u00e9er une entreprise et participer pleinement \u00e0 la vie de leur communaut\u00e9.<\/p>\n<p>Parall\u00e8lement, Talent Pluriels travaille avec des organisations locales et des leaders communautaires pour renforcer les politiques et les pratiques inclusives, contribuant ainsi \u00e0 cr\u00e9er des environnements plus accueillants, plus favorables et plus r\u00e9actifs aux personnes vuln\u00e9rables, en particulier les femmes, les jeunes et les personnes handicap\u00e9es. En s&#8217;attaquant \u00e0 la fois \u00e0 l&#8217;autonomisation individuelle et au changement syst\u00e9mique, le projet contribue \u00e0 rendre les communaut\u00e9s plus inclusives et plus r\u00e9silientes.<\/p>\n<figure itemscope itemtype=\"https:\/\/schema.org\/ImageObject\">\n\t\t\t\t<img decoding=\"async\" src=\"https:\/\/cusointernational.org\/wp-content\/uploads\/canada-sweden-fr-1.webp\" alt=\"canada-sweden-fr\" height=\"163\" width=\"1130\" title=\"canada-sweden-fr\" onerror=\"this.style.display='none'\" loading=\"lazy\" \/>\n\t<\/figure>\n<h2>\n\t\t\tImpact en chiffres\t<\/h2>\n\t\t<!-- Comment to fix spacing issue\n\t-->\n\t\t<h2>0<\/h2>\n\t<!-- Comment to fix spacing issue\n\t-->\t\n\t<p>Jeunes formes \u00e0 l&#8217;entrepreneuriat<\/p>\n\t\t<!-- Comment to fix spacing issue\n\t-->\n\t\t<h2>0<\/h2>\n\t<!-- Comment to fix spacing issue\n\t-->\t\n\t<p>Micro\/petites entreprises <\/p>\n\t\t<!-- Comment to fix spacing issue\n\t-->\n\t\t<h2>0<\/h2>\n\t<!-- Comment to fix spacing issue\n\t-->\t\n\t<p>Jeunes vuln\u00e9rables form\u00e9s( les femmes, les personnes LGBTQIA+, les personnes handicap\u00e9es et les personnes d\u00e9plac\u00e9es)<\/p>\n\t\t<!-- Comment to fix spacing issue\n\t-->\n\t\t<h2>0<\/h2>\n\t<!-- Comment to fix spacing issue\n\t-->\t\n\t<p>Jeunes embauch\u00e9s ou en stage<\/p>\n\t\t<!-- Comment to fix spacing issue\n\t-->\n\t\t<h2>0<\/h2>\n\t<!-- Comment to fix spacing issue\n\t-->\t\n\t<p>Membres de la communaut\u00e9 et familles touch\u00e9es<\/p>\n<h2>\n\t\t\tTalent Pluriel en Action\t<\/h2>\n\t\t\t<a href=\"javascript:void(0)\" title=\"Lire la vid\u00e9o\" target=\"_self\"  data-modal=  role=\"button\" aria-label=\"Lire la vid\u00e9o\">\n\t\t\t\t\t\t\t\t\t\t\tLire la vid\u00e9o\n\t\t<\/a>\n<h2>\n\t\t\tT\u00e9moignages\t<\/h2>\n\t<p>Rencontrez les personnes qui ont v\u00e9cu l&#8217;exp\u00e9rience Cuso.<\/p>\n<br \/>\n<br \/>\n<figure itemscope itemtype=\"https:\/\/schema.org\/ImageObject\">\n\t\t\t\t<img decoding=\"async\" src=\"https:\/\/cusointernational.org\/wp-content\/uploads\/tp-Charly-Solo.webp\" alt=\"Woman smiling and posing beside a display of colourful textiles at a community event in the DRC \/ Femme souriante posant \u00e0 c\u00f4t\u00e9 d'un pr\u00e9sentoir de textiles color\u00e9s lors d'un \u00e9v\u00e9nement communautaire en RDC\" height=\"800\" width=\"800\" title=\"tp-Charly Solo\" onerror=\"this.style.display='none'\" loading=\"lazy\" \/>\n\t<\/figure>\n\t<p><em>\u00ab En participant \u00e0 ce programme, j&#8217;esp\u00e9rais b\u00e9n\u00e9ficier d&#8217;encadrement, de suivi et de soutien, et Cuso a rendu cela possible. Acqu\u00e9rir de nouvelles comp\u00e9tences a \u00e9t\u00e9 difficile au d\u00e9but, mais ma d\u00e9termination m&#8217;a permis d&#8217;aller jusqu&#8217;au bout. \u00bb<\/em><\/p>\n<p><em>\u00ab Gr\u00e2ce \u00e0 ce projet, je suis devenu autonome. Dans ma communaut\u00e9, les doutes sur les v\u00e9ritables intentions des organisations qui viennent en aide aux jeunes se sont dissip\u00e9s. \u00bb<\/em><\/p>\n<p><strong>&#8211; Charly Solo, participante<\/strong><\/p>\n<figure itemscope itemtype=\"https:\/\/schema.org\/ImageObject\">\n\t\t\t\t<img decoding=\"async\" src=\"https:\/\/cusointernational.org\/wp-content\/uploads\/Gloria-Kidiadi-Kieta.webp\" alt=\"Young woman standing beside program banner \/ Jeune femme debout pr\u00e8s d'une banni\u00e8re de programme\" height=\"800\" width=\"800\" title=\"Gloria Kidiadi Kieta\" onerror=\"this.style.display='none'\" loading=\"lazy\" \/>\n\t<\/figure>\n\t<p><em>\u00ab Le soutien et les conseils offerts par le projet m&#8217;ont permis de me d\u00e9marquer en termes de marketing et de pr\u00e9sentation de mes produits. Gr\u00e2ce au financement que j&#8217;ai re\u00e7u, j&#8217;ai pu acheter les mati\u00e8res premi\u00e8res dont j&#8217;avais besoin et constituer un stock important de produits \u00e0 vendre, ce qui a consid\u00e9rablement am\u00e9lior\u00e9 mes revenus. \u00bb<\/em><\/p>\n<p><strong>&#8211; Gloria Kidiadi Kieta, participante<\/strong><\/p>\n<figure itemscope itemtype=\"https:\/\/schema.org\/ImageObject\">\n\t\t\t\t<img decoding=\"async\" src=\"https:\/\/cusointernational.org\/wp-content\/uploads\/tp-Malekama-Ntoto-Dorcas.webp\" alt=\"Young woman seated on a stool in a brightly coloured indoor community space in the Democratic Republic of Congo \/ Jeune femme assise sur un tabouret dans un espace communautaire int\u00e9rieur aux couleurs vives en R\u00e9publique d\u00e9mocratique du Congo\" height=\"800\" width=\"800\" title=\"tp-Malekama Ntoto Dorcas\" onerror=\"this.style.display='none'\" loading=\"lazy\" \/>\n\t<\/figure>\n\t<p><em>\u00ab Au d\u00e9but, j&#8217;avais du mal \u00e0 accepter les autres tels qu&#8217;ils \u00e9taient, mais l&#8217;inclusion m&#8217;a appris \u00e0 \u00eatre plus ouverte et \u00e0 voir la richesse de la diversit\u00e9. Gr\u00e2ce aux \u00e9changes et aux exp\u00e9riences v\u00e9cues dans un environnement inclusif, j&#8217;ai d\u00e9velopp\u00e9 davantage d&#8217;empathie et j&#8217;ai appris \u00e0 \u00e9couter sans juger. Aujourd&#8217;hui, j&#8217;appr\u00e9cie la diff\u00e9rence et je comprends l&#8217;importance de l&#8217;acceptation et du respect dans une soci\u00e9t\u00e9 plus \u00e9quitable. \u00bb<\/em><\/p>\n<p><strong>&#8211; Malekama Ntoto Dorcas, participante<\/strong><\/p>\n<figure itemscope itemtype=\"https:\/\/schema.org\/ImageObject\">\n\t\t\t\t<img decoding=\"async\" src=\"https:\/\/cusointernational.org\/wp-content\/uploads\/tp-victor.webp\" alt=\"Male speaker addressing audience with microphone \/ Intervenant masculin s'adressant au public avec un micro\" height=\"700\" width=\"700\" title=\"tp-victor\" onerror=\"this.style.display='none'\" loading=\"lazy\" \/>\n\t<\/figure>\n\t<p><em>\u00ab Le soutien et les conseils prodigu\u00e9s par Cuso International ont \u00e9t\u00e9 essentiels \u00e0 ma r\u00e9ussite. Avant de b\u00e9n\u00e9ficier du fonds d&#8217;innovation, je manquais d&#8217;\u00e9quipement et devais produire mes jus dans les locaux d&#8217;une autre personne. Cela entra\u00eenait des retards dans mes commandes et m&#8217;emp\u00eachait de r\u00e9pondre \u00e0 la demande de mes clients. Gr\u00e2ce au fonds d&#8217;innovation, j&#8217;ai pu am\u00e9liorer ma productivit\u00e9 et pr\u00e9senter mes produits de mani\u00e8re beaucoup plus attrayante. Je peux d\u00e9sormais produire chez moi, ce qui a vraiment chang\u00e9 la donne. \u00bb<\/em><\/p>\n<p><strong>&#8211; Victor Bujiriri, participant<\/strong><\/p>\n<figure itemscope itemtype=\"https:\/\/schema.org\/ImageObject\">\n\t\t\t\t<img decoding=\"async\" src=\"https:\/\/cusointernational.org\/wp-content\/uploads\/tp-prodige.webp\" alt=\"Young woman standing outdoors on a balcony \/ Jeune femme debout \u00e0 l'ext\u00e9rieur sur un balcon\" height=\"700\" width=\"700\" title=\"tp-prodige\" onerror=\"this.style.display='none'\" loading=\"lazy\" \/>\n\t<\/figure>\n\t<p><em>\u00ab Mon exp\u00e9rience d&#8217;inclusion pendant la formation a \u00e9t\u00e9 marqu\u00e9e par l&#8217;ouverture et le soutien bienveillant. J&#8217;ai \u00e9t\u00e9 accueilli dans un environnement qui valorise la diversit\u00e9, ce qui m&#8217;a permis de m&#8217;int\u00e9grer et de m&#8217;\u00e9panouir pleinement. Cette approche inclusive a renforc\u00e9 mon estime de moi et ma capacit\u00e9 \u00e0 collaborer efficacement avec des personnes d&#8217;horizons divers. \u00bb<\/em><\/p>\n<p><strong>&#8211; Prodige Mavanga Kinkazi, participant<\/strong><\/p>\n\t<p><em>&#8220;\u00ab Le r\u00e9seautage avec d&#8217;autres entrepreneurs, tant chez Cuso qu&#8217;ailleurs, m&#8217;a permis d&#8217;\u00e9largir mes horizons et d&#8217;\u00e9changer des id\u00e9es, ce qui est inestimable pour un jeune entrepreneur comme moi. \u00bb<\/em><\/p>\n<p><strong>&#8211; Rachel Kasongo, participante<\/strong><\/p>\n\t<em>\u00ab Gr\u00e2ce au projet Talents Pluriels et au soutien des coachs et animateurs de Cuso, j&#8217;ai pu acqu\u00e9rir des comp\u00e9tences essentielles en gestion et en marketing. Aujourd&#8217;hui, je suis reconnu comme un jeune entrepreneur accompli et bien form\u00e9. L&#8217;inclusion a jou\u00e9 un r\u00f4le crucial dans mon parcours ; elle m&#8217;a permis de collaborer avec des personnes d&#8217;orientations diff\u00e9rentes, renfor\u00e7ant ainsi notre communaut\u00e9 et c\u00e9l\u00e9brant la diversit\u00e9. \u00bb<br \/>\n\u00ab Je suis reconnaissant envers ceux qui m&#8217;ont soutenu et je suis d\u00e9termin\u00e9 \u00e0 inspirer d&#8217;autres jeunes, en particulier ceux de la communaut\u00e9 LGBTQ+, \u00e0 poursuivre leurs r\u00eaves et \u00e0 surmonter les obstacles. Mon entreprise, SMART COOK SERVICES, est en pleine croissance et je suis impatient de voir ce que l&#8217;avenir me r\u00e9serve. \u00bb<br \/>\n<\/em>\n<p><strong>&#8211; Daniel Mambu Zahara, participant<\/strong><\/p>\n<h2>\n\t\t\tFaits saillants de l&#8217;\u00e9v\u00e9nement\t<\/h2>\n\t<p>Un regard sur les \u00e9v\u00e9nements, galas, formations et occasions de r\u00e9seautage auxquels Talent Pluriel a fi\u00e8rement particip\u00e9. Au fil des ans, nous avons \u00e9tabli des partenariats avec des organisations, des entreprises et des institutions gouvernementales de premier plan afin d&#8217;avoir un impact significatif sur notre communaut\u00e9. Des vitrines culinaires c\u00e9l\u00e9brant les jeunes entrepreneurs aux tables rondes percutantes comme la Journ\u00e9e de r\u00e9flexion sur les femmes avec la Fondation Saka Saka, en passant par les \u00e9v\u00e9nements de recrutement tels que les salons de l&#8217;emploi avec l&#8217;ANADEC, chaque initiative a renforc\u00e9 notre mission. Ces moments refl\u00e8tent l&#8217;engagement durable de Talent Pluriel \u00e0 autonomiser les jeunes talents et \u00e0 fa\u00e7onner un avenir plus inclusif.<\/p>\n<br \/>\n<br \/>\n<figure itemscope itemtype=\"https:\/\/schema.org\/ImageObject\">\n\t\t\t\t<img decoding=\"async\" src=\"https:\/\/cusointernational.org\/wp-content\/uploads\/tp-entrepreneur-1.webp\" alt=\"Group photo of partners at project launch \/ Photo de groupe de partenaires lors du lancement d'un projet\" height=\"800\" width=\"800\" title=\"tp-entrepreneur-1\" onerror=\"this.style.display='none'\" loading=\"lazy\" \/>\n\t<\/figure>\n<figure itemscope itemtype=\"https:\/\/schema.org\/ImageObject\">\n\t\t\t\t<img decoding=\"async\" src=\"https:\/\/cusointernational.org\/wp-content\/uploads\/tp-entrepeneur-2.webp\" alt=\"Traditional dancers performing at cultural event \/ Danseurs traditionnels se produisant lors d'un \u00e9v\u00e9nement culturel\" height=\"800\" width=\"800\" title=\"tp-entrepeneur-2\" onerror=\"this.style.display='none'\" loading=\"lazy\" \/>\n\t<\/figure>\n<figure itemscope itemtype=\"https:\/\/schema.org\/ImageObject\">\n\t\t\t\t<img decoding=\"async\" src=\"https:\/\/cusointernational.org\/wp-content\/uploads\/tp-culinaire.webp\" alt=\"Community members gathered at outreach booth \/ Membres de la communaut\u00e9 r\u00e9unis autour d'un stand d'information\" height=\"800\" width=\"800\" title=\"tp-culinaire\" onerror=\"this.style.display='none'\" loading=\"lazy\" \/>\n\t<\/figure>\n<figure itemscope itemtype=\"https:\/\/schema.org\/ImageObject\">\n\t\t\t\t<img decoding=\"async\" src=\"https:\/\/cusointernational.org\/wp-content\/uploads\/tp-culinary-3.webp\" alt=\"Panel discussion with speakers seated on stage \/ Discussion en panel avec intervenants assis sur sc\u00e8ne\" height=\"800\" width=\"800\" title=\"tp-culinary-3\" onerror=\"this.style.display='none'\" loading=\"lazy\" \/>\n\t<\/figure>\n<figure itemscope itemtype=\"https:\/\/schema.org\/ImageObject\">\n\t\t\t\t<img decoding=\"async\" src=\"https:\/\/cusointernational.org\/wp-content\/uploads\/tp-image-feature-2.webp\" alt=\"Women reviewing materials together at a community table \/ Femmes examinant des documents autour d'une table communautaire\" height=\"800\" width=\"800\" title=\"tp-image-feature-2\" onerror=\"this.style.display='none'\" loading=\"lazy\" \/>\n\t<\/figure>\n<figure itemscope itemtype=\"https:\/\/schema.org\/ImageObject\">\n\t\t\t\t<img decoding=\"async\" src=\"https:\/\/cusointernational.org\/wp-content\/uploads\/tp-about-cuso.webp\" alt=\"Woman speaking into microphone during workshop \/ Femme parlant au micro pendant un atelier\" height=\"800\" width=\"1200\" title=\"tp-about-cuso\" onerror=\"this.style.display='none'\" loading=\"lazy\" \/>\n\t<\/figure>\n<figure itemscope itemtype=\"https:\/\/schema.org\/ImageObject\">\n\t\t\t\t<img decoding=\"async\" src=\"https:\/\/cusointernational.org\/wp-content\/uploads\/tp-image-feature-3.webp\" alt=\"Two women presenting at a branded event backdrop \/ Deux femmes pr\u00e9sentant devant un fond d'\u00e9v\u00e9nement\" height=\"800\" width=\"800\" title=\"tp-image-feature-3\" onerror=\"this.style.display='none'\" loading=\"lazy\" \/>\n\t<\/figure>\n<figure itemscope itemtype=\"https:\/\/schema.org\/ImageObject\">\n\t\t\t\t<img decoding=\"async\" src=\"https:\/\/cusointernational.org\/wp-content\/uploads\/tp-image-feature-8.webp\" alt=\"Community leaders holding products at a public gathering in DRC \/ Dirigeants communautaires tenant du products lors d'un rassemblement public en RDC\" height=\"800\" width=\"800\" title=\"tp-image-feature-8\" onerror=\"this.style.display='none'\" loading=\"lazy\" \/>\n\t<\/figure>\n<figure itemscope itemtype=\"https:\/\/schema.org\/ImageObject\">\n\t\t\t\t<img decoding=\"async\" src=\"https:\/\/cusointernational.org\/wp-content\/uploads\/tp-image-feature-4.webp\" alt=\"Young woman speaking into a microphone at a conference \/ Jeune femme parlant au micro lors d'une conf\u00e9rence\" height=\"800\" width=\"800\" title=\"tp-image-feature-4\" onerror=\"this.style.display='none'\" loading=\"lazy\" \/>\n\t<\/figure>\n<figure itemscope itemtype=\"https:\/\/schema.org\/ImageObject\">\n\t\t\t\t<img decoding=\"async\" src=\"https:\/\/cusointernational.org\/wp-content\/uploads\/tp-image-feature-5.webp\" alt=\"Woman writing notes during a community workshop \/ Femme prenant des notes pendant un atelier communautaire\" height=\"800\" width=\"800\" title=\"tp-image-feature-5\" onerror=\"this.style.display='none'\" loading=\"lazy\" \/>\n\t<\/figure>\n<figure itemscope itemtype=\"https:\/\/schema.org\/ImageObject\">\n\t\t\t\t<img decoding=\"async\" src=\"https:\/\/cusointernational.org\/wp-content\/uploads\/tp-entrepreneur-2.webp\" alt=\"Women gathered around products at a small enterprise showcase \/ Femmes rassembl\u00e9es autour de produits lors d'une vitrine d'entreprise locale\" height=\"800\" width=\"800\" title=\"tp-entrepreneur-2\" onerror=\"this.style.display='none'\" loading=\"lazy\" \/>\n\t<\/figure>\n<figure itemscope itemtype=\"https:\/\/schema.org\/ImageObject\">\n\t\t\t\t<img decoding=\"async\" src=\"https:\/\/cusointernational.org\/wp-content\/uploads\/tp-image-feature-1.webp\" alt=\"Outreach booth with staff engaging visitors outdoors \/ Stand de sensibilisation avec \u00e9quipe accueillant des visiteurs en ext\u00e9rieur\" height=\"800\" width=\"800\" title=\"tp-image-feature-1\" onerror=\"this.style.display='none'\" loading=\"lazy\" \/>\n\t<\/figure>\n<h2>\n\t\t\tPartenaires de Talent Pluriel\t<\/h2>\n<h2>\n\t\t\tSoutenez des initiatives \u00e0 fort impact comme Talent Pluriel\t<\/h2>\n\t<p>Avec Cuso International, un don mensuel se transforme en outils, en comp\u00e9tences et en courage. Il change des vies, laisse une empreinte durable et ouvre de nouvelles possibilit\u00e9s. Voil\u00e0 un don qui fait la diff\u00e9rence \u00e0 long terme.<\/p>\n\t<a href=\"#XQQJHPUP\"><\/a>\n<figure itemscope itemtype=\"https:\/\/schema.org\/ImageObject\">\n\t\t\t\t<img decoding=\"async\" src=\"https:\/\/cusointernational.org\/wp-content\/uploads\/\/logo-cuso-footer.svg\" alt=\"Cuso International Logo\" height=\"73\" width=\"160\" title=\"logo-cuso-footer\" onerror=\"this.style.display='none'\" loading=\"lazy\" \/>\n\t<\/figure>\n\t<p>Tous droits r\u00e9serv\u00e9s. \u00a92026 Cuso International<br \/>Organisme de bienfaisance enregistr\u00e9 au Canada (No. 81111 6813 RR0001)<br \/>et aux \u00c9tats-Unis (EIN 30-0545486)<\/p>\n\t<p><a href=\"https:\/\/cusointernational.org\/fr\/denonciation-et-conformite\/\">Avis l\u00e9gal et droit \u00e0 la vie priv\u00e9e<\/a><br \/><a href=\"\/fr\/\">Cuso International Accueil<\/a><\/p>\n\n","protected":false},"excerpt":{"rendered":"<p>C\u00e9l\u00e9brer Talent Pluriel Autonomiser les professionnels, renforcer les communaut\u00e9s Qui est Cuso ? Depuis plus de 60 ans, Cuso International est un partenaire de confiance dans le domaine du d\u00e9veloppement \u00e9conomique inclusif. De l&#8217;Afrique \u00e0 l&#8217;Am\u00e9rique latine, en passant par les Cara\u00efbes et le Canada, nous mettons en relation des entreprises internationales avec des talents,&hellip;<\/p>\n","protected":false},"author":6,"featured_media":50946,"parent":0,"menu_order":0,"comment_status":"closed","ping_status":"closed","template":"","meta":{"_acf_changed":false,"footnotes":""},"tags":[],"class_list":["post-50947","page","type-page","status-publish","has-post-thumbnail","hentry"],"acf":[],"yoast_head":"<!-- This site is optimized with the Yoast SEO plugin v27.5 - https:\/\/yoast.com\/product\/yoast-seo-wordpress\/ -->\n<title>Talent Pluriel en Action - Cuso International<\/title>\n<meta name=\"description\" content=\"Autonomiser les professionnels, renforcer les communaut\u00e9s\" \/>\n<meta name=\"robots\" content=\"noindex, nofollow\" \/>\n<meta property=\"og:locale\" content=\"fr_FR\" \/>\n<meta property=\"og:type\" content=\"article\" \/>\n<meta property=\"og:title\" content=\"Talent Pluriel en Action - Cuso International\" \/>\n<meta property=\"og:description\" content=\"Autonomiser les professionnels, renforcer les communaut\u00e9s\" \/>\n<meta property=\"og:url\" content=\"https:\/\/cusointernational.org\/fr\/talent-pluriel-en-action\/\" \/>\n<meta property=\"og:site_name\" content=\"Cuso International\" \/>\n<meta property=\"article:modified_time\" content=\"2026-02-12T02:05:55+00:00\" \/>\n<meta property=\"og:image\" content=\"https:\/\/cusointernational.org\/wp-content\/uploads\/tp-hero.webp\" \/>\n\t<meta property=\"og:image:width\" content=\"1800\" \/>\n\t<meta property=\"og:image:height\" content=\"1200\" \/>\n\t<meta property=\"og:image:type\" content=\"image\/webp\" \/>\n<meta name=\"twitter:card\" content=\"summary_large_image\" \/>\n<meta name=\"twitter:label1\" content=\"Dur\u00e9e de lecture estim\u00e9e\" \/>\n\t<meta name=\"twitter:data1\" content=\"6 minutes\" \/>\n<script type=\"application\/ld+json\" class=\"yoast-schema-graph\">{\"@context\":\"https:\\\/\\\/schema.org\",\"@graph\":[{\"@type\":\"WebPage\",\"@id\":\"https:\\\/\\\/cusointernational.org\\\/fr\\\/talent-pluriel-en-action\\\/\",\"url\":\"https:\\\/\\\/cusointernational.org\\\/fr\\\/talent-pluriel-en-action\\\/\",\"name\":\"Talent Pluriel en Action - Cuso International\",\"isPartOf\":{\"@id\":\"https:\\\/\\\/cusointernational.org\\\/fr\\\/#website\"},\"primaryImageOfPage\":{\"@id\":\"https:\\\/\\\/cusointernational.org\\\/fr\\\/talent-pluriel-en-action\\\/#primaryimage\"},\"image\":{\"@id\":\"https:\\\/\\\/cusointernational.org\\\/fr\\\/talent-pluriel-en-action\\\/#primaryimage\"},\"thumbnailUrl\":\"https:\\\/\\\/cusointernational.org\\\/wp-content\\\/uploads\\\/tp-hero.webp\",\"datePublished\":\"2026-02-10T01:24:18+00:00\",\"dateModified\":\"2026-02-12T02:05:55+00:00\",\"description\":\"Autonomiser les professionnels, renforcer les communaut\u00e9s\",\"breadcrumb\":{\"@id\":\"https:\\\/\\\/cusointernational.org\\\/fr\\\/talent-pluriel-en-action\\\/#breadcrumb\"},\"inLanguage\":\"fr-FR\",\"potentialAction\":[{\"@type\":\"ReadAction\",\"target\":[\"https:\\\/\\\/cusointernational.org\\\/fr\\\/talent-pluriel-en-action\\\/\"]}]},{\"@type\":\"ImageObject\",\"inLanguage\":\"fr-FR\",\"@id\":\"https:\\\/\\\/cusointernational.org\\\/fr\\\/talent-pluriel-en-action\\\/#primaryimage\",\"url\":\"https:\\\/\\\/cusointernational.org\\\/wp-content\\\/uploads\\\/tp-hero.webp\",\"contentUrl\":\"https:\\\/\\\/cusointernational.org\\\/wp-content\\\/uploads\\\/tp-hero.webp\",\"width\":1800,\"height\":1200,\"caption\":\"Youth posing together at community event \\\/ Jeunes posant ensemble lors d\u2019un \u00e9v\u00e9nement communautaire\"},{\"@type\":\"BreadcrumbList\",\"@id\":\"https:\\\/\\\/cusointernational.org\\\/fr\\\/talent-pluriel-en-action\\\/#breadcrumb\",\"itemListElement\":[{\"@type\":\"ListItem\",\"position\":1,\"name\":\"Home\",\"item\":\"https:\\\/\\\/cusointernational.org\\\/fr\\\/\"},{\"@type\":\"ListItem\",\"position\":2,\"name\":\"Talent Pluriel en Action\"}]},{\"@type\":\"WebSite\",\"@id\":\"https:\\\/\\\/cusointernational.org\\\/fr\\\/#website\",\"url\":\"https:\\\/\\\/cusointernational.org\\\/fr\\\/\",\"name\":\"Cuso International\",\"description\":\"Connecting communities around the world with skilled Canadians to help end poverty\",\"potentialAction\":[{\"@type\":\"SearchAction\",\"target\":{\"@type\":\"EntryPoint\",\"urlTemplate\":\"https:\\\/\\\/cusointernational.org\\\/fr\\\/?s={search_term_string}\"},\"query-input\":{\"@type\":\"PropertyValueSpecification\",\"valueRequired\":true,\"valueName\":\"search_term_string\"}}],\"inLanguage\":\"fr-FR\"}]}<\/script>\n<!-- \/ Yoast SEO plugin. -->","yoast_head_json":{"title":"Talent Pluriel en Action - Cuso International","description":"Autonomiser les professionnels, renforcer les communaut\u00e9s","robots":{"index":"noindex","follow":"nofollow"},"og_locale":"fr_FR","og_type":"article","og_title":"Talent Pluriel en Action - Cuso International","og_description":"Autonomiser les professionnels, renforcer les communaut\u00e9s","og_url":"https:\/\/cusointernational.org\/fr\/talent-pluriel-en-action\/","og_site_name":"Cuso International","article_modified_time":"2026-02-12T02:05:55+00:00","og_image":[{"width":1800,"height":1200,"url":"https:\/\/cusointernational.org\/wp-content\/uploads\/tp-hero.webp","type":"image\/webp"}],"twitter_card":"summary_large_image","twitter_misc":{"Dur\u00e9e de lecture estim\u00e9e":"6 minutes"},"schema":{"@context":"https:\/\/schema.org","@graph":[{"@type":"WebPage","@id":"https:\/\/cusointernational.org\/fr\/talent-pluriel-en-action\/","url":"https:\/\/cusointernational.org\/fr\/talent-pluriel-en-action\/","name":"Talent Pluriel en Action - Cuso International","isPartOf":{"@id":"https:\/\/cusointernational.org\/fr\/#website"},"primaryImageOfPage":{"@id":"https:\/\/cusointernational.org\/fr\/talent-pluriel-en-action\/#primaryimage"},"image":{"@id":"https:\/\/cusointernational.org\/fr\/talent-pluriel-en-action\/#primaryimage"},"thumbnailUrl":"https:\/\/cusointernational.org\/wp-content\/uploads\/tp-hero.webp","datePublished":"2026-02-10T01:24:18+00:00","dateModified":"2026-02-12T02:05:55+00:00","description":"Autonomiser les professionnels, renforcer les communaut\u00e9s","breadcrumb":{"@id":"https:\/\/cusointernational.org\/fr\/talent-pluriel-en-action\/#breadcrumb"},"inLanguage":"fr-FR","potentialAction":[{"@type":"ReadAction","target":["https:\/\/cusointernational.org\/fr\/talent-pluriel-en-action\/"]}]},{"@type":"ImageObject","inLanguage":"fr-FR","@id":"https:\/\/cusointernational.org\/fr\/talent-pluriel-en-action\/#primaryimage","url":"https:\/\/cusointernational.org\/wp-content\/uploads\/tp-hero.webp","contentUrl":"https:\/\/cusointernational.org\/wp-content\/uploads\/tp-hero.webp","width":1800,"height":1200,"caption":"Youth posing together at community event \/ Jeunes posant ensemble lors d\u2019un \u00e9v\u00e9nement communautaire"},{"@type":"BreadcrumbList","@id":"https:\/\/cusointernational.org\/fr\/talent-pluriel-en-action\/#breadcrumb","itemListElement":[{"@type":"ListItem","position":1,"name":"Home","item":"https:\/\/cusointernational.org\/fr\/"},{"@type":"ListItem","position":2,"name":"Talent Pluriel en Action"}]},{"@type":"WebSite","@id":"https:\/\/cusointernational.org\/fr\/#website","url":"https:\/\/cusointernational.org\/fr\/","name":"Cuso International","description":"Connecting communities around the world with skilled Canadians to help end poverty","potentialAction":[{"@type":"SearchAction","target":{"@type":"EntryPoint","urlTemplate":"https:\/\/cusointernational.org\/fr\/?s={search_term_string}"},"query-input":{"@type":"PropertyValueSpecification","valueRequired":true,"valueName":"search_term_string"}}],"inLanguage":"fr-FR"}]}},"_links":{"self":[{"href":"https:\/\/cusointernational.org\/fr\/wp-json\/wp\/v2\/pages\/50947","targetHints":{"allow":["GET"]}}],"collection":[{"href":"https:\/\/cusointernational.org\/fr\/wp-json\/wp\/v2\/pages"}],"about":[{"href":"https:\/\/cusointernational.org\/fr\/wp-json\/wp\/v2\/types\/page"}],"author":[{"embeddable":true,"href":"https:\/\/cusointernational.org\/fr\/wp-json\/wp\/v2\/users\/6"}],"replies":[{"embeddable":true,"href":"https:\/\/cusointernational.org\/fr\/wp-json\/wp\/v2\/comments?post=50947"}],"version-history":[{"count":0,"href":"https:\/\/cusointernational.org\/fr\/wp-json\/wp\/v2\/pages\/50947\/revisions"}],"wp:featuredmedia":[{"embeddable":true,"href":"https:\/\/cusointernational.org\/fr\/wp-json\/wp\/v2\/media\/50946"}],"wp:attachment":[{"href":"https:\/\/cusointernational.org\/fr\/wp-json\/wp\/v2\/media?parent=50947"}],"wp:term":[{"taxonomy":"post_tag","embeddable":true,"href":"https:\/\/cusointernational.org\/fr\/wp-json\/wp\/v2\/tags?post=50947"}],"curies":[{"name":"wp","href":"https:\/\/api.w.org\/{rel}","templated":true}]}}