{"id":46467,"date":"2024-06-05T14:53:26","date_gmt":"2024-06-05T18:53:26","guid":{"rendered":"https:\/\/cusointernational.org\/?page_id=46467"},"modified":"2025-11-14T13:33:29","modified_gmt":"2025-11-14T18:33:29","slug":"rapport-annuel-2023-24","status":"publish","type":"page","link":"https:\/\/cusointernational.org\/fr\/publications-de-cuso\/rapport-annuel-2023-24\/","title":{"rendered":"Rapport Annuel 2023-24"},"content":{"rendered":"\r\n<h2>2023-24 Annual Report<\/h2>\r\n<p><strong>Cuso International<\/strong><\/p>\r\n<h1>Savoir-faire \u00e0 partager.<br \/>Avenir \u00e0 b\u00e2tir.<\/h1>\r\n<p><b>Notre vision:\u202f<\/b>Un monde \u00e9quitable, inclusif et durable o\u00f9 tous et toutes seront trait\u00e9s avec dignit\u00e9 et pourront participer pleinement \u00e0 la soci\u00e9t\u00e9.\u00a0<\/p>\r\n<p><b>Notre mission:\u202f<\/b>Partager des connaissances et comp\u00e9tences pour un avenir meilleur.\u00a0<\/p>\r\n<p><b>Notre valeurs: <\/b>Courage. Inclusion. Durabilit\u00e9. Redevabilit\u00e9.\u00a0<\/p>\r\n<h2>Table des mati\u00e8res<\/h2>\r\n<ul>\r\n<li><a href=\"#welcome\" data-feathr-click-track=\"true\" data-feathr-link-aids=\"66aaaacfb504a0819e3fa2a1\">Message du chef de la direction et des co-pr<\/a><a href=\"https:\/\/cusointernational.org\/fr\/publications-de-cuso\/rapport-annuel-2022-23\/#flashback\" data-feathr-click-track=\"true\" data-feathr-link-aids=\"66aaaacfb504a0819e3fa2a1\">\u00e9<\/a><a href=\"https:\/\/cusointernational.org\/fr\/publications-de-cuso\/rapport-annuel-2022-23\/#welcome\" data-feathr-click-track=\"true\" data-feathr-link-aids=\"66aaaacfb504a0819e3fa2a1\">sidentes<\/a><\/li>\r\n<li><a href=\"#features\" data-feathr-click-track=\"true\" data-feathr-link-aids=\"66aaaacfb504a0819e3fa2a1\">Nos domaines d&#8217;intervention en 2023-2024<\/a><\/li>\r\n<li><a href=\"#flashback\" data-feathr-click-track=\"true\" data-feathr-link-aids=\"66aaaacfb504a0819e3fa2a1\">Notre port\u00e9e, nos impacts et nos finances<\/a><\/li>\r\n<li><a href=\"https:\/\/cusointernational.org\/fr\/publications-de-cuso\/rapport-annuel-2023-24\/#WhyIVolunteer\" data-feathr-click-track=\"true\" data-feathr-link-aids=\"66aaaacfb504a0819e3fa2a1\">Pourquoi je fais de la coop\u00e9ration volontaire\u00a0<\/a><\/li>\r\n<li><a href=\"https:\/\/cusointernational.org\/fr\/publications-de-cuso\/rapport-annuel-2023-24\/#whyigive\" data-feathr-click-track=\"true\" data-feathr-link-aids=\"66aaaacfb504a0819e3fa2a1\">Pourquoi je donne<\/a><\/li>\r\n<\/ul>\r\n<p><a href=\"#report\" target=\"_self\" rel=\"noopener\"> VOIR LE RAPPORT COMPLET <\/a> <img loading=\"lazy\" decoding=\"async\" title=\"Cuso International, Benin, Pope, Porto Novo, MSL, agricultural training program\" src=\"https:\/\/cusointernational.org\/wp-content\/uploads\/Annual-report-2023-24-Cuso-International-scaled.jpg\" alt=\"Annual report 2023-24 Cuso International\" width=\"2560\" height=\"1709\" \/><\/p>\r\n<p>Made with <a href=\"https:\/\/www.visme.co\/?vc=Made-With-Visme&amp;utm_medium=Embed\" target=\"_blank\" rel=\"noreferrer noopener\">Visme<\/a><\/p>\r\n<h2>Message du directeur g\u00e9n\u00e9ral et des copr\u00e9sidents<\/h2>\r\n<p>L&#8217;ann\u00e9e \u00e9coul\u00e9e a \u00e9t\u00e9 dynamique, marqu\u00e9e par de nombreux changements au sein de l&#8217;organisation et dans notre secteur.\u00a0<\/p>\r\n<p>Sur la voie des transformations d\u00e9crites dans notre plan strat\u00e9gique, en 2023-2024, nous avons obtenu un financement pour offrir davantage de programmes en partenariat avec des organisations locales. Il s&#8217;agit notamment de Building Bricks, qui renforce le plaidoyer et l&#8217;acc\u00e8s aux programmes pour la communaut\u00e9 LGBTQIA+ dans les Cara\u00efbes, et d&#8217;une extension des co\u00fbts de notre projet U-GIRLS2, qui aide davantage de filles \u00e0 poursuivre leurs objectifs \u00e9ducatifs en \u00c9thiopie.\u00a0<\/p>\r\n<p>La deuxi\u00e8me phase du projet \u00ab Women&#8217;s Voice and Leadership \u00bb au P\u00e9rou est \u00e9galement en cours et un nouveau programme pour les populations autochtones du Nord a \u00e9t\u00e9 lanc\u00e9 au Canada.\u00a0<\/p>\r\n<p>Nous vous invitons \u00e0 prendre connaissance de quelques-unes des nombreuses initiatives cl\u00e9s que nous avons entreprises cette ann\u00e9e. Il s&#8217;agit notamment de soutenir une croissance \u00e9conomique inclusive en R\u00e9publique d\u00e9mocratique du Congo, de faire progresser l&#8217;\u00e9galit\u00e9 des sexes au P\u00e9rou, d&#8217;offrir une formation commerciale et un soutien aux r\u00e9fugi\u00e9s au Nigeria, et d&#8217;un nouveau programme, CORE, qui fournit une assistance technique en mati\u00e8re d&#8217;action climatique dans les Cara\u00efbes.\u00a0<\/p>\r\n<p>Nous avons \u00e9galement c\u00e9l\u00e9br\u00e9 les r\u00e9alisations de notre projet SCOPE (Sustainable Colombian Opportunities for Peacebuilding and Employment), qui s&#8217;est achev\u00e9 apr\u00e8s neuf ann\u00e9es de succ\u00e8s. Nous restons fermement engag\u00e9s \u00e0 soutenir les r\u00e9fugi\u00e9s en Colombie, gr\u00e2ce au soutien inestimable du HCR. L&#8217;instabilit\u00e9 persistante au Venezuela et l&#8217;escalade de la crise migratoire en Am\u00e9rique latine sont tr\u00e8s pr\u00e9occupantes. Nous sommes solidaires du peuple v\u00e9n\u00e9zu\u00e9lien et, gr\u00e2ce \u00e0 notre programme SCOPE, des milliers de femmes, de jeunes, de survivants de conflits et de migrants v\u00e9n\u00e9zu\u00e9liens ont retrouv\u00e9 l&#8217;espoir et la stabilit\u00e9 gr\u00e2ce \u00e0 des possibilit\u00e9s d&#8217;emploi formel. Ensemble, nous favorisons la r\u00e9silience et transformons des vies face \u00e0 l&#8217;adversit\u00e9.\u00a0<\/p>\r\n<p>Cette ann\u00e9e, Cuso International a allou\u00e9 une somme suppl\u00e9mentaire importante de ses fonds non affect\u00e9s pour soutenir la mise en \u0153uvre de notre Programme de coop\u00e9ration volontaire (un programme financ\u00e9 par Affaires mondiales Canada). Cette d\u00e9cision a \u00e9t\u00e9 prise afin de r\u00e9duire les engagements futurs de Cuso en mati\u00e8re de contrepartie en esp\u00e8ces pour le programme. Dans nos \u00e9tats financiers, cet investissement dans le programme de b\u00e9n\u00e9volat explique pourquoi Cuso pr\u00e9sente un d\u00e9ficit op\u00e9rationnel de 2,4 millions de dollars pour l&#8217;ann\u00e9e se terminant en mars 2024. Gr\u00e2ce \u00e0 des ann\u00e9es de gestion financi\u00e8re prudente, nous sommes dans une position financi\u00e8re solide pour prendre cet engagement envers notre programme de coop\u00e9ration volontaire et nous pr\u00e9voyons de revenir \u00e0 un budget \u00e9quilibr\u00e9 au cours de l&#8217;exercice 2024\/25.\u00a0<\/p>\r\n<p>Gr\u00e2ce au soutien ind\u00e9fectible de nos partenaires, de nos volontaires, de nos donateurs et de nos \u00e9quipes \u00e0 travers le monde, Cuso International continuera \u00e0 offrir des programmes aux personnes marginalis\u00e9es.\u00a0<\/p>\r\n<p>Les changements internes, les nouveaux investissements et les capacit\u00e9s mises en place au cours de l&#8217;ann\u00e9e \u00e9coul\u00e9e garantissent que notre travail se poursuivra pendant de nombreuses ann\u00e9es.\u00a0<\/p>\r\n<p>Alors que nous envisageons le prochain chapitre de Cuso International, nous sommes d\u00e9termin\u00e9s \u00e0 continuer \u00e0 construire des communaut\u00e9s encore plus inclusives et durables. Nous vous sommes reconnaissants de votre soutien continu dans la poursuite de ce voyage.\u00a0<\/p>\r\n<p><img decoding=\"async\" title=\"Nicolas Moyer 3 (small)\" src=\"https:\/\/cusointernational.org\/wp-content\/uploads\/Nicolas-Moyer-3-small-scaled.jpg\" alt=\"Nicolas Moyer, Chief Executive Officer\" \/><\/p>\r\n<p><strong>Nicolas Moyer<\/strong><\/p>\r\n<p>Chef de la direction g\u00e9n\u00e9rale<\/p>\r\n<p><img loading=\"lazy\" decoding=\"async\" title=\"Lucie-Edwards-Image-web\" src=\"https:\/\/cusointernational.org\/wp-content\/uploads\/Lucie-Edwards-Image-web.jpg\" alt=\"Lucie Edwards headshot\" width=\"800\" height=\"800\" \/><\/p>\r\n<p><strong>Lucie Edwards<\/strong><\/p>\r\n<p>Copr\u00e9sidente<\/p>\r\n<p><img loading=\"lazy\" decoding=\"async\" title=\"darrell\" src=\"https:\/\/cusointernational.org\/wp-content\/uploads\/darrell.jpg\" alt=\"Darrell-Louise-Gregersen headshot\" width=\"300\" height=\"300\" \/><\/p>\r\n<p><strong>Darrell Gregersen<\/strong><\/p>\r\n<p>Copr\u00e9sidente<\/p>\r\n<h2>Nos domaines d&#8217;intervention en 2022-2023<\/h2>\r\n<p><img loading=\"lazy\" decoding=\"async\" title=\"Canadian program - Cuso-VIDEA Staff - Sep 1 2023\" src=\"https:\/\/cusointernational.org\/wp-content\/uploads\/Canadian-program-Cuso-VIDEA-Staff-Sep-1-2023.jpg\" alt=\"Canadian program - Cuso-VIDEA Staff - Sep 1 2023\" width=\"1600\" height=\"1200\" \/><\/p>\r\n<h3>Soutenir les communaut\u00e9s autochtones<\/h3>\r\n<p>Le programme de Cuso International au Canada soutient les peuples autochtones dans les communaut\u00e9s des Territoires du Nord-Ouest, en collaborant avec les \u00e9tudiants pour les aider \u00e0 renforcer leur confiance en eux et leur assiduit\u00e9 scolaire.\u00a0<\/p>\r\n<p>En 2023-2024, Cuso a entrepris un parcours avec VIDEA pour impliquer les Premi\u00e8res Nations, les Inuits, les M\u00e9tis, ainsi que les communaut\u00e9s rurales et urbaines \u00e0 travers le Canada. L&#8217;objectif principal de ce partenariat \u00e9tait de d\u00e9velopper une strat\u00e9gie pour le programme canadien qui int\u00e8gre les voix autochtones, principalement \u00e0 travers une s\u00e9rie de consultations men\u00e9es au sein de plusieurs communaut\u00e9s autochtones de l&#8217;\u00eele de la Tortue. Nous avons acquis des connaissances pr\u00e9cieuses et exprimons notre profonde gratitude aux a\u00een\u00e9s, aux jeunes et aux membres des communaut\u00e9s qui ont g\u00e9n\u00e9reusement partag\u00e9 leur temps et leurs savoirs.\u00a0<\/p>\r\n<p><a href=\"https:\/\/cusointernational.org\/fr\/programme-canadien\/\" target=\"_blank\" rel=\"noopener\"> EN SAVOIR PLUS <\/a><\/p>\r\n<h3>Talents Pluriels<\/h3>\r\n<p>Talents Pluriels soutient les jeunes, en particulier les jeunes femmes et les jeunes LGBTQ2I, comme Andr\u00e9 Nduaya, en cr\u00e9ant des opportunit\u00e9s \u00e9conomiques, en am\u00e9liorant les environnements de travail pour qu&#8217;ils soient s\u00e9curis\u00e9s, inclusifs et sensibles aux questions de genre, et en sensibilisant les communaut\u00e9s \u00e0 la situation des groupes marginalis\u00e9s.\u00a0<\/p>\r\n<p><a href=\"https:\/\/cusointernational.org\/fr\/talents-pluriels\/talents-pluriels-2\/\" target=\"_blank\" rel=\"noopener\"> EN SAVOIR PLUS <\/a> <img loading=\"lazy\" decoding=\"async\" title=\"Andr\u00e9 Nduaya, Talents Pluriels participant, and Uko Ekott\" src=\"https:\/\/cusointernational.org\/wp-content\/uploads\/Talents-Pluriels-Andre-Nduaya-and-Uko-Ekott-DRC-scaled.jpg\" alt=\"Andr\u00e9 Nduaya, Talents Pluriels participant, and Uko Ekott\" width=\"2560\" height=\"1707\" \/> <img loading=\"lazy\" decoding=\"async\" title=\"Woman and a girl in field\" src=\"https:\/\/cusointernational.org\/wp-content\/uploads\/Woman-and-a-girl-in-field.png\" alt=\"Growing crops and a better quality of life in Peru\" width=\"2240\" height=\"1260\" \/><\/p>\r\n<h3>Voix des femmes et leadership<\/h3>\r\n<p>Lanc\u00e9 en 2019, notre projet Women&#8217;s Voice and Leadership vise \u00e0 promouvoir l&#8217;\u00e9galit\u00e9 des sexes au P\u00e9rou. Participant Dina cultive d\u00e9sormais ses propres r\u00e9coltes de mani\u00e8re durable. Elle vend ses produits au march\u00e9 et gagne ainsi son propre revenu. Cette exp\u00e9rience lui permet \u00e9galement de tisser des liens avec d&#8217;autres femmes de sa communaut\u00e9.\u00a0<\/p>\r\n<p><a href=\"https:\/\/cusointernational.org\/fr\/recit\/la-culture-hydroponique-au-service-de-lindependance-financiere-des-peruviennes\/\" target=\"_blank\" rel=\"noopener\"> LIRE L&#8217;HISTOIRE <\/a><\/p>\r\n<h3>SKILLS<\/h3>\r\n<p>Depuis 2017, le conflit en cours au Cameroun\u202fa contraint des milliers de personnes \u00e0 fuir leur foyer pour se r\u00e9fugier au Nig\u00e9ria voisin, dont Annette.\u00a0<\/p>\r\n<p>Le projet <i>Skills for Improvement of Lives and Livelihoods for Refugees<\/i> (SKILLS) de Cuso International, en partenariat avec le Haut-Commissariat des Nations unies pour les r\u00e9fugi\u00e9s (HCR), offre des formations en d\u00e9veloppement entrepreneurial, en comp\u00e9tences professionnelles et techniques, ainsi qu&#8217;en gestion d&#8217;entreprise. En compl\u00e9ment, les participants re\u00e7oivent des trousses de d\u00e9marrage pour soutenir la cr\u00e9ation ou l&#8217;expansion de leurs entreprises.\u00a0<\/p>\r\n<p><a href=\"https:\/\/cusointernational.org\/fr\/competences-pour-lamelioration-de-la-qualite-de-vie-et-des-moyens-de-subsistance-des-refugies\/\" target=\"_blank\" rel=\"noopener\"> EN SAVOIR PLUS <\/a> <img loading=\"lazy\" decoding=\"async\" title=\"Annette - Nigerian Program helps refugees gain right tools to grow their business\" src=\"https:\/\/cusointernational.org\/wp-content\/uploads\/Annette-Nigerian-Program-helps-refugees-gain-right-tools-to-grow-their-business-scaled.jpeg\" alt=\"Entrepreneur refugee\" width=\"1920\" height=\"2560\" \/> <img loading=\"lazy\" decoding=\"async\" title=\"CORE\" src=\"https:\/\/cusointernational.org\/wp-content\/uploads\/CORE.jpg\" alt=\"CORE - Cuso International\" width=\"980\" height=\"908\" \/><\/p>\r\n<h3>CORE<\/h3>\r\n<p>Lanc\u00e9 en 2023, le projet CORE (Caribbean Organizations for a Resilient Environment) a pour objectif de fournir une assistance technique aux Fonds fiduciaires nationaux pour la conservation (NCTF) de la r\u00e9gion, par l&#8217;interm\u00e9diaire de volontaires canadiens, dans les domaines de l&#8217;int\u00e9gration de l&#8217;\u00e9galit\u00e9 des sexes, du suivi et de l&#8217;\u00e9valuation, ainsi que de la durabilit\u00e9 organisationnelle.\u00a0<\/p>\r\n<h3>SHARE<\/h3>\r\n<p>Initi\u00e9 en 2020 et financ\u00e9 par Affaires mondiales Canada, le programme SHARE (<i>Sharing Canadian Expertise for Inclusive Development and Gender Equality<\/i>) de Cuso International contribue \u00e0 am\u00e9liorer le bien-\u00eatre \u00e9conomique et\/ou social des personnes marginalis\u00e9es et vuln\u00e9rables.\u00a0<\/p>\r\n<p>Au Cameroun, le programme SHARE <i>TechWomen Factory<\/i> soutient des femmes comme Habiba. Durant sa formation, Habiba a r\u00e9ussi \u00e0 appliquer les technologies num\u00e9riques au secteur de la sant\u00e9, en d\u00e9veloppant une application capable de pr\u00e9dire le risque de pr\u00e9\u00e9clampsie ou d&#8217;\u00e9clampsie chez les femmes enceintes. Gr\u00e2ce \u00e0 Techwomen Factory, elle a \u00e9galement acquis des comp\u00e9tences suppl\u00e9mentaires pour concevoir des applications permettant de g\u00e9n\u00e9rer, stocker et analyser des donn\u00e9es.\u00a0<\/p>\r\n<p><a href=\"https:\/\/cusointernational.org\/fr\/partage-du-savoir-faire-canadien-pour-un-developpement-inclusif-et-legalite-entre-les-sexes-programme-share\/\" target=\"_blank\" rel=\"noopener\"> EN SAVOIR PLUS <\/a> <img loading=\"lazy\" decoding=\"async\" title=\"Photo: Yann Yap\" src=\"https:\/\/cusointernational.org\/wp-content\/uploads\/SHARE-TechWomen-Factory-Cameroon-scaled.jpg\" alt=\"SHARE - TechWomen factory in Cameroon\" width=\"2560\" height=\"1707\" \/> <img loading=\"lazy\" decoding=\"async\" title=\"Alex_Castro_web_banner\" src=\"https:\/\/cusointernational.org\/wp-content\/uploads\/Alex_Castro_web_banner.jpg\" alt=\"opportunities for LGBTQI+ youth\" width=\"1600\" height=\"898\" \/><\/p>\r\n<h3>SCOPE<\/h3>\r\n<p>Apr\u00e8s neuf ann\u00e9es pass\u00e9es \u00e0 aider les femmes, les jeunes, les victimes de conflits et les migrants v\u00e9n\u00e9zu\u00e9liens \u00e0 trouver un emploi formel, le projet SCOPE (Sustainable Colombian Opportunities for Peacebuilding and Employment) de Cuso International prendra fin \u00e0 la fin du mois de mars.\u00a0<\/p>\r\n<p><a href=\"https:\/\/cusointernational.org\/fr\/programme-colombien-de-possibilites-de-consolidation-de-la-paix-et-demplois-durables-programme-scope\/\" target=\"_blank\" rel=\"noopener\"> EN SAVOIR PLUS <\/a> <a href=\"#report\" target=\"_self\" rel=\"noopener\"> VOIR LE RAPPORT COMPLET <\/a><\/p>\r\n<h2>Cuso International \u00e0 travers le monde<\/h2>\r\n<p><strong>Am\u00e9rique latine et Cara\u00efbes<\/strong>: Colombie, Honduras, Jama\u00efque, Dominique, \u00c9quateur, Grenade, P\u00e9rou, Sainte-Lucie, Saint-Vincent-et-les Grenadines<\/p>\r\n<p><strong>Afrique<\/strong>: B\u00e9nin, Cameroun, R\u00e9publique d\u00e9mocratique du Congo, \u00c9thiopie, Nigeria, Tanzanie<\/p>\r\n<p><strong>Canada<\/strong>: Territoires du Nord-Ouest<\/p>\r\n<p><img loading=\"lazy\" decoding=\"async\" title=\"Cuso International a travers le monde 2023\" src=\"https:\/\/cusointernational.org\/wp-content\/uploads\/Cuso-International-a-travers-le-monde-2023.png\" alt=\"Cuso International a travers le monde 2023\" width=\"3004\" height=\"1768\" \/><\/p>\r\n<h3>Finances<\/h3>\r\n<p>Gr\u00e2ce \u00e0 votre soutien et \u00e0 votre g\u00e9n\u00e9rosit\u00e9, notre situation financi\u00e8re continue \u00e0 assurer une fondation solide \u00e0 notre travail.<\/p>\r\n<p><img loading=\"lazy\" decoding=\"async\" title=\"Revenus Cuso International 2023-2024\" src=\"https:\/\/cusointernational.org\/wp-content\/uploads\/Revenus-Cuso-International-2023-2024.png\" alt=\"Revenus Cuso International 2023-2024\" width=\"1227\" height=\"646\" \/> <img loading=\"lazy\" decoding=\"async\" title=\"Depenses Cuso International 2023-2024\" src=\"https:\/\/cusointernational.org\/wp-content\/uploads\/Depenses-Cuso-International-2023-2024.png\" alt=\"Depenses Cuso International 2023-2024\" width=\"1240\" height=\"682\" \/> <a href=\"#report\" target=\"_self\" rel=\"noopener\"> VOIR LE RAPPORT COMPLET <\/a><\/p>\r\n<h3>Pourquoi je suis b\u00e9n\u00e9vole<\/h3>\r\n<p>Edith Chan a quitt\u00e9 l&#8217;Australie pour s&#8217;installer \u00e0 Vancouver en 2016. Son parcours professionnel l&#8217;a ensuite men\u00e9e \u00e0 Toronto. Aujourd&#8217;hui, elle collabore avec le partenaire de Cuso International, <b>l&#8217;Abilities Foundation<\/b> en Jama\u00efque, en tant qu&#8217;agente de soutien de projet. Elle contribue aux op\u00e9rations quotidiennes, en s&#8217;occupant notamment du flux des processus d&#8217;audit, de la cartographie financi\u00e8re et op\u00e9rationnelle.\u00a0<\/p>\r\n<p>L&#8217;Abilities Foundation est une \u00e9cole professionnelle d\u00e9di\u00e9e aux personnes handicap\u00e9es, les aidant \u00e0 combler les \u00e9carts et \u00e0 devenir qualifi\u00e9es, employables et ind\u00e9pendantes.\u00a0<\/p>\r\n<p>Edith enseigne \u00e9galement la musique, ce qui lui a permis d&#8217;interagir davantage avec les \u00e9l\u00e8ves-une opportunit\u00e9 qu&#8217;elle consid\u00e8re comme une v\u00e9ritable chance.\u00a0<\/p>\r\n<p>\u00ab Pouvoir les voir tous les jours fait vraiment, pour moi en tout cas, une \u00e9norme diff\u00e9rence de travailler directement avec eux \u00bb, confie-t-elle.\u00a0<\/p>\r\n<p><a href=\"https:\/\/cusointernational.org\/fr\/passez-a-laction\/volontaire\/cooperation-volontaire\/\" target=\"_blank\" rel=\"noopener\"> Coop\u00e9ration volontaire <\/a><\/p>\r\n<h3>Pourquoi nous donnons<\/h3>\r\n<p>Jenni a commenc\u00e9 \u00e0 soutenir Cuso International apr\u00e8s avoir voyag\u00e9 en Inde, au Bangladesh et au N\u00e9pal dans les ann\u00e9es 1970 et 1980.\u202fConfront\u00e9e \u00e0 la r\u00e9alit\u00e9 de la vie dans ces pays, elle a pris conscience de la chance dont elle b\u00e9n\u00e9ficiait. Tom, quant \u00e0 lui, a entendu parler de Cuso pour la premi\u00e8re fois \u00e0 l&#8217;universit\u00e9. Des ann\u00e9es plus tard, sachant que Jenni effectuait des dons \u00e0 Cuso, il a estim\u00e9 que cette organisation, parmi d&#8217;autres, constituait un excellent moyen d&#8217;aider les pays en d\u00e9veloppement.\u00a0<\/p>\r\n<p>Les dons sont d\u00e9sormais une habitude pour Tom et Jenni, qui affirment que la mission et la vision de Cuso, ainsi que le travail r\u00e9alis\u00e9 aupr\u00e8s des populations et la r\u00e9ponse aux besoins sur le terrain, les incitent \u00e0 continuer de soutenir l&#8217;organisation. Apr\u00e8s avoir \u00e9conomis\u00e9 substantiellement tout en menant une vie confortable et modeste, Tom et Jenni se sentent chanceux de pouvoir d\u00e9sormais faire don d&#8217;actions.\u00a0<\/p>\r\n<p>\u00ab En faisant don d&#8217;actions avec de fortes plus-values, je peux amplifier l&#8217;impact de mon don. Je peux essentiellement donner plus d&#8217;argent que je ne l&#8217;aurais fait autrement \u00bb, explique Tom.\u00a0<\/p>\r\n<p><a href=\"https:\/\/cusointernational.org\/fr\/faire-un-don\/?utm_campaign=2021-22_AR&#038;utm_source=website&#038;utm_medium=referral&#038;utm_content=W_I_G\" target=\"_blank\" rel=\"noopener\"> FAIRE UN DON <\/a> <a href=\"#report\" target=\"_self\" rel=\"noopener\"> VOIR LE RAPPORT COMPLET <\/a><\/p>\r\n","protected":false},"excerpt":{"rendered":"<p>2023-24 Annual Report Cuso International Savoir-faire \u00e0 partager.Avenir \u00e0 b\u00e2tir. Notre vision:\u202fUn monde \u00e9quitable, inclusif et durable o\u00f9 tous et toutes seront trait\u00e9s avec dignit\u00e9 et pourront participer pleinement \u00e0 la soci\u00e9t\u00e9.\u00a0 Notre mission:\u202fPartager des connaissances et comp\u00e9tences pour un avenir meilleur.\u00a0 Notre valeurs: Courage. Inclusion. Durabilit\u00e9. Redevabilit\u00e9.\u00a0 Table des mati\u00e8res Message du chef de&hellip;<\/p>\n","protected":false},"author":38,"featured_media":0,"parent":36933,"menu_order":0,"comment_status":"closed","ping_status":"closed","template":"","meta":{"_acf_changed":false,"footnotes":""},"tags":[],"class_list":["post-46467","page","type-page","status-publish","hentry"],"acf":[],"yoast_head":"<!-- This site is optimized with the Yoast SEO plugin v27.5 - https:\/\/yoast.com\/product\/yoast-seo-wordpress\/ -->\n<title>Rapport Annuel 2023-24 - Cuso International<\/title>\n<meta name=\"description\" content=\"Un r\u00e9sum\u00e9 convivial du rapport annuel 2023-24 de Cuso International. Avec le recul, l&#039;ann\u00e9e \u00e9coul\u00e9e a \u00e9t\u00e9 un voyage extraordinaire.\" \/>\n<meta name=\"robots\" content=\"index, follow, max-snippet:-1, max-image-preview:large, max-video-preview:-1\" \/>\n<link rel=\"canonical\" href=\"https:\/\/cusointernational.org\/fr\/publications-de-cuso\/rapport-annuel-2023-24\/\" \/>\n<meta property=\"og:locale\" content=\"fr_FR\" \/>\n<meta property=\"og:type\" content=\"article\" \/>\n<meta property=\"og:title\" content=\"Rapport Annuel 2023-24 - Cuso International\" \/>\n<meta property=\"og:description\" content=\"Un r\u00e9sum\u00e9 convivial du rapport annuel 2023-24 de Cuso International. Avec le recul, l&#039;ann\u00e9e \u00e9coul\u00e9e a \u00e9t\u00e9 un voyage extraordinaire.\" \/>\n<meta property=\"og:url\" content=\"https:\/\/cusointernational.org\/fr\/publications-de-cuso\/rapport-annuel-2023-24\/\" \/>\n<meta property=\"og:site_name\" content=\"Cuso International\" \/>\n<meta property=\"article:modified_time\" content=\"2025-11-14T18:33:29+00:00\" \/>\n<meta property=\"og:image\" content=\"https:\/\/cusointernational.org\/wp-content\/uploads\/Annual-report-2023-24-Cuso-International-scaled.jpg\" \/>\n\t<meta property=\"og:image:width\" content=\"2560\" \/>\n\t<meta property=\"og:image:height\" content=\"1709\" \/>\n\t<meta property=\"og:image:type\" content=\"image\/jpeg\" \/>\n<meta name=\"twitter:card\" content=\"summary_large_image\" \/>\n<meta name=\"twitter:label1\" content=\"Dur\u00e9e de lecture estim\u00e9e\" \/>\n\t<meta name=\"twitter:data1\" content=\"10 minutes\" \/>\n<script type=\"application\/ld+json\" class=\"yoast-schema-graph\">{\"@context\":\"https:\\\/\\\/schema.org\",\"@graph\":[{\"@type\":\"WebPage\",\"@id\":\"https:\\\/\\\/cusointernational.org\\\/fr\\\/publications-de-cuso\\\/rapport-annuel-2023-24\\\/\",\"url\":\"https:\\\/\\\/cusointernational.org\\\/fr\\\/publications-de-cuso\\\/rapport-annuel-2023-24\\\/\",\"name\":\"Rapport Annuel 2023-24 - Cuso International\",\"isPartOf\":{\"@id\":\"https:\\\/\\\/cusointernational.org\\\/fr\\\/#website\"},\"primaryImageOfPage\":{\"@id\":\"https:\\\/\\\/cusointernational.org\\\/fr\\\/publications-de-cuso\\\/rapport-annuel-2023-24\\\/#primaryimage\"},\"image\":{\"@id\":\"https:\\\/\\\/cusointernational.org\\\/fr\\\/publications-de-cuso\\\/rapport-annuel-2023-24\\\/#primaryimage\"},\"thumbnailUrl\":\"https:\\\/\\\/cusointernational.org\\\/wp-content\\\/uploads\\\/Annual-report-2023-24-Cuso-International-scaled.jpg\",\"datePublished\":\"2024-06-05T18:53:26+00:00\",\"dateModified\":\"2025-11-14T18:33:29+00:00\",\"description\":\"Un r\u00e9sum\u00e9 convivial du rapport annuel 2023-24 de Cuso International. Avec le recul, l'ann\u00e9e \u00e9coul\u00e9e a \u00e9t\u00e9 un voyage extraordinaire.\",\"breadcrumb\":{\"@id\":\"https:\\\/\\\/cusointernational.org\\\/fr\\\/publications-de-cuso\\\/rapport-annuel-2023-24\\\/#breadcrumb\"},\"inLanguage\":\"fr-FR\",\"potentialAction\":[{\"@type\":\"ReadAction\",\"target\":[\"https:\\\/\\\/cusointernational.org\\\/fr\\\/publications-de-cuso\\\/rapport-annuel-2023-24\\\/\"]}]},{\"@type\":\"ImageObject\",\"inLanguage\":\"fr-FR\",\"@id\":\"https:\\\/\\\/cusointernational.org\\\/fr\\\/publications-de-cuso\\\/rapport-annuel-2023-24\\\/#primaryimage\",\"url\":\"https:\\\/\\\/cusointernational.org\\\/wp-content\\\/uploads\\\/Annual-report-2023-24-Cuso-International-scaled.jpg\",\"contentUrl\":\"https:\\\/\\\/cusointernational.org\\\/wp-content\\\/uploads\\\/Annual-report-2023-24-Cuso-International-scaled.jpg\"},{\"@type\":\"BreadcrumbList\",\"@id\":\"https:\\\/\\\/cusointernational.org\\\/fr\\\/publications-de-cuso\\\/rapport-annuel-2023-24\\\/#breadcrumb\",\"itemListElement\":[{\"@type\":\"ListItem\",\"position\":1,\"name\":\"Home\",\"item\":\"https:\\\/\\\/cusointernational.org\\\/fr\\\/\"},{\"@type\":\"ListItem\",\"position\":2,\"name\":\"Publications de Cuso International\",\"item\":\"https:\\\/\\\/cusointernational.org\\\/fr\\\/cuso-publications\\\/\"},{\"@type\":\"ListItem\",\"position\":3,\"name\":\"Rapport Annuel 2023-24\"}]},{\"@type\":\"WebSite\",\"@id\":\"https:\\\/\\\/cusointernational.org\\\/fr\\\/#website\",\"url\":\"https:\\\/\\\/cusointernational.org\\\/fr\\\/\",\"name\":\"Cuso International\",\"description\":\"Connecting communities around the world with skilled Canadians to help end poverty\",\"potentialAction\":[{\"@type\":\"SearchAction\",\"target\":{\"@type\":\"EntryPoint\",\"urlTemplate\":\"https:\\\/\\\/cusointernational.org\\\/fr\\\/?s={search_term_string}\"},\"query-input\":{\"@type\":\"PropertyValueSpecification\",\"valueRequired\":true,\"valueName\":\"search_term_string\"}}],\"inLanguage\":\"fr-FR\"}]}<\/script>\n<!-- \/ Yoast SEO plugin. -->","yoast_head_json":{"title":"Rapport Annuel 2023-24 - Cuso International","description":"Un r\u00e9sum\u00e9 convivial du rapport annuel 2023-24 de Cuso International. Avec le recul, l'ann\u00e9e \u00e9coul\u00e9e a \u00e9t\u00e9 un voyage extraordinaire.","robots":{"index":"index","follow":"follow","max-snippet":"max-snippet:-1","max-image-preview":"max-image-preview:large","max-video-preview":"max-video-preview:-1"},"canonical":"https:\/\/cusointernational.org\/fr\/publications-de-cuso\/rapport-annuel-2023-24\/","og_locale":"fr_FR","og_type":"article","og_title":"Rapport Annuel 2023-24 - Cuso International","og_description":"Un r\u00e9sum\u00e9 convivial du rapport annuel 2023-24 de Cuso International. Avec le recul, l'ann\u00e9e \u00e9coul\u00e9e a \u00e9t\u00e9 un voyage extraordinaire.","og_url":"https:\/\/cusointernational.org\/fr\/publications-de-cuso\/rapport-annuel-2023-24\/","og_site_name":"Cuso International","article_modified_time":"2025-11-14T18:33:29+00:00","og_image":[{"width":2560,"height":1709,"url":"https:\/\/cusointernational.org\/wp-content\/uploads\/Annual-report-2023-24-Cuso-International-scaled.jpg","type":"image\/jpeg"}],"twitter_card":"summary_large_image","twitter_misc":{"Dur\u00e9e de lecture estim\u00e9e":"10 minutes"},"schema":{"@context":"https:\/\/schema.org","@graph":[{"@type":"WebPage","@id":"https:\/\/cusointernational.org\/fr\/publications-de-cuso\/rapport-annuel-2023-24\/","url":"https:\/\/cusointernational.org\/fr\/publications-de-cuso\/rapport-annuel-2023-24\/","name":"Rapport Annuel 2023-24 - Cuso International","isPartOf":{"@id":"https:\/\/cusointernational.org\/fr\/#website"},"primaryImageOfPage":{"@id":"https:\/\/cusointernational.org\/fr\/publications-de-cuso\/rapport-annuel-2023-24\/#primaryimage"},"image":{"@id":"https:\/\/cusointernational.org\/fr\/publications-de-cuso\/rapport-annuel-2023-24\/#primaryimage"},"thumbnailUrl":"https:\/\/cusointernational.org\/wp-content\/uploads\/Annual-report-2023-24-Cuso-International-scaled.jpg","datePublished":"2024-06-05T18:53:26+00:00","dateModified":"2025-11-14T18:33:29+00:00","description":"Un r\u00e9sum\u00e9 convivial du rapport annuel 2023-24 de Cuso International. Avec le recul, l'ann\u00e9e \u00e9coul\u00e9e a \u00e9t\u00e9 un voyage extraordinaire.","breadcrumb":{"@id":"https:\/\/cusointernational.org\/fr\/publications-de-cuso\/rapport-annuel-2023-24\/#breadcrumb"},"inLanguage":"fr-FR","potentialAction":[{"@type":"ReadAction","target":["https:\/\/cusointernational.org\/fr\/publications-de-cuso\/rapport-annuel-2023-24\/"]}]},{"@type":"ImageObject","inLanguage":"fr-FR","@id":"https:\/\/cusointernational.org\/fr\/publications-de-cuso\/rapport-annuel-2023-24\/#primaryimage","url":"https:\/\/cusointernational.org\/wp-content\/uploads\/Annual-report-2023-24-Cuso-International-scaled.jpg","contentUrl":"https:\/\/cusointernational.org\/wp-content\/uploads\/Annual-report-2023-24-Cuso-International-scaled.jpg"},{"@type":"BreadcrumbList","@id":"https:\/\/cusointernational.org\/fr\/publications-de-cuso\/rapport-annuel-2023-24\/#breadcrumb","itemListElement":[{"@type":"ListItem","position":1,"name":"Home","item":"https:\/\/cusointernational.org\/fr\/"},{"@type":"ListItem","position":2,"name":"Publications de Cuso International","item":"https:\/\/cusointernational.org\/fr\/cuso-publications\/"},{"@type":"ListItem","position":3,"name":"Rapport Annuel 2023-24"}]},{"@type":"WebSite","@id":"https:\/\/cusointernational.org\/fr\/#website","url":"https:\/\/cusointernational.org\/fr\/","name":"Cuso International","description":"Connecting communities around the world with skilled Canadians to help end poverty","potentialAction":[{"@type":"SearchAction","target":{"@type":"EntryPoint","urlTemplate":"https:\/\/cusointernational.org\/fr\/?s={search_term_string}"},"query-input":{"@type":"PropertyValueSpecification","valueRequired":true,"valueName":"search_term_string"}}],"inLanguage":"fr-FR"}]}},"_links":{"self":[{"href":"https:\/\/cusointernational.org\/fr\/wp-json\/wp\/v2\/pages\/46467","targetHints":{"allow":["GET"]}}],"collection":[{"href":"https:\/\/cusointernational.org\/fr\/wp-json\/wp\/v2\/pages"}],"about":[{"href":"https:\/\/cusointernational.org\/fr\/wp-json\/wp\/v2\/types\/page"}],"author":[{"embeddable":true,"href":"https:\/\/cusointernational.org\/fr\/wp-json\/wp\/v2\/users\/38"}],"replies":[{"embeddable":true,"href":"https:\/\/cusointernational.org\/fr\/wp-json\/wp\/v2\/comments?post=46467"}],"version-history":[{"count":0,"href":"https:\/\/cusointernational.org\/fr\/wp-json\/wp\/v2\/pages\/46467\/revisions"}],"up":[{"embeddable":true,"href":"https:\/\/cusointernational.org\/fr\/wp-json\/wp\/v2\/pages\/36933"}],"wp:attachment":[{"href":"https:\/\/cusointernational.org\/fr\/wp-json\/wp\/v2\/media?parent=46467"}],"wp:term":[{"taxonomy":"post_tag","embeddable":true,"href":"https:\/\/cusointernational.org\/fr\/wp-json\/wp\/v2\/tags?post=46467"}],"curies":[{"name":"wp","href":"https:\/\/api.w.org\/{rel}","templated":true}]}}