{"id":44332,"date":"2023-10-03T16:59:59","date_gmt":"2023-10-03T20:59:59","guid":{"rendered":"https:\/\/cusointernational.org\/?page_id=44332"},"modified":"2025-03-06T15:07:21","modified_gmt":"2025-03-06T20:07:21","slug":"talents-pluriels","status":"publish","type":"page","link":"https:\/\/cusointernational.org\/fr\/talents-pluriels\/","title":{"rendered":"Talents Pluriels"},"content":{"rendered":"\n<h1>\n\t\tTalents Pluriels\n\t<\/h1>\n\t\t\t\t<img loading=\"lazy\" decoding=\"async\" src=\"https:\/\/cusointernational.org\/wp-content\/uploads\/CreUp_Cuso-4519.jpg\" alt=\"Talents Pluriels\" itemprop=\"image\" height=\"1365\" width=\"2048\" title=\"CreUp_Cuso-4519\" onerror=\"this.style.display='none'\"  \/>\n\t<ul>\n<li><strong>Ann\u00e9es de mise en \u0153uvre : <\/strong>2022-2026<\/li>\n<li><strong>Financement:<\/strong>\u00a0<a href=\"https:\/\/www.international.gc.ca\/global-affairs-affaires-mondiales\/home-accueil.aspx?lang=fra\" target=\"_blank\" rel=\"noopener\">Affaires Mondiales Canada<\/a> et <a href=\"https:\/\/www.sida.se\/en\" target=\"_blank\" rel=\"noopener\">Swedish International Development Cooperation Agency (Sida)<\/a><\/li>\n<\/ul>\n<p>Talents Pluriels a \u00e9t\u00e9 lanc\u00e9 en R\u00e9publique d\u00e9mocratique du Congo en 2022. Le projet s&#8217;appuie sur des \u00e9l\u00e9ments du mod\u00e8le d&#8217;emploi inclusif tr\u00e8s r\u00e9ussi des Opportunit\u00e9s colombiennes durables pour la consolidation de la paix et l&#8217;emploi <a href=\"https:\/\/cusointernational.org\/fr\/programme-colombien-de-possibilites-de-consolidation-de-la-paix-et-demplois-durables-programme-scope\/\" target=\"_blank\" rel=\"noopener\">(SCOPE)<\/a>. Il contribue \u00e0 cr\u00e9er des emplois et des opportunit\u00e9s d&#8217;entrepreneuriat d\u00e9cents, s\u00fbrs et inclusifs pour les jeunes LGBTQI+, dont beaucoup sont r\u00e9guli\u00e8rement confront\u00e9s \u00e0 la discrimination, \u00e0 l&#8217;isolement et\/ou \u00e0 la violence.<\/p>\n\t\t\t<a href=\"https:\/\/www.cusointernational-talentspluriels.org\/\" target=\"_blank\" rel=\"noopener\">\n\t\t\t\t\t\t\tEN SAVOIR PLUS\n\t\t\t\t\t<\/a>\n\t<p>Talents pluriels offre aussi de la formation aux jeunes, aux familles, aux employeurs et \u00e0 la population g\u00e9n\u00e9rale pour remettre en question les normes et les attitudes traditionnelles, cr\u00e9er des environnements s\u00fbrs et inclusifs et promouvoir la diversit\u00e9, le respect et la compr\u00e9hension de la notion de genre. Comme dans le programme SCOPE, les employeurs sont form\u00e9s pour concevoir et adopter des m\u00e9thodes de recrutement et d&#8217;embauche inclusives, particuli\u00e8rement pour la communaut\u00e9 LGBTQI+.<\/p>\n<p>En favorisant la compr\u00e9hension et l&#8217;acceptation de l&#8217;autre, les jeunes de la communaut\u00e9 LGBTQI+ et les autres jeunes marginalis\u00e9s pourront trouver leur place et s&#8217;\u00e9panouir au sein de la soci\u00e9t\u00e9.<\/p>\n\t\t\t<a href=\"https:\/\/cusointernational.org\/fr\/passez-a-laction\/volontaire\/cooperation-volontaire\/\" target=\"_blank\" rel=\"noopener\">\n\t\t\t\t\t\tVOLUNTARY COOPERATION\n\t\t\t\t\t<\/a>\n<h2>\n\t\tTALENTS PLURIELS HISTOIRES\n\t<\/h2>\n\t\t\t\t<img loading=\"lazy\" decoding=\"async\" src=\"https:\/\/cusointernational.org\/wp-content\/uploads\/Scaly-KEPNA-founder-of-Talents-Pluriels-partner-organization-Jeunialissime-scaled.jpg\" alt=\"A young African man in a striped t-shirt sitting at a computer and smiling at the camera\" itemprop=\"image\" height=\"1920\" width=\"2560\" title=\"Scaly KEP'NA, founder of Talents Pluriels partner organization Jeunialissime\" onerror=\"this.style.display='none'\"  \/>\n<h3>\n\t\tSe mobiliser pour la communaut\u00e9 LGBTQ+ en R\u00e9publique d\u00e9mocratique du Congo\n\t<\/h3>\n\t<p>Tr\u00e8s jeune, Scaly\u202fKEP&#8217;NA avait du mal \u00e0 s&#8217;accepter tel qu&#8217;il \u00e9tait. Il faut dire que grandir en R\u00e9publique d\u00e9mocratique du Congo (RDC) n&#8217;\u00e9tait pas une mince affaire. Bien que ce pays d&#8217;Afrique centrale ait fait des progr\u00e8s au chapitre des droits des personnes LGBTQ+, l&#8217;homophobie et l&#8217;intol\u00e9rance \u00e0 l&#8217;endroit de la communaut\u00e9 queer sont toujours omnipr\u00e9sentes.<\/p>\n\t\t\t<a href=\"https:\/\/cusointernational.org\/fr\/recit\/se-mobiliser-pour-la-communaute-lgbtq-en-republique-democratique-du-congo\/\" target=\"_blank\" rel=\"noopener\">\n\t\t\t\t\t\t\tLIRE CETTE HISTOIRE\n\t\t\t\t\t<\/a>\n<h3>\n\t\tAFEMA et RAINBOW c\u00e9l\u00e8brent la journ\u00e9e des droits de la femme\n\t<\/h3>\n\t<p>Le 8 mars 2024, les partenaires locaux de Cuso International, AFEMA et RAINBOW, ont c\u00e9l\u00e9br\u00e9 la Journ\u00e9e des droits de la femme \u00e0 Bukavu.<\/p>\n<p>L&#8217;\u00e9v\u00e9nement a mis en lumi\u00e8re l&#8217;importance cruciale de l&#8217;\u00e9galit\u00e9 des sexes et les d\u00e9fis auxquels sont confront\u00e9es les femmes et les filles, notamment la pauvret\u00e9, les conflits g\u00e9opolitiques, les catastrophes climatiques et les pand\u00e9mies.<\/p>\n<p>AFEMA-RDC et RAINBOW, en collaboration avec Cuso International et d&#8217;autres partenaires, ont men\u00e9 diverses activit\u00e9s pour marquer cette journ\u00e9e sp\u00e9ciale. Celles-ci comprenaient des r\u00e9unions pr\u00e9paratoires, la production de mat\u00e9riel de sensibilisation tel que des banderoles, et la participation \u00e0 la marche pour la paix de la Journ\u00e9e internationale de la femme.<\/p>\n<p>La c\u00e9l\u00e9bration a \u00e9galement d\u00e9montr\u00e9 la n\u00e9cessit\u00e9 de lutter contre la discrimination et la violence dont sont victimes les femmes homosexuelles et transgenres. En sensibilisant la communaut\u00e9 \u00e0 la diversit\u00e9 des genres, nous pouvons r\u00e9duire la violence et cr\u00e9er un environnement plus inclusif.<\/p>\n<p>Le th\u00e8me de cette ann\u00e9e, &#8220;Investir dans les femmes : acc\u00e9l\u00e9rer le rythme&#8221;, nous encourage \u00e0 acc\u00e9l\u00e9rer la r\u00e9alisation de l&#8217;\u00e9galit\u00e9 des genres et l&#8217;autonomisation de toutes les femmes et filles en luttant contre la pauvret\u00e9, en renfor\u00e7ant les institutions et les financements dans une perspective de genre.<\/p>\n<p>Le th\u00e8me national \u00e9tait l&#8217;augmentation des ressources pour les femmes et les filles dans la paix pour un Congo paritaire. Ce fut l&#8217;occasion pour RSM de montrer ses progr\u00e8s en mati\u00e8re d&#8217;inclusion sociale des LGBTQI et d&#8217;inclusion et de diversit\u00e9 de genre en RDC.<\/p>\n<p>Cet \u00e9v\u00e9nement a permis de mieux faire comprendre au public le r\u00f4le vital des femmes dans le processus de paix, par l&#8217;\u00e9limination de la violence \u00e0 l&#8217;\u00e9gard des femmes et la promotion d&#8217;activit\u00e9s \u00e9conomiques conduisant \u00e0 l&#8217;am\u00e9lioration du bien-\u00eatre et de l&#8217;\u00e9quit\u00e9 sociale.<\/p>\n\t\t\t\t<img loading=\"lazy\" decoding=\"async\" src=\"https:\/\/cusointernational.org\/wp-content\/uploads\/Cuso-International-Via-its-implementing-partner-AFEMA-Bukavu-DRC.jpg\" alt=\"Cuso International Via its implementing partner AFEMA Bukavu-DRC \" itemprop=\"image\" height=\"498\" width=\"752\" title=\"Cuso International Via its implementing partner AFEMA Bukavu-DRC\" onerror=\"this.style.display='none'\"  \/>\n<h2>\n\t\tInvestir dans l&#8217;inclusion\n\t<\/h2>\n\t<p>Votre soutien contribue \u00e0 r\u00e9duire la pauvret\u00e9 et les in\u00e9galit\u00e9s en am\u00e9liorant l&#8217;acc\u00e8s des communaut\u00e9s marginalis\u00e9es \u00e0 des opportunit\u00e9s \u00e9conomiques durables. Un avenir meilleur commence avec vous.<\/p>\n\t\t\t<a href=\"https:\/\/cusointernational.org\/fr\/faire-un-don\/\" target=\"_self\">\n\t\t\t\t\t\tFAIRE UN DON\n\t\t\t\t\t<\/a>\n\n","protected":false},"excerpt":{"rendered":"<p>Talents Pluriels Ann\u00e9es de mise en \u0153uvre : 2022-2026 Financement:\u00a0Affaires Mondiales Canada et Swedish International Development Cooperation Agency (Sida) Talents Pluriels a \u00e9t\u00e9 lanc\u00e9 en R\u00e9publique d\u00e9mocratique du Congo en 2022. Le projet s&#8217;appuie sur des \u00e9l\u00e9ments du mod\u00e8le d&#8217;emploi inclusif tr\u00e8s r\u00e9ussi des Opportunit\u00e9s colombiennes durables pour la consolidation de la paix et l&#8217;emploi&hellip;<\/p>\n","protected":false},"author":38,"featured_media":44200,"parent":0,"menu_order":0,"comment_status":"closed","ping_status":"closed","template":"","meta":{"_acf_changed":false,"footnotes":""},"tags":[],"class_list":["post-44332","page","type-page","status-publish","has-post-thumbnail","hentry"],"acf":[],"yoast_head":"<!-- This site is optimized with the Yoast SEO plugin v27.4 - https:\/\/yoast.com\/product\/yoast-seo-wordpress\/ -->\n<title>Talents Pluriels | Cuso International<\/title>\n<meta name=\"description\" content=\"Le projet Talent Pluriels s&#039;est concentr\u00e9 sur la cr\u00e9ation d&#039;emplois d\u00e9cents, s\u00fbrs et inclusifs et sur les possibilit\u00e9s d&#039;entrepreneuriat pour les jeunes LGBTQI+.\" \/>\n<meta name=\"robots\" content=\"index, follow, max-snippet:-1, max-image-preview:large, max-video-preview:-1\" \/>\n<link rel=\"canonical\" href=\"https:\/\/cusointernational.org\/fr\/talents-pluriels\/\" \/>\n<meta property=\"og:locale\" content=\"fr_FR\" \/>\n<meta property=\"og:type\" content=\"article\" \/>\n<meta property=\"og:title\" content=\"Talents Pluriels | Cuso International\" \/>\n<meta property=\"og:description\" content=\"Le projet Talent Pluriels s&#039;est concentr\u00e9 sur la cr\u00e9ation d&#039;emplois d\u00e9cents, s\u00fbrs et inclusifs et sur les possibilit\u00e9s d&#039;entrepreneuriat pour les jeunes LGBTQI+.\" \/>\n<meta property=\"og:url\" content=\"https:\/\/cusointernational.org\/fr\/talents-pluriels\/\" \/>\n<meta property=\"og:site_name\" content=\"Cuso International\" \/>\n<meta property=\"article:modified_time\" content=\"2025-03-06T20:07:21+00:00\" \/>\n<meta property=\"og:image\" content=\"https:\/\/cusointernational.org\/wp-content\/uploads\/Talent-Pluriels-1600x900.png\" \/>\n\t<meta property=\"og:image:width\" content=\"1600\" \/>\n\t<meta property=\"og:image:height\" content=\"900\" \/>\n\t<meta property=\"og:image:type\" content=\"image\/png\" \/>\n<meta name=\"twitter:card\" content=\"summary_large_image\" \/>\n<meta name=\"twitter:label1\" content=\"Dur\u00e9e de lecture estim\u00e9e\" \/>\n\t<meta name=\"twitter:data1\" content=\"3 minutes\" \/>\n<script type=\"application\/ld+json\" class=\"yoast-schema-graph\">{\"@context\":\"https:\\\/\\\/schema.org\",\"@graph\":[{\"@type\":\"WebPage\",\"@id\":\"https:\\\/\\\/cusointernational.org\\\/fr\\\/talents-pluriels\\\/\",\"url\":\"https:\\\/\\\/cusointernational.org\\\/fr\\\/talents-pluriels\\\/\",\"name\":\"Talents Pluriels | Cuso International\",\"isPartOf\":{\"@id\":\"https:\\\/\\\/cusointernational.org\\\/fr\\\/#website\"},\"primaryImageOfPage\":{\"@id\":\"https:\\\/\\\/cusointernational.org\\\/fr\\\/talents-pluriels\\\/#primaryimage\"},\"image\":{\"@id\":\"https:\\\/\\\/cusointernational.org\\\/fr\\\/talents-pluriels\\\/#primaryimage\"},\"thumbnailUrl\":\"https:\\\/\\\/cusointernational.org\\\/wp-content\\\/uploads\\\/Talent-Pluriels.png\",\"datePublished\":\"2023-10-03T20:59:59+00:00\",\"dateModified\":\"2025-03-06T20:07:21+00:00\",\"description\":\"Le projet Talent Pluriels s'est concentr\u00e9 sur la cr\u00e9ation d'emplois d\u00e9cents, s\u00fbrs et inclusifs et sur les possibilit\u00e9s d'entrepreneuriat pour les jeunes LGBTQI+.\",\"breadcrumb\":{\"@id\":\"https:\\\/\\\/cusointernational.org\\\/fr\\\/talents-pluriels\\\/#breadcrumb\"},\"inLanguage\":\"fr-FR\",\"potentialAction\":[{\"@type\":\"ReadAction\",\"target\":[\"https:\\\/\\\/cusointernational.org\\\/fr\\\/talents-pluriels\\\/\"]}]},{\"@type\":\"ImageObject\",\"inLanguage\":\"fr-FR\",\"@id\":\"https:\\\/\\\/cusointernational.org\\\/fr\\\/talents-pluriels\\\/#primaryimage\",\"url\":\"https:\\\/\\\/cusointernational.org\\\/wp-content\\\/uploads\\\/Talent-Pluriels.png\",\"contentUrl\":\"https:\\\/\\\/cusointernational.org\\\/wp-content\\\/uploads\\\/Talent-Pluriels.png\",\"width\":2240,\"height\":1260,\"caption\":\"Talent Pluriels\"},{\"@type\":\"BreadcrumbList\",\"@id\":\"https:\\\/\\\/cusointernational.org\\\/fr\\\/talents-pluriels\\\/#breadcrumb\",\"itemListElement\":[{\"@type\":\"ListItem\",\"position\":1,\"name\":\"Home\",\"item\":\"https:\\\/\\\/cusointernational.org\\\/fr\\\/\"},{\"@type\":\"ListItem\",\"position\":2,\"name\":\"Talents Pluriels\"}]},{\"@type\":\"WebSite\",\"@id\":\"https:\\\/\\\/cusointernational.org\\\/fr\\\/#website\",\"url\":\"https:\\\/\\\/cusointernational.org\\\/fr\\\/\",\"name\":\"Cuso International\",\"description\":\"Connecting communities around the world with skilled Canadians to help end poverty\",\"potentialAction\":[{\"@type\":\"SearchAction\",\"target\":{\"@type\":\"EntryPoint\",\"urlTemplate\":\"https:\\\/\\\/cusointernational.org\\\/fr\\\/?s={search_term_string}\"},\"query-input\":{\"@type\":\"PropertyValueSpecification\",\"valueRequired\":true,\"valueName\":\"search_term_string\"}}],\"inLanguage\":\"fr-FR\"}]}<\/script>\n<!-- \/ Yoast SEO plugin. -->","yoast_head_json":{"title":"Talents Pluriels | Cuso International","description":"Le projet Talent Pluriels s'est concentr\u00e9 sur la cr\u00e9ation d'emplois d\u00e9cents, s\u00fbrs et inclusifs et sur les possibilit\u00e9s d'entrepreneuriat pour les jeunes LGBTQI+.","robots":{"index":"index","follow":"follow","max-snippet":"max-snippet:-1","max-image-preview":"max-image-preview:large","max-video-preview":"max-video-preview:-1"},"canonical":"https:\/\/cusointernational.org\/fr\/talents-pluriels\/","og_locale":"fr_FR","og_type":"article","og_title":"Talents Pluriels | Cuso International","og_description":"Le projet Talent Pluriels s'est concentr\u00e9 sur la cr\u00e9ation d'emplois d\u00e9cents, s\u00fbrs et inclusifs et sur les possibilit\u00e9s d'entrepreneuriat pour les jeunes LGBTQI+.","og_url":"https:\/\/cusointernational.org\/fr\/talents-pluriels\/","og_site_name":"Cuso International","article_modified_time":"2025-03-06T20:07:21+00:00","og_image":[{"width":1600,"height":900,"url":"https:\/\/cusointernational.org\/wp-content\/uploads\/Talent-Pluriels-1600x900.png","type":"image\/png"}],"twitter_card":"summary_large_image","twitter_misc":{"Dur\u00e9e de lecture estim\u00e9e":"3 minutes"},"schema":{"@context":"https:\/\/schema.org","@graph":[{"@type":"WebPage","@id":"https:\/\/cusointernational.org\/fr\/talents-pluriels\/","url":"https:\/\/cusointernational.org\/fr\/talents-pluriels\/","name":"Talents Pluriels | Cuso International","isPartOf":{"@id":"https:\/\/cusointernational.org\/fr\/#website"},"primaryImageOfPage":{"@id":"https:\/\/cusointernational.org\/fr\/talents-pluriels\/#primaryimage"},"image":{"@id":"https:\/\/cusointernational.org\/fr\/talents-pluriels\/#primaryimage"},"thumbnailUrl":"https:\/\/cusointernational.org\/wp-content\/uploads\/Talent-Pluriels.png","datePublished":"2023-10-03T20:59:59+00:00","dateModified":"2025-03-06T20:07:21+00:00","description":"Le projet Talent Pluriels s'est concentr\u00e9 sur la cr\u00e9ation d'emplois d\u00e9cents, s\u00fbrs et inclusifs et sur les possibilit\u00e9s d'entrepreneuriat pour les jeunes LGBTQI+.","breadcrumb":{"@id":"https:\/\/cusointernational.org\/fr\/talents-pluriels\/#breadcrumb"},"inLanguage":"fr-FR","potentialAction":[{"@type":"ReadAction","target":["https:\/\/cusointernational.org\/fr\/talents-pluriels\/"]}]},{"@type":"ImageObject","inLanguage":"fr-FR","@id":"https:\/\/cusointernational.org\/fr\/talents-pluriels\/#primaryimage","url":"https:\/\/cusointernational.org\/wp-content\/uploads\/Talent-Pluriels.png","contentUrl":"https:\/\/cusointernational.org\/wp-content\/uploads\/Talent-Pluriels.png","width":2240,"height":1260,"caption":"Talent Pluriels"},{"@type":"BreadcrumbList","@id":"https:\/\/cusointernational.org\/fr\/talents-pluriels\/#breadcrumb","itemListElement":[{"@type":"ListItem","position":1,"name":"Home","item":"https:\/\/cusointernational.org\/fr\/"},{"@type":"ListItem","position":2,"name":"Talents Pluriels"}]},{"@type":"WebSite","@id":"https:\/\/cusointernational.org\/fr\/#website","url":"https:\/\/cusointernational.org\/fr\/","name":"Cuso International","description":"Connecting communities around the world with skilled Canadians to help end poverty","potentialAction":[{"@type":"SearchAction","target":{"@type":"EntryPoint","urlTemplate":"https:\/\/cusointernational.org\/fr\/?s={search_term_string}"},"query-input":{"@type":"PropertyValueSpecification","valueRequired":true,"valueName":"search_term_string"}}],"inLanguage":"fr-FR"}]}},"_links":{"self":[{"href":"https:\/\/cusointernational.org\/fr\/wp-json\/wp\/v2\/pages\/44332","targetHints":{"allow":["GET"]}}],"collection":[{"href":"https:\/\/cusointernational.org\/fr\/wp-json\/wp\/v2\/pages"}],"about":[{"href":"https:\/\/cusointernational.org\/fr\/wp-json\/wp\/v2\/types\/page"}],"author":[{"embeddable":true,"href":"https:\/\/cusointernational.org\/fr\/wp-json\/wp\/v2\/users\/38"}],"replies":[{"embeddable":true,"href":"https:\/\/cusointernational.org\/fr\/wp-json\/wp\/v2\/comments?post=44332"}],"version-history":[{"count":0,"href":"https:\/\/cusointernational.org\/fr\/wp-json\/wp\/v2\/pages\/44332\/revisions"}],"wp:featuredmedia":[{"embeddable":true,"href":"https:\/\/cusointernational.org\/fr\/wp-json\/wp\/v2\/media\/44200"}],"wp:attachment":[{"href":"https:\/\/cusointernational.org\/fr\/wp-json\/wp\/v2\/media?parent=44332"}],"wp:term":[{"taxonomy":"post_tag","embeddable":true,"href":"https:\/\/cusointernational.org\/fr\/wp-json\/wp\/v2\/tags?post=44332"}],"curies":[{"name":"wp","href":"https:\/\/api.w.org\/{rel}","templated":true}]}}