{"id":35240,"date":"2020-08-17T21:58:32","date_gmt":"2020-08-18T01:58:32","guid":{"rendered":"https:\/\/cuso.wpengine.com\/histoires\/"},"modified":"2023-06-02T10:46:51","modified_gmt":"2023-06-02T14:46:51","slug":"recits","status":"publish","type":"page","link":"https:\/\/cusointernational.org\/fr\/recits\/","title":{"rendered":"R\u00e9cits"},"content":{"rendered":"\r\n<h1>R\u00c9CITS ET T\u00c9MOIGNAGES<\/h1>\r\n<p>Des \u00eatres authentiques. Des r\u00e9cits authentiques. D\u00e9couvrez les transformations survenues sur le terrain gr\u00e2ce \u00e0 notre lutte pour \u00e9liminer la pauvret\u00e9 et les in\u00e9galit\u00e9s.<\/p>\r\n<p><iframe loading=\"lazy\" title=\"Cuso International Peru French\" src=\"https:\/\/www.youtube.com\/embed\/xlp8-6q5qvo?feature=oembed\" width=\"500\" height=\"281\" frameborder=\"0\" allowfullscreen=\"allowfullscreen\"><\/iframe>     \n        <div class=\"fl-archive--filter closed\">\n            \n            <form method=\"GET\" action=\"\/fr\/wp-json\/wp\/v2\/pages\/35240\" class=\"postsFilterForm\">\n                <div class=\"filter-form--header\">\n                    <div class=\"fl-archive--filter-refine\" tabindex=\"0\">\n                        <span class=\"h4\">\n                            <svg class=\"hiddenfilters\" data-name=\"Hidden Filters\" xmlns=\"http:\/\/www.w3.org\/2000\/svg\" width=\"16\" height=\"3.5\" viewBox=\"0 0 16 3.5\">\n                                <g xmlns=\"http:\/\/www.w3.org\/2000\/svg\" data-name=\"Group 5296\" transform=\"translate(0 -6.25)\">\n                                    <path data-name=\"Line 258\" d=\"M1.75,16h-3.5V0h3.5Z\" transform=\"translate(16 8) rotate(90)\" fill=\"#007396\"\/>\n                                <\/g>\n                            <\/svg>\n\n                            <svg class=\"visiblefilters\" data-name=\"Visible Filters\"  xmlns=\"http:\/\/www.w3.org\/2000\/svg\" width=\"16\" height=\"16\" viewBox=\"0 0 16 16\">\n                                <path data-name=\"Line 257\" d=\"M1.75,16h-3.5V0h3.5Z\" transform=\"translate(8)\" fill=\"#007396\"\/>\n                                <path data-name=\"Line 258\" d=\"M1.75,16h-3.5V0h3.5Z\" transform=\"translate(16 8) rotate(90)\" fill=\"#007396\"\/>\n                            <\/svg>\n                            Refine Search                        <\/span>\n                    <\/div>\n                    <div class=\"fl-archive--filter-clear\">\n                        <span tabindex=\"0\">RETIRER LE FILTRE<\/span>\n                    <\/div>\n                <\/div>\n                <div class=\"filter-form--content hidden\">\n                    <div class=\"fl-archive--filter-items\">\n                        <!-- Taxonomies loop -->\n                                                    <div class=\"filter-item post_theme\">\n                                <label class=\"filter-item--label-title\" tabindex=\"0\">\n                                    Themes                                <\/label>\n                                                                <ul>\n                                                                    <li>\n                                        <label>\n                                            <input \n                                                type=\"checkbox\" \n                                                name=\"tax[]\"\n                                                value=\"alumni-fr\"\n                                                                                            \/>\n                                            <span class=\"checkmark\"><\/span>\n                                            <span>Anciens<\/span>\n                                        <\/label>\n                                    <\/li>\n                                                                    <li>\n                                        <label>\n                                            <input \n                                                type=\"checkbox\" \n                                                name=\"tax[]\"\n                                                value=\"volunteering-fr\"\n                                                                                            \/>\n                                            <span class=\"checkmark\"><\/span>\n                                            <span>B\u00e9n\u00e9volat et coop\u00e9ration volontaire<\/span>\n                                        <\/label>\n                                    <\/li>\n                                                                    <li>\n                                        <label>\n                                            <input \n                                                type=\"checkbox\" \n                                                name=\"tax[]\"\n                                                value=\"community-fr\"\n                                                                                            \/>\n                                            <span class=\"checkmark\"><\/span>\n                                            <span>Communaut\u00e9<\/span>\n                                        <\/label>\n                                    <\/li>\n                                                                    <li>\n                                        <label>\n                                            <input \n                                                type=\"checkbox\" \n                                                name=\"tax[]\"\n                                                value=\"womens-rights-fr\"\n                                                                                            \/>\n                                            <span class=\"checkmark\"><\/span>\n                                            <span>Droits des femmes<\/span>\n                                        <\/label>\n                                    <\/li>\n                                                                    <li>\n                                        <label>\n                                            <input \n                                                type=\"checkbox\" \n                                                name=\"tax[]\"\n                                                value=\"education-fr\"\n                                                                                            \/>\n                                            <span class=\"checkmark\"><\/span>\n                                            <span>\u00c9ducation<\/span>\n                                        <\/label>\n                                    <\/li>\n                                                                    <li>\n                                        <label>\n                                            <input \n                                                type=\"checkbox\" \n                                                name=\"tax[]\"\n                                                value=\"gender-equality-fr\"\n                                                                                            \/>\n                                            <span class=\"checkmark\"><\/span>\n                                            <span>\u00c9galit\u00e9 entre les sexes<\/span>\n                                        <\/label>\n                                    <\/li>\n                                                                    <li>\n                                        <label>\n                                            <input \n                                                type=\"checkbox\" \n                                                name=\"tax[]\"\n                                                value=\"youth-employment-fr\"\n                                                                                            \/>\n                                            <span class=\"checkmark\"><\/span>\n                                            <span>Employabilit\u00e9 des jeunes<\/span>\n                                        <\/label>\n                                    <\/li>\n                                                                    <li>\n                                        <label>\n                                            <input \n                                                type=\"checkbox\" \n                                                name=\"tax[]\"\n                                                value=\"general-fr\"\n                                                                                            \/>\n                                            <span class=\"checkmark\"><\/span>\n                                            <span>G\u00e9n\u00e9ral<\/span>\n                                        <\/label>\n                                    <\/li>\n                                                                    <li>\n                                        <label>\n                                            <input \n                                                type=\"checkbox\" \n                                                name=\"tax[]\"\n                                                value=\"iamcuso-fr\"\n                                                                                            \/>\n                                            <span class=\"checkmark\"><\/span>\n                                            <span>IamCuso<\/span>\n                                        <\/label>\n                                    <\/li>\n                                                                    <li>\n                                        <label>\n                                            <input \n                                                type=\"checkbox\" \n                                                name=\"tax[]\"\n                                                value=\"economic-opportunities-fr\"\n                                                                                            \/>\n                                            <span class=\"checkmark\"><\/span>\n                                            <span>Perspectives \u00e9conomiques<\/span>\n                                        <\/label>\n                                    <\/li>\n                                                                    <li>\n                                        <label>\n                                            <input \n                                                type=\"checkbox\" \n                                                name=\"tax[]\"\n                                                value=\"points-de-vue\"\n                                                                                            \/>\n                                            <span class=\"checkmark\"><\/span>\n                                            <span>Points de vue<\/span>\n                                        <\/label>\n                                    <\/li>\n                                                                    <li>\n                                        <label>\n                                            <input \n                                                type=\"checkbox\" \n                                                name=\"tax[]\"\n                                                value=\"climate-resiliency-fr\"\n                                                                                            \/>\n                                            <span class=\"checkmark\"><\/span>\n                                            <span>R\u00e9silience climatique<\/span>\n                                        <\/label>\n                                    <\/li>\n                                                                    <li>\n                                        <label>\n                                            <input \n                                                type=\"checkbox\" \n                                                name=\"tax[]\"\n                                                value=\"health-fr\"\n                                                                                            \/>\n                                            <span class=\"checkmark\"><\/span>\n                                            <span>Sant\u00e9<\/span>\n                                        <\/label>\n                                    <\/li>\n                                                                <\/ul>\n                            <\/div>\n                        \n                        \n\n                    <\/div>\n                    <div class=\"fl-archive--filter-search\">\n                        <div>\n                                                        <label class=\"filter-item--label-title\" for=\"search69f715cbe6f38\">Recherche<\/label>\n                            <input \n                                id=\"search69f715cbe6f38\"\n                                type=\"text\" \n                                name=\"search\" \n                                placeholder=\"Search by Country or keyword\" \n                                value=\"\"\n                            \/>\n                        <\/div>\n                        \n                        <div class=\"category-filters--go\">\n                            <button type=\"submit\">Apply Filters<\/button>\n                        <\/div>\n                    <\/div>   \n                <\/div>\n            <\/form> \n\n        <\/div>\n        <div class=\"fl-archive--content\">\n            \n            <div class='posts'>                <div class=\"post active post_0\">\n                    <div class=\"postBox\">\n                        <div class=\"postTop\">\n                            <div class=\"imgBox\">\n                                <img loading=\"lazy\" decoding=\"async\" width=\"400\" height=\"400\" src=\"https:\/\/cusointernational.org\/wp-content\/uploads\/Maureen-400x400.jpg\" class=\"attachment-thumbnail size-thumbnail wp-post-image\" alt=\"\" \/>                                <div class=\"tags\">\n                                    stories                                <\/div>\n                            <\/div>\n                            <div class=\"infoBox\">\n                                <h3 class=\"h4\"><a href=\"https:\/\/cusointernational.org\/fr\/recit\/une-passion-pour-la-nutrition-et-un-heritage-de-service\/\">Une Passion pour la Nutrition et un H\u00e9ritage de Service<\/a><\/h3>\n                            <\/div>\n                        <\/div>\n                        <div class=\"postBottom\">\n                            <p class=\"infoPost\">Mar 10 2026<\/p>\n                        <\/div>\n                    <\/div>\n                <\/div>\n                            <div class=\"post active post_1\">\n                    <div class=\"postBox\">\n                        <div class=\"postTop\">\n                            <div class=\"imgBox\">\n                                <img loading=\"lazy\" decoding=\"async\" width=\"400\" height=\"400\" src=\"https:\/\/cusointernational.org\/wp-content\/uploads\/2025-09-12-DEMUS-Street-Activity-10-400x400.jpg\" class=\"attachment-thumbnail size-thumbnail wp-post-image\" alt=\"\" \/>                                <div class=\"tags\">\n                                    stories                                <\/div>\n                            <\/div>\n                            <div class=\"infoBox\">\n                                <h3 class=\"h4\"><a href=\"https:\/\/cusointernational.org\/fr\/recit\/briser-les-prejuges-et-les-stereotypes-lies-au-genre-grace-a-lhumour\/\">Briser les pr\u00e9jug\u00e9s et les st\u00e9r\u00e9otypes li\u00e9s au genre gr\u00e2ce \u00e0 l'humour<\/a><\/h3>\n                            <\/div>\n                        <\/div>\n                        <div class=\"postBottom\">\n                            <p class=\"infoPost\">Mar 10 2026<\/p>\n                        <\/div>\n                    <\/div>\n                <\/div>\n                            <div class=\"post active post_2\">\n                    <div class=\"postBox\">\n                        <div class=\"postTop\">\n                            <div class=\"imgBox\">\n                                <img loading=\"lazy\" decoding=\"async\" width=\"400\" height=\"400\" src=\"https:\/\/cusointernational.org\/wp-content\/uploads\/image00008-400x400.jpeg\" class=\"attachment-thumbnail size-thumbnail wp-post-image\" alt=\"\" \/>                                <div class=\"tags\">\n                                    stories                                <\/div>\n                            <\/div>\n                            <div class=\"infoBox\">\n                                <h3 class=\"h4\"><a href=\"https:\/\/cusointernational.org\/fr\/recit\/sharerassemble2026\/\">Le Programme SHARE de Cuso International rassemble des repr\u00e9sentants du monde entier<\/a><\/h3>\n                            <\/div>\n                        <\/div>\n                        <div class=\"postBottom\">\n                            <p class=\"infoPost\">Mar 09 2026<\/p>\n                        <\/div>\n                    <\/div>\n                <\/div>\n                            <div class=\"post active post_3\">\n                    <div class=\"postBox\">\n                        <div class=\"postTop\">\n                            <div class=\"imgBox\">\n                                <img loading=\"lazy\" decoding=\"async\" width=\"400\" height=\"400\" src=\"https:\/\/cusointernational.org\/wp-content\/uploads\/DSC00103-400x400.jpg\" class=\"attachment-thumbnail size-thumbnail wp-post-image\" alt=\"\" \/>                                <div class=\"tags\">\n                                    stories                                <\/div>\n                            <\/div>\n                            <div class=\"infoBox\">\n                                <h3 class=\"h4\"><a href=\"https:\/\/cusointernational.org\/fr\/recit\/autonomisation-des-filles-et-des-jeunes-meres-a-grenade-grace-a-la-dignite-leducation-et-linclusion\/\">Autonomisation des filles et des jeunes m\u00e8res \u00e0 Grenade gr\u00e2ce \u00e0 la dignit\u00e9, l'\u00e9ducation et l'inclusion<\/a><\/h3>\n                            <\/div>\n                        <\/div>\n                        <div class=\"postBottom\">\n                            <p class=\"infoPost\">Mar 04 2026<\/p>\n                        <\/div>\n                    <\/div>\n                <\/div>\n                            <div class=\"post active post_4\">\n                    <div class=\"postBox\">\n                        <div class=\"postTop\">\n                            <div class=\"imgBox\">\n                                <img loading=\"lazy\" decoding=\"async\" width=\"400\" height=\"400\" src=\"https:\/\/cusointernational.org\/wp-content\/uploads\/tp-culinaire-400x400.webp\" class=\"attachment-thumbnail size-thumbnail wp-post-image\" alt=\"Community members gathered at outreach booth \/ Membres de la communaut\u00e9 r\u00e9unis autour d\u2019un stand d\u2019information\" srcset=\"https:\/\/cusointernational.org\/wp-content\/uploads\/tp-culinaire-400x400.webp 400w, https:\/\/cusointernational.org\/wp-content\/uploads\/tp-culinaire-768x768.webp 768w, https:\/\/cusointernational.org\/wp-content\/uploads\/tp-culinaire.webp 800w\" sizes=\"auto, (max-width: 400px) 100vw, 400px\" \/>                                <div class=\"tags\">\n                                    stories                                <\/div>\n                            <\/div>\n                            <div class=\"infoBox\">\n                                <h3 class=\"h4\"><a href=\"https:\/\/cusointernational.org\/fr\/recit\/talents-pluriels-rdc\/\">Le Projet Talents Pluriels: L'autonomisation des jeunes et au renforcement des communaut\u00e9s en RDC<\/a><\/h3>\n                            <\/div>\n                        <\/div>\n                        <div class=\"postBottom\">\n                            <p class=\"infoPost\">Feb 19 2026<\/p>\n                        <\/div>\n                    <\/div>\n                <\/div>\n                            <div class=\"post active post_5\">\n                    <div class=\"postBox\">\n                        <div class=\"postTop\">\n                            <div class=\"imgBox\">\n                                <img loading=\"lazy\" decoding=\"async\" width=\"375\" height=\"281\" src=\"https:\/\/cusointernational.org\/wp-content\/uploads\/volunteers2.jpg\" class=\"attachment-thumbnail size-thumbnail wp-post-image\" alt=\"\" \/>                                <div class=\"tags\">\n                                    stories                                <\/div>\n                            <\/div>\n                            <div class=\"infoBox\">\n                                <h3 class=\"h4\"><a href=\"https:\/\/cusointernational.org\/fr\/recit\/deux-volontaires-canadiens-apportent-leur-aide-au-ministere-de-la-jeunesse-et-de-leducation-civique\/\">Deux volontaires Canadiens apportent leur aide au Minist\u00e8re de la Jeunesse et de l'\u00c9ducation Civique<\/a><\/h3>\n                            <\/div>\n                        <\/div>\n                        <div class=\"postBottom\">\n                            <p class=\"infoPost\">Feb 04 2026<\/p>\n                        <\/div>\n                    <\/div>\n                <\/div>\n                            <div class=\"post active post_6\">\n                    <div class=\"postBox\">\n                        <div class=\"postTop\">\n                            <div class=\"imgBox\">\n                                <img loading=\"lazy\" decoding=\"async\" width=\"400\" height=\"400\" src=\"https:\/\/cusointernational.org\/wp-content\/uploads\/IMG-20251020-WA0039-400x400.jpg\" class=\"attachment-thumbnail size-thumbnail wp-post-image\" alt=\"\" \/>                                <div class=\"tags\">\n                                    stories                                <\/div>\n                            <\/div>\n                            <div class=\"infoBox\">\n                                <h3 class=\"h4\"><a href=\"https:\/\/cusointernational.org\/fr\/recit\/cuso-change-des-vies\/\">Cuso Change des Vies<\/a><\/h3>\n                            <\/div>\n                        <\/div>\n                        <div class=\"postBottom\">\n                            <p class=\"infoPost\">Dec 18 2025<\/p>\n                        <\/div>\n                    <\/div>\n                <\/div>\n                            <div class=\"post active post_7\">\n                    <div class=\"postBox\">\n                        <div class=\"postTop\">\n                            <div class=\"imgBox\">\n                                <img loading=\"lazy\" decoding=\"async\" width=\"400\" height=\"400\" src=\"https:\/\/cusointernational.org\/wp-content\/uploads\/WhatsApp-Image-2025-07-22-at-15.50.36_5d424182-400x400.jpg\" class=\"attachment-thumbnail size-thumbnail wp-post-image\" alt=\"\" \/>                                <div class=\"tags\">\n                                    stories                                <\/div>\n                            <\/div>\n                            <div class=\"infoBox\">\n                                <h3 class=\"h4\"><a href=\"https:\/\/cusointernational.org\/fr\/recit\/reflexion-sur-mon-projet-c-o-r-e-en-guyane\/\">R\u00e9flexion sur mon projet C.O.R.E en Guyane<\/a><\/h3>\n                            <\/div>\n                        <\/div>\n                        <div class=\"postBottom\">\n                            <p class=\"infoPost\">Dec 18 2025<\/p>\n                        <\/div>\n                    <\/div>\n                <\/div>\n                            <div class=\"post active post_8\">\n                    <div class=\"postBox\">\n                        <div class=\"postTop\">\n                            <div class=\"imgBox\">\n                                <img loading=\"lazy\" decoding=\"async\" width=\"400\" height=\"400\" src=\"https:\/\/cusointernational.org\/wp-content\/uploads\/IMG_9864-400x400.jpg\" class=\"attachment-thumbnail size-thumbnail wp-post-image\" alt=\"Un panel de trois intervenants pr\u00e9sente sur une petite sc\u00e8ne devant un public dans une salle aux murs en bois.\" \/>                                <div class=\"tags\">\n                                    stories                                <\/div>\n                            <\/div>\n                            <div class=\"infoBox\">\n                                <h3 class=\"h4\"><a href=\"https:\/\/cusointernational.org\/fr\/recit\/rester-dans-la-famille-des-nations\/\">Rester dans la famille (des nations)<\/a><\/h3>\n                            <\/div>\n                        <\/div>\n                        <div class=\"postBottom\">\n                            <p class=\"infoPost\">Dec 18 2025<\/p>\n                        <\/div>\n                    <\/div>\n                <\/div>\n                            <div class=\"post active post_9\">\n                    <div class=\"postBox\">\n                        <div class=\"postTop\">\n                            <div class=\"imgBox\">\n                                <img loading=\"lazy\" decoding=\"async\" width=\"400\" height=\"400\" src=\"https:\/\/cusointernational.org\/wp-content\/uploads\/DAP_7166-400x400.jpg\" class=\"attachment-thumbnail size-thumbnail wp-post-image\" alt=\"\" \/>                                <div class=\"tags\">\n                                    stories                                <\/div>\n                            <\/div>\n                            <div class=\"infoBox\">\n                                <h3 class=\"h4\"><a href=\"https:\/\/cusointernational.org\/fr\/recit\/partager-ses-competences-grace-au-volontariat-en-rdc\/\">Partager ses comp\u00e9tences gr\u00e2ce au volontariat en RDC<\/a><\/h3>\n                            <\/div>\n                        <\/div>\n                        <div class=\"postBottom\">\n                            <p class=\"infoPost\">Dec 18 2025<\/p>\n                        <\/div>\n                    <\/div>\n                <\/div>\n                            <div class=\"post active post_10\">\n                    <div class=\"postBox\">\n                        <div class=\"postTop\">\n                            <div class=\"imgBox\">\n                                <img loading=\"lazy\" decoding=\"async\" width=\"400\" height=\"400\" src=\"https:\/\/cusointernational.org\/wp-content\/uploads\/BK2-400x400.jpg\" class=\"attachment-thumbnail size-thumbnail wp-post-image\" alt=\"\" \/>                                <div class=\"tags\">\n                                    stories                                <\/div>\n                            <\/div>\n                            <div class=\"infoBox\">\n                                <h3 class=\"h4\"><a href=\"https:\/\/cusointernational.org\/fr\/recit\/quand-les-femmes-sont-autonomisees-tout-le-monde-en-beneficie\/\">Quand les femmes sont autonomis\u00e9es, tout le monde en b\u00e9n\u00e9ficie<\/a><\/h3>\n                            <\/div>\n                        <\/div>\n                        <div class=\"postBottom\">\n                            <p class=\"infoPost\">Oct 08 2025<\/p>\n                        <\/div>\n                    <\/div>\n                <\/div>\n                            <div class=\"post active post_11\">\n                    <div class=\"postBox\">\n                        <div class=\"postTop\">\n                            <div class=\"imgBox\">\n                                <img loading=\"lazy\" decoding=\"async\" width=\"400\" height=\"400\" src=\"https:\/\/cusointernational.org\/wp-content\/uploads\/geoff-greenwood-rH1aA4TqGms-unsplash-400x400.jpg\" class=\"attachment-thumbnail size-thumbnail wp-post-image\" alt=\"\" \/>                                <div class=\"tags\">\n                                    stories                                <\/div>\n                            <\/div>\n                            <div class=\"infoBox\">\n                                <h3 class=\"h4\"><a href=\"https:\/\/cusointernational.org\/fr\/recit\/jim-carmichael-du-volontariat-de-cuso-a-une-vie-consacree-au-developpement-international\/\">Jim Carmichael : du volontariat de Cuso \u00e0 une vie consacr\u00e9e au d\u00e9veloppement international<\/a><\/h3>\n                            <\/div>\n                        <\/div>\n                        <div class=\"postBottom\">\n                            <p class=\"infoPost\">Oct 08 2025<\/p>\n                        <\/div>\n                    <\/div>\n                <\/div>\n                            <div class=\"post post_12\">\n                    <div class=\"postBox\">\n                        <div class=\"postTop\">\n                            <div class=\"imgBox\">\n                                <img loading=\"lazy\" decoding=\"async\" width=\"400\" height=\"400\" src=\"https:\/\/cusointernational.org\/wp-content\/uploads\/Maria-de-Brigard-400x400.jpg\" class=\"attachment-thumbnail size-thumbnail wp-post-image\" alt=\"\" \/>                                <div class=\"tags\">\n                                    stories                                <\/div>\n                            <\/div>\n                            <div class=\"infoBox\">\n                                <h3 class=\"h4\"><a href=\"https:\/\/cusointernational.org\/fr\/recit\/volontariat-international-maria-de-brigard-met-son-experience-au-service-des-enfants-de-colombie\/\">Volontariat international : Maria de Brigard met son exp\u00e9rience au service des enfants de Colombie<\/a><\/h3>\n                            <\/div>\n                        <\/div>\n                        <div class=\"postBottom\">\n                            <p class=\"infoPost\">Oct 08 2025<\/p>\n                        <\/div>\n                    <\/div>\n                <\/div>\n                            <div class=\"post post_13\">\n                    <div class=\"postBox\">\n                        <div class=\"postTop\">\n                            <div class=\"imgBox\">\n                                <img loading=\"lazy\" decoding=\"async\" width=\"400\" height=\"400\" src=\"https:\/\/cusointernational.org\/wp-content\/uploads\/Naomi-Sonia-Training-NVPstaff-400x400.jpg\" class=\"attachment-thumbnail size-thumbnail wp-post-image\" alt=\"\" \/>                                <div class=\"tags\">\n                                    stories                                <\/div>\n                            <\/div>\n                            <div class=\"infoBox\">\n                                <h3 class=\"h4\"><a href=\"https:\/\/cusointernational.org\/fr\/recit\/de-la-formation-a-laction-de-jeunes-femmes-camerounaises-batissent-leur-avenir-avec-confiance\/\">De la formation \u00e0 l\u2019action : de jeunes femmes camerounaises b\u00e2tissent leur avenir avec confiance<\/a><\/h3>\n                            <\/div>\n                        <\/div>\n                        <div class=\"postBottom\">\n                            <p class=\"infoPost\">Oct 08 2025<\/p>\n                        <\/div>\n                    <\/div>\n                <\/div>\n                            <div class=\"post post_14\">\n                    <div class=\"postBox\">\n                        <div class=\"postTop\">\n                            <div class=\"imgBox\">\n                                <img loading=\"lazy\" decoding=\"async\" width=\"400\" height=\"400\" src=\"https:\/\/cusointernational.org\/wp-content\/uploads\/Image-2024-11-08T113939.033-400x400.jpg\" class=\"attachment-thumbnail size-thumbnail wp-post-image\" alt=\"\" \/>                                <div class=\"tags\">\n                                    stories                                <\/div>\n                            <\/div>\n                            <div class=\"infoBox\">\n                                <h3 class=\"h4\"><a href=\"https:\/\/cusointernational.org\/fr\/recit\/tania-guilbert-une-volontaire-engagee-pour-la-justice-sociale-a-cusco\/\">Tania Guilbert : une volontaire engag\u00e9e pour la justice sociale \u00e0 Cusco<\/a><\/h3>\n                            <\/div>\n                        <\/div>\n                        <div class=\"postBottom\">\n                            <p class=\"infoPost\">Oct 08 2025<\/p>\n                        <\/div>\n                    <\/div>\n                <\/div>\n                            <div class=\"post post_15\">\n                    <div class=\"postBox\">\n                        <div class=\"postTop\">\n                            <div class=\"imgBox\">\n                                <img loading=\"lazy\" decoding=\"async\" width=\"396\" height=\"297\" src=\"https:\/\/cusointernational.org\/wp-content\/uploads\/Christina-Mais.jpg\" class=\"attachment-thumbnail size-thumbnail wp-post-image\" alt=\"\" \/>                                <div class=\"tags\">\n                                    stories                                <\/div>\n                            <\/div>\n                            <div class=\"infoBox\">\n                                <h3 class=\"h4\"><a href=\"https:\/\/cusointernational.org\/fr\/recit\/enforcer-les-capacites-pour-transformer-retour-sur-latelier-de-redaction-de-propositions-a-saint-vincent-et-les-grenadines\/\">Enforcer les capacit\u00e9s pour transformer : retour sur l'atelier de r\u00e9daction de propositions \u00e0 Saint-Vincent-et-les-Grenadines<\/a><\/h3>\n                            <\/div>\n                        <\/div>\n                        <div class=\"postBottom\">\n                            <p class=\"infoPost\">Oct 08 2025<\/p>\n                        <\/div>\n                    <\/div>\n                <\/div>\n                            <div class=\"post post_16\">\n                    <div class=\"postBox\">\n                        <div class=\"postTop\">\n                            <div class=\"imgBox\">\n                                <img loading=\"lazy\" decoding=\"async\" width=\"400\" height=\"400\" src=\"https:\/\/cusointernational.org\/wp-content\/uploads\/Nigeria-stories-of-change-400x400.jpg\" class=\"attachment-thumbnail size-thumbnail wp-post-image\" alt=\"\" \/>                                <div class=\"tags\">\n                                    stories                                <\/div>\n                            <\/div>\n                            <div class=\"infoBox\">\n                                <h3 class=\"h4\"><a href=\"https:\/\/cusointernational.org\/fr\/recit\/lautonomie-des-femmes-un-gain-pour-tous\/\">L\u2019autonomie des femmes, un gain pour tous<\/a><\/h3>\n                            <\/div>\n                        <\/div>\n                        <div class=\"postBottom\">\n                            <p class=\"infoPost\">Oct 06 2025<\/p>\n                        <\/div>\n                    <\/div>\n                <\/div>\n                            <div class=\"post post_17\">\n                    <div class=\"postBox\">\n                        <div class=\"postTop\">\n                            <div class=\"imgBox\">\n                                <img loading=\"lazy\" decoding=\"async\" width=\"400\" height=\"400\" src=\"https:\/\/cusointernational.org\/wp-content\/uploads\/AGAPE-Knowledge-Open-School-AKOS-program-Tanzania-1-400x400.jpg\" class=\"attachment-thumbnail size-thumbnail wp-post-image\" alt=\"\" \/>                                <div class=\"tags\">\n                                    stories                                <\/div>\n                            <\/div>\n                            <div class=\"infoBox\">\n                                <h3 class=\"h4\"><a href=\"https:\/\/cusointernational.org\/fr\/recit\/il-est-temps-davoir-une-conversation-nationale-sur-le-benevolat\/\">Il est temps d'avoir une conversation nationale sur le b\u00e9n\u00e9volat<\/a><\/h3>\n                            <\/div>\n                        <\/div>\n                        <div class=\"postBottom\">\n                            <p class=\"infoPost\">Sep 12 2025<\/p>\n                        <\/div>\n                    <\/div>\n                <\/div>\n                            <div class=\"post post_18\">\n                    <div class=\"postBox\">\n                        <div class=\"postTop\">\n                            <div class=\"imgBox\">\n                                <img loading=\"lazy\" decoding=\"async\" width=\"400\" height=\"400\" src=\"https:\/\/cusointernational.org\/wp-content\/uploads\/SHARE-program-and-Ucoopmakin--400x400.jpg\" class=\"attachment-thumbnail size-thumbnail wp-post-image\" alt=\"\" \/>                                <div class=\"tags\">\n                                    stories                                <\/div>\n                            <\/div>\n                            <div class=\"infoBox\">\n                                <h3 class=\"h4\"><a href=\"https:\/\/cusointernational.org\/fr\/recit\/le-programme-share-accueille-a-nouveau-marc-cyrille-kamdem-en-tant-que-vol-expert-en-mobilisation-de-fonds-aupres-de-ucoopmakin\/\">Le Programme SHARE accueille \u00e0 nouveau Marc Cyrille Kamdem en tant qu\u2019E-Vol, expert en mobilisation de fonds aupr\u00e8s de Ucoopmakin<\/a><\/h3>\n                            <\/div>\n                        <\/div>\n                        <div class=\"postBottom\">\n                            <p class=\"infoPost\">Jul 24 2025<\/p>\n                        <\/div>\n                    <\/div>\n                <\/div>\n                            <div class=\"post post_19\">\n                    <div class=\"postBox\">\n                        <div class=\"postTop\">\n                            <div class=\"imgBox\">\n                                <img loading=\"lazy\" decoding=\"async\" width=\"400\" height=\"400\" src=\"https:\/\/cusointernational.org\/wp-content\/uploads\/Grace-BULENGELA-CVN-en-employabilite-a-Lubumbashi-entrain-de-presenter-le-portail-web-aux-etudiants.--400x400.jpg\" class=\"attachment-thumbnail size-thumbnail wp-post-image\" alt=\"\" \/>                                <div class=\"tags\">\n                                    stories                                <\/div>\n                            <\/div>\n                            <div class=\"infoBox\">\n                                <h3 class=\"h4\"><a href=\"https:\/\/cusointernational.org\/fr\/recit\/participation-de-cuso-au-stage-dimpregnation-a-luniversite-de-lubumbashi\/\">07 Juillet: Participation de Cuso au Stage d'Impr\u00e9gnation \u00e0 l'Universit\u00e9 de Lubumbashi<\/a><\/h3>\n                            <\/div>\n                        <\/div>\n                        <div class=\"postBottom\">\n                            <p class=\"infoPost\">Jul 24 2025<\/p>\n                        <\/div>\n                    <\/div>\n                <\/div>\n                            <div class=\"post post_20\">\n                    <div class=\"postBox\">\n                        <div class=\"postTop\">\n                            <div class=\"imgBox\">\n                                <img loading=\"lazy\" decoding=\"async\" width=\"400\" height=\"400\" src=\"https:\/\/cusointernational.org\/wp-content\/uploads\/04-Juillet-Visite-de-la-suede-a-Lubumbashi-400x400.jpg\" class=\"attachment-thumbnail size-thumbnail wp-post-image\" alt=\"\" \/>                                <div class=\"tags\">\n                                    stories                                <\/div>\n                            <\/div>\n                            <div class=\"infoBox\">\n                                <h3 class=\"h4\"><a href=\"https:\/\/cusointernational.org\/fr\/recit\/04-juillet-visite-de-la-suede-a-lubumbashi\/\">04 Juillet: Visite de la su\u00e8de \u00e0 Lubumbashi<\/a><\/h3>\n                            <\/div>\n                        <\/div>\n                        <div class=\"postBottom\">\n                            <p class=\"infoPost\">Jul 24 2025<\/p>\n                        <\/div>\n                    <\/div>\n                <\/div>\n                            <div class=\"post post_21\">\n                    <div class=\"postBox\">\n                        <div class=\"postTop\">\n                            <div class=\"imgBox\">\n                                <img loading=\"lazy\" decoding=\"async\" width=\"400\" height=\"400\" src=\"https:\/\/cusointernational.org\/wp-content\/uploads\/Opening-message-pic-400x400.jpg\" class=\"attachment-thumbnail size-thumbnail wp-post-image\" alt=\"Welcome Words | Land Acknowledgment &amp; Reflections\" \/>                                <div class=\"tags\">\n                                    stories                                <\/div>\n                            <\/div>\n                            <div class=\"infoBox\">\n                                <h3 class=\"h4\"><a href=\"https:\/\/cusointernational.org\/fr\/recit\/mots-de-bienvenue-reconnaissance-territoriale-et-reflexions\/\">Mots de bienvenue | Reconnaissance territoriale et r\u00e9flexions<\/a><\/h3>\n                            <\/div>\n                        <\/div>\n                        <div class=\"postBottom\">\n                            <p class=\"infoPost\">Jun 19 2025<\/p>\n                        <\/div>\n                    <\/div>\n                <\/div>\n                            <div class=\"post post_22\">\n                    <div class=\"postBox\">\n                        <div class=\"postTop\">\n                            <div class=\"imgBox\">\n                                <img loading=\"lazy\" decoding=\"async\" width=\"400\" height=\"400\" src=\"https:\/\/cusointernational.org\/wp-content\/uploads\/Opening-message-pic-400x400.jpg\" class=\"attachment-thumbnail size-thumbnail wp-post-image\" alt=\"Welcome Words | Land Acknowledgment &amp; Reflections\" \/>                                <div class=\"tags\">\n                                    stories                                <\/div>\n                            <\/div>\n                            <div class=\"infoBox\">\n                                <h3 class=\"h4\"><a href=\"https:\/\/cusointernational.org\/fr\/recit\/la-plus-grande-lecon-que-jai-apprise-cest-celle-ci-en-tendant-la-main-a-quelquun-on-se-releve-soi-meme\/\">Message de cl\u00f4ture de Grand-maman Karen MacInnis<\/a><\/h3>\n                            <\/div>\n                        <\/div>\n                        <div class=\"postBottom\">\n                            <p class=\"infoPost\">Jun 19 2025<\/p>\n                        <\/div>\n                    <\/div>\n                <\/div>\n                            <div class=\"post post_23\">\n                    <div class=\"postBox\">\n                        <div class=\"postTop\">\n                            <div class=\"imgBox\">\n                                <img loading=\"lazy\" decoding=\"async\" width=\"400\" height=\"400\" src=\"https:\/\/cusointernational.org\/wp-content\/uploads\/Enoch-Cuso-International-volunteer-since-2022-400x400.jpg\" class=\"attachment-thumbnail size-thumbnail wp-post-image\" alt=\"Enoch-Cuso-International-volunteer-since-2022\" \/>                                <div class=\"tags\">\n                                    stories                                <\/div>\n                            <\/div>\n                            <div class=\"infoBox\">\n                                <h3 class=\"h4\"><a href=\"https:\/\/cusointernational.org\/fr\/recit\/regards-sur-nos-communautes-nordiques\/\">Regards sur nos communaut\u00e9s nordiques<\/a><\/h3>\n                            <\/div>\n                        <\/div>\n                        <div class=\"postBottom\">\n                            <p class=\"infoPost\">Jun 12 2025<\/p>\n                        <\/div>\n                    <\/div>\n                <\/div>\n                            <div class=\"post post_24\">\n                    <div class=\"postBox\">\n                        <div class=\"postTop\">\n                            <div class=\"imgBox\">\n                                <img loading=\"lazy\" decoding=\"async\" width=\"400\" height=\"400\" src=\"https:\/\/cusointernational.org\/wp-content\/uploads\/Meet-Cusos-Northern-Indigenous-Program-Specialists-based-in-Iqaluit-Nunavut-Delaney-Del-400x400.jpg\" class=\"attachment-thumbnail size-thumbnail wp-post-image\" alt=\"Meet Cuso\u2019s Northern Indigenous Program Specialists based in Iqaluit, Nunavut: Delaney (Del).\" \/>                                <div class=\"tags\">\n                                    stories                                <\/div>\n                            <\/div>\n                            <div class=\"infoBox\">\n                                <h3 class=\"h4\"><a href=\"https:\/\/cusointernational.org\/fr\/recit\/rencontrez-les-specialistes-du-programme-autochtone-du-nord-de-cuso-bases-a-iqaluit-au-nunavut-delaney-del\/\">Rencontrez les sp\u00e9cialistes du Programme autochtone du Nord de Cuso bas\u00e9s \u00e0 Iqaluit, au Nunavut : Delaney (Del)<\/a><\/h3>\n                            <\/div>\n                        <\/div>\n                        <div class=\"postBottom\">\n                            <p class=\"infoPost\">Jun 12 2025<\/p>\n                        <\/div>\n                    <\/div>\n                <\/div>\n                            <div class=\"post post_25\">\n                    <div class=\"postBox\">\n                        <div class=\"postTop\">\n                            <div class=\"imgBox\">\n                                <img loading=\"lazy\" decoding=\"async\" width=\"400\" height=\"400\" src=\"https:\/\/cusointernational.org\/wp-content\/uploads\/Indigenous-Voices-Leading-Change-400x400.jpg\" class=\"attachment-thumbnail size-thumbnail wp-post-image\" alt=\"Profiles in Strength: Indigenous Voices Leading Change\" \/>                                <div class=\"tags\">\n                                    stories                                <\/div>\n                            <\/div>\n                            <div class=\"infoBox\">\n                                <h3 class=\"h4\"><a href=\"https:\/\/cusointernational.org\/fr\/recit\/portraits-de-force-des-voix-autochtones-qui-menent-le-changement\/\">Portraits de force : des voix autochtones qui m\u00e8nent le changement<\/a><\/h3>\n                            <\/div>\n                        <\/div>\n                        <div class=\"postBottom\">\n                            <p class=\"infoPost\">Jun 11 2025<\/p>\n                        <\/div>\n                    <\/div>\n                <\/div>\n                            <div class=\"post post_26\">\n                    <div class=\"postBox\">\n                        <div class=\"postTop\">\n                            <div class=\"imgBox\">\n                                <img loading=\"lazy\" decoding=\"async\" width=\"400\" height=\"400\" src=\"https:\/\/cusointernational.org\/wp-content\/uploads\/women-peru-political-protest-400x400.jpg\" class=\"attachment-thumbnail size-thumbnail wp-post-image\" alt=\"Restrictions on non-profit organizations in Peru\" \/>                                <div class=\"tags\">\n                                    stories                                <\/div>\n                            <\/div>\n                            <div class=\"infoBox\">\n                                <h3 class=\"h4\"><a href=\"https:\/\/cusointernational.org\/fr\/recit\/censure-au-perou-quand-defendre-les-droits-humains-devient-un-crime\/\">Censure au P\u00e9rou : quand d\u00e9fendre les droits humains devient un crime<\/a><\/h3>\n                            <\/div>\n                        <\/div>\n                        <div class=\"postBottom\">\n                            <p class=\"infoPost\">Jun 05 2025<\/p>\n                        <\/div>\n                    <\/div>\n                <\/div>\n                            <div class=\"post post_27\">\n                    <div class=\"postBox\">\n                        <div class=\"postTop\">\n                            <div class=\"imgBox\">\n                                <img loading=\"lazy\" decoding=\"async\" width=\"400\" height=\"400\" src=\"https:\/\/cusointernational.org\/wp-content\/uploads\/Charly-Solo9-400x400.jpg\" class=\"attachment-thumbnail size-thumbnail wp-post-image\" alt=\"Supporting a young entrepreneur to build their business and their economic resilience - Charly Solo\" \/>                                <div class=\"tags\">\n                                    stories                                <\/div>\n                            <\/div>\n                            <div class=\"infoBox\">\n                                <h3 class=\"h4\"><a href=\"https:\/\/cusointernational.org\/fr\/recit\/soutenir-une-jeune-entrepreneuse-pour-developper-son-entreprise-et-sa-resilience-economique\/\">Soutenir une jeune entrepreneuse pour d\u00e9velopper son entreprise et sa r\u00e9silience \u00e9conomique<\/a><\/h3>\n                            <\/div>\n                        <\/div>\n                        <div class=\"postBottom\">\n                            <p class=\"infoPost\">May 25 2025<\/p>\n                        <\/div>\n                    <\/div>\n                <\/div>\n                            <div class=\"post post_28\">\n                    <div class=\"postBox\">\n                        <div class=\"postTop\">\n                            <div class=\"imgBox\">\n                                <img loading=\"lazy\" decoding=\"async\" width=\"400\" height=\"400\" src=\"https:\/\/cusointernational.org\/wp-content\/uploads\/DSC_0065-400x400.jpg\" class=\"attachment-thumbnail size-thumbnail wp-post-image\" alt=\"Training program helps woman entrepreneur grow business in DRC\" \/>                                <div class=\"tags\">\n                                    stories                                <\/div>\n                            <\/div>\n                            <div class=\"infoBox\">\n                                <h3 class=\"h4\"><a href=\"https:\/\/cusointernational.org\/fr\/recit\/programme-de-formation-aide-une-femme-entrepreneure-a-developper-son-entreprise-en-rdc\/\">Programme de formation aide une femme entrepreneure \u00e0 d\u00e9velopper son entreprise en RDC<\/a><\/h3>\n                            <\/div>\n                        <\/div>\n                        <div class=\"postBottom\">\n                            <p class=\"infoPost\">May 25 2025<\/p>\n                        <\/div>\n                    <\/div>\n                <\/div>\n                            <div class=\"post post_29\">\n                    <div class=\"postBox\">\n                        <div class=\"postTop\">\n                            <div class=\"imgBox\">\n                                <img loading=\"lazy\" decoding=\"async\" width=\"400\" height=\"400\" src=\"https:\/\/cusointernational.org\/wp-content\/uploads\/Eduardo-Diazgranados-Maikol-SCOPE-participant-Aymeric-Astre-Cuso-International-Colombia-400x400.jpg\" class=\"attachment-thumbnail size-thumbnail wp-post-image\" alt=\"Finding Opportunity After Hardship\" \/>                                <div class=\"tags\">\n                                    stories                                <\/div>\n                            <\/div>\n                            <div class=\"infoBox\">\n                                <h3 class=\"h4\"><a href=\"https:\/\/cusointernational.org\/fr\/recit\/le-parcours-de-maikol-trouver-des-opportunites-apres-les-difficultes\/\">Le parcours de Maikol : Trouver des opportunit\u00e9s apr\u00e8s les difficult\u00e9s<\/a><\/h3>\n                            <\/div>\n                        <\/div>\n                        <div class=\"postBottom\">\n                            <p class=\"infoPost\">Apr 28 2025<\/p>\n                        <\/div>\n                    <\/div>\n                <\/div>\n                            <div class=\"post post_30\">\n                    <div class=\"postBox\">\n                        <div class=\"postTop\">\n                            <div class=\"imgBox\">\n                                <img loading=\"lazy\" decoding=\"async\" width=\"400\" height=\"400\" src=\"https:\/\/cusointernational.org\/wp-content\/uploads\/Muluken-T-400x400.jpg\" class=\"attachment-thumbnail size-thumbnail wp-post-image\" alt=\"Empowering girls in Ethiopia: The Impact of Cuso International\u2019s U-GIRLS2 Project\" \/>                                <div class=\"tags\">\n                                    stories                                <\/div>\n                            <\/div>\n                            <div class=\"infoBox\">\n                                <h3 class=\"h4\"><a href=\"https:\/\/cusointernational.org\/fr\/recit\/autonomiser-les-filles-en-ethiopie-limpact-du-projet-u-girls2-de-cuso-international\/\">Autonomiser les filles en \u00c9thiopie : l\u2019impact du projet U-GIRLS2 de Cuso International<\/a><\/h3>\n                            <\/div>\n                        <\/div>\n                        <div class=\"postBottom\">\n                            <p class=\"infoPost\">Apr 23 2025<\/p>\n                        <\/div>\n                    <\/div>\n                <\/div>\n                            <div class=\"post post_31\">\n                    <div class=\"postBox\">\n                        <div class=\"postTop\">\n                            <div class=\"imgBox\">\n                                <img loading=\"lazy\" decoding=\"async\" width=\"400\" height=\"400\" src=\"https:\/\/cusointernational.org\/wp-content\/uploads\/Elizabeths-Journey-with-Cuso-International-A-Volunteer-Story-of-Impact-and-Growth-Volunteer-400x400.png\" class=\"attachment-thumbnail size-thumbnail wp-post-image\" alt=\"Elizabeth\u2019s Journey with Cuso International A Volunteer Story of Impact and Growth - Volunteer\" \/>                                <div class=\"tags\">\n                                    stories                                <\/div>\n                            <\/div>\n                            <div class=\"infoBox\">\n                                <h3 class=\"h4\"><a href=\"https:\/\/cusointernational.org\/fr\/recit\/elisabeth-yunga-une-carriere-de-benevolat-engagee-avec-cuso-international\/\">\u00c9lisabeth Yunga : une carri\u00e8re de b\u00e9n\u00e9volat engag\u00e9e avec Cuso International<\/a><\/h3>\n                            <\/div>\n                        <\/div>\n                        <div class=\"postBottom\">\n                            <p class=\"infoPost\">Apr 23 2025<\/p>\n                        <\/div>\n                    <\/div>\n                <\/div>\n                            <div class=\"post post_32\">\n                    <div class=\"postBox\">\n                        <div class=\"postTop\">\n                            <div class=\"imgBox\">\n                                <img loading=\"lazy\" decoding=\"async\" width=\"400\" height=\"400\" src=\"https:\/\/cusointernational.org\/wp-content\/uploads\/Image-7-400x400.jpeg\" class=\"attachment-thumbnail size-thumbnail wp-post-image\" alt=\"From Tenants to Owners, Women in Benin Are Securing Their Rights and Future\" \/>                                <div class=\"tags\">\n                                    stories                                <\/div>\n                            <\/div>\n                            <div class=\"infoBox\">\n                                <h3 class=\"h4\"><a href=\"https:\/\/cusointernational.org\/fr\/recit\/de-locataires-a-proprietaires-les-femmes-du-benin-securisent-leurs-droits-et-leur-avenir\/\">De locataires \u00e0 propri\u00e9taires : les femmes du B\u00e9nin s\u00e9curisent leurs droits et leur avenir<\/a><\/h3>\n                            <\/div>\n                        <\/div>\n                        <div class=\"postBottom\">\n                            <p class=\"infoPost\">Mar 14 2025<\/p>\n                        <\/div>\n                    <\/div>\n                <\/div>\n                            <div class=\"post post_33\">\n                    <div class=\"postBox\">\n                        <div class=\"postTop\">\n                            <div class=\"imgBox\">\n                                <img loading=\"lazy\" decoding=\"async\" width=\"400\" height=\"400\" src=\"https:\/\/cusointernational.org\/wp-content\/uploads\/IMG_7456-400x400.jpg\" class=\"attachment-thumbnail size-thumbnail wp-post-image\" alt=\"Helping people with disabilities get the resources they need in rural Honduras\" \/>                                <div class=\"tags\">\n                                    stories                                <\/div>\n                            <\/div>\n                            <div class=\"infoBox\">\n                                <h3 class=\"h4\"><a href=\"https:\/\/cusointernational.org\/fr\/recit\/aider-les-personnes-en-situation-de-handicap-a-obtenir-les-ressources-dont-elles-ont-besoin-en-milieu-rural-au-honduras\/\">Aider les personnes en situation de handicap \u00e0 obtenir les ressources dont elles ont besoin en milieu rural au Honduras<\/a><\/h3>\n                            <\/div>\n                        <\/div>\n                        <div class=\"postBottom\">\n                            <p class=\"infoPost\">Mar 06 2025<\/p>\n                        <\/div>\n                    <\/div>\n                <\/div>\n                            <div class=\"post post_34\">\n                    <div class=\"postBox\">\n                        <div class=\"postTop\">\n                            <div class=\"imgBox\">\n                                <img loading=\"lazy\" decoding=\"async\" width=\"400\" height=\"400\" src=\"https:\/\/cusointernational.org\/wp-content\/uploads\/Code-Queens-program-paves-the-way-for-future-generations-of-skilled-confident-young-women-in-STEM-in-Jamaica-400x400.jpg\" class=\"attachment-thumbnail size-thumbnail wp-post-image\" alt=\"Code Queens program paves the way for future generations of skilled, confident young women in STEM in Jamaica\" \/>                                <div class=\"tags\">\n                                    stories                                <\/div>\n                            <\/div>\n                            <div class=\"infoBox\">\n                                <h3 class=\"h4\"><a href=\"https:\/\/cusointernational.org\/fr\/recit\/le-programme-code-queens-prepare-une-nouvelle-generation-de-jeunes-femmes-qualifiees-et-confiantes-a-exceller-dans-les-stem-en-jamaique\/\">Le programme Code Queens pr\u00e9pare une nouvelle g\u00e9n\u00e9ration de jeunes femmes qualifi\u00e9es et confiantes \u00e0 exceller dans les STEM en Jama\u00efque.<\/a><\/h3>\n                            <\/div>\n                        <\/div>\n                        <div class=\"postBottom\">\n                            <p class=\"infoPost\">Feb 12 2025<\/p>\n                        <\/div>\n                    <\/div>\n                <\/div>\n                            <div class=\"post post_35\">\n                    <div class=\"postBox\">\n                        <div class=\"postTop\">\n                            <div class=\"imgBox\">\n                                <img loading=\"lazy\" decoding=\"async\" width=\"400\" height=\"400\" src=\"https:\/\/cusointernational.org\/wp-content\/uploads\/Educational-program-promotes-gender-equality-and-economic-resilience-in-Ethiopia-400x400.jpg\" class=\"attachment-thumbnail size-thumbnail wp-post-image\" alt=\"Educational program promotes gender equality and economic resilience in Ethiopia\" \/>                                <div class=\"tags\">\n                                    stories                                <\/div>\n                            <\/div>\n                            <div class=\"infoBox\">\n                                <h3 class=\"h4\"><a href=\"https:\/\/cusointernational.org\/fr\/recit\/programme-educatif-promouvoir-legalite-des-genres-et-la-resilience-economique-en-ethiopie\/\">Programme \u00e9ducatif : Promouvoir l\u2019\u00e9galit\u00e9 des genres et la r\u00e9silience \u00e9conomique en \u00c9thiopie<\/a><\/h3>\n                            <\/div>\n                        <\/div>\n                        <div class=\"postBottom\">\n                            <p class=\"infoPost\">Jan 27 2025<\/p>\n                        <\/div>\n                    <\/div>\n                <\/div>\n                            <div class=\"post post_36\">\n                    <div class=\"postBox\">\n                        <div class=\"postTop\">\n                            <div class=\"imgBox\">\n                                <img loading=\"lazy\" decoding=\"async\" width=\"400\" height=\"400\" src=\"https:\/\/cusointernational.org\/wp-content\/uploads\/Rosana-and-Ehylu-Lash-Nails-A-Story-of-Resilience-and-Growth-400x400.jpg\" class=\"attachment-thumbnail size-thumbnail wp-post-image\" alt=\"Rosana and Ehylu Lash Nails A Story of Resilience and Growth\" \/>                                <div class=\"tags\">\n                                    stories                                <\/div>\n                            <\/div>\n                            <div class=\"infoBox\">\n                                <h3 class=\"h4\"><a href=\"https:\/\/cusointernational.org\/fr\/recit\/rosana-et-ehylu-lash-nails-une-histoire-de-resilience-et-de-croissance\/\">Rosana et Ehylu Lash Nails : Une Histoire de R\u00e9silience et de Croissance<\/a><\/h3>\n                            <\/div>\n                        <\/div>\n                        <div class=\"postBottom\">\n                            <p class=\"infoPost\">Jan 27 2025<\/p>\n                        <\/div>\n                    <\/div>\n                <\/div>\n                            <div class=\"post post_37\">\n                    <div class=\"postBox\">\n                        <div class=\"postTop\">\n                            <div class=\"imgBox\">\n                                <img loading=\"lazy\" decoding=\"async\" width=\"400\" height=\"400\" src=\"https:\/\/cusointernational.org\/wp-content\/uploads\/Betty-e-Hija-3-Agua-Sucia-Yoro-1-400x400.jpeg\" class=\"attachment-thumbnail size-thumbnail wp-post-image\" alt=\"\" \/>                                <div class=\"tags\">\n                                    stories                                <\/div>\n                            <\/div>\n                            <div class=\"infoBox\">\n                                <h3 class=\"h4\"><a href=\"https:\/\/cusointernational.org\/fr\/recit\/honduras-le-parcours-de-betty-rodriguez-dans-la-production-de-cafe-et-le-leadership-communautaire-a-agua-sucia\/\">Honduras : Le parcours de Betty Rodriguez dans la production de caf\u00e9 et le leadership communautaire \u00e0 Agua Sucia<\/a><\/h3>\n                            <\/div>\n                        <\/div>\n                        <div class=\"postBottom\">\n                            <p class=\"infoPost\">Jan 24 2025<\/p>\n                        <\/div>\n                    <\/div>\n                <\/div>\n                            <div class=\"post post_38\">\n                    <div class=\"postBox\">\n                        <div class=\"postTop\">\n                            <div class=\"imgBox\">\n                                <div class=\"defaultImg\"><\/div>                                <div class=\"tags\">\n                                    stories                                <\/div>\n                            <\/div>\n                            <div class=\"infoBox\">\n                                <h3 class=\"h4\"><a href=\"https:\/\/cusointernational.org\/fr\/recit\/un-projet-visant-a-renforcer-les-connaissances-agricoles-la-securite-alimentaire-et-le-developpement-durable-prend-fin-au-perou\/\">Un projet visant \u00e0 renforcer les connaissances agricoles, la s\u00e9curit\u00e9 alimentaire et le d\u00e9veloppement durable prend fin au P\u00e9rou<\/a><\/h3>\n                            <\/div>\n                        <\/div>\n                        <div class=\"postBottom\">\n                            <p class=\"infoPost\">Jan 23 2025<\/p>\n                        <\/div>\n                    <\/div>\n                <\/div>\n                            <div class=\"post post_39\">\n                    <div class=\"postBox\">\n                        <div class=\"postTop\">\n                            <div class=\"imgBox\">\n                                <img loading=\"lazy\" decoding=\"async\" width=\"400\" height=\"400\" src=\"https:\/\/cusointernational.org\/wp-content\/uploads\/Urji-Geleta5-1-400x400.jpg\" class=\"attachment-thumbnail size-thumbnail wp-post-image\" alt=\"Urji Geleta\" \/>                                <div class=\"tags\">\n                                    stories                                <\/div>\n                            <\/div>\n                            <div class=\"infoBox\">\n                                <h3 class=\"h4\"><a href=\"https:\/\/cusointernational.org\/fr\/recit\/ethiopie-le-programme-sur-legalite-des-sexes-soutient-les-objectifs-durji-geleta-en-matiere-deducation\/\">\u00c9thiopie : Le programme sur l'\u00e9galit\u00e9 des sexes soutient les objectifs d'Urji Geleta en mati\u00e8re d'\u00e9ducation\u202f<\/a><\/h3>\n                            <\/div>\n                        <\/div>\n                        <div class=\"postBottom\">\n                            <p class=\"infoPost\">Nov 06 2024<\/p>\n                        <\/div>\n                    <\/div>\n                <\/div>\n                            <div class=\"post post_40\">\n                    <div class=\"postBox\">\n                        <div class=\"postTop\">\n                            <div class=\"imgBox\">\n                                <img loading=\"lazy\" decoding=\"async\" width=\"400\" height=\"400\" src=\"https:\/\/cusointernational.org\/wp-content\/uploads\/Cameroon-Graduation-ceremony-held-for-first-TechWomen-Factory-project-cohort5-400x400.jpg\" class=\"attachment-thumbnail size-thumbnail wp-post-image\" alt=\"Cameroon: Changing mentalities, one step at a time\u202f\" \/>                                <div class=\"tags\">\n                                    stories                                <\/div>\n                            <\/div>\n                            <div class=\"infoBox\">\n                                <h3 class=\"h4\"><a href=\"https:\/\/cusointernational.org\/fr\/recit\/cameroun-transformer-les-perspectives-un-pas-a-la-fois\/\">Cameroun : Transformer les perspectives, un pas \u00e0 la fois\u202f<\/a><\/h3>\n                            <\/div>\n                        <\/div>\n                        <div class=\"postBottom\">\n                            <p class=\"infoPost\">Nov 06 2024<\/p>\n                        <\/div>\n                    <\/div>\n                <\/div>\n                            <div class=\"post post_41\">\n                    <div class=\"postBox\">\n                        <div class=\"postTop\">\n                            <div class=\"imgBox\">\n                                <img loading=\"lazy\" decoding=\"async\" width=\"400\" height=\"400\" src=\"https:\/\/cusointernational.org\/wp-content\/uploads\/Cameroon-Sustainable-and-climate-resilient-farming-with-better-access-to-climate-information-400x400.jpeg\" class=\"attachment-thumbnail size-thumbnail wp-post-image\" alt=\"Cameroon Sustainable and climate resilient farming with better access to climate information\" \/>                                <div class=\"tags\">\n                                    stories                                <\/div>\n                            <\/div>\n                            <div class=\"infoBox\">\n                                <h3 class=\"h4\"><a href=\"https:\/\/cusointernational.org\/fr\/recit\/cameroun-une-agriculture-durable-et-resistante-au-climat-grace-a-un-meilleur-acces-aux-informations-climatiques\/\">Cameroun : Une agriculture durable et r\u00e9sistante au climat gr\u00e2ce \u00e0 un meilleur acc\u00e8s aux informations climatiques<\/a><\/h3>\n                            <\/div>\n                        <\/div>\n                        <div class=\"postBottom\">\n                            <p class=\"infoPost\">Aug 16 2024<\/p>\n                        <\/div>\n                    <\/div>\n                <\/div>\n                            <div class=\"post post_42\">\n                    <div class=\"postBox\">\n                        <div class=\"postTop\">\n                            <div class=\"imgBox\">\n                                <img loading=\"lazy\" decoding=\"async\" width=\"400\" height=\"400\" src=\"https:\/\/cusointernational.org\/wp-content\/uploads\/Honduras-Las-Barras-Journey-to-Relocation-Cuso-International-400x400.jpg\" class=\"attachment-thumbnail size-thumbnail wp-post-image\" alt=\"Honduras Las Barras Journey to Relocation Cuso International\" \/>                                <div class=\"tags\">\n                                    stories                                <\/div>\n                            <\/div>\n                            <div class=\"infoBox\">\n                                <h3 class=\"h4\"><a href=\"https:\/\/cusointernational.org\/fr\/recit\/honduras-le-voyage-de-las-barras-vers-la-relocalisation\/\">Honduras : Le voyage de Las Barras vers la relocalisation<\/a><\/h3>\n                            <\/div>\n                        <\/div>\n                        <div class=\"postBottom\">\n                            <p class=\"infoPost\">Aug 14 2024<\/p>\n                        <\/div>\n                    <\/div>\n                <\/div>\n                            <div class=\"post post_43\">\n                    <div class=\"postBox\">\n                        <div class=\"postTop\">\n                            <div class=\"imgBox\">\n                                <img loading=\"lazy\" decoding=\"async\" width=\"400\" height=\"400\" src=\"https:\/\/cusointernational.org\/wp-content\/uploads\/Tanzania-Rick-Harvey-on-supporting-girls-and-building-futures-400x400.jpg\" class=\"attachment-thumbnail size-thumbnail wp-post-image\" alt=\"Tanzania Rick Harvey on supporting girls and building futures\" \/>                                <div class=\"tags\">\n                                    stories                                <\/div>\n                            <\/div>\n                            <div class=\"infoBox\">\n                                <h3 class=\"h4\"><a href=\"https:\/\/cusointernational.org\/fr\/recit\/tanzanie-rick-harvey-appuie-les-filles-et-construit-lavenir\/\">Tanzanie : Rick Harvey appuie les filles et construit l'avenir<\/a><\/h3>\n                            <\/div>\n                        <\/div>\n                        <div class=\"postBottom\">\n                            <p class=\"infoPost\">Aug 14 2024<\/p>\n                        <\/div>\n                    <\/div>\n                <\/div>\n                            <div class=\"post post_44\">\n                    <div class=\"postBox\">\n                        <div class=\"postTop\">\n                            <div class=\"imgBox\">\n                                <img loading=\"lazy\" decoding=\"async\" width=\"400\" height=\"400\" src=\"https:\/\/cusointernational.org\/wp-content\/uploads\/Edith-Matondo-right-and-Uko-Ekott-400x400.jpg\" class=\"attachment-thumbnail size-thumbnail wp-post-image\" alt=\"Edith Matondo, Talents Pluriels participant\" \/>                                <div class=\"tags\">\n                                    stories                                <\/div>\n                            <\/div>\n                            <div class=\"infoBox\">\n                                <h3 class=\"h4\"><a href=\"https:\/\/cusointernational.org\/fr\/recit\/rdc-le-projet-talents-pluriels-renforce-les-capacites-des-femmes-entrepreneurs\/\">RDC: Le projet Talents Pluriels renforce les capacit\u00e9s des femmes entrepreneurs<\/a><\/h3>\n                            <\/div>\n                        <\/div>\n                        <div class=\"postBottom\">\n                            <p class=\"infoPost\">Apr 23 2024<\/p>\n                        <\/div>\n                    <\/div>\n                <\/div>\n                            <div class=\"post post_45\">\n                    <div class=\"postBox\">\n                        <div class=\"postTop\">\n                            <div class=\"imgBox\">\n                                <img loading=\"lazy\" decoding=\"async\" width=\"400\" height=\"400\" src=\"https:\/\/cusointernational.org\/wp-content\/uploads\/Program-helps-grow-economic-stability-for-families-400x400.jpg\" class=\"attachment-thumbnail size-thumbnail wp-post-image\" alt=\"Program helps grow economic stability for families inTanzania\" \/>                                <div class=\"tags\">\n                                    stories                                <\/div>\n                            <\/div>\n                            <div class=\"infoBox\">\n                                <h3 class=\"h4\"><a href=\"https:\/\/cusointernational.org\/fr\/recit\/tanzanie-un-programme-contribue-a-renforcer-la-stabilite-economique-des-familles\/\">Tanzanie : Un programme contribue \u00e0 renforcer la stabilit\u00e9 \u00e9conomique des familles<\/a><\/h3>\n                            <\/div>\n                        <\/div>\n                        <div class=\"postBottom\">\n                            <p class=\"infoPost\">Apr 23 2024<\/p>\n                        <\/div>\n                    <\/div>\n                <\/div>\n                            <div class=\"post post_46\">\n                    <div class=\"postBox\">\n                        <div class=\"postTop\">\n                            <div class=\"imgBox\">\n                                <img loading=\"lazy\" decoding=\"async\" width=\"400\" height=\"267\" src=\"https:\/\/cusointernational.org\/wp-content\/uploads\/Ethiopian-educational-program-opens-Fatumas-door-to-medical-school-U-GIRLS-2.jpg\" class=\"attachment-thumbnail size-thumbnail wp-post-image\" alt=\"Ethiopian educational program opens Fatuma\u2019s door to medical school -U GIRLS 2\" srcset=\"https:\/\/cusointernational.org\/wp-content\/uploads\/Ethiopian-educational-program-opens-Fatumas-door-to-medical-school-U-GIRLS-2.jpg 9504w, https:\/\/cusointernational.org\/wp-content\/uploads\/Ethiopian-educational-program-opens-Fatumas-door-to-medical-school-U-GIRLS-2-800x533.jpg 800w, https:\/\/cusointernational.org\/wp-content\/uploads\/Ethiopian-educational-program-opens-Fatumas-door-to-medical-school-U-GIRLS-2-768x512.jpg 768w\" sizes=\"auto, (max-width: 400px) 100vw, 400px\" \/>                                <div class=\"tags\">\n                                    stories                                <\/div>\n                            <\/div>\n                            <div class=\"infoBox\">\n                                <h3 class=\"h4\"><a href=\"https:\/\/cusointernational.org\/fr\/recit\/un-programme-educatif-ethiopien-ouvre-les-portes-des-etudes-en-medecine-a-fatuma\/\">Un programme \u00e9ducatif \u00e9thiopien ouvre les portes des \u00e9tudes en m\u00e9decine \u00e0 Fatuma<\/a><\/h3>\n                            <\/div>\n                        <\/div>\n                        <div class=\"postBottom\">\n                            <p class=\"infoPost\">Apr 22 2024<\/p>\n                        <\/div>\n                    <\/div>\n                <\/div>\n                            <div class=\"post post_47\">\n                    <div class=\"postBox\">\n                        <div class=\"postTop\">\n                            <div class=\"imgBox\">\n                                <img loading=\"lazy\" decoding=\"async\" width=\"400\" height=\"400\" src=\"https:\/\/cusointernational.org\/wp-content\/uploads\/SCOPE-project-wraps-up-after-nearly-a-decade-supporting-economic-opportunities-in-Colombia-Peru-and-Ecuador-1-400x400.png\" class=\"attachment-thumbnail size-thumbnail wp-post-image\" alt=\"SCOPE project wraps up after nearly a decade supporting economic opportunities in Colombia, Peru, and Ecuador\" \/>                                <div class=\"tags\">\n                                    stories                                <\/div>\n                            <\/div>\n                            <div class=\"infoBox\">\n                                <h3 class=\"h4\"><a href=\"https:\/\/cusointernational.org\/fr\/recit\/le-projet-scope-sacheve-apres-pres-dune-decennie-de-soutien-aux-opportunites-economiques-en-colombie-au-perou-et-en-equateur\/\">Le projet SCOPE s'ach\u00e8ve apr\u00e8s pr\u00e8s d'une d\u00e9cennie de soutien aux opportunit\u00e9s \u00e9conomiques en Colombie, au P\u00e9rou et en \u00c9quateur<\/a><\/h3>\n                            <\/div>\n                        <\/div>\n                        <div class=\"postBottom\">\n                            <p class=\"infoPost\">Mar 27 2024<\/p>\n                        <\/div>\n                    <\/div>\n                <\/div>\n                            <div class=\"post post_48\">\n                    <div class=\"postBox\">\n                        <div class=\"postTop\">\n                            <div class=\"imgBox\">\n                                <img loading=\"lazy\" decoding=\"async\" width=\"400\" height=\"400\" src=\"https:\/\/cusointernational.org\/wp-content\/uploads\/Nigeria-Skills-training-program-helps-women-become-more-financially-independent--400x400.png\" class=\"attachment-thumbnail size-thumbnail wp-post-image\" alt=\"Nigeria Skills training program helps women become more financially independent\" \/>                                <div class=\"tags\">\n                                    stories                                <\/div>\n                            <\/div>\n                            <div class=\"infoBox\">\n                                <h3 class=\"h4\"><a href=\"https:\/\/cusointernational.org\/fr\/recit\/nigeria-un-programme-de-formation-professionnelle-aide-les-femmes-a-devenir-plus-independantes-financierement\/\">Nigeria : Un programme de formation professionnelle aide les femmes \u00e0 devenir plus ind\u00e9pendantes financi\u00e8rement<\/a><\/h3>\n                            <\/div>\n                        <\/div>\n                        <div class=\"postBottom\">\n                            <p class=\"infoPost\">Mar 27 2024<\/p>\n                        <\/div>\n                    <\/div>\n                <\/div>\n                            <div class=\"post post_49\">\n                    <div class=\"postBox\">\n                        <div class=\"postTop\">\n                            <div class=\"imgBox\">\n                                <img loading=\"lazy\" decoding=\"async\" width=\"400\" height=\"400\" src=\"https:\/\/cusointernational.org\/wp-content\/uploads\/Nigeria-Program-helps-women-build-skills-to-start-their-own-business-400x400.png\" class=\"attachment-thumbnail size-thumbnail wp-post-image\" alt=\"Nigeria Program helps women build skills to start their own business\" \/>                                <div class=\"tags\">\n                                    stories                                <\/div>\n                            <\/div>\n                            <div class=\"infoBox\">\n                                <h3 class=\"h4\"><a href=\"https:\/\/cusointernational.org\/fr\/recit\/nigeria-un-programme-aide-les-femmes-a-acquerir-des-competences-pour-creer-leur-propre-entreprise\/\">Nigeria : Un programme aide les femmes \u00e0 acqu\u00e9rir des comp\u00e9tences pour cr\u00e9er leur propre entreprise<\/a><\/h3>\n                            <\/div>\n                        <\/div>\n                        <div class=\"postBottom\">\n                            <p class=\"infoPost\">Mar 27 2024<\/p>\n                        <\/div>\n                    <\/div>\n                <\/div>\n                            <div class=\"post post_50\">\n                    <div class=\"postBox\">\n                        <div class=\"postTop\">\n                            <div class=\"imgBox\">\n                                <img loading=\"lazy\" decoding=\"async\" width=\"400\" height=\"400\" src=\"https:\/\/cusointernational.org\/wp-content\/uploads\/Nigeria-Helping-Cameroonian-refugees-develop-crops-and-skills-400x400.png\" class=\"attachment-thumbnail size-thumbnail wp-post-image\" alt=\"Nigeria Helping Cameroonian refugees develop crops and skills\" \/>                                <div class=\"tags\">\n                                    stories                                <\/div>\n                            <\/div>\n                            <div class=\"infoBox\">\n                                <h3 class=\"h4\"><a href=\"https:\/\/cusointernational.org\/fr\/recit\/nigeria-aider-les-refugies-camerounais-a-cultiver-la-terre-et-leurs-savoir-faire\/\">Nigeria : Aider les r\u00e9fugi\u00e9s camerounais \u00e0 cultiver la terre et leurs savoir-faire<\/a><\/h3>\n                            <\/div>\n                        <\/div>\n                        <div class=\"postBottom\">\n                            <p class=\"infoPost\">Mar 27 2024<\/p>\n                        <\/div>\n                    <\/div>\n                <\/div>\n                            <div class=\"post post_51\">\n                    <div class=\"postBox\">\n                        <div class=\"postTop\">\n                            <div class=\"imgBox\">\n                                <img loading=\"lazy\" decoding=\"async\" width=\"400\" height=\"400\" src=\"https:\/\/cusointernational.org\/wp-content\/uploads\/SIDO-program-in-Tanzania-helps-a-woman-grow-her-business-and-economic-well-being-400x400.png\" class=\"attachment-thumbnail size-thumbnail wp-post-image\" alt=\"SIDO program in Tanzania helps a woman grow her business and economic well-being\" \/>                                <div class=\"tags\">\n                                    stories                                <\/div>\n                            <\/div>\n                            <div class=\"infoBox\">\n                                <h3 class=\"h4\"><a href=\"https:\/\/cusointernational.org\/fr\/recit\/le-programme-de-la-sido-aide-une-tanzanienne-a-developper-son-entreprise-et-a-ameliorer-sa-situation-financiere\/\">Le programme de la SIDO aide une Tanzanienne \u00e0 d\u00e9velopper son entreprise et \u00e0 am\u00e9liorer sa situation financi\u00e8re<\/a><\/h3>\n                            <\/div>\n                        <\/div>\n                        <div class=\"postBottom\">\n                            <p class=\"infoPost\">Mar 27 2024<\/p>\n                        <\/div>\n                    <\/div>\n                <\/div>\n                            <div class=\"post post_52\">\n                    <div class=\"postBox\">\n                        <div class=\"postTop\">\n                            <div class=\"imgBox\">\n                                <img loading=\"lazy\" decoding=\"async\" width=\"400\" height=\"400\" src=\"https:\/\/cusointernational.org\/wp-content\/uploads\/Women-in-Peru-strengthen-their-knowledge-in-traditional-Andean-medicine-and-increase-their-family-income--400x400.png\" class=\"attachment-thumbnail size-thumbnail wp-post-image\" alt=\"Women in Peru strengthen their knowledge in traditional Andean medicine and increase their family income\" \/>                                <div class=\"tags\">\n                                    stories                                <\/div>\n                            <\/div>\n                            <div class=\"infoBox\">\n                                <h3 class=\"h4\"><a href=\"https:\/\/cusointernational.org\/fr\/recit\/des-peruviennes-augmentent-leurs-revenus-tout-en-approfondissant-leurs-connaissances-des-medicaments-traditionnels-andins\/\">Des P\u00e9ruviennes augmentent leurs revenus tout en approfondissant leurs connaissances des m\u00e9dicaments traditionnels andins<\/a><\/h3>\n                            <\/div>\n                        <\/div>\n                        <div class=\"postBottom\">\n                            <p class=\"infoPost\">Mar 26 2024<\/p>\n                        <\/div>\n                    <\/div>\n                <\/div>\n                            <div class=\"post post_53\">\n                    <div class=\"postBox\">\n                        <div class=\"postTop\">\n                            <div class=\"imgBox\">\n                                <img loading=\"lazy\" decoding=\"async\" width=\"400\" height=\"400\" src=\"https:\/\/cusointernational.org\/wp-content\/uploads\/Cameroon-Program-helps-women-pursue-a-career-in-IT--400x400.png\" class=\"attachment-thumbnail size-thumbnail wp-post-image\" alt=\"Cameroon Program helps women pursue a career in IT\" \/>                                <div class=\"tags\">\n                                    stories                                <\/div>\n                            <\/div>\n                            <div class=\"infoBox\">\n                                <h3 class=\"h4\"><a href=\"https:\/\/cusointernational.org\/fr\/recit\/un-programme-aide-les-camerounaises-a-poursuivre-une-carriere-en-informatique\/\">Un programme aide les Camerounaises \u00e0 poursuivre une carri\u00e8re en informatique.<\/a><\/h3>\n                            <\/div>\n                        <\/div>\n                        <div class=\"postBottom\">\n                            <p class=\"infoPost\">Mar 26 2024<\/p>\n                        <\/div>\n                    <\/div>\n                <\/div>\n                            <div class=\"post post_54\">\n                    <div class=\"postBox\">\n                        <div class=\"postTop\">\n                            <div class=\"imgBox\">\n                                <img loading=\"lazy\" decoding=\"async\" width=\"400\" height=\"400\" src=\"https:\/\/cusointernational.org\/wp-content\/uploads\/Community-event-on-good-hygienic-menstrual-management-in-Benin-400x400.png\" class=\"attachment-thumbnail size-thumbnail wp-post-image\" alt=\"Community event on good hygienic menstrual management in Benin\" \/>                                <div class=\"tags\">\n                                    stories                                <\/div>\n                            <\/div>\n                            <div class=\"infoBox\">\n                                <h3 class=\"h4\"><a href=\"https:\/\/cusointernational.org\/fr\/recit\/formation-sur-lhygiene-menstruelle-offerte-au-benin\/\">Formation sur l\u2019hygi\u00e8ne menstruelle offerte au B\u00e9nin<\/a><\/h3>\n                            <\/div>\n                        <\/div>\n                        <div class=\"postBottom\">\n                            <p class=\"infoPost\">Mar 26 2024<\/p>\n                        <\/div>\n                    <\/div>\n                <\/div>\n                            <div class=\"post post_55\">\n                    <div class=\"postBox\">\n                        <div class=\"postTop\">\n                            <div class=\"imgBox\">\n                                <img loading=\"lazy\" decoding=\"async\" width=\"400\" height=\"400\" src=\"https:\/\/cusointernational.org\/wp-content\/uploads\/Community-Gardens-in-Peru-Dorotea-400x400.png\" class=\"attachment-thumbnail size-thumbnail wp-post-image\" alt=\"Community Gardens in Peru - Dorotea\" \/>                                <div class=\"tags\">\n                                    stories                                <\/div>\n                            <\/div>\n                            <div class=\"infoBox\">\n                                <h3 class=\"h4\"><a href=\"https:\/\/cusointernational.org\/fr\/recit\/perou-les-jardins-communautaires-contribuent-a-la-securite-alimentaire-et-a-lacquisition-de-savoir-faire-en-agriculture\/\">P\u00e9rou\u202f: Les jardins communautaires contribuent \u00e0 la s\u00e9curit\u00e9 alimentaire et \u00e0 l\u2019acquisition de savoir-faire en agriculture<\/a><\/h3>\n                            <\/div>\n                        <\/div>\n                        <div class=\"postBottom\">\n                            <p class=\"infoPost\">Mar 26 2024<\/p>\n                        <\/div>\n                    <\/div>\n                <\/div>\n                            <div class=\"post post_56\">\n                    <div class=\"postBox\">\n                        <div class=\"postTop\">\n                            <div class=\"imgBox\">\n                                <img loading=\"lazy\" decoding=\"async\" width=\"400\" height=\"400\" src=\"https:\/\/cusointernational.org\/wp-content\/uploads\/Entrepreneur-Woman-400x400.jpg\" class=\"attachment-thumbnail size-thumbnail wp-post-image\" alt=\"Entrepreneur Woman\" \/>                                <div class=\"tags\">\n                                    stories                                <\/div>\n                            <\/div>\n                            <div class=\"infoBox\">\n                                <h3 class=\"h4\"><a href=\"https:\/\/cusointernational.org\/fr\/recit\/un-programme-dentrepreneuriat-aide-une-tanzanienne-a-fonder-une-entreprise-viticole-prospere\/\">Un programme d\u2019entrepreneuriat aide une Tanzanienne \u00e0 fonder une entreprise viticole prosp\u00e8re<\/a><\/h3>\n                            <\/div>\n                        <\/div>\n                        <div class=\"postBottom\">\n                            <p class=\"infoPost\">Jan 25 2024<\/p>\n                        <\/div>\n                    <\/div>\n                <\/div>\n                            <div class=\"post post_57\">\n                    <div class=\"postBox\">\n                        <div class=\"postTop\">\n                            <div class=\"imgBox\">\n                                <img loading=\"lazy\" decoding=\"async\" width=\"400\" height=\"400\" src=\"https:\/\/cusointernational.org\/wp-content\/uploads\/Program-improves-quality-of-life-for-young-girls-and-boys-in-rural-Colombia-400x400.jpg\" class=\"attachment-thumbnail size-thumbnail wp-post-image\" alt=\"Program improves quality of life for young girls and boys in rural Colombia\" \/>                                <div class=\"tags\">\n                                    stories                                <\/div>\n                            <\/div>\n                            <div class=\"infoBox\">\n                                <h3 class=\"h4\"><a href=\"https:\/\/cusointernational.org\/fr\/recit\/un-programme-ameliore-la-qualite-de-vie-de-jeunes-colombiens-et-colombiennes\/\">Un programme am\u00e9liore la qualit\u00e9 de vie de jeunes Colombiens et Colombiennes<\/a><\/h3>\n                            <\/div>\n                        <\/div>\n                        <div class=\"postBottom\">\n                            <p class=\"infoPost\">Nov 27 2023<\/p>\n                        <\/div>\n                    <\/div>\n                <\/div>\n                            <div class=\"post post_58\">\n                    <div class=\"postBox\">\n                        <div class=\"postTop\">\n                            <div class=\"imgBox\">\n                                <img loading=\"lazy\" decoding=\"async\" width=\"400\" height=\"400\" src=\"https:\/\/cusointernational.org\/wp-content\/uploads\/connie-nunn-Cuso-International-Volunteer-2-400x400.jpg\" class=\"attachment-thumbnail size-thumbnail wp-post-image\" alt=\"Connie Nunn - Cuso International Volunteer\" \/>                                <div class=\"tags\">\n                                    stories                                <\/div>\n                            <\/div>\n                            <div class=\"infoBox\">\n                                <h3 class=\"h4\"><a href=\"https:\/\/cusointernational.org\/fr\/recit\/une-vie-consacree-a-la-sante-publique-a-lentraide-et-a-la-solidarite\/\">Une vie consacr\u00e9e \u00e0 la sant\u00e9 publique, \u00e0 l\u2019entraide et \u00e0 la solidarit\u00e9<\/a><\/h3>\n                            <\/div>\n                        <\/div>\n                        <div class=\"postBottom\">\n                            <p class=\"infoPost\">Oct 06 2023<\/p>\n                        <\/div>\n                    <\/div>\n                <\/div>\n                            <div class=\"post post_59\">\n                    <div class=\"postBox\">\n                        <div class=\"postTop\">\n                            <div class=\"imgBox\">\n                                <div class=\"defaultImg\"><\/div>                                <div class=\"tags\">\n                                    stories                                <\/div>\n                            <\/div>\n                            <div class=\"infoBox\">\n                                <h3 class=\"h4\"><a href=\"https:\/\/cusointernational.org\/fr\/recit\/la-culture-hydroponique-au-service-de-lindependance-financiere-des-peruviennes\/\">La culture hydroponique au service de l\u2019ind\u00e9pendance financi\u00e8re des P\u00e9ruviennes<\/a><\/h3>\n                            <\/div>\n                        <\/div>\n                        <div class=\"postBottom\">\n                            <p class=\"infoPost\">Sep 15 2023<\/p>\n                        <\/div>\n                    <\/div>\n                <\/div>\n                            <div class=\"post post_60\">\n                    <div class=\"postBox\">\n                        <div class=\"postTop\">\n                            <div class=\"imgBox\">\n                                <img loading=\"lazy\" decoding=\"async\" width=\"400\" height=\"400\" src=\"https:\/\/cusointernational.org\/wp-content\/uploads\/Theresia-A.-Massao3-1-400x400.jpg\" class=\"attachment-thumbnail size-thumbnail wp-post-image\" alt=\"Tanzanian entrepreneurs\" \/>                                <div class=\"tags\">\n                                    stories                                <\/div>\n                            <\/div>\n                            <div class=\"infoBox\">\n                                <h3 class=\"h4\"><a href=\"https:\/\/cusointernational.org\/fr\/recit\/un-programme-tanzanien-protege-lecosysteme-en-faisant-la-promotion-de-lapiculture\/\">Un programme tanzanien prot\u00e8ge l\u2019\u00e9cosyst\u00e8me en faisant la promotion de l\u2019apiculture<\/a><\/h3>\n                            <\/div>\n                        <\/div>\n                        <div class=\"postBottom\">\n                            <p class=\"infoPost\">Aug 03 2023<\/p>\n                        <\/div>\n                    <\/div>\n                <\/div>\n                            <div class=\"post post_61\">\n                    <div class=\"postBox\">\n                        <div class=\"postTop\">\n                            <div class=\"imgBox\">\n                                <img loading=\"lazy\" decoding=\"async\" width=\"400\" height=\"400\" src=\"https:\/\/cusointernational.org\/wp-content\/uploads\/Visiting-a-Coffee-Farm-Shar-400x400.jpg\" class=\"attachment-thumbnail size-thumbnail wp-post-image\" alt=\"Coffee farm in Honduras\" \/>                                <div class=\"tags\">\n                                    stories                                <\/div>\n                            <\/div>\n                            <div class=\"infoBox\">\n                                <h3 class=\"h4\"><a href=\"https:\/\/cusointernational.org\/fr\/recit\/illuminer-la-vie-de-cafeicultrices-honduriennes\/\">Illuminer la vie de caf\u00e9icultrices honduriennes<\/a><\/h3>\n                            <\/div>\n                        <\/div>\n                        <div class=\"postBottom\">\n                            <p class=\"infoPost\">Aug 03 2023<\/p>\n                        <\/div>\n                    <\/div>\n                <\/div>\n                            <div class=\"post post_62\">\n                    <div class=\"postBox\">\n                        <div class=\"postTop\">\n                            <div class=\"imgBox\">\n                                <img loading=\"lazy\" decoding=\"async\" width=\"400\" height=\"400\" src=\"https:\/\/cusointernational.org\/wp-content\/uploads\/Sebrina21-400x400.jpg\" class=\"attachment-thumbnail size-thumbnail wp-post-image\" alt=\"A woman in Ethiopia in high school\" \/>                                <div class=\"tags\">\n                                    stories                                <\/div>\n                            <\/div>\n                            <div class=\"infoBox\">\n                                <h3 class=\"h4\"><a href=\"https:\/\/cusointernational.org\/fr\/recit\/un-programme-pour-legalite-des-femmes-offert-dans-les-ecoles-ethiopiennes-permet-a-sebrina-denvisager-des-etudes-en-droit\/\">Un programme pour l\u2019\u00e9galit\u00e9 des femmes offert dans les \u00e9coles \u00e9thiopiennes permet \u00e0 Sebrina d\u2019envisager des \u00e9tudes en droit<\/a><\/h3>\n                            <\/div>\n                        <\/div>\n                        <div class=\"postBottom\">\n                            <p class=\"infoPost\">Aug 03 2023<\/p>\n                        <\/div>\n                    <\/div>\n                <\/div>\n                            <div class=\"post post_63\">\n                    <div class=\"postBox\">\n                        <div class=\"postTop\">\n                            <div class=\"imgBox\">\n                                <img loading=\"lazy\" decoding=\"async\" width=\"400\" height=\"400\" src=\"https:\/\/cusointernational.org\/wp-content\/uploads\/Supporting-education-in-Canadas-Northwest-Territories-400x400.jpg\" class=\"attachment-thumbnail size-thumbnail wp-post-image\" alt=\"Students in Canada\u2019s Northwest Territories\" \/>                                <div class=\"tags\">\n                                    stories                                <\/div>\n                            <\/div>\n                            <div class=\"infoBox\">\n                                <h3 class=\"h4\"><a href=\"https:\/\/cusointernational.org\/fr\/recit\/encourager-la-reussite-scolaire-dans-les-territoires-du-nord-ouest\/\">Encourager la r\u00e9ussite scolaire dans les Territoires du Nord-Ouest<\/a><\/h3>\n                            <\/div>\n                        <\/div>\n                        <div class=\"postBottom\">\n                            <p class=\"infoPost\">Aug 03 2023<\/p>\n                        <\/div>\n                    <\/div>\n                <\/div>\n                            <div class=\"post post_64\">\n                    <div class=\"postBox\">\n                        <div class=\"postTop\">\n                            <div class=\"imgBox\">\n                                <img loading=\"lazy\" decoding=\"async\" width=\"400\" height=\"400\" src=\"https:\/\/cusointernational.org\/wp-content\/uploads\/Becoming-an-immigrant-entrepreneur-in-Ecuador-Blog-banner-400x400.png\" class=\"attachment-thumbnail size-thumbnail wp-post-image\" alt=\"Immigrant Venezuelan\" \/>                                <div class=\"tags\">\n                                    stories                                <\/div>\n                            <\/div>\n                            <div class=\"infoBox\">\n                                <h3 class=\"h4\"><a href=\"https:\/\/cusointernational.org\/fr\/recit\/devenir-une-immigrante-entrepreneure-en-equateur\/\">Devenir une immigrante entrepreneure en \u00c9quateur<\/a><\/h3>\n                            <\/div>\n                        <\/div>\n                        <div class=\"postBottom\">\n                            <p class=\"infoPost\">Aug 03 2023<\/p>\n                        <\/div>\n                    <\/div>\n                <\/div>\n                            <div class=\"post post_65\">\n                    <div class=\"postBox\">\n                        <div class=\"postTop\">\n                            <div class=\"imgBox\">\n                                <img loading=\"lazy\" decoding=\"async\" width=\"400\" height=\"400\" src=\"https:\/\/cusointernational.org\/wp-content\/uploads\/GBRUMAS-Supporting-farmers-to-ensure-long-term-livelihoods-and-food-security-400x400.jpg\" class=\"attachment-thumbnail size-thumbnail wp-post-image\" alt=\"Woman farmers in Cameroon\" \/>                                <div class=\"tags\">\n                                    stories                                <\/div>\n                            <\/div>\n                            <div class=\"infoBox\">\n                                <h3 class=\"h4\"><a href=\"https:\/\/cusointernational.org\/fr\/recit\/soutenir-une-cooperative-agricole-camerounaise-pour-assurer-la-subsistance-et-la-securite-alimentaire-de-ses-membres\/\">Soutenir une coop\u00e9rative agricole camerounaise pour assurer la subsistance et la s\u00e9curit\u00e9 alimentaire de ses membres<\/a><\/h3>\n                            <\/div>\n                        <\/div>\n                        <div class=\"postBottom\">\n                            <p class=\"infoPost\">Aug 02 2023<\/p>\n                        <\/div>\n                    <\/div>\n                <\/div>\n                            <div class=\"post post_66\">\n                    <div class=\"postBox\">\n                        <div class=\"postTop\">\n                            <div class=\"imgBox\">\n                                <img loading=\"lazy\" decoding=\"async\" width=\"400\" height=\"400\" src=\"https:\/\/cusointernational.org\/wp-content\/uploads\/LA-PAZ-MARIA-KENIA-GARCIA7-400x400.jpg\" class=\"attachment-thumbnail size-thumbnail wp-post-image\" alt=\"Women in Honduras grow agricultural and entrepreneurial knowledge\" \/>                                <div class=\"tags\">\n                                    stories                                <\/div>\n                            <\/div>\n                            <div class=\"infoBox\">\n                                <h3 class=\"h4\"><a href=\"https:\/\/cusointernational.org\/fr\/recit\/des-honduriennes-cultivent-leurs-connaissances-en-agriculture-et-en-affaires\/\">Des Honduriennes cultivent leurs connaissances en agriculture et en affaires<\/a><\/h3>\n                            <\/div>\n                        <\/div>\n                        <div class=\"postBottom\">\n                            <p class=\"infoPost\">Aug 02 2023<\/p>\n                        <\/div>\n                    <\/div>\n                <\/div>\n                            <div class=\"post post_67\">\n                    <div class=\"postBox\">\n                        <div class=\"postTop\">\n                            <div class=\"imgBox\">\n                                <img loading=\"lazy\" decoding=\"async\" width=\"400\" height=\"400\" src=\"https:\/\/cusointernational.org\/wp-content\/uploads\/Happyness-Education-support-program-changing-womens-lives-in-Tanzania-400x400.jpg\" class=\"attachment-thumbnail size-thumbnail wp-post-image\" alt=\"Tanzanian girl\" \/>                                <div class=\"tags\">\n                                    stories                                <\/div>\n                            <\/div>\n                            <div class=\"infoBox\">\n                                <h3 class=\"h4\"><a href=\"https:\/\/cusointernational.org\/fr\/recit\/un-programme-daide-a-leducation-donne-des-ailes-aux-tanzaniennes\/\">Un programme d\u2019aide \u00e0 l\u2019\u00e9ducation donne des ailes aux Tanzaniennes<\/a><\/h3>\n                            <\/div>\n                        <\/div>\n                        <div class=\"postBottom\">\n                            <p class=\"infoPost\">Aug 02 2023<\/p>\n                        <\/div>\n                    <\/div>\n                <\/div>\n                            <div class=\"post post_68\">\n                    <div class=\"postBox\">\n                        <div class=\"postTop\">\n                            <div class=\"imgBox\">\n                                <img loading=\"lazy\" decoding=\"async\" width=\"400\" height=\"400\" src=\"https:\/\/cusointernational.org\/wp-content\/uploads\/Farming-programs-in-Northern-Benin-aim-to-bring-independence-for-women-400x400.jpeg\" class=\"attachment-thumbnail size-thumbnail wp-post-image\" alt=\"Women in Benin\" \/>                                <div class=\"tags\">\n                                    stories                                <\/div>\n                            <\/div>\n                            <div class=\"infoBox\">\n                                <h3 class=\"h4\"><a href=\"https:\/\/cusointernational.org\/fr\/recit\/des-programmes-agricoles-comme-moteur-dindependance-financiere-pour-les-femmes-dans-le-nord-du-benin\/\">Des programmes agricoles comme moteur d\u2019ind\u00e9pendance financi\u00e8re pour les femmes dans le Nord du B\u00e9nin<\/a><\/h3>\n                            <\/div>\n                        <\/div>\n                        <div class=\"postBottom\">\n                            <p class=\"infoPost\">Aug 01 2023<\/p>\n                        <\/div>\n                    <\/div>\n                <\/div>\n                            <div class=\"post post_69\">\n                    <div class=\"postBox\">\n                        <div class=\"postTop\">\n                            <div class=\"imgBox\">\n                                <img loading=\"lazy\" decoding=\"async\" width=\"400\" height=\"400\" src=\"https:\/\/cusointernational.org\/wp-content\/uploads\/Celina-Chibanda-Different-training-in-Tanzania-helps-women-grow-their-business-400x400.jpg\" class=\"attachment-thumbnail size-thumbnail wp-post-image\" alt=\"Tanzanian\" \/>                                <div class=\"tags\">\n                                    stories                                <\/div>\n                            <\/div>\n                            <div class=\"infoBox\">\n                                <h3 class=\"h4\"><a href=\"https:\/\/cusointernational.org\/fr\/recit\/une-formation-taillee-sur-mesure-pour-aider-les-tanzaniennes-a-developper-leur-entreprise\/\">Une formation taill\u00e9e sur mesure pour aider les Tanzaniennes \u00e0 d\u00e9velopper leur entreprise<\/a><\/h3>\n                            <\/div>\n                        <\/div>\n                        <div class=\"postBottom\">\n                            <p class=\"infoPost\">Aug 01 2023<\/p>\n                        <\/div>\n                    <\/div>\n                <\/div>\n                            <div class=\"post post_70\">\n                    <div class=\"postBox\">\n                        <div class=\"postTop\">\n                            <div class=\"imgBox\">\n                                <div class=\"defaultImg\"><\/div>                                <div class=\"tags\">\n                                    stories                                <\/div>\n                            <\/div>\n                            <div class=\"infoBox\">\n                                <h3 class=\"h4\"><a href=\"https:\/\/cusointernational.org\/fr\/recit\/un-programme-aide-une-refugiee-camerounaise-a-acquerir-les-competences-necessaires-pour-developper-son-entreprise\/\">Un programme aide une r\u00e9fugi\u00e9e camerounaise \u00e0 acqu\u00e9rir les comp\u00e9tences n\u00e9cessaires pour d\u00e9velopper son entreprise<\/a><\/h3>\n                            <\/div>\n                        <\/div>\n                        <div class=\"postBottom\">\n                            <p class=\"infoPost\">Jul 31 2023<\/p>\n                        <\/div>\n                    <\/div>\n                <\/div>\n                            <div class=\"post post_71\">\n                    <div class=\"postBox\">\n                        <div class=\"postTop\">\n                            <div class=\"imgBox\">\n                                <img loading=\"lazy\" decoding=\"async\" width=\"400\" height=\"400\" src=\"https:\/\/cusointernational.org\/wp-content\/uploads\/Angelina-Sylivester-400x400.jpg\" class=\"attachment-thumbnail size-thumbnail wp-post-image\" alt=\"Woman entrepreneur\" \/>                                <div class=\"tags\">\n                                    stories                                <\/div>\n                            <\/div>\n                            <div class=\"infoBox\">\n                                <h3 class=\"h4\"><a href=\"https:\/\/cusointernational.org\/fr\/recit\/les-tomates-sur-vignes-a-la-rescousse-de-la-croissance-economique\/\">Les tomates sur vignes \u00e0 la rescousse de la croissance \u00e9conomique<\/a><\/h3>\n                            <\/div>\n                        <\/div>\n                        <div class=\"postBottom\">\n                            <p class=\"infoPost\">Jul 31 2023<\/p>\n                        <\/div>\n                    <\/div>\n                <\/div>\n                            <div class=\"post post_72\">\n                    <div class=\"postBox\">\n                        <div class=\"postTop\">\n                            <div class=\"imgBox\">\n                                <img loading=\"lazy\" decoding=\"async\" width=\"400\" height=\"400\" src=\"https:\/\/cusointernational.org\/wp-content\/uploads\/Alemitu-Providing-tools-to-shift-mindsets-and-promote-gender-equality-400x400.jpg\" class=\"attachment-thumbnail size-thumbnail wp-post-image\" alt=\"Teacher in a classroom\" \/>                                <div class=\"tags\">\n                                    stories                                <\/div>\n                            <\/div>\n                            <div class=\"infoBox\">\n                                <h3 class=\"h4\"><a href=\"https:\/\/cusointernational.org\/fr\/recit\/offrir-des-outils-pour-transformer-les-mentalites-et-promouvoir-legalite-homme-femme\/\">Offrir des outils pour transformer les mentalit\u00e9s et promouvoir l\u2019\u00e9galit\u00e9 homme-femme<\/a><\/h3>\n                            <\/div>\n                        <\/div>\n                        <div class=\"postBottom\">\n                            <p class=\"infoPost\">Jul 31 2023<\/p>\n                        <\/div>\n                    <\/div>\n                <\/div>\n                            <div class=\"post post_73\">\n                    <div class=\"postBox\">\n                        <div class=\"postTop\">\n                            <div class=\"imgBox\">\n                                <img loading=\"lazy\" decoding=\"async\" width=\"400\" height=\"400\" src=\"https:\/\/cusointernational.org\/wp-content\/uploads\/Zahoro-400x400.jpg\" class=\"attachment-thumbnail size-thumbnail wp-post-image\" alt=\"Zahoro\" \/>                                <div class=\"tags\">\n                                    stories                                <\/div>\n                            <\/div>\n                            <div class=\"infoBox\">\n                                <h3 class=\"h4\"><a href=\"https:\/\/cusointernational.org\/fr\/recit\/une-nouvelle-formation-en-affaires-aide-une-jeune-famille-a-prendre-son-envol\/\">Une nouvelle formation en affaires aide une jeune famille \u00e0 prendre son envol<\/a><\/h3>\n                            <\/div>\n                        <\/div>\n                        <div class=\"postBottom\">\n                            <p class=\"infoPost\">Jun 09 2023<\/p>\n                        <\/div>\n                    <\/div>\n                <\/div>\n                            <div class=\"post post_74\">\n                    <div class=\"postBox\">\n                        <div class=\"postTop\">\n                            <div class=\"imgBox\">\n                                <img loading=\"lazy\" decoding=\"async\" width=\"400\" height=\"400\" src=\"https:\/\/cusointernational.org\/wp-content\/uploads\/VMIS-1-400x400.jpg\" class=\"attachment-thumbnail size-thumbnail wp-post-image\" alt=\"Cuso International\u2019s volunteer management system poised to boost the culture of volunteerism in Ethiopia\" \/>                                <div class=\"tags\">\n                                    stories                                <\/div>\n                            <\/div>\n                            <div class=\"infoBox\">\n                                <h3 class=\"h4\"><a href=\"https:\/\/cusointernational.org\/fr\/recit\/le-systeme-de-gestion-de-volontaires-de-cuso-international-pret-a-stimuler-la-culture-du-volontariat-en-ethiopie\/\">Le syst\u00e8me de gestion de volontaires de Cuso International pr\u00eat \u00e0 stimuler la culture du volontariat en \u00c9thiopie<\/a><\/h3>\n                            <\/div>\n                        <\/div>\n                        <div class=\"postBottom\">\n                            <p class=\"infoPost\">May 25 2023<\/p>\n                        <\/div>\n                    <\/div>\n                <\/div>\n                            <div class=\"post post_75\">\n                    <div class=\"postBox\">\n                        <div class=\"postTop\">\n                            <div class=\"imgBox\">\n                                <img loading=\"lazy\" decoding=\"async\" width=\"400\" height=\"400\" src=\"https:\/\/cusointernational.org\/wp-content\/uploads\/Therese-400x400.jpg\" class=\"attachment-thumbnail size-thumbnail wp-post-image\" alt=\"Creating career opportunities for women in Cameroon\" \/>                                <div class=\"tags\">\n                                    stories                                <\/div>\n                            <\/div>\n                            <div class=\"infoBox\">\n                                <h3 class=\"h4\"><a href=\"https:\/\/cusointernational.org\/fr\/recit\/ameliorer-les-perspectives-davenir-des-camerounaises\/\">Am\u00e9liorer les perspectives d\u2019avenir des Camerounaises<\/a><\/h3>\n                            <\/div>\n                        <\/div>\n                        <div class=\"postBottom\">\n                            <p class=\"infoPost\">May 24 2023<\/p>\n                        <\/div>\n                    <\/div>\n                <\/div>\n                            <div class=\"post post_76\">\n                    <div class=\"postBox\">\n                        <div class=\"postTop\">\n                            <div class=\"imgBox\">\n                                <img loading=\"lazy\" decoding=\"async\" width=\"400\" height=\"400\" src=\"https:\/\/cusointernational.org\/wp-content\/uploads\/Jacque-Working-to-improve-gender-equality-in-Nigeria-400x400.jpg\" class=\"attachment-thumbnail size-thumbnail wp-post-image\" alt=\"Jacque - Working to improve gender equality in Nigeria\" \/>                                <div class=\"tags\">\n                                    stories                                <\/div>\n                            <\/div>\n                            <div class=\"infoBox\">\n                                <h3 class=\"h4\"><a href=\"https:\/\/cusointernational.org\/fr\/recit\/ameliorer-legalite-des-genres-au-nigeria\/\">Am\u00e9liorer l\u2019\u00e9galit\u00e9 des genres au Nigeria<\/a><\/h3>\n                            <\/div>\n                        <\/div>\n                        <div class=\"postBottom\">\n                            <p class=\"infoPost\">May 24 2023<\/p>\n                        <\/div>\n                    <\/div>\n                <\/div>\n                            <div class=\"post post_77\">\n                    <div class=\"postBox\">\n                        <div class=\"postTop\">\n                            <div class=\"imgBox\">\n                                <img loading=\"lazy\" decoding=\"async\" width=\"400\" height=\"400\" src=\"https:\/\/cusointernational.org\/wp-content\/uploads\/Margot-Ferguson-Supporting-students-education-in-the-Northwest-Territories--400x400.jpg\" class=\"attachment-thumbnail size-thumbnail wp-post-image\" alt=\"Margot Ferguson - Supporting students\u2019 education in the Northwest Territories\" \/>                                <div class=\"tags\">\n                                    stories                                <\/div>\n                            <\/div>\n                            <div class=\"infoBox\">\n                                <h3 class=\"h4\"><a href=\"https:\/\/cusointernational.org\/fr\/recit\/contribuer-a-leducation-des-eleves-des-territoires-du-nord-ouest\/\">Contribuer \u00e0 l\u2019\u00e9ducation des \u00e9l\u00e8ves des Territoires du Nord-Ouest<\/a><\/h3>\n                            <\/div>\n                        <\/div>\n                        <div class=\"postBottom\">\n                            <p class=\"infoPost\">May 19 2023<\/p>\n                        <\/div>\n                    <\/div>\n                <\/div>\n                            <div class=\"post post_78\">\n                    <div class=\"postBox\">\n                        <div class=\"postTop\">\n                            <div class=\"imgBox\">\n                                <img loading=\"lazy\" decoding=\"async\" width=\"400\" height=\"400\" src=\"https:\/\/cusointernational.org\/wp-content\/uploads\/Luzmilla2-400x400.jpg\" class=\"attachment-thumbnail size-thumbnail wp-post-image\" alt=\"Giving hope one meal at a time\" \/>                                <div class=\"tags\">\n                                    stories                                <\/div>\n                            <\/div>\n                            <div class=\"infoBox\">\n                                <h3 class=\"h4\"><a href=\"https:\/\/cusointernational.org\/fr\/recit\/redonner-espoir-un-repas-a-la-fois\/\">Redonner espoir, un repas \u00e0 la fois<\/a><\/h3>\n                            <\/div>\n                        <\/div>\n                        <div class=\"postBottom\">\n                            <p class=\"infoPost\">Apr 14 2023<\/p>\n                        <\/div>\n                    <\/div>\n                <\/div>\n                            <div class=\"post post_79\">\n                    <div class=\"postBox\">\n                        <div class=\"postTop\">\n                            <div class=\"imgBox\">\n                                <img loading=\"lazy\" decoding=\"async\" width=\"400\" height=\"400\" src=\"https:\/\/cusointernational.org\/wp-content\/uploads\/IMG_7833-400x400.jpg\" class=\"attachment-thumbnail size-thumbnail wp-post-image\" alt=\"Celebrating success in Tanzania\" \/>                                <div class=\"tags\">\n                                    stories                                <\/div>\n                            <\/div>\n                            <div class=\"infoBox\">\n                                <h3 class=\"h4\"><a href=\"https:\/\/cusointernational.org\/fr\/recit\/une-reussite-a-saveur-tanzanienne\/\">Une r\u00e9ussite \u00e0 saveur tanzanienne<\/a><\/h3>\n                            <\/div>\n                        <\/div>\n                        <div class=\"postBottom\">\n                            <p class=\"infoPost\">Apr 14 2023<\/p>\n                        <\/div>\n                    <\/div>\n                <\/div>\n                            <div class=\"post post_80\">\n                    <div class=\"postBox\">\n                        <div class=\"postTop\">\n                            <div class=\"imgBox\">\n                                <img loading=\"lazy\" decoding=\"async\" width=\"400\" height=\"400\" src=\"https:\/\/cusointernational.org\/wp-content\/uploads\/Jesca-Benard10-400x400.jpg\" class=\"attachment-thumbnail size-thumbnail wp-post-image\" alt=\"Pride, confidence, and independence have taken root for this young agribusiness owner\" \/>                                <div class=\"tags\">\n                                    stories                                <\/div>\n                            <\/div>\n                            <div class=\"infoBox\">\n                                <h3 class=\"h4\"><a href=\"https:\/\/cusointernational.org\/fr\/recit\/fierte-confiance-et-independance-au-menu-pour-une-jeune-agroentrepreneure\/\">Fiert\u00e9, confiance et ind\u00e9pendance au menu pour une jeune agroentrepreneure<\/a><\/h3>\n                            <\/div>\n                        <\/div>\n                        <div class=\"postBottom\">\n                            <p class=\"infoPost\">Apr 14 2023<\/p>\n                        <\/div>\n                    <\/div>\n                <\/div>\n                            <div class=\"post post_81\">\n                    <div class=\"postBox\">\n                        <div class=\"postTop\">\n                            <div class=\"imgBox\">\n                                <img loading=\"lazy\" decoding=\"async\" width=\"400\" height=\"400\" src=\"https:\/\/cusointernational.org\/wp-content\/uploads\/IMG_3911-1-400x400.jpg\" class=\"attachment-thumbnail size-thumbnail wp-post-image\" alt=\"Urban agriculture in Peru is creating communities committed to healthy living and a cleaner environment\" \/>                                <div class=\"tags\">\n                                    stories                                <\/div>\n                            <\/div>\n                            <div class=\"infoBox\">\n                                <h3 class=\"h4\"><a href=\"https:\/\/cusointernational.org\/fr\/recit\/au-perou-lagriculture-urbaine-aide-les-communautes-a-adopter-un-mode-de-vie-sain-dans-un-environnement-sain\/\">Au P\u00e9rou, l\u2019agriculture urbaine aide les communaut\u00e9s \u00e0 adopter un mode de vie sain dans un environnement sain<\/a><\/h3>\n                            <\/div>\n                        <\/div>\n                        <div class=\"postBottom\">\n                            <p class=\"infoPost\">Apr 14 2023<\/p>\n                        <\/div>\n                    <\/div>\n                <\/div>\n                            <div class=\"post post_82\">\n                    <div class=\"postBox\">\n                        <div class=\"postTop\">\n                            <div class=\"imgBox\">\n                                <img loading=\"lazy\" decoding=\"async\" width=\"400\" height=\"400\" src=\"https:\/\/cusointernational.org\/wp-content\/uploads\/LA-PAZ-Aleida-Garcia-Gomez17-400x400.jpg\" class=\"attachment-thumbnail size-thumbnail wp-post-image\" alt=\"Aleida Garc\u00eda G\u00f3mez\" \/>                                <div class=\"tags\">\n                                    stories                                <\/div>\n                            <\/div>\n                            <div class=\"infoBox\">\n                                <h3 class=\"h4\"><a href=\"https:\/\/cusointernational.org\/fr\/recit\/developper-lexpertise-des-femmes-et-accroitre-leur-participation-a-la-societe-hondurienne\/\">D\u00e9velopper l\u2019expertise des femmes et accro\u00eetre leur participation \u00e0 la soci\u00e9t\u00e9 hondurienne<\/a><\/h3>\n                            <\/div>\n                        <\/div>\n                        <div class=\"postBottom\">\n                            <p class=\"infoPost\">Apr 14 2023<\/p>\n                        <\/div>\n                    <\/div>\n                <\/div>\n                            <div class=\"post post_83\">\n                    <div class=\"postBox\">\n                        <div class=\"postTop\">\n                            <div class=\"imgBox\">\n                                <img loading=\"lazy\" decoding=\"async\" width=\"400\" height=\"400\" src=\"https:\/\/cusointernational.org\/wp-content\/uploads\/sido-13-of-202-400x400.jpg\" class=\"attachment-thumbnail size-thumbnail wp-post-image\" alt=\"Uplifting women entrepreneurs in Tanzania\" \/>                                <div class=\"tags\">\n                                    stories                                <\/div>\n                            <\/div>\n                            <div class=\"infoBox\">\n                                <h3 class=\"h4\"><a href=\"https:\/\/cusointernational.org\/fr\/recit\/donner-un-coup-de-pouce-aux-entrepreneures-tanzaniennes\/\">Donner un coup de pouce aux entrepreneures tanzaniennes<\/a><\/h3>\n                            <\/div>\n                        <\/div>\n                        <div class=\"postBottom\">\n                            <p class=\"infoPost\">Apr 14 2023<\/p>\n                        <\/div>\n                    <\/div>\n                <\/div>\n                            <div class=\"post post_84\">\n                    <div class=\"postBox\">\n                        <div class=\"postTop\">\n                            <div class=\"imgBox\">\n                                <div class=\"defaultImg\"><\/div>                                <div class=\"tags\">\n                                    stories                                <\/div>\n                            <\/div>\n                            <div class=\"infoBox\">\n                                <h3 class=\"h4\"><a href=\"https:\/\/cusointernational.org\/fr\/recit\/agir-collectivement-pour-attenuer-les-changements-climatiques-dans-les-communautes-afro-colombiennes\/\">Agir collectivement pour att\u00e9nuer les changements climatiques dans les communaut\u00e9s afro-colombiennes<\/a><\/h3>\n                            <\/div>\n                        <\/div>\n                        <div class=\"postBottom\">\n                            <p class=\"infoPost\">Apr 14 2023<\/p>\n                        <\/div>\n                    <\/div>\n                <\/div>\n                            <div class=\"post post_85\">\n                    <div class=\"postBox\">\n                        <div class=\"postTop\">\n                            <div class=\"imgBox\">\n                                <div class=\"defaultImg\"><\/div>                                <div class=\"tags\">\n                                    stories                                <\/div>\n                            <\/div>\n                            <div class=\"infoBox\">\n                                <h3 class=\"h4\"><a href=\"https:\/\/cusointernational.org\/fr\/recit\/avoir-les-bons-outils-pour-faire-prosperer-son-entreprise\/\">Avoir les bons outils pour faire prosp\u00e9rer son entreprise<\/a><\/h3>\n                            <\/div>\n                        <\/div>\n                        <div class=\"postBottom\">\n                            <p class=\"infoPost\">Apr 14 2023<\/p>\n                        <\/div>\n                    <\/div>\n                <\/div>\n                            <div class=\"post post_86\">\n                    <div class=\"postBox\">\n                        <div class=\"postTop\">\n                            <div class=\"imgBox\">\n                                <img loading=\"lazy\" decoding=\"async\" width=\"400\" height=\"400\" src=\"https:\/\/cusointernational.org\/wp-content\/uploads\/LA-PAZ-Santos-Maria-Gomez3-400x400.jpg\" class=\"attachment-thumbnail size-thumbnail wp-post-image\" alt=\"LA PAZ - Santos Mar\u00eda G\u00f3mez3\" \/>                                <div class=\"tags\">\n                                    stories                                <\/div>\n                            <\/div>\n                            <div class=\"infoBox\">\n                                <h3 class=\"h4\"><a href=\"https:\/\/cusointernational.org\/fr\/recit\/developper-la-fibre-entrepreneuriale-des-honduriennes\/\">D\u00e9velopper la fibre entrepreneuriale des Honduriennes<\/a><\/h3>\n                            <\/div>\n                        <\/div>\n                        <div class=\"postBottom\">\n                            <p class=\"infoPost\">Apr 14 2023<\/p>\n                        <\/div>\n                    <\/div>\n                <\/div>\n                            <div class=\"post post_87\">\n                    <div class=\"postBox\">\n                        <div class=\"postTop\">\n                            <div class=\"imgBox\">\n                                <img loading=\"lazy\" decoding=\"async\" width=\"400\" height=\"400\" src=\"https:\/\/cusointernational.org\/wp-content\/uploads\/09.-Hadidja-Moussa-Data-Science-400x400.jpg\" class=\"attachment-thumbnail size-thumbnail wp-post-image\" alt=\"Techwomen Factory\" \/>                                <div class=\"tags\">\n                                    stories                                <\/div>\n                            <\/div>\n                            <div class=\"infoBox\">\n                                <h3 class=\"h4\"><a href=\"https:\/\/cusointernational.org\/fr\/recit\/une-pepiniere-dentreprises-technologiques-facilite-lapprentissage-au-cameroun\/\">Une p\u00e9pini\u00e8re d\u2019entreprises technologiques facilite l\u2019apprentissage au Cameroun<\/a><\/h3>\n                            <\/div>\n                        <\/div>\n                        <div class=\"postBottom\">\n                            <p class=\"infoPost\">Apr 14 2023<\/p>\n                        <\/div>\n                    <\/div>\n                <\/div>\n                            <div class=\"post post_88\">\n                    <div class=\"postBox\">\n                        <div class=\"postTop\">\n                            <div class=\"imgBox\">\n                                <img loading=\"lazy\" decoding=\"async\" width=\"400\" height=\"400\" src=\"https:\/\/cusointernational.org\/wp-content\/uploads\/Vanessa2-400x400.jpeg\" class=\"attachment-thumbnail size-thumbnail wp-post-image\" alt=\"Vanessa\" \/>                                <div class=\"tags\">\n                                    stories                                <\/div>\n                            <\/div>\n                            <div class=\"infoBox\">\n                                <h3 class=\"h4\"><a href=\"https:\/\/cusointernational.org\/fr\/recit\/un-programme-aide-une-refugiee-camerounaise-a-demarrer-une-entreprise-et-a-former-dautres-femmes-comme-elle\/\">Un programme aide une r\u00e9fugi\u00e9e camerounaise \u00e0 d\u00e9marrer une entreprise et \u00e0 former d\u2019autres femmes comme elle<\/a><\/h3>\n                            <\/div>\n                        <\/div>\n                        <div class=\"postBottom\">\n                            <p class=\"infoPost\">Mar 23 2023<\/p>\n                        <\/div>\n                    <\/div>\n                <\/div>\n                            <div class=\"post post_89\">\n                    <div class=\"postBox\">\n                        <div class=\"postTop\">\n                            <div class=\"imgBox\">\n                                <img loading=\"lazy\" decoding=\"async\" width=\"400\" height=\"400\" src=\"https:\/\/cusointernational.org\/wp-content\/uploads\/2022-05-27-10.59.38-400x400.jpg\" class=\"attachment-thumbnail size-thumbnail wp-post-image\" alt=\"Rejoice Africa\" \/>                                <div class=\"tags\">\n                                    stories                                <\/div>\n                            <\/div>\n                            <div class=\"infoBox\">\n                                <h3 class=\"h4\"><a href=\"https:\/\/cusointernational.org\/fr\/recit\/faire-emerger-de-jeunes-leaders\/\">Faire \u00e9merger de jeunes leaders<\/a><\/h3>\n                            <\/div>\n                        <\/div>\n                        <div class=\"postBottom\">\n                            <p class=\"infoPost\">Mar 23 2023<\/p>\n                        <\/div>\n                    <\/div>\n                <\/div>\n                            <div class=\"post post_90\">\n                    <div class=\"postBox\">\n                        <div class=\"postTop\">\n                            <div class=\"imgBox\">\n                                <img loading=\"lazy\" decoding=\"async\" width=\"400\" height=\"400\" src=\"https:\/\/cusointernational.org\/wp-content\/uploads\/Louise2-1-400x400.jpg\" class=\"attachment-thumbnail size-thumbnail wp-post-image\" alt=\"Starting a new life in Nigeria\" \/>                                <div class=\"tags\">\n                                    stories                                <\/div>\n                            <\/div>\n                            <div class=\"infoBox\">\n                                <h3 class=\"h4\"><a href=\"https:\/\/cusointernational.org\/fr\/recit\/repartir-a-zero-au-nigeria\/\">Repartir \u00e0 z\u00e9ro au Nigeria<\/a><\/h3>\n                            <\/div>\n                        <\/div>\n                        <div class=\"postBottom\">\n                            <p class=\"infoPost\">Jan 25 2023<\/p>\n                        <\/div>\n                    <\/div>\n                <\/div>\n                            <div class=\"post post_91\">\n                    <div class=\"postBox\">\n                        <div class=\"postTop\">\n                            <div class=\"imgBox\">\n                                <img loading=\"lazy\" decoding=\"async\" width=\"400\" height=\"400\" src=\"https:\/\/cusointernational.org\/wp-content\/uploads\/Gra\u0302ce-Divine-400x400.jpg\" class=\"attachment-thumbnail size-thumbnail wp-post-image\" alt=\"Gra\u0302ce-Divine\" \/>                                <div class=\"tags\">\n                                    stories                                <\/div>\n                            <\/div>\n                            <div class=\"infoBox\">\n                                <h3 class=\"h4\"><a href=\"https:\/\/cusointernational.org\/fr\/recit\/sensibilisation-et-formation-en-sante-sexuelle-et-reproductive-pour-eliminer-les-tabous-dans-ce-domaine-en-republique-democratique-du-congo\/\">Sensibilisation et formation en sant\u00e9 sexuelle et reproductive pour \u00e9liminer les tabous dans ce domaine en R\u00e9publique d\u00e9mocratique du Congo<\/a><\/h3>\n                            <\/div>\n                        <\/div>\n                        <div class=\"postBottom\">\n                            <p class=\"infoPost\">Jan 25 2023<\/p>\n                        <\/div>\n                    <\/div>\n                <\/div>\n                            <div class=\"post post_92\">\n                    <div class=\"postBox\">\n                        <div class=\"postTop\">\n                            <div class=\"imgBox\">\n                                <img loading=\"lazy\" decoding=\"async\" width=\"400\" height=\"400\" src=\"https:\/\/cusointernational.org\/wp-content\/uploads\/Sandra-Betanco-400x400.jpg\" class=\"attachment-thumbnail size-thumbnail wp-post-image\" alt=\"Agricultural program empowers women and girls in Honduras\" \/>                                <div class=\"tags\">\n                                    stories                                <\/div>\n                            <\/div>\n                            <div class=\"infoBox\">\n                                <h3 class=\"h4\"><a href=\"https:\/\/cusointernational.org\/fr\/recit\/lautonomie-par-lagriculture-pour-les-femmes-et-les-filles-honduriennes\/\">L\u2019autonomie par l\u2019agriculture pour les femmes et les filles honduriennes<\/a><\/h3>\n                            <\/div>\n                        <\/div>\n                        <div class=\"postBottom\">\n                            <p class=\"infoPost\">Jan 24 2023<\/p>\n                        <\/div>\n                    <\/div>\n                <\/div>\n                            <div class=\"post post_93\">\n                    <div class=\"postBox\">\n                        <div class=\"postTop\">\n                            <div class=\"imgBox\">\n                                <img loading=\"lazy\" decoding=\"async\" width=\"400\" height=\"400\" src=\"https:\/\/cusointernational.org\/wp-content\/uploads\/MicrosoftTeams-image-400x400.jpg\" class=\"attachment-thumbnail size-thumbnail wp-post-image\" alt=\"Cuso International Volunteers\" \/>                                <div class=\"tags\">\n                                    stories                                <\/div>\n                            <\/div>\n                            <div class=\"infoBox\">\n                                <h3 class=\"h4\"><a href=\"https:\/\/cusointernational.org\/fr\/recit\/continuer-a-changer-le-monde-grace-a-la-cooperation-volontaire\/\">Continuer \u00e0 changer le monde gr\u00e2ce \u00e0 la coop\u00e9ration volontaire<\/a><\/h3>\n                            <\/div>\n                        <\/div>\n                        <div class=\"postBottom\">\n                            <p class=\"infoPost\">Nov 01 2022<\/p>\n                        <\/div>\n                    <\/div>\n                <\/div>\n                            <div class=\"post post_94\">\n                    <div class=\"postBox\">\n                        <div class=\"postTop\">\n                            <div class=\"imgBox\">\n                                <img loading=\"lazy\" decoding=\"async\" width=\"400\" height=\"400\" src=\"https:\/\/cusointernational.org\/wp-content\/uploads\/Johnson-Photo-400x400.jpg\" class=\"attachment-thumbnail size-thumbnail wp-post-image\" alt=\"Two older people, a man and woman, smiling in the sun at the camera\" \/>                                <div class=\"tags\">\n                                    stories                                <\/div>\n                            <\/div>\n                            <div class=\"infoBox\">\n                                <h3 class=\"h4\"><a href=\"https:\/\/cusointernational.org\/fr\/recit\/des-decennies-de-solidarite\/\">Des d\u00e9cennies de solidarit\u00e9<\/a><\/h3>\n                            <\/div>\n                        <\/div>\n                        <div class=\"postBottom\">\n                            <p class=\"infoPost\">Oct 21 2022<\/p>\n                        <\/div>\n                    <\/div>\n                <\/div>\n                            <div class=\"post post_95\">\n                    <div class=\"postBox\">\n                        <div class=\"postTop\">\n                            <div class=\"imgBox\">\n                                <img loading=\"lazy\" decoding=\"async\" width=\"400\" height=\"400\" src=\"https:\/\/cusointernational.org\/wp-content\/uploads\/Donatila-2_2022-400x400.jpg\" class=\"attachment-thumbnail size-thumbnail wp-post-image\" alt=\"A Black woman with sunglasses holding a tray of crops\" \/>                                <div class=\"tags\">\n                                    stories                                <\/div>\n                            <\/div>\n                            <div class=\"infoBox\">\n                                <h3 class=\"h4\"><a href=\"https:\/\/cusointernational.org\/fr\/recit\/en-tanzanie-les-femmes-et-les-jeunes-cultivent-lespoir-et-leurs-potagers\/\">En Tanzanie, les femmes et les jeunes cultivent l\u2019espoir et leurs potagers<\/a><\/h3>\n                            <\/div>\n                        <\/div>\n                        <div class=\"postBottom\">\n                            <p class=\"infoPost\">Oct 21 2022<\/p>\n                        <\/div>\n                    <\/div>\n                <\/div>\n                            <div class=\"post post_96\">\n                    <div class=\"postBox\">\n                        <div class=\"postTop\">\n                            <div class=\"imgBox\">\n                                <div class=\"defaultImg\"><\/div>                                <div class=\"tags\">\n                                    stories                                <\/div>\n                            <\/div>\n                            <div class=\"infoBox\">\n                                <h3 class=\"h4\"><a href=\"https:\/\/cusointernational.org\/fr\/recit\/un-programme-educatif-encourage-les-jeunes-ethiopiennes-a-sexprimer-et-a-poursuivre-leurs-reves\/\">Un programme \u00e9ducatif encourage les jeunes \u00e9thiopiennes \u00e0 s\u2019exprimer et \u00e0 poursuivre leurs r\u00eaves.<\/a><\/h3>\n                            <\/div>\n                        <\/div>\n                        <div class=\"postBottom\">\n                            <p class=\"infoPost\">Oct 21 2022<\/p>\n                        <\/div>\n                    <\/div>\n                <\/div>\n                            <div class=\"post post_97\">\n                    <div class=\"postBox\">\n                        <div class=\"postTop\">\n                            <div class=\"imgBox\">\n                                <img loading=\"lazy\" decoding=\"async\" width=\"400\" height=\"400\" src=\"https:\/\/cusointernational.org\/wp-content\/uploads\/Student-Kassius-Green-Paulatuk-NWT-Photographer-Patrick-Woodcock-400x400.jpeg\" class=\"attachment-thumbnail size-thumbnail wp-post-image\" alt=\"A young man in a hoodie standing in front of a book shelf\" \/>                                <div class=\"tags\">\n                                    stories                                <\/div>\n                            <\/div>\n                            <div class=\"infoBox\">\n                                <h3 class=\"h4\"><a href=\"https:\/\/cusointernational.org\/fr\/recit\/soutenir-les-eleves-dans-les-territoires-du-nord-ouest-pour-elargir-leurs-perspectives-davenir\/\">Soutenir les \u00e9l\u00e8ves dans les Territoires du Nord-Ouest pour \u00e9largir leurs perspectives d\u2019avenir<\/a><\/h3>\n                            <\/div>\n                        <\/div>\n                        <div class=\"postBottom\">\n                            <p class=\"infoPost\">Oct 21 2022<\/p>\n                        <\/div>\n                    <\/div>\n                <\/div>\n                            <div class=\"post post_98\">\n                    <div class=\"postBox\">\n                        <div class=\"postTop\">\n                            <div class=\"imgBox\">\n                                <img loading=\"lazy\" decoding=\"async\" width=\"400\" height=\"400\" src=\"https:\/\/cusointernational.org\/wp-content\/uploads\/Scaly-KEPNA-founder-of-Talents-Pluriels-partner-organization-Jeunialissime-400x400.jpg\" class=\"attachment-thumbnail size-thumbnail wp-post-image\" alt=\"A young Black man in a striped t-shirt sitting at a computer and smiling at the camera\" \/>                                <div class=\"tags\">\n                                    stories                                <\/div>\n                            <\/div>\n                            <div class=\"infoBox\">\n                                <h3 class=\"h4\"><a href=\"https:\/\/cusointernational.org\/fr\/recit\/se-mobiliser-pour-la-communaute-lgbtq-en-republique-democratique-du-congo\/\">Se mobiliser pour la communaut\u00e9 LGBTQ+ en R\u00e9publique d\u00e9mocratique du Congo<\/a><\/h3>\n                            <\/div>\n                        <\/div>\n                        <div class=\"postBottom\">\n                            <p class=\"infoPost\">Oct 21 2022<\/p>\n                        <\/div>\n                    <\/div>\n                <\/div>\n                            <div class=\"post post_99\">\n                    <div class=\"postBox\">\n                        <div class=\"postTop\">\n                            <div class=\"imgBox\">\n                                <img loading=\"lazy\" decoding=\"async\" width=\"400\" height=\"400\" src=\"https:\/\/cusointernational.org\/wp-content\/uploads\/Nadege-Emelie-Bouche-1-Photographer-Marta-Marelli-1-400x400.jpg\" class=\"attachment-thumbnail size-thumbnail wp-post-image\" alt=\"Bridging Cameroon\u2019s IT gender divide\" \/>                                <div class=\"tags\">\n                                    stories                                <\/div>\n                            <\/div>\n                            <div class=\"infoBox\">\n                                <h3 class=\"h4\"><a href=\"https:\/\/cusointernational.org\/fr\/recit\/garantir-legalite-des-chances-aux-camerounaises\/\">Garantir l\u2019\u00e9galit\u00e9 des chances aux Camerounaises<\/a><\/h3>\n                            <\/div>\n                        <\/div>\n                        <div class=\"postBottom\">\n                            <p class=\"infoPost\">Oct 07 2022<\/p>\n                        <\/div>\n                    <\/div>\n                <\/div>\n                            <div class=\"post post_100\">\n                    <div class=\"postBox\">\n                        <div class=\"postTop\">\n                            <div class=\"imgBox\">\n                                <img loading=\"lazy\" decoding=\"async\" width=\"400\" height=\"400\" src=\"https:\/\/cusointernational.org\/wp-content\/uploads\/Sharleen-andGerry-400x400.jpg\" class=\"attachment-thumbnail size-thumbnail wp-post-image\" alt=\"Sharleen andGerry\" \/>                                <div class=\"tags\">\n                                    stories                                <\/div>\n                            <\/div>\n                            <div class=\"infoBox\">\n                                <h3 class=\"h4\"><a href=\"https:\/\/cusointernational.org\/fr\/recit\/communiquer-sa-passion-de-lentrepreneuriat-par-la-cooperation-volontaire\/\">Communiquer sa passion de l\u2019entrepreneuriat par la coop\u00e9ration volontaire<\/a><\/h3>\n                            <\/div>\n                        <\/div>\n                        <div class=\"postBottom\">\n                            <p class=\"infoPost\">Sep 30 2022<\/p>\n                        <\/div>\n                    <\/div>\n                <\/div>\n                            <div class=\"post post_101\">\n                    <div class=\"postBox\">\n                        <div class=\"postTop\">\n                            <div class=\"imgBox\">\n                                <img loading=\"lazy\" decoding=\"async\" width=\"400\" height=\"400\" src=\"https:\/\/cusointernational.org\/wp-content\/uploads\/Roselin-400x400.jpg\" class=\"attachment-thumbnail size-thumbnail wp-post-image\" alt=\"Roselin\" \/>                                <div class=\"tags\">\n                                    stories                                <\/div>\n                            <\/div>\n                            <div class=\"infoBox\">\n                                <h3 class=\"h4\"><a href=\"https:\/\/cusointernational.org\/fr\/recit\/redonner-espoir-en-offrant-de-nouvelles-perspectives-en-colombie\/\">Redonner espoir en offrant de nouvelles perspectives en Colombie<\/a><\/h3>\n                            <\/div>\n                        <\/div>\n                        <div class=\"postBottom\">\n                            <p class=\"infoPost\">Sep 30 2022<\/p>\n                        <\/div>\n                    <\/div>\n                <\/div>\n                            <div class=\"post post_102\">\n                    <div class=\"postBox\">\n                        <div class=\"postTop\">\n                            <div class=\"imgBox\">\n                                <img loading=\"lazy\" decoding=\"async\" width=\"400\" height=\"400\" src=\"https:\/\/cusointernational.org\/wp-content\/uploads\/Verediana-400x400.jpg\" class=\"attachment-thumbnail size-thumbnail wp-post-image\" alt=\"Building women\u2019s confidence and futures in Tanzania\" \/>                                <div class=\"tags\">\n                                    stories                                <\/div>\n                            <\/div>\n                            <div class=\"infoBox\">\n                                <h3 class=\"h4\"><a href=\"https:\/\/cusointernational.org\/fr\/recit\/batir-la-confiance-et-lavenir-des-tanzaniennes\/\">B\u00e2tir la confiance et l\u2019avenir des Tanzaniennes<\/a><\/h3>\n                            <\/div>\n                        <\/div>\n                        <div class=\"postBottom\">\n                            <p class=\"infoPost\">Sep 30 2022<\/p>\n                        <\/div>\n                    <\/div>\n                <\/div>\n                            <div class=\"post post_103\">\n                    <div class=\"postBox\">\n                        <div class=\"postTop\">\n                            <div class=\"imgBox\">\n                                <img loading=\"lazy\" decoding=\"async\" width=\"400\" height=\"400\" src=\"https:\/\/cusointernational.org\/wp-content\/uploads\/iamCuso_Dr.-Maria-website2-400x400.jpg\" class=\"attachment-thumbnail size-thumbnail wp-post-image\" alt=\"#IamCuso-Dr. Maria Johnson Salah, Tanzania\" \/>                                <div class=\"tags\">\n                                    stories                                <\/div>\n                            <\/div>\n                            <div class=\"infoBox\">\n                                <h3 class=\"h4\"><a href=\"https:\/\/cusointernational.org\/fr\/recit\/jesuiscuso-dre-maria-johnson-sallah-tanzanie\/\">#JesuisCuso : Dre Maria Johnson Sallah, Tanzanie<\/a><\/h3>\n                            <\/div>\n                        <\/div>\n                        <div class=\"postBottom\">\n                            <p class=\"infoPost\">Aug 10 2022<\/p>\n                        <\/div>\n                    <\/div>\n                <\/div>\n                            <div class=\"post post_104\">\n                    <div class=\"postBox\">\n                        <div class=\"postTop\">\n                            <div class=\"imgBox\">\n                                <img loading=\"lazy\" decoding=\"async\" width=\"400\" height=\"400\" src=\"https:\/\/cusointernational.org\/wp-content\/uploads\/Adelaide_Tanzania-400x400.jpg\" class=\"attachment-thumbnail size-thumbnail wp-post-image\" alt=\"Adelaide in Tanzania\" \/>                                <div class=\"tags\">\n                                    stories                                <\/div>\n                            <\/div>\n                            <div class=\"infoBox\">\n                                <h3 class=\"h4\"><a href=\"https:\/\/cusointernational.org\/fr\/recit\/un-programme-dentrepreneuriat-pour-les-jeunes-tanzaniennes\/\">Un programme d\u2019entrepreneuriat pour les jeunes Tanzaniennes<\/a><\/h3>\n                            <\/div>\n                        <\/div>\n                        <div class=\"postBottom\">\n                            <p class=\"infoPost\">Aug 09 2022<\/p>\n                        <\/div>\n                    <\/div>\n                <\/div>\n                            <div class=\"post post_105\">\n                    <div class=\"postBox\">\n                        <div class=\"postTop\">\n                            <div class=\"imgBox\">\n                                <img loading=\"lazy\" decoding=\"async\" width=\"400\" height=\"400\" src=\"https:\/\/cusointernational.org\/wp-content\/uploads\/MatayiBazaba-1-ACODED-2-400x400.jpeg\" class=\"attachment-thumbnail size-thumbnail wp-post-image\" alt=\"Adolphine in DRC, ACODED\" \/>                                <div class=\"tags\">\n                                    stories                                <\/div>\n                            <\/div>\n                            <div class=\"infoBox\">\n                                <h3 class=\"h4\"><a href=\"https:\/\/cusointernational.org\/fr\/recit\/un-nouveau-projet-donne-voix-au-chapitre-aux-congolaises\/\">Un nouveau projet donne voix au chapitre aux Congolaises<\/a><\/h3>\n                            <\/div>\n                        <\/div>\n                        <div class=\"postBottom\">\n                            <p class=\"infoPost\">Aug 09 2022<\/p>\n                        <\/div>\n                    <\/div>\n                <\/div>\n                            <div class=\"post post_106\">\n                    <div class=\"postBox\">\n                        <div class=\"postTop\">\n                            <div class=\"imgBox\">\n                                <img loading=\"lazy\" decoding=\"async\" width=\"400\" height=\"400\" src=\"https:\/\/cusointernational.org\/wp-content\/uploads\/Griselda-Congachi-and-Luzmila-Huaraj-Participants-in-the-Mujeres-Unidas-por-la-Seguridad-Alimentaria-y-Ambiental-MUSA-Community-Pots-program-Lima-Peru-Photographer-Julia-Stomal--400x400.jpg\" class=\"attachment-thumbnail size-thumbnail wp-post-image\" alt=\"Two Peruvian woman smiling at the camera and holding plates of food\" \/>                                <div class=\"tags\">\n                                    stories                                <\/div>\n                            <\/div>\n                            <div class=\"infoBox\">\n                                <h3 class=\"h4\"><a href=\"https:\/\/cusointernational.org\/fr\/recit\/des-pots-communs-peruviennes-sattaquent-a-la-crise-alimentaire-croissante-tout-en-creant-des-reseaux-de-leaders-feminins\/\">Des pots communs p\u00e9ruviennes s\u2019attaquent \u00e0 la crise alimentaire croissante tout en cr\u00e9ant des r\u00e9seaux de leaders f\u00e9minins<\/a><\/h3>\n                            <\/div>\n                        <\/div>\n                        <div class=\"postBottom\">\n                            <p class=\"infoPost\">Aug 09 2022<\/p>\n                        <\/div>\n                    <\/div>\n                <\/div>\n                            <div class=\"post post_107\">\n                    <div class=\"postBox\">\n                        <div class=\"postTop\">\n                            <div class=\"imgBox\">\n                                <img loading=\"lazy\" decoding=\"async\" width=\"400\" height=\"400\" src=\"https:\/\/cusointernational.org\/wp-content\/uploads\/Catalyst-Extra-plain-header-400x400.jpg\" class=\"attachment-thumbnail size-thumbnail wp-post-image\" alt=\"Kizimba-Tanzania\" \/>                                <div class=\"tags\">\n                                    stories                                <\/div>\n                            <\/div>\n                            <div class=\"infoBox\">\n                                <h3 class=\"h4\"><a href=\"https:\/\/cusointernational.org\/fr\/recit\/tendre-la-main-aux-jeunes-et-aux-femmes-en-tanzanie\/\">Tendre la main aux jeunes et aux femmes en Tanzanie<\/a><\/h3>\n                            <\/div>\n                        <\/div>\n                        <div class=\"postBottom\">\n                            <p class=\"infoPost\">Jun 29 2022<\/p>\n                        <\/div>\n                    <\/div>\n                <\/div>\n                            <div class=\"post post_108\">\n                    <div class=\"postBox\">\n                        <div class=\"postTop\">\n                            <div class=\"imgBox\">\n                                <img loading=\"lazy\" decoding=\"async\" width=\"400\" height=\"400\" src=\"https:\/\/cusointernational.org\/wp-content\/uploads\/Kim-Quy-Nguyen-400x400.jpg\" class=\"attachment-thumbnail size-thumbnail wp-post-image\" alt=\"Kim Quy Nguyen\" \/>                                <div class=\"tags\">\n                                    stories                                <\/div>\n                            <\/div>\n                            <div class=\"infoBox\">\n                                <h3 class=\"h4\"><a href=\"https:\/\/cusointernational.org\/fr\/recit\/colmater-les-breches-en-education-dans-le-nord-du-canada\/\">Colmater les br\u00e8ches en \u00e9ducation dans le Nord du Canada<\/a><\/h3>\n                            <\/div>\n                        <\/div>\n                        <div class=\"postBottom\">\n                            <p class=\"infoPost\">Jun 28 2022<\/p>\n                        <\/div>\n                    <\/div>\n                <\/div>\n                            <div class=\"post post_109\">\n                    <div class=\"postBox\">\n                        <div class=\"postTop\">\n                            <div class=\"imgBox\">\n                                <img loading=\"lazy\" decoding=\"async\" width=\"400\" height=\"400\" src=\"https:\/\/cusointernational.org\/wp-content\/uploads\/Photo-of-U-Girls-visit-to-the-university1-400x400.jpg\" class=\"attachment-thumbnail size-thumbnail wp-post-image\" alt=\"\" \/>                                <div class=\"tags\">\n                                    stories                                <\/div>\n                            <\/div>\n                            <div class=\"infoBox\">\n                                <h3 class=\"h4\"><a href=\"https:\/\/cusointernational.org\/fr\/recit\/des-ethiopiennes-developpent-leur-confiance-en-soi-et-leurs-talents-de-leader-grace-a-un-programme-educatif\/\">Des \u00c9thiopiennes d\u00e9veloppent leur confiance en soi et leurs talents de leader gr\u00e2ce \u00e0 un programme \u00e9ducatif.<\/a><\/h3>\n                            <\/div>\n                        <\/div>\n                        <div class=\"postBottom\">\n                            <p class=\"infoPost\">Jun 28 2022<\/p>\n                        <\/div>\n                    <\/div>\n                <\/div>\n                            <div class=\"post post_110\">\n                    <div class=\"postBox\">\n                        <div class=\"postTop\">\n                            <div class=\"imgBox\">\n                                <img loading=\"lazy\" decoding=\"async\" width=\"400\" height=\"400\" src=\"https:\/\/cusointernational.org\/wp-content\/uploads\/Beekeeping-Parques-Nacionales_Colombia.JPG-400x400.jpg\" class=\"attachment-thumbnail size-thumbnail wp-post-image\" alt=\"Conservation projects Colombia\" \/>                                <div class=\"tags\">\n                                    stories                                <\/div>\n                            <\/div>\n                            <div class=\"infoBox\">\n                                <h3 class=\"h4\"><a href=\"https:\/\/cusointernational.org\/fr\/recit\/transformer-les-mentalites-grace-a-des-projets-de-protection-de-lenvironnement\/\">Transformer les mentalit\u00e9s gr\u00e2ce \u00e0 des projets de protection de l\u2019environnement<\/a><\/h3>\n                            <\/div>\n                        <\/div>\n                        <div class=\"postBottom\">\n                            <p class=\"infoPost\">Jun 28 2022<\/p>\n                        <\/div>\n                    <\/div>\n                <\/div>\n                            <div class=\"post post_111\">\n                    <div class=\"postBox\">\n                        <div class=\"postTop\">\n                            <div class=\"imgBox\">\n                                <img loading=\"lazy\" decoding=\"async\" width=\"400\" height=\"400\" src=\"https:\/\/cusointernational.org\/wp-content\/uploads\/Colombia-CORRT-2022-400x400.jpg\" class=\"attachment-thumbnail size-thumbnail wp-post-image\" alt=\"Fundaci\u00f3n Mujer y Futuro, Colombia\" \/>                                <div class=\"tags\">\n                                    stories                                <\/div>\n                            <\/div>\n                            <div class=\"infoBox\">\n                                <h3 class=\"h4\"><a href=\"https:\/\/cusointernational.org\/fr\/recit\/encourager-lentrepreneuriat-et-lautonomie-financiere-des-femmes-en-colombie\/\">Encourager l\u2019entrepreneuriat et l\u2019autonomie financi\u00e8re des femmes en Colombie<\/a><\/h3>\n                            <\/div>\n                        <\/div>\n                        <div class=\"postBottom\">\n                            <p class=\"infoPost\">May 02 2022<\/p>\n                        <\/div>\n                    <\/div>\n                <\/div>\n                            <div class=\"post post_112\">\n                    <div class=\"postBox\">\n                        <div class=\"postTop\">\n                            <div class=\"imgBox\">\n                                <img loading=\"lazy\" decoding=\"async\" width=\"200\" height=\"200\" src=\"https:\/\/cusointernational.org\/wp-content\/uploads\/cuso-challenge-donate-200x200.jpg\" class=\"attachment-thumbnail size-thumbnail wp-post-image\" alt=\"Mountains\" \/>                                <div class=\"tags\">\n                                    stories                                <\/div>\n                            <\/div>\n                            <div class=\"infoBox\">\n                                <h3 class=\"h4\"><a href=\"https:\/\/cusointernational.org\/fr\/recit\/decouvrez-le-perou-avec-nous-en-septembre-2022\/\">D\u00e9couvrez le P\u00e9rou avec nous en septembre 2022!<\/a><\/h3>\n                            <\/div>\n                        <\/div>\n                        <div class=\"postBottom\">\n                            <p class=\"infoPost\">Apr 19 2022<\/p>\n                        <\/div>\n                    <\/div>\n                <\/div>\n                            <div class=\"post post_113\">\n                    <div class=\"postBox\">\n                        <div class=\"postTop\">\n                            <div class=\"imgBox\">\n                                <img loading=\"lazy\" decoding=\"async\" width=\"400\" height=\"400\" src=\"https:\/\/cusointernational.org\/wp-content\/uploads\/Ethiopia-Sebrina-UGIRLS2-1600-3-400x400.jpg\" class=\"attachment-thumbnail size-thumbnail wp-post-image\" alt=\"Sebrina, Ethiopia U-GIRLS-2\" \/>                                <div class=\"tags\">\n                                    stories                                <\/div>\n                            <\/div>\n                            <div class=\"infoBox\">\n                                <h3 class=\"h4\"><a href=\"https:\/\/cusointernational.org\/fr\/recit\/de-laide-financiere-aux-etudes-permet-a-des-filles-de-frequenter-lecole-en-ethiopie\/\">De l\u2019aide financi\u00e8re aux \u00e9tudes permet \u00e0 des filles de fr\u00e9quenter l\u2019\u00e9cole en \u00c9thiopie<\/a><\/h3>\n                            <\/div>\n                        <\/div>\n                        <div class=\"postBottom\">\n                            <p class=\"infoPost\">Apr 19 2022<\/p>\n                        <\/div>\n                    <\/div>\n                <\/div>\n                            <div class=\"post post_114\">\n                    <div class=\"postBox\">\n                        <div class=\"postTop\">\n                            <div class=\"imgBox\">\n                                <img loading=\"lazy\" decoding=\"async\" width=\"400\" height=\"400\" src=\"https:\/\/cusointernational.org\/wp-content\/uploads\/SBoyd-Kukama-Peru-2022-2-400x400.jpg\" class=\"attachment-thumbnail size-thumbnail wp-post-image\" alt=\"Kukama people, Peru\" \/>                                <div class=\"tags\">\n                                    stories                                <\/div>\n                            <\/div>\n                            <div class=\"infoBox\">\n                                <h3 class=\"h4\"><a href=\"https:\/\/cusointernational.org\/fr\/recit\/defendre-les-droits-dune-riviere-et-les-liens-sacres-de-la-vie\/\">D\u00e9fendre les droits d\u2019une rivi\u00e8re et les liens sacr\u00e9s de la vie<\/a><\/h3>\n                            <\/div>\n                        <\/div>\n                        <div class=\"postBottom\">\n                            <p class=\"infoPost\">Apr 19 2022<\/p>\n                        <\/div>\n                    <\/div>\n                <\/div>\n                            <div class=\"post post_115\">\n                    <div class=\"postBox\">\n                        <div class=\"postTop\">\n                            <div class=\"imgBox\">\n                                <img loading=\"lazy\" decoding=\"async\" width=\"400\" height=\"400\" src=\"https:\/\/cusointernational.org\/wp-content\/uploads\/March2022-Thinkpiece-Peru-400x400.jpg\" class=\"attachment-thumbnail size-thumbnail wp-post-image\" alt=\"Cuso International, Peru\" \/>                                <div class=\"tags\">\n                                    stories                                <\/div>\n                            <\/div>\n                            <div class=\"infoBox\">\n                                <h3 class=\"h4\"><a href=\"https:\/\/cusointernational.org\/fr\/recit\/explorer-les-possibilites\/\">Explorer les possibilit\u00e9s<\/a><\/h3>\n                            <\/div>\n                        <\/div>\n                        <div class=\"postBottom\">\n                            <p class=\"infoPost\">Mar 29 2022<\/p>\n                        <\/div>\n                    <\/div>\n                <\/div>\n                            <div class=\"post post_116\">\n                    <div class=\"postBox\">\n                        <div class=\"postTop\">\n                            <div class=\"imgBox\">\n                                <img loading=\"lazy\" decoding=\"async\" width=\"400\" height=\"400\" src=\"https:\/\/cusointernational.org\/wp-content\/uploads\/March2022-Martha_Nixon_1964_Balarampur-West_Bengal-400x400.jpg\" class=\"attachment-thumbnail size-thumbnail wp-post-image\" alt=\"Cuso Alumni Martha Nixon, 1964-Balarampur, West Bengal\" \/>                                <div class=\"tags\">\n                                    stories                                <\/div>\n                            <\/div>\n                            <div class=\"infoBox\">\n                                <h3 class=\"h4\"><a href=\"https:\/\/cusointernational.org\/fr\/recit\/la-force-de-la-compassion-et-de-la-comprehension-des-dynamiques-mondiales\/\">La force de la compassion et de la compr\u00e9hension des dynamiques mondiales<\/a><\/h3>\n                            <\/div>\n                        <\/div>\n                        <div class=\"postBottom\">\n                            <p class=\"infoPost\">Mar 29 2022<\/p>\n                        <\/div>\n                    <\/div>\n                <\/div>\n                            <div class=\"post post_117\">\n                    <div class=\"postBox\">\n                        <div class=\"postTop\">\n                            <div class=\"imgBox\">\n                                <img loading=\"lazy\" decoding=\"async\" width=\"400\" height=\"400\" src=\"https:\/\/cusointernational.org\/wp-content\/uploads\/March2022-Tanzania-Marcelina-Lubuva-400x400.jpg\" class=\"attachment-thumbnail size-thumbnail wp-post-image\" alt=\"Marcelina Lubuva-Tanzania\/Cuso\" \/>                                <div class=\"tags\">\n                                    stories                                <\/div>\n                            <\/div>\n                            <div class=\"infoBox\">\n                                <h3 class=\"h4\"><a href=\"https:\/\/cusointernational.org\/fr\/recit\/semer-lespoir-en-tanzanie-grace-a-de-meilleurs-gagne-pain\/\">Semer l\u2019espoir en Tanzanie gr\u00e2ce \u00e0 de meilleurs gagne-pain<\/a><\/h3>\n                            <\/div>\n                        <\/div>\n                        <div class=\"postBottom\">\n                            <p class=\"infoPost\">Mar 29 2022<\/p>\n                        <\/div>\n                    <\/div>\n                <\/div>\n                            <div class=\"post post_118\">\n                    <div class=\"postBox\">\n                        <div class=\"postTop\">\n                            <div class=\"imgBox\">\n                                <img loading=\"lazy\" decoding=\"async\" width=\"400\" height=\"400\" src=\"https:\/\/cusointernational.org\/wp-content\/uploads\/March2022-Ann_Speak-400x400.jpg\" class=\"attachment-thumbnail size-thumbnail wp-post-image\" alt=\"Ann Speak, Cuso alumni\" \/>                                <div class=\"tags\">\n                                    stories                                <\/div>\n                            <\/div>\n                            <div class=\"infoBox\">\n                                <h3 class=\"h4\"><a href=\"https:\/\/cusointernational.org\/fr\/recit\/le-bonheur-dapprendre-et-de-donner-au-suivant\/\">Le bonheur d\u2019apprendre et de donner au suivant\u00a0<\/a><\/h3>\n                            <\/div>\n                        <\/div>\n                        <div class=\"postBottom\">\n                            <p class=\"infoPost\">Mar 29 2022<\/p>\n                        <\/div>\n                    <\/div>\n                <\/div>\n                            <div class=\"post post_119\">\n                    <div class=\"postBox\">\n                        <div class=\"postTop\">\n                            <div class=\"imgBox\">\n                                <img loading=\"lazy\" decoding=\"async\" width=\"400\" height=\"400\" src=\"https:\/\/cusointernational.org\/wp-content\/uploads\/Coffee-RichardSimoni-Kolping-400x400.jpg\" class=\"attachment-thumbnail size-thumbnail wp-post-image\" alt=\"Coffee project - Kolping, Cuso International\" \/>                                <div class=\"tags\">\n                                    stories                                <\/div>\n                            <\/div>\n                            <div class=\"infoBox\">\n                                <h3 class=\"h4\"><a href=\"https:\/\/cusointernational.org\/fr\/recit\/tout-un-village-sous-leffet-stimulant-cafe\/\">Tout un village sous l\u2019effet stimulant du caf\u00e9!<\/a><\/h3>\n                            <\/div>\n                        <\/div>\n                        <div class=\"postBottom\">\n                            <p class=\"infoPost\">Mar 28 2022<\/p>\n                        <\/div>\n                    <\/div>\n                <\/div>\n                            <div class=\"post post_120\">\n                    <div class=\"postBox\">\n                        <div class=\"postTop\">\n                            <div class=\"imgBox\">\n                                <img loading=\"lazy\" decoding=\"async\" width=\"400\" height=\"400\" src=\"https:\/\/cusointernational.org\/wp-content\/uploads\/WhatsApp-Image-2021-07-25-at-6.14.55-PM-400x400.jpeg\" class=\"attachment-thumbnail size-thumbnail wp-post-image\" alt=\"Fundaci\u00f3n de Activos Culturales Afro (ACUA) in Colombia\" \/>                                <div class=\"tags\">\n                                    stories                                <\/div>\n                            <\/div>\n                            <div class=\"infoBox\">\n                                <h3 class=\"h4\"><a href=\"https:\/\/cusointernational.org\/fr\/recit\/lutter-pour-les-droits-des-femmes-en-colombie\/\">Lutter pour les droits des femmes en Colombie en misant sur la solidarit\u00e9 f\u00e9minine<\/a><\/h3>\n                            <\/div>\n                        <\/div>\n                        <div class=\"postBottom\">\n                            <p class=\"infoPost\">Mar 24 2022<\/p>\n                        <\/div>\n                    <\/div>\n                <\/div>\n                            <div class=\"post post_121\">\n                    <div class=\"postBox\">\n                        <div class=\"postTop\">\n                            <div class=\"imgBox\">\n                                <img loading=\"lazy\" decoding=\"async\" width=\"400\" height=\"400\" src=\"https:\/\/cusointernational.org\/wp-content\/uploads\/Mariana-400x400.jpg\" class=\"attachment-thumbnail size-thumbnail wp-post-image\" alt=\"\" \/>                                <div class=\"tags\">\n                                    stories                                <\/div>\n                            <\/div>\n                            <div class=\"infoBox\">\n                                <h3 class=\"h4\"><a href=\"https:\/\/cusointernational.org\/fr\/recit\/education-et-emploi-riment-avec-succes\/\">\u00c9ducation et emploi riment avec succ\u00e8s<\/a><\/h3>\n                            <\/div>\n                        <\/div>\n                        <div class=\"postBottom\">\n                            <p class=\"infoPost\">Mar 15 2022<\/p>\n                        <\/div>\n                    <\/div>\n                <\/div>\n                            <div class=\"post post_122\">\n                    <div class=\"postBox\">\n                        <div class=\"postTop\">\n                            <div class=\"imgBox\">\n                                <img loading=\"lazy\" decoding=\"async\" width=\"400\" height=\"400\" src=\"https:\/\/cusointernational.org\/wp-content\/uploads\/Elena-web-400x400.jpg\" class=\"attachment-thumbnail size-thumbnail wp-post-image\" alt=\"Fighting gender inequality in Peru and working for a better world\" \/>                                <div class=\"tags\">\n                                    stories                                <\/div>\n                            <\/div>\n                            <div class=\"infoBox\">\n                                <h3 class=\"h4\"><a href=\"https:\/\/cusointernational.org\/fr\/recit\/lutter-contre-les-inegalites-entre-les-sexes-au-perou-pour-batir-un-monde-meilleur\/\">Lutter contre les in\u00e9galit\u00e9s entre les sexes au P\u00e9rou pour b\u00e2tir un monde meilleur<\/a><\/h3>\n                            <\/div>\n                        <\/div>\n                        <div class=\"postBottom\">\n                            <p class=\"infoPost\">Mar 15 2022<\/p>\n                        <\/div>\n                    <\/div>\n                <\/div>\n                            <div class=\"post post_123\">\n                    <div class=\"postBox\">\n                        <div class=\"postTop\">\n                            <div class=\"imgBox\">\n                                <img loading=\"lazy\" decoding=\"async\" width=\"400\" height=\"400\" src=\"https:\/\/cusointernational.org\/wp-content\/uploads\/Feb2022-Enews-Weather_app-large-400x400.jpg\" class=\"attachment-thumbnail size-thumbnail wp-post-image\" alt=\"Cuso - Cameroon farmer\" \/>                                <div class=\"tags\">\n                                    stories                                <\/div>\n                            <\/div>\n                            <div class=\"infoBox\">\n                                <h3 class=\"h4\"><a href=\"https:\/\/cusointernational.org\/fr\/recit\/une-application-fournit-aux-cultivatrices-camerounaises-des-donnees-meteorologiques-precieuses-pour-survivre-aux-fluctuations-climatiques\/\">Une application fournit aux cultivatrices camerounaises des donn\u00e9es m\u00e9t\u00e9orologiques pr\u00e9cieuses pour survivre aux fluctuations climatiques<\/a><\/h3>\n                            <\/div>\n                        <\/div>\n                        <div class=\"postBottom\">\n                            <p class=\"infoPost\">Feb 07 2022<\/p>\n                        <\/div>\n                    <\/div>\n                <\/div>\n                            <div class=\"post post_124\">\n                    <div class=\"postBox\">\n                        <div class=\"postTop\">\n                            <div class=\"imgBox\">\n                                <img loading=\"lazy\" decoding=\"async\" width=\"400\" height=\"400\" src=\"https:\/\/cusointernational.org\/wp-content\/uploads\/Honduras-women-website-filephoto-2022-400x400.jpg\" class=\"attachment-thumbnail size-thumbnail wp-post-image\" alt=\"Honduras-women-website-filephoto-2022\" \/>                                <div class=\"tags\">\n                                    stories                                <\/div>\n                            <\/div>\n                            <div class=\"infoBox\">\n                                <h3 class=\"h4\"><a href=\"https:\/\/cusointernational.org\/fr\/recit\/le-site-web-sur-legalite-homme-femme-un-veritable-outil-de-changement-des-mentalites-et-des-comportements-au-honduras\/\">Le site Web sur l\u2019\u00e9galit\u00e9 homme-femme\u202f: un v\u00e9ritable outil de changement des mentalit\u00e9s et des comportements au Honduras<\/a><\/h3>\n                            <\/div>\n                        <\/div>\n                        <div class=\"postBottom\">\n                            <p class=\"infoPost\">Feb 07 2022<\/p>\n                        <\/div>\n                    <\/div>\n                <\/div>\n                            <div class=\"post post_125\">\n                    <div class=\"postBox\">\n                        <div class=\"postTop\">\n                            <div class=\"imgBox\">\n                                <img loading=\"lazy\" decoding=\"async\" width=\"400\" height=\"400\" src=\"https:\/\/cusointernational.org\/wp-content\/uploads\/Cameroon-Nguila__0050-400x400.jpg\" class=\"attachment-thumbnail size-thumbnail wp-post-image\" alt=\"Several women smiling, gathered together, Cameroon. (Cuso International file photo, Cameroon)\" \/>                                <div class=\"tags\">\n                                    stories                                <\/div>\n                            <\/div>\n                            <div class=\"infoBox\">\n                                <h3 class=\"h4\"><a href=\"https:\/\/cusointernational.org\/fr\/recit\/des-femmes-et-des-meres-deviennent-des-agentes-de-transformation-communautaire-au-cameroun\/\">Des femmes et des m\u00e8res deviennent des \u00ab\u202fagentes de transformation communautaire\u202f\u00bb au Cameroun<\/a><\/h3>\n                            <\/div>\n                        <\/div>\n                        <div class=\"postBottom\">\n                            <p class=\"infoPost\">Feb 07 2022<\/p>\n                        <\/div>\n                    <\/div>\n                <\/div>\n                            <div class=\"post post_126\">\n                    <div class=\"postBox\">\n                        <div class=\"postTop\">\n                            <div class=\"imgBox\">\n                                <img loading=\"lazy\" decoding=\"async\" width=\"400\" height=\"400\" src=\"https:\/\/cusointernational.org\/wp-content\/uploads\/Lois-Bateman_full-400x400.jpg\" class=\"attachment-thumbnail size-thumbnail wp-post-image\" alt=\"#JesuisCuso-Lois Bateman\" \/>                                <div class=\"tags\">\n                                    stories                                <\/div>\n                            <\/div>\n                            <div class=\"infoBox\">\n                                <h3 class=\"h4\"><a href=\"https:\/\/cusointernational.org\/fr\/recit\/jesuiscuso-lois-bateman\/\">#JeSuisCuso - Lois Bateman<\/a><\/h3>\n                            <\/div>\n                        <\/div>\n                        <div class=\"postBottom\">\n                            <p class=\"infoPost\">Nov 17 2021<\/p>\n                        <\/div>\n                    <\/div>\n                <\/div>\n                            <div class=\"post post_127\">\n                    <div class=\"postBox\">\n                        <div class=\"postTop\">\n                            <div class=\"imgBox\">\n                                <div class=\"defaultImg\"><\/div>                                <div class=\"tags\">\n                                    stories                                <\/div>\n                            <\/div>\n                            <div class=\"infoBox\">\n                                <h3 class=\"h4\"><a href=\"https:\/\/cusointernational.org\/fr\/recit\/entrevue-avec-nicolas%e2%80%afmoyer\/\">Entrevue avec le nouveau chef de la direction de Cuso International<\/a><\/h3>\n                            <\/div>\n                        <\/div>\n                        <div class=\"postBottom\">\n                            <p class=\"infoPost\">Nov 15 2021<\/p>\n                        <\/div>\n                    <\/div>\n                <\/div>\n                            <div class=\"post post_128\">\n                    <div class=\"postBox\">\n                        <div class=\"postTop\">\n                            <div class=\"imgBox\">\n                                <img loading=\"lazy\" decoding=\"async\" width=\"400\" height=\"400\" src=\"https:\/\/cusointernational.org\/wp-content\/uploads\/AlexCastro_crop-400x400.jpg\" class=\"attachment-thumbnail size-thumbnail wp-post-image\" alt=\"Alex Castro Colombia\" \/>                                <div class=\"tags\">\n                                    stories                                <\/div>\n                            <\/div>\n                            <div class=\"infoBox\">\n                                <h3 class=\"h4\"><a href=\"https:\/\/cusointernational.org\/fr\/recit\/le-projet-colombien-offre-de-belles-perspectives-davenir-aux-jeunes-lgbtqi\/\">Le projet colombien offre de belles perspectives d\u2019avenir aux jeunes LGBTQI+<\/a><\/h3>\n                            <\/div>\n                        <\/div>\n                        <div class=\"postBottom\">\n                            <p class=\"infoPost\">Nov 15 2021<\/p>\n                        <\/div>\n                    <\/div>\n                <\/div>\n                            <div class=\"post post_129\">\n                    <div class=\"postBox\">\n                        <div class=\"postTop\">\n                            <div class=\"imgBox\">\n                                <img loading=\"lazy\" decoding=\"async\" width=\"400\" height=\"400\" src=\"https:\/\/cusointernational.org\/wp-content\/uploads\/UGirls-2-students_Ethiopia_2021-400x400.jpg\" class=\"attachment-thumbnail size-thumbnail wp-post-image\" alt=\"UGIRLS2 Students in Ethiopia\" \/>                                <div class=\"tags\">\n                                    stories                                <\/div>\n                            <\/div>\n                            <div class=\"infoBox\">\n                                <h3 class=\"h4\"><a href=\"https:\/\/cusointernational.org\/fr\/recit\/leducation%e2%80%af-source-de-reussite-et-de-confiance-en-soi\/\">L\u2019\u00e9ducation\u202f: source de r\u00e9ussite et de confiance en soi<\/a><\/h3>\n                            <\/div>\n                        <\/div>\n                        <div class=\"postBottom\">\n                            <p class=\"infoPost\">Nov 15 2021<\/p>\n                        <\/div>\n                    <\/div>\n                <\/div>\n                            <div class=\"post post_130\">\n                    <div class=\"postBox\">\n                        <div class=\"postTop\">\n                            <div class=\"imgBox\">\n                                <img loading=\"lazy\" decoding=\"async\" width=\"400\" height=\"400\" src=\"https:\/\/cusointernational.org\/wp-content\/uploads\/Odette-avec-les-enfants-du-foyer-Ngoyan-400x400.png\" class=\"attachment-thumbnail size-thumbnail wp-post-image\" alt=\"\" \/>                                <div class=\"tags\">\n                                    stories                                <\/div>\n                            <\/div>\n                            <div class=\"infoBox\">\n                                <h3 class=\"h4\"><a href=\"https:\/\/cusointernational.org\/fr\/recit\/des-femmes-puissantes-se-font-le-porte-voix-des-jeunes-filles-camerounaises\/\">Des femmes puissantes se font le porte-voix des jeunes filles camerounaises<\/a><\/h3>\n                            <\/div>\n                        <\/div>\n                        <div class=\"postBottom\">\n                            <p class=\"infoPost\">Nov 09 2021<\/p>\n                        <\/div>\n                    <\/div>\n                <\/div>\n                            <div class=\"post post_131\">\n                    <div class=\"postBox\">\n                        <div class=\"postTop\">\n                            <div class=\"imgBox\">\n                                <img loading=\"lazy\" decoding=\"async\" width=\"400\" height=\"400\" src=\"https:\/\/cusointernational.org\/wp-content\/uploads\/DRC-SiJeunesseSavait-Richine-3-400x400.jpg\" class=\"attachment-thumbnail size-thumbnail wp-post-image\" alt=\"\" \/>                                <div class=\"tags\">\n                                    stories                                <\/div>\n                            <\/div>\n                            <div class=\"infoBox\">\n                                <h3 class=\"h4\"><a href=\"https:\/\/cusointernational.org\/fr\/recit\/des-congolaises-perfectionnent-leurs-competences-numeriques-pour-lutter-contre-la-violence-en-ligne\/\">Des Congolaises perfectionnent leurs comp\u00e9tences num\u00e9riques pour lutter contre la violence en ligne<\/a><\/h3>\n                            <\/div>\n                        <\/div>\n                        <div class=\"postBottom\">\n                            <p class=\"infoPost\">Oct 08 2021<\/p>\n                        <\/div>\n                    <\/div>\n                <\/div>\n                            <div class=\"post post_132\">\n                    <div class=\"postBox\">\n                        <div class=\"postTop\">\n                            <div class=\"imgBox\">\n                                <img loading=\"lazy\" decoding=\"async\" width=\"400\" height=\"400\" src=\"https:\/\/cusointernational.org\/wp-content\/uploads\/Honduras-Fishing-for-Life-2021-400x400.jpg\" class=\"attachment-thumbnail size-thumbnail wp-post-image\" alt=\"\" \/>                                <div class=\"tags\">\n                                    stories                                <\/div>\n                            <\/div>\n                            <div class=\"infoBox\">\n                                <h3 class=\"h4\"><a href=\"https:\/\/cusointernational.org\/fr\/recit\/les-honduriennes-lancent-leurs-filets-et-prennent-leur-place-dans-lindustrie-de-la-peche\/\">Les Honduriennes lancent leurs filets et prennent leur place dans l\u2019industrie de la p\u00eache<\/a><\/h3>\n                            <\/div>\n                        <\/div>\n                        <div class=\"postBottom\">\n                            <p class=\"infoPost\">Sep 22 2021<\/p>\n                        <\/div>\n                    <\/div>\n                <\/div>\n                            <div class=\"post post_133\">\n                    <div class=\"postBox\">\n                        <div class=\"postTop\">\n                            <div class=\"imgBox\">\n                                <img loading=\"lazy\" decoding=\"async\" width=\"400\" height=\"400\" src=\"https:\/\/cusointernational.org\/wp-content\/uploads\/Cameroon-girls-2021-400x400.jpg\" class=\"attachment-thumbnail size-thumbnail wp-post-image\" alt=\"\" \/>                                <div class=\"tags\">\n                                    stories                                <\/div>\n                            <\/div>\n                            <div class=\"infoBox\">\n                                <h3 class=\"h4\"><a href=\"https:\/\/cusointernational.org\/fr\/recit\/miser-sur-linformation-et-leducation-pour-mettre-fin-au-mariage-precoce-au-cameroun\/\">Miser sur l\u2019information et l\u2019\u00e9ducation pour mettre fin au mariage pr\u00e9coce au Cameroun<\/a><\/h3>\n                            <\/div>\n                        <\/div>\n                        <div class=\"postBottom\">\n                            <p class=\"infoPost\">Sep 22 2021<\/p>\n                        <\/div>\n                    <\/div>\n                <\/div>\n                            <div class=\"post post_134\">\n                    <div class=\"postBox\">\n                        <div class=\"postTop\">\n                            <div class=\"imgBox\">\n                                <img loading=\"lazy\" decoding=\"async\" width=\"400\" height=\"400\" src=\"https:\/\/cusointernational.org\/wp-content\/uploads\/Tanzania-Kizimba-Jolenta-2-400x400.jpg\" class=\"attachment-thumbnail size-thumbnail wp-post-image\" alt=\"\" \/>                                <div class=\"tags\">\n                                    stories                                <\/div>\n                            <\/div>\n                            <div class=\"infoBox\">\n                                <h3 class=\"h4\"><a href=\"https:\/\/cusointernational.org\/fr\/recit\/une-recette-gagnante-pour-les-femmes-et-les-jeunes-en-tanzanie\/\">Cultiver des haricots et des mangues : une recette gagnante pour les femmes et les jeunes en Tanzanie<\/a><\/h3>\n                            <\/div>\n                        <\/div>\n                        <div class=\"postBottom\">\n                            <p class=\"infoPost\">Sep 22 2021<\/p>\n                        <\/div>\n                    <\/div>\n                <\/div>\n                            <div class=\"post post_135\">\n                    <div class=\"postBox\">\n                        <div class=\"postTop\">\n                            <div class=\"imgBox\">\n                                <img loading=\"lazy\" decoding=\"async\" width=\"400\" height=\"400\" src=\"https:\/\/cusointernational.org\/wp-content\/uploads\/Canada-Nina-Spitzer-002-400x400.jpg\" class=\"attachment-thumbnail size-thumbnail wp-post-image\" alt=\"\" \/>                                <div class=\"tags\">\n                                    stories                                <\/div>\n                            <\/div>\n                            <div class=\"infoBox\">\n                                <h3 class=\"h4\"><a href=\"https:\/\/cusointernational.org\/fr\/recit\/solutions-communautaires-dans-le-nord-du-canada\/\">Solutions communautaires dans le nord du Canada<\/a><\/h3>\n                            <\/div>\n                        <\/div>\n                        <div class=\"postBottom\">\n                            <p class=\"infoPost\">Jul 11 2021<\/p>\n                        <\/div>\n                    <\/div>\n                <\/div>\n                            <div class=\"post post_136\">\n                    <div class=\"postBox\">\n                        <div class=\"postTop\">\n                            <div class=\"imgBox\">\n                                <img loading=\"lazy\" decoding=\"async\" width=\"400\" height=\"400\" src=\"https:\/\/cusointernational.org\/wp-content\/uploads\/Colombia-Clevis-SCOPE-400x400.jpg\" class=\"attachment-thumbnail size-thumbnail wp-post-image\" alt=\"SCOPE\" \/>                                <div class=\"tags\">\n                                    stories                                <\/div>\n                            <\/div>\n                            <div class=\"infoBox\">\n                                <h3 class=\"h4\"><a href=\"https:\/\/cusointernational.org\/fr\/recit\/a-cali-en-colombie-une-nouvelle-entreprise-fait-renaitre-lespoir\/\">\u00c0 Cali, en Colombie, une nouvelle entreprise fait rena\u00eetre l\u2019espoir<\/a><\/h3>\n                            <\/div>\n                        <\/div>\n                        <div class=\"postBottom\">\n                            <p class=\"infoPost\">Jul 11 2021<\/p>\n                        <\/div>\n                    <\/div>\n                <\/div>\n                            <div class=\"post post_137\">\n                    <div class=\"postBox\">\n                        <div class=\"postTop\">\n                            <div class=\"imgBox\">\n                                <img loading=\"lazy\" decoding=\"async\" width=\"400\" height=\"400\" src=\"https:\/\/cusointernational.org\/wp-content\/uploads\/FGM-2-400x400.jpeg\" class=\"attachment-thumbnail size-thumbnail wp-post-image\" alt=\"\" \/>                                <div class=\"tags\">\n                                    stories                                <\/div>\n                            <\/div>\n                            <div class=\"infoBox\">\n                                <h3 class=\"h4\"><a href=\"https:\/\/cusointernational.org\/fr\/recit\/leducation-comme-outil-pour-lutter-contre-les-mgf\/\">L\u2019\u00e9ducation comme outil pour lutter contre les MGF<\/a><\/h3>\n                            <\/div>\n                        <\/div>\n                        <div class=\"postBottom\">\n                            <p class=\"infoPost\">Jul 11 2021<\/p>\n                        <\/div>\n                    <\/div>\n                <\/div>\n                            <div class=\"post post_138\">\n                    <div class=\"postBox\">\n                        <div class=\"postTop\">\n                            <div class=\"imgBox\">\n                                <img loading=\"lazy\" decoding=\"async\" width=\"400\" height=\"400\" src=\"https:\/\/cusointernational.org\/wp-content\/uploads\/buildingculturalbridges-1-400x400.png\" class=\"attachment-thumbnail size-thumbnail wp-post-image\" alt=\"\" \/>                                <div class=\"tags\">\n                                    stories                                <\/div>\n                            <\/div>\n                            <div class=\"infoBox\">\n                                <h3 class=\"h4\"><a href=\"https:\/\/cusointernational.org\/fr\/recit\/creez-des-ponts-culturels-entre-les-villages-peruviens-et-le-reste-du-monde\/\">Cr\u00e9ez des ponts culturels entre les villages p\u00e9ruviens et le reste du monde<\/a><\/h3>\n                            <\/div>\n                        <\/div>\n                        <div class=\"postBottom\">\n                            <p class=\"infoPost\">Jul 09 2021<\/p>\n                        <\/div>\n                    <\/div>\n                <\/div>\n                            <div class=\"post post_139\">\n                    <div class=\"postBox\">\n                        <div class=\"postTop\">\n                            <div class=\"imgBox\">\n                                <img loading=\"lazy\" decoding=\"async\" width=\"400\" height=\"400\" src=\"https:\/\/cusointernational.org\/wp-content\/uploads\/Richard-Schwalm-resized-2-400x400.jpg\" class=\"attachment-thumbnail size-thumbnail wp-post-image\" alt=\"A black and white image of Richard standing with two boys in white shirts\" \/>                                <div class=\"tags\">\n                                    stories                                <\/div>\n                            <\/div>\n                            <div class=\"infoBox\">\n                                <h3 class=\"h4\"><a href=\"https:\/\/cusointernational.org\/fr\/recit\/richard-oliver-et-philip\/\">Richard, Oliver et Philip<\/a><\/h3>\n                            <\/div>\n                        <\/div>\n                        <div class=\"postBottom\">\n                            <p class=\"infoPost\">Jun 03 2021<\/p>\n                        <\/div>\n                    <\/div>\n                <\/div>\n                            <div class=\"post post_140\">\n                    <div class=\"postBox\">\n                        <div class=\"postTop\">\n                            <div class=\"imgBox\">\n                                <img loading=\"lazy\" decoding=\"async\" width=\"400\" height=\"400\" src=\"https:\/\/cusointernational.org\/wp-content\/uploads\/Sandrine_CUSO_ACAFEJ_LARGE_DSCF4038-400x400.jpg\" class=\"attachment-thumbnail size-thumbnail wp-post-image\" alt=\"A group of women speaking around a table\" \/>                                <div class=\"tags\">\n                                    stories                                <\/div>\n                            <\/div>\n                            <div class=\"infoBox\">\n                                <h3 class=\"h4\"><a href=\"https:\/\/cusointernational.org\/fr\/recit\/voir-le-cameroun-dun-nouvel-angle\/\">Voir le Cameroun d\u2019un nouvel angle<\/a><\/h3>\n                            <\/div>\n                        <\/div>\n                        <div class=\"postBottom\">\n                            <p class=\"infoPost\">Jun 03 2021<\/p>\n                        <\/div>\n                    <\/div>\n                <\/div>\n                            <div class=\"post post_141\">\n                    <div class=\"postBox\">\n                        <div class=\"postTop\">\n                            <div class=\"imgBox\">\n                                <img loading=\"lazy\" decoding=\"async\" width=\"400\" height=\"400\" src=\"https:\/\/cusointernational.org\/wp-content\/uploads\/Colin-004-400x400.jpg\" class=\"attachment-thumbnail size-thumbnail wp-post-image\" alt=\"\" \/>                                <div class=\"tags\">\n                                    stories                                <\/div>\n                            <\/div>\n                            <div class=\"infoBox\">\n                                <h3 class=\"h4\"><a href=\"https:\/\/cusointernational.org\/fr\/recit\/jesuiscuso\/\">#JeSuisCuso<\/a><\/h3>\n                            <\/div>\n                        <\/div>\n                        <div class=\"postBottom\">\n                            <p class=\"infoPost\">May 14 2021<\/p>\n                        <\/div>\n                    <\/div>\n                <\/div>\n                            <div class=\"post post_142\">\n                    <div class=\"postBox\">\n                        <div class=\"postTop\">\n                            <div class=\"imgBox\">\n                                <img loading=\"lazy\" decoding=\"async\" width=\"400\" height=\"400\" src=\"https:\/\/cusointernational.org\/wp-content\/uploads\/MariiaBatista2-400x400.jpeg\" class=\"attachment-thumbnail size-thumbnail wp-post-image\" alt=\"\" \/>                                <div class=\"tags\">\n                                    stories                                <\/div>\n                            <\/div>\n                            <div class=\"infoBox\">\n                                <h3 class=\"h4\"><a href=\"https:\/\/cusointernational.org\/fr\/recit\/maria-une-heroine-des-temps-modernes\/\">Mar\u00eda, une h\u00e9ro\u00efne des temps modernes<\/a><\/h3>\n                            <\/div>\n                        <\/div>\n                        <div class=\"postBottom\">\n                            <p class=\"infoPost\">May 14 2021<\/p>\n                        <\/div>\n                    <\/div>\n                <\/div>\n                            <div class=\"post post_143\">\n                    <div class=\"postBox\">\n                        <div class=\"postTop\">\n                            <div class=\"imgBox\">\n                                <img loading=\"lazy\" decoding=\"async\" width=\"400\" height=\"400\" src=\"https:\/\/cusointernational.org\/wp-content\/uploads\/Cesar-400x400.jpg\" class=\"attachment-thumbnail size-thumbnail wp-post-image\" alt=\"\" \/>                                <div class=\"tags\">\n                                    stories                                <\/div>\n                            <\/div>\n                            <div class=\"infoBox\">\n                                <h3 class=\"h4\"><a href=\"https:\/\/cusointernational.org\/fr\/recit\/lespoir-dun-pere-a-laube-de-perspectives-nouvelles\/\">L\u2019espoir d\u2019un p\u00e8re \u00e0 l\u2019aube de perspectives nouvelles<\/a><\/h3>\n                            <\/div>\n                        <\/div>\n                        <div class=\"postBottom\">\n                            <p class=\"infoPost\">May 14 2021<\/p>\n                        <\/div>\n                    <\/div>\n                <\/div>\n                            <div class=\"post post_144\">\n                    <div class=\"postBox\">\n                        <div class=\"postTop\">\n                            <div class=\"imgBox\">\n                                <img loading=\"lazy\" decoding=\"async\" width=\"400\" height=\"400\" src=\"https:\/\/cusointernational.org\/wp-content\/uploads\/water-wells-400x400.jpg\" class=\"attachment-thumbnail size-thumbnail wp-post-image\" alt=\"\" \/>                                <div class=\"tags\">\n                                    stories                                <\/div>\n                            <\/div>\n                            <div class=\"infoBox\">\n                                <h3 class=\"h4\"><a href=\"https:\/\/cusointernational.org\/fr\/recit\/en-rdc-des-puits-deau-potable-sauvent-des-vies\/\">En RDC, des puits d\u2019eau potable sauvent des vies<\/a><\/h3>\n                            <\/div>\n                        <\/div>\n                        <div class=\"postBottom\">\n                            <p class=\"infoPost\">Apr 08 2021<\/p>\n                        <\/div>\n                    <\/div>\n                <\/div>\n                            <div class=\"post post_145\">\n                    <div class=\"postBox\">\n                        <div class=\"postTop\">\n                            <div class=\"imgBox\">\n                                <img loading=\"lazy\" decoding=\"async\" width=\"400\" height=\"400\" src=\"https:\/\/cusointernational.org\/wp-content\/uploads\/water-wells-400x400.jpg\" class=\"attachment-thumbnail size-thumbnail wp-post-image\" alt=\"\" \/>                                <div class=\"tags\">\n                                    stories                                <\/div>\n                            <\/div>\n                            <div class=\"infoBox\">\n                                <h3 class=\"h4\"><a href=\"https:\/\/cusointernational.org\/fr\/recit\/in-drc-accessible-water-wells-are-saving-lives\/\">In DRC, accessible water wells are saving lives<\/a><\/h3>\n                            <\/div>\n                        <\/div>\n                        <div class=\"postBottom\">\n                            <p class=\"infoPost\">Apr 08 2021<\/p>\n                        <\/div>\n                    <\/div>\n                <\/div>\n                            <div class=\"post post_146\">\n                    <div class=\"postBox\">\n                        <div class=\"postTop\">\n                            <div class=\"imgBox\">\n                                <img loading=\"lazy\" decoding=\"async\" width=\"400\" height=\"400\" src=\"https:\/\/cusointernational.org\/wp-content\/uploads\/Iyali-400x400.jpg\" class=\"attachment-thumbnail size-thumbnail wp-post-image\" alt=\"\" \/>                                <div class=\"tags\">\n                                    stories                                <\/div>\n                            <\/div>\n                            <div class=\"infoBox\">\n                                <h3 class=\"h4\"><a href=\"https:\/\/cusointernational.org\/fr\/recit\/alleger-un-fardeau-lourd-a-porter\/\">All\u00e9ger un fardeau lourd \u00e0 porter<\/a><\/h3>\n                            <\/div>\n                        <\/div>\n                        <div class=\"postBottom\">\n                            <p class=\"infoPost\">Mar 03 2021<\/p>\n                        <\/div>\n                    <\/div>\n                <\/div>\n                            <div class=\"post post_147\">\n                    <div class=\"postBox\">\n                        <div class=\"postTop\">\n                            <div class=\"imgBox\">\n                                <img loading=\"lazy\" decoding=\"async\" width=\"400\" height=\"400\" src=\"https:\/\/cusointernational.org\/wp-content\/uploads\/Marchenews-story3-400x400.png\" class=\"attachment-thumbnail size-thumbnail wp-post-image\" alt=\"\" \/>                                <div class=\"tags\">\n                                    stories                                <\/div>\n                            <\/div>\n                            <div class=\"infoBox\">\n                                <h3 class=\"h4\"><a href=\"https:\/\/cusointernational.org\/fr\/recit\/eliminer-les-obstacles\/\">\u00c9liminer les obstacles<\/a><\/h3>\n                            <\/div>\n                        <\/div>\n                        <div class=\"postBottom\">\n                            <p class=\"infoPost\">Mar 03 2021<\/p>\n                        <\/div>\n                    <\/div>\n                <\/div>\n                            <div class=\"post post_148\">\n                    <div class=\"postBox\">\n                        <div class=\"postTop\">\n                            <div class=\"imgBox\">\n                                <img loading=\"lazy\" decoding=\"async\" width=\"400\" height=\"400\" src=\"https:\/\/cusointernational.org\/wp-content\/uploads\/Rosa-Cachi-e1594321277320-400x400.jpeg\" class=\"attachment-thumbnail size-thumbnail wp-post-image\" alt=\"Family wearing masks carrying toilet paper\" \/>                                <div class=\"tags\">\n                                    stories                                <\/div>\n                            <\/div>\n                            <div class=\"infoBox\">\n                                <h3 class=\"h4\"><a href=\"https:\/\/cusointernational.org\/fr\/recit\/lentraide-en-periode-de-pandemie\/\">L\u2019entraide en p\u00e9riode de pand\u00e9mie<\/a><\/h3>\n                            <\/div>\n                        <\/div>\n                        <div class=\"postBottom\">\n                            <p class=\"infoPost\">Feb 05 2021<\/p>\n                        <\/div>\n                    <\/div>\n                <\/div>\n                            <div class=\"post post_149\">\n                    <div class=\"postBox\">\n                        <div class=\"postTop\">\n                            <div class=\"imgBox\">\n                                <img loading=\"lazy\" decoding=\"async\" width=\"400\" height=\"400\" src=\"https:\/\/cusointernational.org\/wp-content\/uploads\/Farming-3web-400x400.jpg\" class=\"attachment-thumbnail size-thumbnail wp-post-image\" alt=\"\" \/>                                <div class=\"tags\">\n                                    stories                                <\/div>\n                            <\/div>\n                            <div class=\"infoBox\">\n                                <h3 class=\"h4\"><a href=\"https:\/\/cusointernational.org\/fr\/recit\/repartir-a-zero\/\">Repartir \u00e0 z\u00e9ro<\/a><\/h3>\n                            <\/div>\n                        <\/div>\n                        <div class=\"postBottom\">\n                            <p class=\"infoPost\">Feb 02 2021<\/p>\n                        <\/div>\n                    <\/div>\n                <\/div>\n                            <div class=\"post post_150\">\n                    <div class=\"postBox\">\n                        <div class=\"postTop\">\n                            <div class=\"imgBox\">\n                                <img loading=\"lazy\" decoding=\"async\" width=\"400\" height=\"400\" src=\"https:\/\/cusointernational.org\/wp-content\/uploads\/Canada-NWT-photo-with-student-1-400x400.jpg\" class=\"attachment-thumbnail size-thumbnail wp-post-image\" alt=\"Canada\/NWT\" \/>                                <div class=\"tags\">\n                                    stories                                <\/div>\n                            <\/div>\n                            <div class=\"infoBox\">\n                                <h3 class=\"h4\"><a href=\"https:\/\/cusointernational.org\/fr\/recit\/niroja-qa\/\">Des communaut\u00e9s r\u00e9silientes et une culture pleine de richesses dans le Nord du Canada<\/a><\/h3>\n                            <\/div>\n                        <\/div>\n                        <div class=\"postBottom\">\n                            <p class=\"infoPost\">Feb 02 2021<\/p>\n                        <\/div>\n                    <\/div>\n                <\/div>\n                            <div class=\"post post_151\">\n                    <div class=\"postBox\">\n                        <div class=\"postTop\">\n                            <div class=\"imgBox\">\n                                <img loading=\"lazy\" decoding=\"async\" width=\"400\" height=\"400\" src=\"https:\/\/cusointernational.org\/wp-content\/uploads\/Day_4_Dala_147-web2-400x400.jpg\" class=\"attachment-thumbnail size-thumbnail wp-post-image\" alt=\"\" \/>                                <div class=\"tags\">\n                                    stories                                <\/div>\n                            <\/div>\n                            <div class=\"infoBox\">\n                                <h3 class=\"h4\"><a href=\"https:\/\/cusointernational.org\/fr\/recit\/le-suprarecyclage-un-outil-de-valorisation-humaine\/\">Le suprarecyclage, un outil de valorisation humaine<\/a><\/h3>\n                            <\/div>\n                        <\/div>\n                        <div class=\"postBottom\">\n                            <p class=\"infoPost\">Feb 02 2021<\/p>\n                        <\/div>\n                    <\/div>\n                <\/div>\n                            <div class=\"post post_152\">\n                    <div class=\"postBox\">\n                        <div class=\"postTop\">\n                            <div class=\"imgBox\">\n                                <img loading=\"lazy\" decoding=\"async\" width=\"400\" height=\"400\" src=\"https:\/\/cusointernational.org\/wp-content\/uploads\/D-Small-Content-1-Foto_Sodexo-web-400x400.png\" class=\"attachment-thumbnail size-thumbnail wp-post-image\" alt=\"\" \/>                                <div class=\"tags\">\n                                    stories                                <\/div>\n                            <\/div>\n                            <div class=\"infoBox\">\n                                <h3 class=\"h4\"><a href=\"https:\/\/cusointernational.org\/fr\/recit\/pour-des-methodes-dembauche-favorables-aux-personnes-vulnerables\/\">Pour des m\u00e9thodes d\u2019embauche favorables aux personnes vuln\u00e9rables<\/a><\/h3>\n                            <\/div>\n                        <\/div>\n                        <div class=\"postBottom\">\n                            <p class=\"infoPost\">Jan 18 2021<\/p>\n                        <\/div>\n                    <\/div>\n                <\/div>\n                            <div class=\"post post_153\">\n                    <div class=\"postBox\">\n                        <div class=\"postTop\">\n                            <div class=\"imgBox\">\n                                <img loading=\"lazy\" decoding=\"async\" width=\"400\" height=\"400\" src=\"https:\/\/cusointernational.org\/wp-content\/uploads\/M-Updated-web5-1-400x400.jpg\" class=\"attachment-thumbnail size-thumbnail wp-post-image\" alt=\"\" \/>                                <div class=\"tags\">\n                                    stories                                <\/div>\n                            <\/div>\n                            <div class=\"infoBox\">\n                                <h3 class=\"h4\"><a href=\"https:\/\/cusointernational.org\/fr\/recit\/donner-vie-au-reve-de-mireille\/\">Donner vie au r\u00eave de Mireille<\/a><\/h3>\n                            <\/div>\n                        <\/div>\n                        <div class=\"postBottom\">\n                            <p class=\"infoPost\">Jan 18 2021<\/p>\n                        <\/div>\n                    <\/div>\n                <\/div>\n                            <div class=\"post post_154\">\n                    <div class=\"postBox\">\n                        <div class=\"postTop\">\n                            <div class=\"imgBox\">\n                                <img loading=\"lazy\" decoding=\"async\" width=\"400\" height=\"400\" src=\"https:\/\/cusointernational.org\/wp-content\/uploads\/B-Story-2-Midwives-Mistra-web-1-400x400.png\" class=\"attachment-thumbnail size-thumbnail wp-post-image\" alt=\"\" \/>                                <div class=\"tags\">\n                                    stories                                <\/div>\n                            <\/div>\n                            <div class=\"infoBox\">\n                                <h3 class=\"h4\"><a href=\"https:\/\/cusointernational.org\/fr\/recit\/compassion-patience-et-soutien-le-role-des-sages-femmes\/\">Compassion, patience et soutien : le r\u00f4le des sages-femmes<\/a><\/h3>\n                            <\/div>\n                        <\/div>\n                        <div class=\"postBottom\">\n                            <p class=\"infoPost\">Jan 18 2021<\/p>\n                        <\/div>\n                    <\/div>\n                <\/div>\n                            <div class=\"post post_155\">\n                    <div class=\"postBox\">\n                        <div class=\"postTop\">\n                            <div class=\"imgBox\">\n                                <img loading=\"lazy\" decoding=\"async\" width=\"400\" height=\"400\" src=\"https:\/\/cusointernational.org\/wp-content\/uploads\/DSC03527-web-1-1-400x400.jpg\" class=\"attachment-thumbnail size-thumbnail wp-post-image\" alt=\"\" \/>                                <div class=\"tags\">\n                                    stories                                <\/div>\n                            <\/div>\n                            <div class=\"infoBox\">\n                                <h3 class=\"h4\"><a href=\"https:\/\/cusointernational.org\/fr\/recit\/un-cafe-au-gout-despoir\/\">Un caf\u00e9 au go\u00fbt d\u2019espoir<\/a><\/h3>\n                            <\/div>\n                        <\/div>\n                        <div class=\"postBottom\">\n                            <p class=\"infoPost\">Jan 18 2021<\/p>\n                        <\/div>\n                    <\/div>\n                <\/div>\n                            <div class=\"post post_156\">\n                    <div class=\"postBox\">\n                        <div class=\"postTop\">\n                            <div class=\"imgBox\">\n                                <img loading=\"lazy\" decoding=\"async\" width=\"400\" height=\"400\" src=\"https:\/\/cusointernational.org\/wp-content\/uploads\/B-Small-Content-2-Patricia-ENewsletter-1-2-400x400.jpg\" class=\"attachment-thumbnail size-thumbnail wp-post-image\" alt=\"\" \/>                                <div class=\"tags\">\n                                    stories                                <\/div>\n                            <\/div>\n                            <div class=\"infoBox\">\n                                <h3 class=\"h4\"><a href=\"https:\/\/cusointernational.org\/fr\/recit\/je-suis-cuso-patricia-perez-coutts\/\">Je suis Cuso: Patricia Perez-Coutts<\/a><\/h3>\n                            <\/div>\n                        <\/div>\n                        <div class=\"postBottom\">\n                            <p class=\"infoPost\">Jan 18 2021<\/p>\n                        <\/div>\n                    <\/div>\n                <\/div>\n                            <div class=\"post post_157\">\n                    <div class=\"postBox\">\n                        <div class=\"postTop\">\n                            <div class=\"imgBox\">\n                                <img loading=\"lazy\" decoding=\"async\" width=\"400\" height=\"400\" src=\"https:\/\/cusointernational.org\/wp-content\/uploads\/Alumni_Gender_CUS0032-1web2-400x400.jpg\" class=\"attachment-thumbnail size-thumbnail wp-post-image\" alt=\"\" \/>                                <div class=\"tags\">\n                                    stories                                <\/div>\n                            <\/div>\n                            <div class=\"infoBox\">\n                                <h3 class=\"h4\"><a href=\"https:\/\/cusointernational.org\/fr\/recit\/16%e2%80%afjours-dactivisme-pour-mettre-fin-a-la-violence-faite-aux-femmes\/\">16\u202fjours d\u2019activisme pour mettre fin \u00e0 la violence faite aux femmes<\/a><\/h3>\n                            <\/div>\n                        <\/div>\n                        <div class=\"postBottom\">\n                            <p class=\"infoPost\">Nov 17 2020<\/p>\n                        <\/div>\n                    <\/div>\n                <\/div>\n                            <div class=\"post post_158\">\n                    <div class=\"postBox\">\n                        <div class=\"postTop\">\n                            <div class=\"imgBox\">\n                                <img loading=\"lazy\" decoding=\"async\" width=\"400\" height=\"400\" src=\"https:\/\/cusointernational.org\/wp-content\/uploads\/Fundacion-Chiyangua-Afro-Women-GESIphoto-400x400.jpg\" class=\"attachment-thumbnail size-thumbnail wp-post-image\" alt=\"\" \/>                                <div class=\"tags\">\n                                    stories                                <\/div>\n                            <\/div>\n                            <div class=\"infoBox\">\n                                <h3 class=\"h4\"><a href=\"https:\/\/cusointernational.org\/fr\/recit\/avancees-exceptionnelles-des-droits-des-femmes-en-colombie\/\">Avanc\u00e9es exceptionnelles des droits des femmes en Colombie<\/a><\/h3>\n                            <\/div>\n                        <\/div>\n                        <div class=\"postBottom\">\n                            <p class=\"infoPost\">Nov 17 2020<\/p>\n                        <\/div>\n                    <\/div>\n                <\/div>\n                            <div class=\"post post_159\">\n                    <div class=\"postBox\">\n                        <div class=\"postTop\">\n                            <div class=\"imgBox\">\n                                <img loading=\"lazy\" decoding=\"async\" width=\"400\" height=\"400\" src=\"https:\/\/cusointernational.org\/wp-content\/uploads\/BGA2178-400x400.jpg\" class=\"attachment-thumbnail size-thumbnail wp-post-image\" alt=\"|||\" \/>                                <div class=\"tags\">\n                                    stories                                <\/div>\n                            <\/div>\n                            <div class=\"infoBox\">\n                                <h3 class=\"h4\"><a href=\"https:\/\/cusointernational.org\/fr\/recit\/refill-not-landfill-boire-intelligemment\/\">Refill Not Landfill : Boire Intelligemment<\/a><\/h3>\n                            <\/div>\n                        <\/div>\n                        <div class=\"postBottom\">\n                            <p class=\"infoPost\">Oct 14 2020<\/p>\n                        <\/div>\n                    <\/div>\n                <\/div>\n                            <div class=\"post post_160\">\n                    <div class=\"postBox\">\n                        <div class=\"postTop\">\n                            <div class=\"imgBox\">\n                                <img loading=\"lazy\" decoding=\"async\" width=\"400\" height=\"400\" src=\"https:\/\/cusointernational.org\/wp-content\/uploads\/Lisangel_Coomeva_Cali2-scaled-3-400x400.jpg\" class=\"attachment-thumbnail size-thumbnail wp-post-image\" alt=\"Young woman smiling\" \/>                                <div class=\"tags\">\n                                    stories                                <\/div>\n                            <\/div>\n                            <div class=\"infoBox\">\n                                <h3 class=\"h4\"><a href=\"https:\/\/cusointernational.org\/fr\/recit\/modele-de-reussite%e2%80%af-lisangel-barrios-castellanos\/\">Mod\u00e8le de r\u00e9ussite\u202f: Lisangel Barrios Castellanos<\/a><\/h3>\n                            <\/div>\n                        <\/div>\n                        <div class=\"postBottom\">\n                            <p class=\"infoPost\">Oct 09 2020<\/p>\n                        <\/div>\n                    <\/div>\n                <\/div>\n                            <div class=\"post post_161\">\n                    <div class=\"postBox\">\n                        <div class=\"postTop\">\n                            <div class=\"imgBox\">\n                                <img loading=\"lazy\" decoding=\"async\" width=\"400\" height=\"400\" src=\"https:\/\/cusointernational.org\/wp-content\/uploads\/Option1_Day6_Benin_631-400x400.jpg\" class=\"attachment-thumbnail size-thumbnail wp-post-image\" alt=\"||||||||\" \/>                                <div class=\"tags\">\n                                    stories                                <\/div>\n                            <\/div>\n                            <div class=\"infoBox\">\n                                <h3 class=\"h4\"><a href=\"https:\/\/cusointernational.org\/fr\/recit\/nous-y-mettrons-fin-des-beninoises-du-nord-du-pays-luttent-pour-mettre-fin-aux-mutilations-genitales-feminines\/\">Nous y mettrons fin : Des B\u00e9ninoises du Nord du pays luttent pour mettre fin aux  mutilations g\u00e9nitales f\u00e9minines<\/a><\/h3>\n                            <\/div>\n                        <\/div>\n                        <div class=\"postBottom\">\n                            <p class=\"infoPost\">Oct 02 2020<\/p>\n                        <\/div>\n                    <\/div>\n                <\/div>\n                            <div class=\"post post_162\">\n                    <div class=\"postBox\">\n                        <div class=\"postTop\">\n                            <div class=\"imgBox\">\n                                <img loading=\"lazy\" decoding=\"async\" width=\"400\" height=\"400\" src=\"https:\/\/cusointernational.org\/wp-content\/uploads\/alumni-story-2-400x400.jpg\" class=\"attachment-thumbnail size-thumbnail wp-post-image\" alt=\"Three women holding woven rugs\" \/>                                <div class=\"tags\">\n                                    stories                                <\/div>\n                            <\/div>\n                            <div class=\"infoBox\">\n                                <h3 class=\"h4\"><a href=\"https:\/\/cusointernational.org\/fr\/recit\/perspectives-plus-fortes-quun-super-typhon\/\">Perspectives : Plus fortes qu\u2019un super typhon<\/a><\/h3>\n                            <\/div>\n                        <\/div>\n                        <div class=\"postBottom\">\n                            <p class=\"infoPost\">Sep 29 2020<\/p>\n                        <\/div>\n                    <\/div>\n                <\/div>\n                            <div class=\"post post_163\">\n                    <div class=\"postBox\">\n                        <div class=\"postTop\">\n                            <div class=\"imgBox\">\n                                <img loading=\"lazy\" decoding=\"async\" width=\"400\" height=\"400\" src=\"https:\/\/cusointernational.org\/wp-content\/uploads\/alumni-story-1-400x400.jpg\" class=\"attachment-thumbnail size-thumbnail wp-post-image\" alt=\"Woman smiling in front of a brick wall\" \/>                                <div class=\"tags\">\n                                    stories                                <\/div>\n                            <\/div>\n                            <div class=\"infoBox\">\n                                <h3 class=\"h4\"><a href=\"https:\/\/cusointernational.org\/fr\/recit\/perspectives-les-jeunes-de-las-gardenias\/\">Perspectives : Les jeunes de Las Gardenias<\/a><\/h3>\n                            <\/div>\n                        <\/div>\n                        <div class=\"postBottom\">\n                            <p class=\"infoPost\">Sep 29 2020<\/p>\n                        <\/div>\n                    <\/div>\n                <\/div>\n                            <div class=\"post post_164\">\n                    <div class=\"postBox\">\n                        <div class=\"postTop\">\n                            <div class=\"imgBox\">\n                                <img loading=\"lazy\" decoding=\"async\" width=\"400\" height=\"400\" src=\"https:\/\/cusointernational.org\/wp-content\/uploads\/Lois_P_20190316_102619-scaled-2-400x400.jpg\" class=\"attachment-thumbnail size-thumbnail wp-post-image\" alt=\"People walking on snow\" \/>                                <div class=\"tags\">\n                                    stories                                <\/div>\n                            <\/div>\n                            <div class=\"infoBox\">\n                                <h3 class=\"h4\"><a href=\"https:\/\/cusointernational.org\/fr\/recit\/petite-entrevue-lois-boody\/\">Petite entrevue : Lois Boody<\/a><\/h3>\n                            <\/div>\n                        <\/div>\n                        <div class=\"postBottom\">\n                            <p class=\"infoPost\">Sep 25 2020<\/p>\n                        <\/div>\n                    <\/div>\n                <\/div>\n                            <div class=\"post post_165\">\n                    <div class=\"postBox\">\n                        <div class=\"postTop\">\n                            <div class=\"imgBox\">\n                                <img loading=\"lazy\" decoding=\"async\" width=\"400\" height=\"400\" src=\"https:\/\/cusointernational.org\/wp-content\/uploads\/Page8_option_Benin_Day4_220-scaled2-400x400.jpg\" class=\"attachment-thumbnail size-thumbnail wp-post-image\" alt=\"Cuso International, Benin, Pope, Porto Novo, MSL, agricultural training program\" \/>                                <div class=\"tags\">\n                                    stories                                <\/div>\n                            <\/div>\n                            <div class=\"infoBox\">\n                                <h3 class=\"h4\"><a href=\"https:\/\/cusointernational.org\/fr\/recit\/cultiver-lindependance-au-benin\/\">Cultiver l\u2019ind\u00e9pendance au B\u00e9nin<\/a><\/h3>\n                            <\/div>\n                        <\/div>\n                        <div class=\"postBottom\">\n                            <p class=\"infoPost\">Sep 18 2020<\/p>\n                        <\/div>\n                    <\/div>\n                <\/div>\n                            <div class=\"post post_166\">\n                    <div class=\"postBox\">\n                        <div class=\"postTop\">\n                            <div class=\"imgBox\">\n                                <img loading=\"lazy\" decoding=\"async\" width=\"400\" height=\"400\" src=\"https:\/\/cusointernational.org\/wp-content\/uploads\/mary2-e1599848285463-400x400.jpg\" class=\"attachment-thumbnail size-thumbnail wp-post-image\" alt=\"|\" \/>                                <div class=\"tags\">\n                                    stories                                <\/div>\n                            <\/div>\n                            <div class=\"infoBox\">\n                                <h3 class=\"h4\"><a href=\"https:\/\/cusointernational.org\/fr\/recit\/des-cultivatrices-decouvrent-un-monde-de-possibilites\/\">Des cultivatrices d\u00e9couvrent un monde de possibilit\u00e9s<\/a><\/h3>\n                            <\/div>\n                        <\/div>\n                        <div class=\"postBottom\">\n                            <p class=\"infoPost\">Sep 15 2020<\/p>\n                        <\/div>\n                    <\/div>\n                <\/div>\n                            <div class=\"post post_167\">\n                    <div class=\"postBox\">\n                        <div class=\"postTop\">\n                            <div class=\"imgBox\">\n                                <img loading=\"lazy\" decoding=\"async\" width=\"400\" height=\"400\" src=\"https:\/\/cusointernational.org\/wp-content\/uploads\/Page19_DSC04671-400x400.jpg\" class=\"attachment-thumbnail size-thumbnail wp-post-image\" alt=\"\" \/>                                <div class=\"tags\">\n                                    stories                                <\/div>\n                            <\/div>\n                            <div class=\"infoBox\">\n                                <h3 class=\"h4\"><a href=\"https:\/\/cusointernational.org\/fr\/recit\/du-reve-a-la-realite-aider-les-petites-entrepreneures-a-prosperer-en-colombie\/\">Du r\u00eave \u00e0 la r\u00e9alit\u00e9 : aider les petites entrepreneures \u00e0 prosp\u00e9rer en Colombie<\/a><\/h3>\n                            <\/div>\n                        <\/div>\n                        <div class=\"postBottom\">\n                            <p class=\"infoPost\">Sep 11 2020<\/p>\n                        <\/div>\n                    <\/div>\n                <\/div>\n                            <div class=\"post post_168\">\n                    <div class=\"postBox\">\n                        <div class=\"postTop\">\n                            <div class=\"imgBox\">\n                                <img loading=\"lazy\" decoding=\"async\" width=\"400\" height=\"400\" src=\"https:\/\/cusointernational.org\/wp-content\/uploads\/Cover_Day_2_SafeHouse_079-400x400.jpg\" class=\"attachment-thumbnail size-thumbnail wp-post-image\" alt=\"|||||||\" \/>                                <div class=\"tags\">\n                                    stories                                <\/div>\n                            <\/div>\n                            <div class=\"infoBox\">\n                                <h3 class=\"h4\"><a href=\"https:\/\/cusointernational.org\/fr\/recit\/rompre-avec-la-tradition-un-organisme-de-femmes-autochtones-transforme-lavenir-du-myanmar\/\">Rompre avec la tradition : Un organisme de femmes autochtones transforme l\u2019avenir du Myanmar<\/a><\/h3>\n                            <\/div>\n                        <\/div>\n                        <div class=\"postBottom\">\n                            <p class=\"infoPost\">Sep 04 2020<\/p>\n                        <\/div>\n                    <\/div>\n                <\/div>\n                            <div class=\"post post_169\">\n                    <div class=\"postBox\">\n                        <div class=\"postTop\">\n                            <div class=\"imgBox\">\n                                <img loading=\"lazy\" decoding=\"async\" width=\"400\" height=\"400\" src=\"https:\/\/cusointernational.org\/wp-content\/uploads\/DSC01978-400x400.jpg\" class=\"attachment-thumbnail size-thumbnail wp-post-image\" alt=\"Group of woman  putting handprints on large calendar\" \/>                                <div class=\"tags\">\n                                    stories                                <\/div>\n                            <\/div>\n                            <div class=\"infoBox\">\n                                <h3 class=\"h4\"><a href=\"https:\/\/cusointernational.org\/fr\/recit\/lunion-fait-la-force-la-lutte-pour-les-droits-des-femmes-au-perou\/\">L\u2019union fait la force : la lutte pour les droits des femmes au P\u00e9rou<\/a><\/h3>\n                            <\/div>\n                        <\/div>\n                        <div class=\"postBottom\">\n                            <p class=\"infoPost\">Sep 03 2020<\/p>\n                        <\/div>\n                    <\/div>\n                <\/div>\n                            <div class=\"post post_170\">\n                    <div class=\"postBox\">\n                        <div class=\"postTop\">\n                            <div class=\"imgBox\">\n                                <img loading=\"lazy\" decoding=\"async\" width=\"400\" height=\"400\" src=\"https:\/\/cusointernational.org\/wp-content\/uploads\/Cuso-Covid-Facebook-02-1536x804-1-400x400.jpg\" class=\"attachment-thumbnail size-thumbnail wp-post-image\" alt=\"Grid of many photos of women\" \/>                                <div class=\"tags\">\n                                    stories                                <\/div>\n                            <\/div>\n                            <div class=\"infoBox\">\n                                <h3 class=\"h4\"><a href=\"https:\/\/cusointernational.org\/fr\/recit\/compassion-au-temps-du-covid-19\/\">Compassion au temps du COVID-19<\/a><\/h3>\n                            <\/div>\n                        <\/div>\n                        <div class=\"postBottom\">\n                            <p class=\"infoPost\">Aug 12 2020<\/p>\n                        <\/div>\n                    <\/div>\n                <\/div>\n                            <div class=\"post post_171\">\n                    <div class=\"postBox\">\n                        <div class=\"postTop\">\n                            <div class=\"imgBox\">\n                                <img loading=\"lazy\" decoding=\"async\" width=\"400\" height=\"400\" src=\"https:\/\/cusointernational.org\/wp-content\/uploads\/Dispositif-complet-de-lavage-de-main-400x400.jpg\" class=\"attachment-thumbnail size-thumbnail wp-post-image\" alt=\"|||\" \/>                                <div class=\"tags\">\n                                    stories                                <\/div>\n                            <\/div>\n                            <div class=\"infoBox\">\n                                <h3 class=\"h4\"><a href=\"https:\/\/cusointernational.org\/fr\/recit\/aplatir-la-courbe-au-cameroun\/\">Aplatir la courbe au Cameroun<\/a><\/h3>\n                            <\/div>\n                        <\/div>\n                        <div class=\"postBottom\">\n                            <p class=\"infoPost\">Jul 09 2020<\/p>\n                        <\/div>\n                    <\/div>\n                <\/div>\n                            <div class=\"post post_172\">\n                    <div class=\"postBox\">\n                        <div class=\"postTop\">\n                            <div class=\"imgBox\">\n                                <img loading=\"lazy\" decoding=\"async\" width=\"400\" height=\"400\" src=\"https:\/\/cusointernational.org\/wp-content\/uploads\/Rosa-Cachi-resampled-donationform2-1-400x400.jpg\" class=\"attachment-thumbnail size-thumbnail wp-post-image\" alt=\"||\" \/>                                <div class=\"tags\">\n                                    stories                                <\/div>\n                            <\/div>\n                            <div class=\"infoBox\">\n                                <h3 class=\"h4\"><a href=\"https:\/\/cusointernational.org\/fr\/recit\/aide-durgence-pour-les-femmes-et-les-familles-peruviennes\/\">Aide d\u2019urgence pour les femmes et les familles p\u00e9ruviennes<\/a><\/h3>\n                            <\/div>\n                        <\/div>\n                        <div class=\"postBottom\">\n                            <p class=\"infoPost\">Jul 09 2020<\/p>\n                        <\/div>\n                    <\/div>\n                <\/div>\n                            <div class=\"post post_173\">\n                    <div class=\"postBox\">\n                        <div class=\"postTop\">\n                            <div class=\"imgBox\">\n                                <img loading=\"lazy\" decoding=\"async\" width=\"400\" height=\"400\" src=\"https:\/\/cusointernational.org\/wp-content\/uploads\/Tausi_DSC00864-400x400.jpg\" class=\"attachment-thumbnail size-thumbnail wp-post-image\" alt=\"|||\" \/>                                <div class=\"tags\">\n                                    stories                                <\/div>\n                            <\/div>\n                            <div class=\"infoBox\">\n                                <h3 class=\"h4\"><a href=\"https:\/\/cusointernational.org\/fr\/recit\/partager-les-competences-construire-lavenir-joan-et-david\/\">Partager les comp\u00e9tences, construire l'avenir : Joan et David<\/a><\/h3>\n                            <\/div>\n                        <\/div>\n                        <div class=\"postBottom\">\n                            <p class=\"infoPost\">Jun 26 2020<\/p>\n                        <\/div>\n                    <\/div>\n                <\/div>\n                            <div class=\"post post_174\">\n                    <div class=\"postBox\">\n                        <div class=\"postTop\">\n                            <div class=\"imgBox\">\n                                <img loading=\"lazy\" decoding=\"async\" width=\"400\" height=\"400\" src=\"https:\/\/cusointernational.org\/wp-content\/uploads\/Cameroon_2018-400x400.jpg\" class=\"attachment-thumbnail size-thumbnail wp-post-image\" alt=\"||||||||||||||||\" \/>                                <div class=\"tags\">\n                                    stories                                <\/div>\n                            <\/div>\n                            <div class=\"infoBox\">\n                                <h3 class=\"h4\"><a href=\"https:\/\/cusointernational.org\/fr\/recit\/entrevue-brian%e2%80%afatkinson\/\">Entrevue : Brian\u202fAtkinson<\/a><\/h3>\n                            <\/div>\n                        <\/div>\n                        <div class=\"postBottom\">\n                            <p class=\"infoPost\">Jun 18 2020<\/p>\n                        <\/div>\n                    <\/div>\n                <\/div>\n                            <div class=\"post post_175\">\n                    <div class=\"postBox\">\n                        <div class=\"postTop\">\n                            <div class=\"imgBox\">\n                                <img loading=\"lazy\" decoding=\"async\" width=\"400\" height=\"400\" src=\"https:\/\/cusointernational.org\/wp-content\/uploads\/A3_Autumn2019-400x400.jpg\" class=\"attachment-thumbnail size-thumbnail wp-post-image\" alt=\"Black and white group photo in tropical location\" \/>                                <div class=\"tags\">\n                                    stories                                <\/div>\n                            <\/div>\n                            <div class=\"infoBox\">\n                                <h3 class=\"h4\"><a href=\"https:\/\/cusointernational.org\/fr\/recit\/souvenirs-dautrefois-catalyseur-ete-2020\/\">Souvenirs d\u2019autrefois : Catalyseur \u00e9t\u00e9 2020<\/a><\/h3>\n                            <\/div>\n                        <\/div>\n                        <div class=\"postBottom\">\n                            <p class=\"infoPost\">Jun 17 2020<\/p>\n                        <\/div>\n                    <\/div>\n                <\/div>\n                            <div class=\"post post_176\">\n                    <div class=\"postBox\">\n                        <div class=\"postTop\">\n                            <div class=\"imgBox\">\n                                <img loading=\"lazy\" decoding=\"async\" width=\"400\" height=\"400\" src=\"https:\/\/cusointernational.org\/wp-content\/uploads\/SharonC_Tanzania-reunion_Sharon-Lorne-and-Jane_then-400x400.png\" class=\"attachment-thumbnail size-thumbnail wp-post-image\" alt=\"Old photograph of three people in mountain landscape\" \/>                                <div class=\"tags\">\n                                    stories                                <\/div>\n                            <\/div>\n                            <div class=\"infoBox\">\n                                <h3 class=\"h4\"><a href=\"https:\/\/cusointernational.org\/fr\/recit\/a-propos-des-anciens-catalyseur-ete-2020\/\">\u00c0 propos des anciens : Catalyseur \u00e9t\u00e9 2020<\/a><\/h3>\n                            <\/div>\n                        <\/div>\n                        <div class=\"postBottom\">\n                            <p class=\"infoPost\">Jun 16 2020<\/p>\n                        <\/div>\n                    <\/div>\n                <\/div>\n                            <div class=\"post post_177\">\n                    <div class=\"postBox\">\n                        <div class=\"postTop\">\n                            <div class=\"imgBox\">\n                                <img loading=\"lazy\" decoding=\"async\" width=\"400\" height=\"400\" src=\"https:\/\/cusointernational.org\/wp-content\/uploads\/Jutiapa_133-story-1-400x400.jpg\" class=\"attachment-thumbnail size-thumbnail wp-post-image\" alt=\"Woman smiling in front of plants\" \/>                                <div class=\"tags\">\n                                    stories                                <\/div>\n                            <\/div>\n                            <div class=\"infoBox\">\n                                <h3 class=\"h4\"><a href=\"https:\/\/cusointernational.org\/fr\/recit\/semer-le-changement-recolter-la-securite-alimentaire\/\">Semer le changement, r\u00e9colter la s\u00e9curit\u00e9 alimentaire<\/a><\/h3>\n                            <\/div>\n                        <\/div>\n                        <div class=\"postBottom\">\n                            <p class=\"infoPost\">Jun 02 2020<\/p>\n                        <\/div>\n                    <\/div>\n                <\/div>\n                            <div class=\"post post_178\">\n                    <div class=\"postBox\">\n                        <div class=\"postTop\">\n                            <div class=\"imgBox\">\n                                <img loading=\"lazy\" decoding=\"async\" width=\"400\" height=\"400\" src=\"https:\/\/cusointernational.org\/wp-content\/uploads\/Sylvia-cholitas-y-Yodaly-400x400.jpg\" class=\"attachment-thumbnail size-thumbnail wp-post-image\" alt=\"||\" \/>                                <div class=\"tags\">\n                                    stories                                <\/div>\n                            <\/div>\n                            <div class=\"infoBox\">\n                                <h3 class=\"h4\"><a href=\"https:\/\/cusointernational.org\/fr\/recit\/notre-mission-est-de-prendre-soin-des-gens\/\">\u00ab Notre mission est de prendre soin des gens \u00bb<\/a><\/h3>\n                            <\/div>\n                        <\/div>\n                        <div class=\"postBottom\">\n                            <p class=\"infoPost\">Jun 02 2020<\/p>\n                        <\/div>\n                    <\/div>\n                <\/div>\n                            <div class=\"post post_179\">\n                    <div class=\"postBox\">\n                        <div class=\"postTop\">\n                            <div class=\"imgBox\">\n                                <img loading=\"lazy\" decoding=\"async\" width=\"400\" height=\"400\" src=\"https:\/\/cusointernational.org\/wp-content\/uploads\/20190227_111255-AK-resize768-400x400.jpg\" class=\"attachment-thumbnail size-thumbnail wp-post-image\" alt=\"|||\" \/>                                <div class=\"tags\">\n                                    stories                                <\/div>\n                            <\/div>\n                            <div class=\"infoBox\">\n                                <h3 class=\"h4\"><a href=\"https:\/\/cusointernational.org\/fr\/recit\/lamour-du-travail\/\">L'Amour du travail<\/a><\/h3>\n                            <\/div>\n                        <\/div>\n                        <div class=\"postBottom\">\n                            <p class=\"infoPost\">Jun 01 2020<\/p>\n                        <\/div>\n                    <\/div>\n                <\/div>\n                            <div class=\"post post_180\">\n                    <div class=\"postBox\">\n                        <div class=\"postTop\">\n                            <div class=\"imgBox\">\n                                <img loading=\"lazy\" decoding=\"async\" width=\"400\" height=\"400\" src=\"https:\/\/cusointernational.org\/wp-content\/uploads\/Annotation-2020-05-29-120735-400x400.jpg\" class=\"attachment-thumbnail size-thumbnail wp-post-image\" alt=\"Group of children\" \/>                                <div class=\"tags\">\n                                    stories                                <\/div>\n                            <\/div>\n                            <div class=\"infoBox\">\n                                <h3 class=\"h4\"><a href=\"https:\/\/cusointernational.org\/fr\/recit\/voir-clairement-lacces-a-leducation-commence-par-une-bonne-paire-de-lunettes\/\">Voir clairement : l\u2019acc\u00e8s \u00e0 l\u2019\u00e9ducation commence par une bonne paire de lunettes<\/a><\/h3>\n                            <\/div>\n                        <\/div>\n                        <div class=\"postBottom\">\n                            <p class=\"infoPost\">May 29 2020<\/p>\n                        <\/div>\n                    <\/div>\n                <\/div>\n                            <div class=\"post post_181\">\n                    <div class=\"postBox\">\n                        <div class=\"postTop\">\n                            <div class=\"imgBox\">\n                                <img loading=\"lazy\" decoding=\"async\" width=\"400\" height=\"400\" src=\"https:\/\/cusointernational.org\/wp-content\/uploads\/Laongam__036_web-2-400x400.jpg\" class=\"attachment-thumbnail size-thumbnail wp-post-image\" alt=\"A woman working in a garden\" \/>                                <div class=\"tags\">\n                                    stories                                <\/div>\n                            <\/div>\n                            <div class=\"infoBox\">\n                                <h3 class=\"h4\"><a href=\"https:\/\/cusointernational.org\/fr\/recit\/villages-climato-intelligents-cultiver-lespoir-en-periode-de-pandemie\/\">Villages climato-intelligents : cultiver l\u2019espoir en p\u00e9riode de pand\u00e9mie<\/a><\/h3>\n                            <\/div>\n                        <\/div>\n                        <div class=\"postBottom\">\n                            <p class=\"infoPost\">May 08 2020<\/p>\n                        <\/div>\n                    <\/div>\n                <\/div>\n                            <div class=\"post post_182\">\n                    <div class=\"postBox\">\n                        <div class=\"postTop\">\n                            <div class=\"imgBox\">\n                                <img loading=\"lazy\" decoding=\"async\" width=\"400\" height=\"243\" src=\"https:\/\/cusointernational.org\/wp-content\/uploads\/Benin2-400x243.jpg\" class=\"attachment-thumbnail size-thumbnail wp-post-image\" alt=\"Group photo, everyone wearing face masks\" \/>                                <div class=\"tags\">\n                                    stories                                <\/div>\n                            <\/div>\n                            <div class=\"infoBox\">\n                                <h3 class=\"h4\"><a href=\"https:\/\/cusointernational.org\/fr\/recit\/la-mobilisation-pour-la-dignite-humaine-ne-sarrete-pas\/\">La mobilisation pour la dignit\u00e9 humaine ne s\u2019arr\u00eate pas<\/a><\/h3>\n                            <\/div>\n                        <\/div>\n                        <div class=\"postBottom\">\n                            <p class=\"infoPost\">May 08 2020<\/p>\n                        <\/div>\n                    <\/div>\n                <\/div>\n                            <div class=\"post post_183\">\n                    <div class=\"postBox\">\n                        <div class=\"postTop\">\n                            <div class=\"imgBox\">\n                                <img loading=\"lazy\" decoding=\"async\" width=\"400\" height=\"400\" src=\"https:\/\/cusointernational.org\/wp-content\/uploads\/IMG-20200404-WA0007-400x400.jpg\" class=\"attachment-thumbnail size-thumbnail wp-post-image\" alt=\"Family wearing face masks\" \/>                                <div class=\"tags\">\n                                    stories                                <\/div>\n                            <\/div>\n                            <div class=\"infoBox\">\n                                <h3 class=\"h4\"><a href=\"https:\/\/cusointernational.org\/fr\/recit\/entrevue-avec-david-forest-directeur-des-programmes-pour-lafrique\/\">Entrevue avec David Forest, directeur des programmes pour l\u2019Afrique<\/a><\/h3>\n                            <\/div>\n                        <\/div>\n                        <div class=\"postBottom\">\n                            <p class=\"infoPost\">May 05 2020<\/p>\n                        <\/div>\n                    <\/div>\n                <\/div>\n                            <div class=\"post post_184\">\n                    <div class=\"postBox\">\n                        <div class=\"postTop\">\n                            <div class=\"imgBox\">\n                                <img loading=\"lazy\" decoding=\"async\" width=\"400\" height=\"400\" src=\"https:\/\/cusointernational.org\/wp-content\/uploads\/20190518_103428_001-RMC-Be\u0301ne\u0301dicte-400x400.jpg\" class=\"attachment-thumbnail size-thumbnail wp-post-image\" alt=\"|||||||\" \/>                                <div class=\"tags\">\n                                    stories                                <\/div>\n                            <\/div>\n                            <div class=\"infoBox\">\n                                <h3 class=\"h4\"><a href=\"https:\/\/cusointernational.org\/fr\/recit\/en-rdc-des-parents-et-des-praticiens-constatent-lamelioration-des-soins-maternels\/\">En RDC, des parents et des praticiens constatent l\u2019am\u00e9lioration des soins maternels<\/a><\/h3>\n                            <\/div>\n                        <\/div>\n                        <div class=\"postBottom\">\n                            <p class=\"infoPost\">May 01 2020<\/p>\n                        <\/div>\n                    <\/div>\n                <\/div>\n                            <div class=\"post post_185\">\n                    <div class=\"postBox\">\n                        <div class=\"postTop\">\n                            <div class=\"imgBox\">\n                                <img loading=\"lazy\" decoding=\"async\" width=\"400\" height=\"400\" src=\"https:\/\/cusointernational.org\/wp-content\/uploads\/Cuso-Covid-Facebook-02-400x400.jpg\" class=\"attachment-thumbnail size-thumbnail wp-post-image\" alt=\"Grid of many women&#039;s portraits\" \/>                                <div class=\"tags\">\n                                    stories                                <\/div>\n                            <\/div>\n                            <div class=\"infoBox\">\n                                <h3 class=\"h4\"><a href=\"https:\/\/cusointernational.org\/fr\/recit\/compassion-au-temps-du-covid-19-2\/\">Compassion au temps du COVID-19<\/a><\/h3>\n                            <\/div>\n                        <\/div>\n                        <div class=\"postBottom\">\n                            <p class=\"infoPost\">Apr 14 2020<\/p>\n                        <\/div>\n                    <\/div>\n                <\/div>\n                            <div class=\"post post_186\">\n                    <div class=\"postBox\">\n                        <div class=\"postTop\">\n                            <div class=\"imgBox\">\n                                <img loading=\"lazy\" decoding=\"async\" width=\"400\" height=\"400\" src=\"https:\/\/cusointernational.org\/wp-content\/uploads\/SCOPE_Tomasa2-400x400.jpg\" class=\"attachment-thumbnail size-thumbnail wp-post-image\" alt=\"A woman posting with several  wovenbags\" \/>                                <div class=\"tags\">\n                                    stories                                <\/div>\n                            <\/div>\n                            <div class=\"infoBox\">\n                                <h3 class=\"h4\"><a href=\"https:\/\/cusointernational.org\/fr\/recit\/microentreprises-grands-resultats\/\">Microentreprises, grands r\u00e9sultats<\/a><\/h3>\n                            <\/div>\n                        <\/div>\n                        <div class=\"postBottom\">\n                            <p class=\"infoPost\">Jan 31 2020<\/p>\n                        <\/div>\n                    <\/div>\n                <\/div>\n                            <div class=\"post post_187\">\n                    <div class=\"postBox\">\n                        <div class=\"postTop\">\n                            <div class=\"imgBox\">\n                                <img loading=\"lazy\" decoding=\"async\" width=\"400\" height=\"400\" src=\"https:\/\/cusointernational.org\/wp-content\/uploads\/DEMUS_4-1-400x400.jpg\" class=\"attachment-thumbnail size-thumbnail wp-post-image\" alt=\"Girl holding a handwritten sign\" \/>                                <div class=\"tags\">\n                                    stories                                <\/div>\n                            <\/div>\n                            <div class=\"infoBox\">\n                                <h3 class=\"h4\"><a href=\"https:\/\/cusointernational.org\/fr\/recit\/quest-ce-que-la-violence-basee-sur-le-genre-sarah-pentlow-experte-en-genre-explique\/\">Qu'est-ce que la violence bas\u00e9e sur le genre ? Sarah Pentlow, experte en genre, explique<\/a><\/h3>\n                            <\/div>\n                        <\/div>\n                        <div class=\"postBottom\">\n                            <p class=\"infoPost\">Dec 10 2019<\/p>\n                        <\/div>\n                    <\/div>\n                <\/div>\n                            <div class=\"post post_188\">\n                    <div class=\"postBox\">\n                        <div class=\"postTop\">\n                            <div class=\"imgBox\">\n                                <img loading=\"lazy\" decoding=\"async\" width=\"400\" height=\"400\" src=\"https:\/\/cusointernational.org\/wp-content\/uploads\/Photo-Katherine12-400x400.jpg\" class=\"attachment-thumbnail size-thumbnail wp-post-image\" alt=\"||||||\" \/>                                <div class=\"tags\">\n                                    stories                                <\/div>\n                            <\/div>\n                            <div class=\"infoBox\">\n                                <h3 class=\"h4\"><a href=\"https:\/\/cusointernational.org\/fr\/recit\/ils-font-un-peu-partie-de-ma-famille-le-pouvoir-de-transformation-de-lecotourisme-dans-les-villages-andins\/\">\u00ab\u202fIls font un peu partie de ma famille\u202f\u00bb\u202f: le pouvoir de transformation de l\u2019\u00e9cotourisme dans les villages andins<\/a><\/h3>\n                            <\/div>\n                        <\/div>\n                        <div class=\"postBottom\">\n                            <p class=\"infoPost\">Dec 06 2019<\/p>\n                        <\/div>\n                    <\/div>\n                <\/div>\n                            <div class=\"post post_189\">\n                    <div class=\"postBox\">\n                        <div class=\"postTop\">\n                            <div class=\"imgBox\">\n                                <img loading=\"lazy\" decoding=\"async\" width=\"400\" height=\"400\" src=\"https:\/\/cusointernational.org\/wp-content\/uploads\/Option1_Day6_Benin_631-story-400x400.jpg\" class=\"attachment-thumbnail size-thumbnail wp-post-image\" alt=\"Woman carrying a baby on her back\" \/>                                <div class=\"tags\">\n                                    stories                                <\/div>\n                            <\/div>\n                            <div class=\"infoBox\">\n                                <h3 class=\"h4\"><a href=\"https:\/\/cusointernational.org\/fr\/recit\/femmes-engagees-pour-la-dignite-humaine-dans-le-nord-du-benin\/\">Femmes engag\u00e9es pour la dignit\u00e9 humaine dans le Nord du B\u00e9nin<\/a><\/h3>\n                            <\/div>\n                        <\/div>\n                        <div class=\"postBottom\">\n                            <p class=\"infoPost\">Dec 06 2019<\/p>\n                        <\/div>\n                    <\/div>\n                <\/div>\n                            <div class=\"post post_190\">\n                    <div class=\"postBox\">\n                        <div class=\"postTop\">\n                            <div class=\"imgBox\">\n                                <img loading=\"lazy\" decoding=\"async\" width=\"400\" height=\"400\" src=\"https:\/\/cusointernational.org\/wp-content\/uploads\/Asosa__554-400x400.jpg\" class=\"attachment-thumbnail size-thumbnail wp-post-image\" alt=\"\" \/>                                <div class=\"tags\">\n                                    stories                                <\/div>\n                            <\/div>\n                            <div class=\"infoBox\">\n                                <h3 class=\"h4\"><a href=\"https:\/\/cusointernational.org\/fr\/recit\/accroitre-la-frequentation-scolaire-des-filles-en-ethiopie\/\">Accro\u00eetre la fr\u00e9quentation scolaire des filles en \u00c9thiopie<\/a><\/h3>\n                            <\/div>\n                        <\/div>\n                        <div class=\"postBottom\">\n                            <p class=\"infoPost\">Dec 06 2019<\/p>\n                        <\/div>\n                    <\/div>\n                <\/div>\n                            <div class=\"post post_191\">\n                    <div class=\"postBox\">\n                        <div class=\"postTop\">\n                            <div class=\"imgBox\">\n                                <img loading=\"lazy\" decoding=\"async\" width=\"400\" height=\"400\" src=\"https:\/\/cusointernational.org\/wp-content\/uploads\/Manuelas-Marcha-8M-2018-400x400.jpg\" class=\"attachment-thumbnail size-thumbnail wp-post-image\" alt=\"||\" \/>                                <div class=\"tags\">\n                                    stories                                <\/div>\n                            <\/div>\n                            <div class=\"infoBox\">\n                                <h3 class=\"h4\"><a href=\"https:\/\/cusointernational.org\/fr\/recit\/defendre-les-droits-des-femmes-au-perou-lorsquon-parle-a-lunisson-nos-voix-portent-davantage\/\">D\u00e9fendre les droits des femmes au P\u00e9rou : \u00ab Lorsqu\u2019on parle \u00e0 l\u2019unisson, nos voix portent davantage \u00bb<\/a><\/h3>\n                            <\/div>\n                        <\/div>\n                        <div class=\"postBottom\">\n                            <p class=\"infoPost\">Dec 06 2019<\/p>\n                        <\/div>\n                    <\/div>\n                <\/div>\n                            <div class=\"post post_192\">\n                    <div class=\"postBox\">\n                        <div class=\"postTop\">\n                            <div class=\"imgBox\">\n                                <img loading=\"lazy\" decoding=\"async\" width=\"400\" height=\"400\" src=\"https:\/\/cusointernational.org\/wp-content\/uploads\/Awae__312-1-400x400.jpg\" class=\"attachment-thumbnail size-thumbnail wp-post-image\" alt=\"|\" \/>                                <div class=\"tags\">\n                                    stories                                <\/div>\n                            <\/div>\n                            <div class=\"infoBox\">\n                                <h3 class=\"h4\"><a href=\"https:\/\/cusointernational.org\/fr\/recit\/remettre-le-pouvoir-entre-les-mains-des-citoyens\/\">Remettre le pouvoir entre les mains des citoyens<\/a><\/h3>\n                            <\/div>\n                        <\/div>\n                        <div class=\"postBottom\">\n                            <p class=\"infoPost\">Nov 07 2019<\/p>\n                        <\/div>\n                    <\/div>\n                <\/div>\n                            <div class=\"post post_193\">\n                    <div class=\"postBox\">\n                        <div class=\"postTop\">\n                            <div class=\"imgBox\">\n                                <img loading=\"lazy\" decoding=\"async\" width=\"400\" height=\"400\" src=\"https:\/\/cusointernational.org\/wp-content\/uploads\/Dr-Bruce-400x400.jpg\" class=\"attachment-thumbnail size-thumbnail wp-post-image\" alt=\"Dr Bruce in Tanzania\" \/>                                <div class=\"tags\">\n                                    stories                                <\/div>\n                            <\/div>\n                            <div class=\"infoBox\">\n                                <h3 class=\"h4\"><a href=\"https:\/\/cusointernational.org\/fr\/recit\/soins-sante-tanzanie\/\">Coup de main pour les soins de sant\u00e9 en Tanzanie<\/a><\/h3>\n                            <\/div>\n                        <\/div>\n                        <div class=\"postBottom\">\n                            <p class=\"infoPost\">Oct 01 2019<\/p>\n                        <\/div>\n                    <\/div>\n                <\/div>\n                            <div class=\"post post_194\">\n                    <div class=\"postBox\">\n                        <div class=\"postTop\">\n                            <div class=\"imgBox\">\n                                <img loading=\"lazy\" decoding=\"async\" width=\"200\" height=\"200\" src=\"https:\/\/cusointernational.org\/wp-content\/uploads\/cuso-home-khamoom-story-200x200.jpg\" class=\"attachment-thumbnail size-thumbnail wp-post-image\" alt=\"\" \/>                                <div class=\"tags\">\n                                    stories                                <\/div>\n                            <\/div>\n                            <div class=\"infoBox\">\n                                <h3 class=\"h4\"><a href=\"https:\/\/cusointernational.org\/fr\/recit\/recette-du-changement-birmanes\/\">Concocter le changement au Myanmar (Birmanie)<\/a><\/h3>\n                            <\/div>\n                        <\/div>\n                        <div class=\"postBottom\">\n                            <p class=\"infoPost\">Sep 30 2019<\/p>\n                        <\/div>\n                    <\/div>\n                <\/div>\n                            <div class=\"post post_195\">\n                    <div class=\"postBox\">\n                        <div class=\"postTop\">\n                            <div class=\"imgBox\">\n                                <img loading=\"lazy\" decoding=\"async\" width=\"400\" height=\"400\" src=\"https:\/\/cusointernational.org\/wp-content\/uploads\/Sharing-skills-400x400.png\" class=\"attachment-thumbnail size-thumbnail wp-post-image\" alt=\"Three women smiling\" \/>                                <div class=\"tags\">\n                                    stories                                <\/div>\n                            <\/div>\n                            <div class=\"infoBox\">\n                                <h3 class=\"h4\"><a href=\"https:\/\/cusointernational.org\/fr\/recit\/femmes-autochtones-bolivie\/\">Entreprise florissante en Bolivie : Des entrepreneures autochtones transforment des plantes en une source de revenus<\/a><\/h3>\n                            <\/div>\n                        <\/div>\n                        <div class=\"postBottom\">\n                            <p class=\"infoPost\">Sep 30 2019<\/p>\n                        <\/div>\n                    <\/div>\n                <\/div>\n                            <div class=\"post post_196\">\n                    <div class=\"postBox\">\n                        <div class=\"postTop\">\n                            <div class=\"imgBox\">\n                                <img loading=\"lazy\" decoding=\"async\" width=\"400\" height=\"400\" src=\"https:\/\/cusointernational.org\/wp-content\/uploads\/App_Awae__372-400x400.jpg\" class=\"attachment-thumbnail size-thumbnail wp-post-image\" alt=\"Two woman in field, holding smart phone\" \/>                                <div class=\"tags\">\n                                    stories                                <\/div>\n                            <\/div>\n                            <div class=\"infoBox\">\n                                <h3 class=\"h4\"><a href=\"https:\/\/cusointernational.org\/fr\/recit\/une-application-a-la-rescousse\/\">Une application \u00e0 la rescousse!<\/a><\/h3>\n                            <\/div>\n                        <\/div>\n                        <div class=\"postBottom\">\n                            <p class=\"infoPost\">Sep 28 2019<\/p>\n                        <\/div>\n                    <\/div>\n                <\/div>\n                            <div class=\"post post_197\">\n                    <div class=\"postBox\">\n                        <div class=\"postTop\">\n                            <div class=\"imgBox\">\n                                <img loading=\"lazy\" decoding=\"async\" width=\"400\" height=\"400\" src=\"https:\/\/cusointernational.org\/wp-content\/uploads\/7-400x400.jpg\" class=\"attachment-thumbnail size-thumbnail wp-post-image\" alt=\"Woman with infant\" \/>                                <div class=\"tags\">\n                                    stories                                <\/div>\n                            <\/div>\n                            <div class=\"infoBox\">\n                                <h3 class=\"h4\"><a href=\"https:\/\/cusointernational.org\/fr\/recit\/sauver-la-vie-de-meres-ethiopiennes-et-de-leurs-enfants\/\">Sauver la vie de m\u00e8res \u00c9thiopiennes et de leurs enfants<\/a><\/h3>\n                            <\/div>\n                        <\/div>\n                        <div class=\"postBottom\">\n                            <p class=\"infoPost\">Sep 17 2019<\/p>\n                        <\/div>\n                    <\/div>\n                <\/div>\n                            <div class=\"post post_198\">\n                    <div class=\"postBox\">\n                        <div class=\"postTop\">\n                            <div class=\"imgBox\">\n                                <img loading=\"lazy\" decoding=\"async\" width=\"400\" height=\"400\" src=\"https:\/\/cusointernational.org\/wp-content\/uploads\/DSCN0366_web-400x400.jpg\" class=\"attachment-thumbnail size-thumbnail wp-post-image\" alt=\"Woman with chickens\" \/>                                <div class=\"tags\">\n                                    stories                                <\/div>\n                            <\/div>\n                            <div class=\"infoBox\">\n                                <h3 class=\"h4\"><a href=\"https:\/\/cusointernational.org\/fr\/recit\/paver-la-voie\/\">Paver la voie<\/a><\/h3>\n                            <\/div>\n                        <\/div>\n                        <div class=\"postBottom\">\n                            <p class=\"infoPost\">Jul 18 2019<\/p>\n                        <\/div>\n                    <\/div>\n                <\/div>\n                            <div class=\"post post_199\">\n                    <div class=\"postBox\">\n                        <div class=\"postTop\">\n                            <div class=\"imgBox\">\n                                <img loading=\"lazy\" decoding=\"async\" width=\"400\" height=\"400\" src=\"https:\/\/cusointernational.org\/wp-content\/uploads\/58years-400x400.jpg\" class=\"attachment-thumbnail size-thumbnail wp-post-image\" alt=\"Old photo of three people in field\" \/>                                <div class=\"tags\">\n                                    stories                                <\/div>\n                            <\/div>\n                            <div class=\"infoBox\">\n                                <h3 class=\"h4\"><a href=\"https:\/\/cusointernational.org\/fr\/recit\/joyeux-58e-anniversaire-cuso-international\/\">Joyeux 58e anniversaire, Cuso International!<\/a><\/h3>\n                            <\/div>\n                        <\/div>\n                        <div class=\"postBottom\">\n                            <p class=\"infoPost\">May 30 2019<\/p>\n                        <\/div>\n                    <\/div>\n                <\/div>\n                            <div class=\"post post_200\">\n                    <div class=\"postBox\">\n                        <div class=\"postTop\">\n                            <div class=\"imgBox\">\n                                <img loading=\"lazy\" decoding=\"async\" width=\"400\" height=\"400\" src=\"https:\/\/cusointernational.org\/wp-content\/uploads\/20181217_172133-ENN-400x400.jpg\" class=\"attachment-thumbnail size-thumbnail wp-post-image\" alt=\"Man smiling at the camera\" \/>                                <div class=\"tags\">\n                                    stories                                <\/div>\n                            <\/div>\n                            <div class=\"infoBox\">\n                                <h3 class=\"h4\"><a href=\"https:\/\/cusointernational.org\/fr\/recit\/a-la-rencontre-des-sages-femmes-emmanuel-nicus-nyagor\/\">\u00c0 la rencontre des sages-femmes : Emmanuel Nicus Nyagor<\/a><\/h3>\n                            <\/div>\n                        <\/div>\n                        <div class=\"postBottom\">\n                            <p class=\"infoPost\">May 17 2019<\/p>\n                        <\/div>\n                    <\/div>\n                <\/div>\n                            <div class=\"post post_201\">\n                    <div class=\"postBox\">\n                        <div class=\"postTop\">\n                            <div class=\"imgBox\">\n                                <img loading=\"lazy\" decoding=\"async\" width=\"400\" height=\"400\" src=\"https:\/\/cusointernational.org\/wp-content\/uploads\/20181218_160742-DK_web-400x400.jpg\" class=\"attachment-thumbnail size-thumbnail wp-post-image\" alt=\"Woman in front of paved  path\" \/>                                <div class=\"tags\">\n                                    stories                                <\/div>\n                            <\/div>\n                            <div class=\"infoBox\">\n                                <h3 class=\"h4\"><a href=\"https:\/\/cusointernational.org\/fr\/recit\/a-la-rencontre-des-sages-femmes-dina-kamata\/\">A la rencontre des sages-femmes: Dina Kamata<\/a><\/h3>\n                            <\/div>\n                        <\/div>\n                        <div class=\"postBottom\">\n                            <p class=\"infoPost\">May 10 2019<\/p>\n                        <\/div>\n                    <\/div>\n                <\/div>\n                            <div class=\"post post_202\">\n                    <div class=\"postBox\">\n                        <div class=\"postTop\">\n                            <div class=\"imgBox\">\n                                <img loading=\"lazy\" decoding=\"async\" width=\"400\" height=\"400\" src=\"https:\/\/cusointernational.org\/wp-content\/uploads\/1_GsBujjq0wNIoYxFP0TT9cA-400x400.jpeg\" class=\"attachment-thumbnail size-thumbnail wp-post-image\" alt=\"|\" \/>                                <div class=\"tags\">\n                                    stories                                <\/div>\n                            <\/div>\n                            <div class=\"infoBox\">\n                                <h3 class=\"h4\"><a href=\"https:\/\/cusointernational.org\/fr\/recit\/nous-ne-resterons-pas-silencieux\/\">Nous ne resterons pas silencieux<\/a><\/h3>\n                            <\/div>\n                        <\/div>\n                        <div class=\"postBottom\">\n                            <p class=\"infoPost\">Apr 30 2019<\/p>\n                        <\/div>\n                    <\/div>\n                <\/div>\n                            <div class=\"post post_203\">\n                    <div class=\"postBox\">\n                        <div class=\"postTop\">\n                            <div class=\"imgBox\">\n                                <img loading=\"lazy\" decoding=\"async\" width=\"400\" height=\"400\" src=\"https:\/\/cusointernational.org\/wp-content\/uploads\/1_ZFObZRREAhKoMIidUc7fgw-400x400.jpeg\" class=\"attachment-thumbnail size-thumbnail wp-post-image\" alt=\"Group photo with mountains in background\" \/>                                <div class=\"tags\">\n                                    stories                                <\/div>\n                            <\/div>\n                            <div class=\"infoBox\">\n                                <h3 class=\"h4\"><a href=\"https:\/\/cusointernational.org\/fr\/recit\/une-randonnee-qui-change-le-monde-mission-accomplie\/\">Une randonn\u00e9e qui change le monde : mission accomplie!<\/a><\/h3>\n                            <\/div>\n                        <\/div>\n                        <div class=\"postBottom\">\n                            <p class=\"infoPost\">Apr 30 2019<\/p>\n                        <\/div>\n                    <\/div>\n                <\/div>\n                            <div class=\"post post_204\">\n                    <div class=\"postBox\">\n                        <div class=\"postTop\">\n                            <div class=\"imgBox\">\n                                <img loading=\"lazy\" decoding=\"async\" width=\"400\" height=\"400\" src=\"https:\/\/cusointernational.org\/wp-content\/uploads\/1_MEyElBM7BuV2aQt_5ba2bQ-400x400.jpeg\" class=\"attachment-thumbnail size-thumbnail wp-post-image\" alt=\"Woman smiling\" \/>                                <div class=\"tags\">\n                                    stories                                <\/div>\n                            <\/div>\n                            <div class=\"infoBox\">\n                                <h3 class=\"h4\"><a href=\"https:\/\/cusointernational.org\/fr\/recit\/il-faut-un-village-pour-atteindre-legalite-entre-les-femmes-et-les-hommes\/\">Il faut un village pour atteindre l\u2019\u00e9galit\u00e9 entre les femmes et les hommes<\/a><\/h3>\n                            <\/div>\n                        <\/div>\n                        <div class=\"postBottom\">\n                            <p class=\"infoPost\">Apr 22 2019<\/p>\n                        <\/div>\n                    <\/div>\n                <\/div>\n                            <div class=\"post post_205\">\n                    <div class=\"postBox\">\n                        <div class=\"postTop\">\n                            <div class=\"imgBox\">\n                                <img loading=\"lazy\" decoding=\"async\" width=\"400\" height=\"398\" src=\"https:\/\/cusointernational.org\/wp-content\/uploads\/1_IQtMrlJW_uJZRUXTdqrc6A-400x398.jpeg\" class=\"attachment-thumbnail size-thumbnail wp-post-image\" alt=\"Women holding signs\" \/>                                <div class=\"tags\">\n                                    stories                                <\/div>\n                            <\/div>\n                            <div class=\"infoBox\">\n                                <h3 class=\"h4\"><a href=\"https:\/\/cusointernational.org\/fr\/recit\/se-porter-volontaire-pour-mettre-fin-a-la-violence\/\">Se porter volontaire pour mettre fin \u00e0 la violence<\/a><\/h3>\n                            <\/div>\n                        <\/div>\n                        <div class=\"postBottom\">\n                            <p class=\"infoPost\">Apr 22 2019<\/p>\n                        <\/div>\n                    <\/div>\n                <\/div>\n                            <div class=\"post post_206\">\n                    <div class=\"postBox\">\n                        <div class=\"postTop\">\n                            <div class=\"imgBox\">\n                                <img loading=\"lazy\" decoding=\"async\" width=\"400\" height=\"400\" src=\"https:\/\/cusointernational.org\/wp-content\/uploads\/ET1-400x400.jpg\" class=\"attachment-thumbnail size-thumbnail wp-post-image\" alt=\"Woman with bicycle\" \/>                                <div class=\"tags\">\n                                    stories                                <\/div>\n                            <\/div>\n                            <div class=\"infoBox\">\n                                <h3 class=\"h4\"><a href=\"https:\/\/cusointernational.org\/fr\/recit\/le-travail-dune-cooperante-volontaire-reconnu-par-lonu%e2%80%af-cuso-international-fait-sa-marque-dans-la-lutte-aux-changements-climatiques\/\">Le travail d\u2019une coop\u00e9rante-volontaire reconnu par l\u2019ONU\u202f: Cuso International fait sa marque dans la lutte aux changements climatiques<\/a><\/h3>\n                            <\/div>\n                        <\/div>\n                        <div class=\"postBottom\">\n                            <p class=\"infoPost\">Apr 16 2019<\/p>\n                        <\/div>\n                    <\/div>\n                <\/div>\n                            <div class=\"post post_207\">\n                    <div class=\"postBox\">\n                        <div class=\"postTop\">\n                            <div class=\"imgBox\">\n                                <img loading=\"lazy\" decoding=\"async\" width=\"400\" height=\"400\" src=\"https:\/\/cusointernational.org\/wp-content\/uploads\/DSC_0318-e1596743060740-400x400.jpg\" class=\"attachment-thumbnail size-thumbnail wp-post-image\" alt=\"|||||\" \/>                                <div class=\"tags\">\n                                    stories                                <\/div>\n                            <\/div>\n                            <div class=\"infoBox\">\n                                <h3 class=\"h4\"><a href=\"https:\/\/cusointernational.org\/fr\/recit\/surmonter-les-obstacles-grace-a-youlead\/\">Les jeunes femmes surmontent les obstacles gr\u00e2ce \u00e0 YouLead<\/a><\/h3>\n                            <\/div>\n                        <\/div>\n                        <div class=\"postBottom\">\n                            <p class=\"infoPost\">Apr 16 2019<\/p>\n                        <\/div>\n                    <\/div>\n                <\/div>\n                            <div class=\"post post_208\">\n                    <div class=\"postBox\">\n                        <div class=\"postTop\">\n                            <div class=\"imgBox\">\n                                <img loading=\"lazy\" decoding=\"async\" width=\"400\" height=\"400\" src=\"https:\/\/cusointernational.org\/wp-content\/uploads\/20190111_144204TWINS_cropped-400x400.jpg\" class=\"attachment-thumbnail size-thumbnail wp-post-image\" alt=\"Group  photo\" \/>                                <div class=\"tags\">\n                                    stories                                <\/div>\n                            <\/div>\n                            <div class=\"infoBox\">\n                                <h3 class=\"h4\"><a href=\"https:\/\/cusointernational.org\/fr\/recit\/lunion-fait-la-force-le-partenariat-umoja-unit-les-sages-femmes-canadiennes-et-tanzaniennes\/\">L\u2019Union fait la force: le partenariat Umoja unit les sages-femmes canadiennes et tanzaniennes<\/a><\/h3>\n                            <\/div>\n                        <\/div>\n                        <div class=\"postBottom\">\n                            <p class=\"infoPost\">Mar 08 2019<\/p>\n                        <\/div>\n                    <\/div>\n                <\/div>\n                            <div class=\"post post_209\">\n                    <div class=\"postBox\">\n                        <div class=\"postTop\">\n                            <div class=\"imgBox\">\n                                <img loading=\"lazy\" decoding=\"async\" width=\"400\" height=\"400\" src=\"https:\/\/cusointernational.org\/wp-content\/uploads\/Kribi__489_cropped-400x400.jpg\" class=\"attachment-thumbnail size-thumbnail wp-post-image\" alt=\"Woman with microphone and headphones\" \/>                                <div class=\"tags\">\n                                    stories                                <\/div>\n                            <\/div>\n                            <div class=\"infoBox\">\n                                <h3 class=\"h4\"><a href=\"https:\/\/cusointernational.org\/fr\/recit\/la-voix-de-marie-therese-transforme-la-vie-des-gens\/\">La voix de Marie Th\u00e9r\u00e8se transforme la vie des gens<\/a><\/h3>\n                            <\/div>\n                        <\/div>\n                        <div class=\"postBottom\">\n                            <p class=\"infoPost\">Jan 30 2019<\/p>\n                        <\/div>\n                    <\/div>\n                <\/div>\n                            <div class=\"post post_210\">\n                    <div class=\"postBox\">\n                        <div class=\"postTop\">\n                            <div class=\"imgBox\">\n                                <img loading=\"lazy\" decoding=\"async\" width=\"400\" height=\"376\" src=\"https:\/\/cusointernational.org\/wp-content\/uploads\/IMG_3298_banner-400x376.jpg\" class=\"attachment-thumbnail size-thumbnail wp-post-image\" alt=\"Group photo in front of mountain\" \/>                                <div class=\"tags\">\n                                    stories                                <\/div>\n                            <\/div>\n                            <div class=\"infoBox\">\n                                <h3 class=\"h4\"><a href=\"https:\/\/cusointernational.org\/fr\/recit\/gravir-le-machu-picchu-ca-change-le-monde\/\">Gravir le Machu Picchu, \u00e7a change le monde!<\/a><\/h3>\n                            <\/div>\n                        <\/div>\n                        <div class=\"postBottom\">\n                            <p class=\"infoPost\">Jan 03 2019<\/p>\n                        <\/div>\n                    <\/div>\n                <\/div>\n                            <div class=\"post post_211\">\n                    <div class=\"postBox\">\n                        <div class=\"postTop\">\n                            <div class=\"imgBox\">\n                                <img loading=\"lazy\" decoding=\"async\" width=\"400\" height=\"400\" src=\"https:\/\/cusointernational.org\/wp-content\/uploads\/Nathan1-400x400.jpg\" class=\"attachment-thumbnail size-thumbnail wp-post-image\" alt=\"Man in woods\" \/>                                <div class=\"tags\">\n                                    stories                                <\/div>\n                            <\/div>\n                            <div class=\"infoBox\">\n                                <h3 class=\"h4\"><a href=\"https:\/\/cusointernational.org\/fr\/recit\/le-gout-de-la-reussite-donner-un-coup-de-pouce-aux-etudiants-des-territoires-du-nord-ouest\/\">Le go\u00fbt de la r\u00e9ussite : donner un coup de pouce aux \u00e9tudiants des Territoires du Nord-Ouest<\/a><\/h3>\n                            <\/div>\n                        <\/div>\n                        <div class=\"postBottom\">\n                            <p class=\"infoPost\">Dec 14 2018<\/p>\n                        <\/div>\n                    <\/div>\n                <\/div>\n                            <div class=\"post post_212\">\n                    <div class=\"postBox\">\n                        <div class=\"postTop\">\n                            <div class=\"imgBox\">\n                                <img loading=\"lazy\" decoding=\"async\" width=\"400\" height=\"400\" src=\"https:\/\/cusointernational.org\/wp-content\/uploads\/Modesto2-400x400.jpg\" class=\"attachment-thumbnail size-thumbnail wp-post-image\" alt=\"Two men with bull\" \/>                                <div class=\"tags\">\n                                    stories                                <\/div>\n                            <\/div>\n                            <div class=\"infoBox\">\n                                <h3 class=\"h4\"><a href=\"https:\/\/cusointernational.org\/fr\/recit\/idees-nouvelles-aider-les-cultivateurs-philippins-a-prosperer\/\">Id\u00e9es nouvelles : aider les cultivateurs philippins \u00e0 prosp\u00e9rer<\/a><\/h3>\n                            <\/div>\n                        <\/div>\n                        <div class=\"postBottom\">\n                            <p class=\"infoPost\">Dec 14 2018<\/p>\n                        <\/div>\n                    <\/div>\n                <\/div>\n                            <div class=\"post post_213\">\n                    <div class=\"postBox\">\n                        <div class=\"postTop\">\n                            <div class=\"imgBox\">\n                                <img loading=\"lazy\" decoding=\"async\" width=\"400\" height=\"400\" src=\"https:\/\/cusointernational.org\/wp-content\/uploads\/Asosa__286-400x400.jpg\" class=\"attachment-thumbnail size-thumbnail wp-post-image\" alt=\"Woman holding baby with doctor\" \/>                                <div class=\"tags\">\n                                    stories                                <\/div>\n                            <\/div>\n                            <div class=\"infoBox\">\n                                <h3 class=\"h4\"><a href=\"https:\/\/cusointernational.org\/fr\/recit\/des-medecins-ethiopiens-sauvent-un-garcon-atteint-de-la-malaria\/\">Des m\u00e9decins \u00e9thiopiens sauvent un gar\u00e7on atteint de la malaria<\/a><\/h3>\n                            <\/div>\n                        <\/div>\n                        <div class=\"postBottom\">\n                            <p class=\"infoPost\">Dec 14 2018<\/p>\n                        <\/div>\n                    <\/div>\n                <\/div>\n                            <div class=\"post post_214\">\n                    <div class=\"postBox\">\n                        <div class=\"postTop\">\n                            <div class=\"imgBox\">\n                                <img loading=\"lazy\" decoding=\"async\" width=\"400\" height=\"400\" src=\"https:\/\/cusointernational.org\/wp-content\/uploads\/CR-in-rice-field-400x400.jpg\" class=\"attachment-thumbnail size-thumbnail wp-post-image\" alt=\"Woman in field\" \/>                                <div class=\"tags\">\n                                    stories                                <\/div>\n                            <\/div>\n                            <div class=\"infoBox\">\n                                <h3 class=\"h4\"><a href=\"https:\/\/cusointernational.org\/fr\/recit\/un-echange-fructueux-en-colombie\/\">Un \u00e9change fructueux en Colombie<\/a><\/h3>\n                            <\/div>\n                        <\/div>\n                        <div class=\"postBottom\">\n                            <p class=\"infoPost\">Dec 13 2018<\/p>\n                        <\/div>\n                    <\/div>\n                <\/div>\n                            <div class=\"post post_215\">\n                    <div class=\"postBox\">\n                        <div class=\"postTop\">\n                            <div class=\"imgBox\">\n                                <img loading=\"lazy\" decoding=\"async\" width=\"400\" height=\"400\" src=\"https:\/\/cusointernational.org\/wp-content\/uploads\/DRC_cuso-8798-400x400.jpg\" class=\"attachment-thumbnail size-thumbnail wp-post-image\" alt=\"Woman with a baby\" \/>                                <div class=\"tags\">\n                                    stories                                <\/div>\n                            <\/div>\n                            <div class=\"infoBox\">\n                                <h3 class=\"h4\"><a href=\"https:\/\/cusointernational.org\/fr\/recit\/lutter-contre-la-violence-faite-aux-femmes\/\">Lutter contre la violence faite aux femmes<\/a><\/h3>\n                            <\/div>\n                        <\/div>\n                        <div class=\"postBottom\">\n                            <p class=\"infoPost\">Nov 30 2018<\/p>\n                        <\/div>\n                    <\/div>\n                <\/div>\n                            <div class=\"post post_216\">\n                    <div class=\"postBox\">\n                        <div class=\"postTop\">\n                            <div class=\"imgBox\">\n                                <img loading=\"lazy\" decoding=\"async\" width=\"400\" height=\"400\" src=\"https:\/\/cusointernational.org\/wp-content\/uploads\/SitioWEB-CDM-49-1-400x400.jpg\" class=\"attachment-thumbnail size-thumbnail wp-post-image\" alt=\"Women holding banners and signs\" \/>                                <div class=\"tags\">\n                                    stories                                <\/div>\n                            <\/div>\n                            <div class=\"infoBox\">\n                                <h3 class=\"h4\"><a href=\"https:\/\/cusointernational.org\/fr\/recit\/un-gout-de-pas-assez\/\">Un go\u00fbt de pas assez<\/a><\/h3>\n                            <\/div>\n                        <\/div>\n                        <div class=\"postBottom\">\n                            <p class=\"infoPost\">Nov 28 2018<\/p>\n                        <\/div>\n                    <\/div>\n                <\/div>\n                            <div class=\"post post_217\">\n                    <div class=\"postBox\">\n                        <div class=\"postTop\">\n                            <div class=\"imgBox\">\n                                <img loading=\"lazy\" decoding=\"async\" width=\"400\" height=\"400\" src=\"https:\/\/cusointernational.org\/wp-content\/uploads\/Robe__782-400x400.jpg\" class=\"attachment-thumbnail size-thumbnail wp-post-image\" alt=\"Two women\" \/>                                <div class=\"tags\">\n                                    stories                                <\/div>\n                            <\/div>\n                            <div class=\"infoBox\">\n                                <h3 class=\"h4\"><a href=\"https:\/\/cusointernational.org\/fr\/recit\/une-preuve-vivante-des-etudiantes-de-luniversite-madda-walabu-sattaquent-aux-inegalites-hommes-femmes\/\">Une preuve vivante : Des \u00e9tudiantes de l\u2019Universit\u00e9 Madda Walabu s\u2019attaquent aux in\u00e9galit\u00e9s hommes-femmes<\/a><\/h3>\n                            <\/div>\n                        <\/div>\n                        <div class=\"postBottom\">\n                            <p class=\"infoPost\">Nov 26 2018<\/p>\n                        <\/div>\n                    <\/div>\n                <\/div>\n                            <div class=\"post post_218\">\n                    <div class=\"postBox\">\n                        <div class=\"postTop\">\n                            <div class=\"imgBox\">\n                                <img loading=\"lazy\" decoding=\"async\" width=\"400\" height=\"400\" src=\"https:\/\/cusointernational.org\/wp-content\/uploads\/KatherineChong_Myanmar-400x400.jpg\" class=\"attachment-thumbnail size-thumbnail wp-post-image\" alt=\"Woman holding sign\" \/>                                <div class=\"tags\">\n                                    stories                                <\/div>\n                            <\/div>\n                            <div class=\"infoBox\">\n                                <h3 class=\"h4\"><a href=\"https:\/\/cusointernational.org\/fr\/recit\/en-mission-la-promotion-des-droits-des-femmes-au-myanmar\/\">En mission : la promotion des droits des femmes au Myanmar<\/a><\/h3>\n                            <\/div>\n                        <\/div>\n                        <div class=\"postBottom\">\n                            <p class=\"infoPost\">Nov 23 2018<\/p>\n                        <\/div>\n                    <\/div>\n                <\/div>\n                            <div class=\"post post_219\">\n                    <div class=\"postBox\">\n                        <div class=\"postTop\">\n                            <div class=\"imgBox\">\n                                <img loading=\"lazy\" decoding=\"async\" width=\"400\" height=\"400\" src=\"https:\/\/cusointernational.org\/wp-content\/uploads\/Mercy_DSC_0678-400x400.jpg\" class=\"attachment-thumbnail size-thumbnail wp-post-image\" alt=\"Woman with chickens\" \/>                                <div class=\"tags\">\n                                    stories                                <\/div>\n                            <\/div>\n                            <div class=\"infoBox\">\n                                <h3 class=\"h4\"><a href=\"https:\/\/cusointernational.org\/fr\/recit\/envol-grace-a-youlead\/\">Envol gr\u00e2ce \u00e0 YouLead<\/a><\/h3>\n                            <\/div>\n                        <\/div>\n                        <div class=\"postBottom\">\n                            <p class=\"infoPost\">Nov 22 2018<\/p>\n                        <\/div>\n                    <\/div>\n                <\/div>\n                            <div class=\"post post_220\">\n                    <div class=\"postBox\">\n                        <div class=\"postTop\">\n                            <div class=\"imgBox\">\n                                <img loading=\"lazy\" decoding=\"async\" width=\"400\" height=\"400\" src=\"https:\/\/cusointernational.org\/wp-content\/uploads\/Asosa__224-1-400x400.jpg\" class=\"attachment-thumbnail size-thumbnail wp-post-image\" alt=\"Woman holding baby\" \/>                                <div class=\"tags\">\n                                    stories                                <\/div>\n                            <\/div>\n                            <div class=\"infoBox\">\n                                <h3 class=\"h4\"><a href=\"https:\/\/cusointernational.org\/fr\/recit\/les-soins-de-sante-maternelle-sauvent-des-vies\/\">Les soins de sant\u00e9 maternelle sauvent des vies<\/a><\/h3>\n                            <\/div>\n                        <\/div>\n                        <div class=\"postBottom\">\n                            <p class=\"infoPost\">Nov 20 2018<\/p>\n                        <\/div>\n                    <\/div>\n                <\/div>\n                            <div class=\"post post_221\">\n                    <div class=\"postBox\">\n                        <div class=\"postTop\">\n                            <div class=\"imgBox\">\n                                <img loading=\"lazy\" decoding=\"async\" width=\"400\" height=\"400\" src=\"https:\/\/cusointernational.org\/wp-content\/uploads\/20181106_E-vol_MainImage_Sandra_CAMECO_large_DSCF4414-400x400.jpg\" class=\"attachment-thumbnail size-thumbnail wp-post-image\" alt=\"People looking at a tablet\" \/>                                <div class=\"tags\">\n                                    stories                                <\/div>\n                            <\/div>\n                            <div class=\"infoBox\">\n                                <h3 class=\"h4\"><a href=\"https:\/\/cusointernational.org\/fr\/recit\/des-etudiants-postsecondaires-participent-a-des-projets-de-recherche-avec-cuso-international\/\">Des \u00e9tudiants postsecondaires participent \u00e0 des projets de recherche avec Cuso International<\/a><\/h3>\n                            <\/div>\n                        <\/div>\n                        <div class=\"postBottom\">\n                            <p class=\"infoPost\">Nov 06 2018<\/p>\n                        <\/div>\n                    <\/div>\n                <\/div>\n                            <div class=\"post post_222\">\n                    <div class=\"postBox\">\n                        <div class=\"postTop\">\n                            <div class=\"imgBox\">\n                                <img loading=\"lazy\" decoding=\"async\" width=\"400\" height=\"400\" src=\"https:\/\/cusointernational.org\/wp-content\/uploads\/Nguila__0154-1-400x400.jpg\" class=\"attachment-thumbnail size-thumbnail wp-post-image\" alt=\"Two women smiling\" \/>                                <div class=\"tags\">\n                                    stories                                <\/div>\n                            <\/div>\n                            <div class=\"infoBox\">\n                                <h3 class=\"h4\"><a href=\"https:\/\/cusointernational.org\/fr\/recit\/une-cooperative-agricole-feminine-recolte-les-fruits-de-ses-efforts-au-cameroun\/\">Une coop\u00e9rative agricole f\u00e9minine r\u00e9colte les fruits de ses efforts au Cameroun<\/a><\/h3>\n                            <\/div>\n                        <\/div>\n                        <div class=\"postBottom\">\n                            <p class=\"infoPost\">Oct 04 2018<\/p>\n                        <\/div>\n                    <\/div>\n                <\/div>\n                            <div class=\"post post_223\">\n                    <div class=\"postBox\">\n                        <div class=\"postTop\">\n                            <div class=\"imgBox\">\n                                <img loading=\"lazy\" decoding=\"async\" width=\"400\" height=\"400\" src=\"https:\/\/cusointernational.org\/wp-content\/uploads\/Grace_web-400x400.jpg\" class=\"attachment-thumbnail size-thumbnail wp-post-image\" alt=\"Three women smiling\" \/>                                <div class=\"tags\">\n                                    stories                                <\/div>\n                            <\/div>\n                            <div class=\"infoBox\">\n                                <h3 class=\"h4\"><a href=\"https:\/\/cusointernational.org\/fr\/recit\/changements-dattitudes-dans-une-culture-dominee-par-les-hommes\/\">Changements d\u2019attitudes dans une culture domin\u00e9e par les hommes<\/a><\/h3>\n                            <\/div>\n                        <\/div>\n                        <div class=\"postBottom\">\n                            <p class=\"infoPost\">Aug 28 2018<\/p>\n                        <\/div>\n                    <\/div>\n                <\/div>\n                            <div class=\"post post_224\">\n                    <div class=\"postBox\">\n                        <div class=\"postTop\">\n                            <div class=\"imgBox\">\n                                <img loading=\"lazy\" decoding=\"async\" width=\"400\" height=\"400\" src=\"https:\/\/cusointernational.org\/wp-content\/uploads\/Bees1_web-400x400.jpg\" class=\"attachment-thumbnail size-thumbnail wp-post-image\" alt=\"Woman with beehive\" \/>                                <div class=\"tags\">\n                                    stories                                <\/div>\n                            <\/div>\n                            <div class=\"infoBox\">\n                                <h3 class=\"h4\"><a href=\"https:\/\/cusointernational.org\/fr\/recit\/une-nouvelle-approche-qui-porte-fruit-pour-les-fermiers-camerounais\/\">Une nouvelle approche qui porte fruit pour les fermiers camerounais<\/a><\/h3>\n                            <\/div>\n                        <\/div>\n                        <div class=\"postBottom\">\n                            <p class=\"infoPost\">Aug 28 2018<\/p>\n                        <\/div>\n                    <\/div>\n                <\/div>\n                            <div class=\"post post_225\">\n                    <div class=\"postBox\">\n                        <div class=\"postTop\">\n                            <div class=\"imgBox\">\n                                <img loading=\"lazy\" decoding=\"async\" width=\"400\" height=\"400\" src=\"https:\/\/cusointernational.org\/wp-content\/uploads\/Choloma_044_Web-400x400.jpg\" class=\"attachment-thumbnail size-thumbnail wp-post-image\" alt=\"Woman holding small plant\" \/>                                <div class=\"tags\">\n                                    stories                                <\/div>\n                            <\/div>\n                            <div class=\"infoBox\">\n                                <h3 class=\"h4\"><a href=\"https:\/\/cusointernational.org\/fr\/recit\/meres-monoparentales-honduras\/\">Cr\u00e9er un avenir plus prometteur pour les m\u00e8res monoparentales au Honduras<\/a><\/h3>\n                            <\/div>\n                        <\/div>\n                        <div class=\"postBottom\">\n                            <p class=\"infoPost\">Aug 27 2018<\/p>\n                        <\/div>\n                    <\/div>\n                <\/div>\n                            <div class=\"post post_226\">\n                    <div class=\"postBox\">\n                        <div class=\"postTop\">\n                            <div class=\"imgBox\">\n                                <img loading=\"lazy\" decoding=\"async\" width=\"400\" height=\"400\" src=\"https:\/\/cusointernational.org\/wp-content\/uploads\/Carmen_IMG_7715_sm-400x400.jpg\" class=\"attachment-thumbnail size-thumbnail wp-post-image\" alt=\"Northern Canadian student Carmen\" \/>                                <div class=\"tags\">\n                                    stories                                <\/div>\n                            <\/div>\n                            <div class=\"infoBox\">\n                                <h3 class=\"h4\"><a href=\"https:\/\/cusointernational.org\/fr\/recit\/le-nord-du-canada\/\">Faire de la coop\u00e9ration volontaire dans le Nord du Canada<\/a><\/h3>\n                            <\/div>\n                        <\/div>\n                        <div class=\"postBottom\">\n                            <p class=\"infoPost\">Jun 18 2018<\/p>\n                        <\/div>\n                    <\/div>\n                <\/div>\n                            <div class=\"post post_227\">\n                    <div class=\"postBox\">\n                        <div class=\"postTop\">\n                            <div class=\"imgBox\">\n                                <img loading=\"lazy\" decoding=\"async\" width=\"400\" height=\"400\" src=\"https:\/\/cusointernational.org\/wp-content\/uploads\/DSC02103-400x400.jpg\" class=\"attachment-thumbnail size-thumbnail wp-post-image\" alt=\"Women smiling in front of colourful mural\" \/>                                <div class=\"tags\">\n                                    stories                                <\/div>\n                            <\/div>\n                            <div class=\"infoBox\">\n                                <h3 class=\"h4\"><a href=\"https:\/\/cusointernational.org\/fr\/recit\/diaspora-groupe-de-femmes\/\">Une coop\u00e9rante-volontaire issue de la diaspora aide un groupe de femmes \u00e0 prendre son envol<\/a><\/h3>\n                            <\/div>\n                        <\/div>\n                        <div class=\"postBottom\">\n                            <p class=\"infoPost\">Jun 17 2018<\/p>\n                        <\/div>\n                    <\/div>\n                <\/div>\n                            <div class=\"post post_228\">\n                    <div class=\"postBox\">\n                        <div class=\"postTop\">\n                            <div class=\"imgBox\">\n                                <img loading=\"lazy\" decoding=\"async\" width=\"400\" height=\"400\" src=\"https:\/\/cusointernational.org\/wp-content\/uploads\/IMG_0106_sm-400x400.jpg\" class=\"attachment-thumbnail size-thumbnail wp-post-image\" alt=\"Three people and dog in front of building in Peru\" \/>                                <div class=\"tags\">\n                                    stories                                <\/div>\n                            <\/div>\n                            <div class=\"infoBox\">\n                                <h3 class=\"h4\"><a href=\"https:\/\/cusointernational.org\/fr\/recit\/epargner-assurer-avenir-perou\/\">\u00c9pargner pour assurer son avenir au P\u00e9rou<\/a><\/h3>\n                            <\/div>\n                        <\/div>\n                        <div class=\"postBottom\">\n                            <p class=\"infoPost\">May 24 2018<\/p>\n                        <\/div>\n                    <\/div>\n                <\/div>\n                            <div class=\"post post_229\">\n                    <div class=\"postBox\">\n                        <div class=\"postTop\">\n                            <div class=\"imgBox\">\n                                <img loading=\"lazy\" decoding=\"async\" width=\"400\" height=\"400\" src=\"https:\/\/cusointernational.org\/wp-content\/uploads\/Daniel_Copan_070-400x400.jpg\" class=\"attachment-thumbnail size-thumbnail wp-post-image\" alt=\"Woman and man smiling\" \/>                                <div class=\"tags\">\n                                    stories                                <\/div>\n                            <\/div>\n                            <div class=\"infoBox\">\n                                <h3 class=\"h4\"><a href=\"https:\/\/cusointernational.org\/fr\/recit\/travailler-de-concert-avec-les-communautes-autochtones-honduriennes\/\">Travailler de concert avec les communaut\u00e9s autochtones honduriennes<\/a><\/h3>\n                            <\/div>\n                        <\/div>\n                        <div class=\"postBottom\">\n                            <p class=\"infoPost\">Apr 17 2018<\/p>\n                        <\/div>\n                    <\/div>\n                <\/div>\n                            <div class=\"post post_230\">\n                    <div class=\"postBox\">\n                        <div class=\"postTop\">\n                            <div class=\"imgBox\">\n                                <img loading=\"lazy\" decoding=\"async\" width=\"400\" height=\"400\" src=\"https:\/\/cusointernational.org\/wp-content\/uploads\/IMG_9807_sm-400x400.jpg\" class=\"attachment-thumbnail size-thumbnail wp-post-image\" alt=\"Young children in Philippines\" \/>                                <div class=\"tags\">\n                                    stories                                <\/div>\n                            <\/div>\n                            <div class=\"infoBox\">\n                                <h3 class=\"h4\"><a href=\"https:\/\/cusointernational.org\/fr\/recit\/reconstruction-typhon-haiyan-philippines\/\">Contribuer aux efforts de reconstruction apr\u00e8s le typhon Haiyan aux Philippines<\/a><\/h3>\n                            <\/div>\n                        <\/div>\n                        <div class=\"postBottom\">\n                            <p class=\"infoPost\">Apr 17 2018<\/p>\n                        <\/div>\n                    <\/div>\n                <\/div>\n                            <div class=\"post post_231\">\n                    <div class=\"postBox\">\n                        <div class=\"postTop\">\n                            <div class=\"imgBox\">\n                                <img loading=\"lazy\" decoding=\"async\" width=\"400\" height=\"400\" src=\"https:\/\/cusointernational.org\/wp-content\/uploads\/IMG_2187-1-400x400.jpg\" class=\"attachment-thumbnail size-thumbnail wp-post-image\" alt=\"Group photo\" \/>                                <div class=\"tags\">\n                                    stories                                <\/div>\n                            <\/div>\n                            <div class=\"infoBox\">\n                                <h3 class=\"h4\"><a href=\"https:\/\/cusointernational.org\/fr\/recit\/politiser-la-jeunesse-hondurienne\/\">Politiser la jeunesse hondurienne<\/a><\/h3>\n                            <\/div>\n                        <\/div>\n                        <div class=\"postBottom\">\n                            <p class=\"infoPost\">Apr 17 2018<\/p>\n                        <\/div>\n                    <\/div>\n                <\/div>\n                            <div class=\"post post_232\">\n                    <div class=\"postBox\">\n                        <div class=\"postTop\">\n                            <div class=\"imgBox\">\n                                <img loading=\"lazy\" decoding=\"async\" width=\"400\" height=\"400\" src=\"https:\/\/cusointernational.org\/wp-content\/uploads\/Merle1-400x400.jpg\" class=\"attachment-thumbnail size-thumbnail wp-post-image\" alt=\"\" \/>                                <div class=\"tags\">\n                                    stories                                <\/div>\n                            <\/div>\n                            <div class=\"infoBox\">\n                                <h3 class=\"h4\"><a href=\"https:\/\/cusointernational.org\/fr\/recit\/une-passion-pour-les-oiseaux-inspire-une-cooperante-volontaire-canadienne-au-guyane\/\">Une passion pour les oiseaux inspire une coop\u00e9rante-volontaire canadienne au Guyane<\/a><\/h3>\n                            <\/div>\n                        <\/div>\n                        <div class=\"postBottom\">\n                            <p class=\"infoPost\">Apr 17 2018<\/p>\n                        <\/div>\n                    <\/div>\n                <\/div>\n                            <div class=\"post post_233\">\n                    <div class=\"postBox\">\n                        <div class=\"postTop\">\n                            <div class=\"imgBox\">\n                                <img loading=\"lazy\" decoding=\"async\" width=\"400\" height=\"400\" src=\"https:\/\/cusointernational.org\/wp-content\/uploads\/20180326_Jennifer_INPRHU_Somoto_0590_new-400x400.jpg\" class=\"attachment-thumbnail size-thumbnail wp-post-image\" alt=\"Woman making tortillas in Somoto Nicaragua\" \/>                                <div class=\"tags\">\n                                    stories                                <\/div>\n                            <\/div>\n                            <div class=\"infoBox\">\n                                <h3 class=\"h4\"><a href=\"https:\/\/cusointernational.org\/fr\/recit\/ouvrir-la-porte-a-lecotourisme-a-de-bons-gagne-pain-et-a-des-changements-durables\/\">Ouvrir la porte \u00e0 l\u2019\u00e9cotourisme, \u00e0 de bons gagne-pain et \u00e0 des changements durables<\/a><\/h3>\n                            <\/div>\n                        <\/div>\n                        <div class=\"postBottom\">\n                            <p class=\"infoPost\">Mar 26 2018<\/p>\n                        <\/div>\n                    <\/div>\n                <\/div>\n                            <div class=\"post post_234\">\n                    <div class=\"postBox\">\n                        <div class=\"postTop\">\n                            <div class=\"imgBox\">\n                                <img loading=\"lazy\" decoding=\"async\" width=\"400\" height=\"400\" src=\"https:\/\/cusointernational.org\/wp-content\/uploads\/20180326_French-400x400.jpg\" class=\"attachment-thumbnail size-thumbnail wp-post-image\" alt=\"Three boys smiling\" \/>                                <div class=\"tags\">\n                                    stories                                <\/div>\n                            <\/div>\n                            <div class=\"infoBox\">\n                                <h3 class=\"h4\"><a href=\"https:\/\/cusointernational.org\/fr\/recit\/donner-aux-jeunes-jamaicains-la-chance-de-sepanouir\/\">Donner aux jeunes jama\u00efcains la chance de s\u2019\u00e9panouir<\/a><\/h3>\n                            <\/div>\n                        <\/div>\n                        <div class=\"postBottom\">\n                            <p class=\"infoPost\">Mar 26 2018<\/p>\n                        <\/div>\n                    <\/div>\n                <\/div>\n                            <div class=\"post post_235\">\n                    <div class=\"postBox\">\n                        <div class=\"postTop\">\n                            <div class=\"imgBox\">\n                                <img loading=\"lazy\" decoding=\"async\" width=\"400\" height=\"400\" src=\"https:\/\/cusointernational.org\/wp-content\/uploads\/20180326_Javier_MariaG.51-400x400.jpg\" class=\"attachment-thumbnail size-thumbnail wp-post-image\" alt=\"\" \/>                                <div class=\"tags\">\n                                    stories                                <\/div>\n                            <\/div>\n                            <div class=\"infoBox\">\n                                <h3 class=\"h4\"><a href=\"https:\/\/cusointernational.org\/fr\/recit\/le-parcours-de-rosa-hors-de-la-pauvrete\/\">Le parcours de Rosa hors de la pauvret\u00e9<\/a><\/h3>\n                            <\/div>\n                        <\/div>\n                        <div class=\"postBottom\">\n                            <p class=\"infoPost\">Mar 24 2018<\/p>\n                        <\/div>\n                    <\/div>\n                <\/div>\n                            <div class=\"post post_236\">\n                    <div class=\"postBox\">\n                        <div class=\"postTop\">\n                            <div class=\"imgBox\">\n                                <img loading=\"lazy\" decoding=\"async\" width=\"400\" height=\"400\" src=\"https:\/\/cusointernational.org\/wp-content\/uploads\/Ronald_FEM_0287_cropped-400x400.jpg\" class=\"attachment-thumbnail size-thumbnail wp-post-image\" alt=\"Woman smiling\" \/>                                <div class=\"tags\">\n                                    stories                                <\/div>\n                            <\/div>\n                            <div class=\"infoBox\">\n                                <h3 class=\"h4\"><a href=\"https:\/\/cusointernational.org\/fr\/recit\/aidons-rosibel-se-faire-entendre\/\">Aidons Rosibel \u00e0 se faire entendre!<\/a><\/h3>\n                            <\/div>\n                        <\/div>\n                        <div class=\"postBottom\">\n                            <p class=\"infoPost\">Dec 06 2017<\/p>\n                        <\/div>\n                    <\/div>\n                <\/div>\n                            <div class=\"post post_237\">\n                    <div class=\"postBox\">\n                        <div class=\"postTop\">\n                            <div class=\"imgBox\">\n                                <img loading=\"lazy\" decoding=\"async\" width=\"400\" height=\"400\" src=\"https:\/\/cusointernational.org\/wp-content\/uploads\/DSC_0398-400x400.jpg\" class=\"attachment-thumbnail size-thumbnail wp-post-image\" alt=\"Man with chickens\" \/>                                <div class=\"tags\">\n                                    stories                                <\/div>\n                            <\/div>\n                            <div class=\"infoBox\">\n                                <h3 class=\"h4\"><a href=\"https:\/\/cusointernational.org\/fr\/recit\/des-jeunes-determines-reussir\/\">La jeunesse nig\u00e9riane en mouvement<\/a><\/h3>\n                            <\/div>\n                        <\/div>\n                        <div class=\"postBottom\">\n                            <p class=\"infoPost\">Nov 15 2017<\/p>\n                        <\/div>\n                    <\/div>\n                <\/div>\n                            <div class=\"post post_238\">\n                    <div class=\"postBox\">\n                        <div class=\"postTop\">\n                            <div class=\"imgBox\">\n                                <img loading=\"lazy\" decoding=\"async\" width=\"400\" height=\"400\" src=\"https:\/\/cusointernational.org\/wp-content\/uploads\/HawkinsOptions_HS_09372-400x400.jpg\" class=\"attachment-thumbnail size-thumbnail wp-post-image\" alt=\"People working at a shared table\" \/>                                <div class=\"tags\">\n                                    stories                                <\/div>\n                            <\/div>\n                            <div class=\"infoBox\">\n                                <h3 class=\"h4\"><a href=\"https:\/\/cusointernational.org\/fr\/recit\/mythes-de-la-violence-contre-les-femmes-au-canada-et-au-myanmar\/\">Mythes de la violence contre les femmes - Au Canada et au Myanmar<\/a><\/h3>\n                            <\/div>\n                        <\/div>\n                        <div class=\"postBottom\">\n                            <p class=\"infoPost\">Nov 08 2017<\/p>\n                        <\/div>\n                    <\/div>\n                <\/div>\n                            <div class=\"post post_239\">\n                    <div class=\"postBox\">\n                        <div class=\"postTop\">\n                            <div class=\"imgBox\">\n                                <img loading=\"lazy\" decoding=\"async\" width=\"400\" height=\"400\" src=\"https:\/\/cusointernational.org\/wp-content\/uploads\/HawkinsOption_HS_09579-400x400.jpg\" class=\"attachment-thumbnail size-thumbnail wp-post-image\" alt=\"People working at a shared table\" \/>                                <div class=\"tags\">\n                                    stories                                <\/div>\n                            <\/div>\n                            <div class=\"infoBox\">\n                                <h3 class=\"h4\"><a href=\"https:\/\/cusointernational.org\/fr\/recit\/une-avocate-canadienne-cooperante-volontaire-au-myanmar\/\">Une avocate canadienne coop\u00e9rante-volontaire au Myanmar<\/a><\/h3>\n                            <\/div>\n                        <\/div>\n                        <div class=\"postBottom\">\n                            <p class=\"infoPost\">Nov 08 2017<\/p>\n                        <\/div>\n                    <\/div>\n                <\/div>\n                            <div class=\"post post_240\">\n                    <div class=\"postBox\">\n                        <div class=\"postTop\">\n                            <div class=\"imgBox\">\n                                <img loading=\"lazy\" decoding=\"async\" width=\"400\" height=\"400\" src=\"https:\/\/cusointernational.org\/wp-content\/uploads\/Marshall-400x400.jpg\" class=\"attachment-thumbnail size-thumbnail wp-post-image\" alt=\"\" \/>                                <div class=\"tags\">\n                                    stories                                <\/div>\n                            <\/div>\n                            <div class=\"infoBox\">\n                                <h3 class=\"h4\"><a href=\"https:\/\/cusointernational.org\/fr\/recit\/contribuer-la-sante-et-securite-au-travail-au-guyana\/\">Contribuer \u00e0 la sant\u00e9 et s\u00e9curit\u00e9 au travail au Guyana<\/a><\/h3>\n                            <\/div>\n                        <\/div>\n                        <div class=\"postBottom\">\n                            <p class=\"infoPost\">Nov 06 2017<\/p>\n                        <\/div>\n                    <\/div>\n                <\/div>\n                            <div class=\"post post_241\">\n                    <div class=\"postBox\">\n                        <div class=\"postTop\">\n                            <div class=\"imgBox\">\n                                <img loading=\"lazy\" decoding=\"async\" width=\"400\" height=\"400\" src=\"https:\/\/cusointernational.org\/wp-content\/uploads\/Jefferson-Colombia-400x400.jpg\" class=\"attachment-thumbnail size-thumbnail wp-post-image\" alt=\"Man in front of small shop\" \/>                                <div class=\"tags\">\n                                    stories                                <\/div>\n                            <\/div>\n                            <div class=\"infoBox\">\n                                <h3 class=\"h4\"><a href=\"https:\/\/cusointernational.org\/fr\/recit\/des-armes-internet\/\">Des armes \u00e0 Internet<\/a><\/h3>\n                            <\/div>\n                        <\/div>\n                        <div class=\"postBottom\">\n                            <p class=\"infoPost\">Nov 02 2017<\/p>\n                        <\/div>\n                    <\/div>\n                <\/div>\n                            <div class=\"post post_242\">\n                    <div class=\"postBox\">\n                        <div class=\"postTop\">\n                            <div class=\"imgBox\">\n                                <img loading=\"lazy\" decoding=\"async\" width=\"400\" height=\"400\" src=\"https:\/\/cusointernational.org\/wp-content\/uploads\/DSC_0960-400x400.jpg\" class=\"attachment-thumbnail size-thumbnail wp-post-image\" alt=\"\" \/>                                <div class=\"tags\">\n                                    stories                                <\/div>\n                            <\/div>\n                            <div class=\"infoBox\">\n                                <h3 class=\"h4\"><a href=\"https:\/\/cusointernational.org\/fr\/recit\/une-ferme-qui-change-le-monde\/\">Une ferme qui change le monde<\/a><\/h3>\n                            <\/div>\n                        <\/div>\n                        <div class=\"postBottom\">\n                            <p class=\"infoPost\">Nov 02 2017<\/p>\n                        <\/div>\n                    <\/div>\n                <\/div>\n                            <div class=\"post post_243\">\n                    <div class=\"postBox\">\n                        <div class=\"postTop\">\n                            <div class=\"imgBox\">\n                                <img loading=\"lazy\" decoding=\"async\" width=\"400\" height=\"400\" src=\"https:\/\/cusointernational.org\/wp-content\/uploads\/20171011_143707-400x400.jpg\" class=\"attachment-thumbnail size-thumbnail wp-post-image\" alt=\"Women at outdoor food market\" \/>                                <div class=\"tags\">\n                                    stories                                <\/div>\n                            <\/div>\n                            <div class=\"infoBox\">\n                                <h3 class=\"h4\"><a href=\"https:\/\/cusointernational.org\/fr\/recit\/vous-pouvez-le-faire-rappelle-une-cooperante-volontaire-philippino-canadienne-ses-concitoyens\/\">\u00ab Vous pouvez le faire! \u00bb, rappelle une coop\u00e9rante-volontaire philippino-canadienne \u00e0 ses concitoyens<\/a><\/h3>\n                            <\/div>\n                        <\/div>\n                        <div class=\"postBottom\">\n                            <p class=\"infoPost\">Oct 16 2017<\/p>\n                        <\/div>\n                    <\/div>\n                <\/div>\n                            <div class=\"post post_244\">\n                    <div class=\"postBox\">\n                        <div class=\"postTop\">\n                            <div class=\"imgBox\">\n                                <img loading=\"lazy\" decoding=\"async\" width=\"400\" height=\"400\" src=\"https:\/\/cusointernational.org\/wp-content\/uploads\/Patsy-Guyana-400x400.jpg\" class=\"attachment-thumbnail size-thumbnail wp-post-image\" alt=\"Patsy in Guyana\" \/>                                <div class=\"tags\">\n                                    stories                                <\/div>\n                            <\/div>\n                            <div class=\"infoBox\">\n                                <h3 class=\"h4\"><a href=\"https:\/\/cusointernational.org\/fr\/recit\/la-cooperation-volontaire-un-bon-moyen-de-rester-en-contact-avec-son-pays-dorigine\/\">La coop\u00e9ration volontaire, un bon moyen de rester en contact avec son pays d\u2019origine<\/a><\/h3>\n                            <\/div>\n                        <\/div>\n                        <div class=\"postBottom\">\n                            <p class=\"infoPost\">Oct 11 2017<\/p>\n                        <\/div>\n                    <\/div>\n                <\/div>\n                            <div class=\"post post_245\">\n                    <div class=\"postBox\">\n                        <div class=\"postTop\">\n                            <div class=\"imgBox\">\n                                <img loading=\"lazy\" decoding=\"async\" width=\"400\" height=\"400\" src=\"https:\/\/cusointernational.org\/wp-content\/uploads\/Copan_066-1-400x400.jpg\" class=\"attachment-thumbnail size-thumbnail wp-post-image\" alt=\"||\" \/>                                <div class=\"tags\">\n                                    stories                                <\/div>\n                            <\/div>\n                            <div class=\"infoBox\">\n                                <h3 class=\"h4\"><a href=\"https:\/\/cusointernational.org\/fr\/recit\/une-grand-mere-qui-milite-pour-ses-petits-enfants\/\">Une grand-m\u00e8re qui milite pour ses petits-enfants<\/a><\/h3>\n                            <\/div>\n                        <\/div>\n                        <div class=\"postBottom\">\n                            <p class=\"infoPost\">Aug 29 2017<\/p>\n                        <\/div>\n                    <\/div>\n                <\/div>\n                            <div class=\"post post_246\">\n                    <div class=\"postBox\">\n                        <div class=\"postTop\">\n                            <div class=\"imgBox\">\n                                <img loading=\"lazy\" decoding=\"async\" width=\"400\" height=\"400\" src=\"https:\/\/cusointernational.org\/wp-content\/uploads\/Simon4-400x400.jpg\" class=\"attachment-thumbnail size-thumbnail wp-post-image\" alt=\"Three people in front of mural\" \/>                                <div class=\"tags\">\n                                    stories                                <\/div>\n                            <\/div>\n                            <div class=\"infoBox\">\n                                <h3 class=\"h4\"><a href=\"https:\/\/cusointernational.org\/fr\/recit\/mettre-fin-violence-contre-les-femmes-au-perou\/\">Mettre fin \u00e0 la violence contre les femmes au P\u00e9rou<\/a><\/h3>\n                            <\/div>\n                        <\/div>\n                        <div class=\"postBottom\">\n                            <p class=\"infoPost\">Aug 26 2017<\/p>\n                        <\/div>\n                    <\/div>\n                <\/div>\n                            <div class=\"post post_247\">\n                    <div class=\"postBox\">\n                        <div class=\"postTop\">\n                            <div class=\"imgBox\">\n                                <img loading=\"lazy\" decoding=\"async\" width=\"400\" height=\"400\" src=\"https:\/\/cusointernational.org\/wp-content\/uploads\/marcha-39-400x400.jpg\" class=\"attachment-thumbnail size-thumbnail wp-post-image\" alt=\"Group holding signs and banners\" \/>                                <div class=\"tags\">\n                                    stories                                <\/div>\n                            <\/div>\n                            <div class=\"infoBox\">\n                                <h3 class=\"h4\"><a href=\"https:\/\/cusointernational.org\/fr\/recit\/droits-femme-perou\/\">Droits de la femme au P\u00e9rou<\/a><\/h3>\n                            <\/div>\n                        <\/div>\n                        <div class=\"postBottom\">\n                            <p class=\"infoPost\">Aug 24 2017<\/p>\n                        <\/div>\n                    <\/div>\n                <\/div>\n                            <div class=\"post post_248\">\n                    <div class=\"postBox\">\n                        <div class=\"postTop\">\n                            <div class=\"imgBox\">\n                                <img loading=\"lazy\" decoding=\"async\" width=\"400\" height=\"400\" src=\"https:\/\/cusointernational.org\/wp-content\/uploads\/IMG_8656-400x400.jpg\" class=\"attachment-thumbnail size-thumbnail wp-post-image\" alt=\"Peru Kilder Garden and Products\" \/>                                <div class=\"tags\">\n                                    stories                                <\/div>\n                            <\/div>\n                            <div class=\"infoBox\">\n                                <h3 class=\"h4\"><a href=\"https:\/\/cusointernational.org\/fr\/recit\/un-jardin-de-possibles\/\">Un jardin de possibles<\/a><\/h3>\n                            <\/div>\n                        <\/div>\n                        <div class=\"postBottom\">\n                            <p class=\"infoPost\">Aug 23 2017<\/p>\n                        <\/div>\n                    <\/div>\n                <\/div>\n                            <div class=\"post post_249\">\n                    <div class=\"postBox\">\n                        <div class=\"postTop\">\n                            <div class=\"imgBox\">\n                                <img loading=\"lazy\" decoding=\"async\" width=\"400\" height=\"400\" src=\"https:\/\/cusointernational.org\/wp-content\/uploads\/jesse-brame-400x400.jpeg\" class=\"attachment-thumbnail size-thumbnail wp-post-image\" alt=\"Man jumping in front of Cuso sign\" \/>                                <div class=\"tags\">\n                                    stories                                <\/div>\n                            <\/div>\n                            <div class=\"infoBox\">\n                                <h3 class=\"h4\"><a href=\"https:\/\/cusointernational.org\/fr\/recit\/dun-simple-grain-de-riz-une-montagne-de-possibilites\/\">D\u2019un simple grain de riz \u00e0 une montagne de possibilit\u00e9s<\/a><\/h3>\n                            <\/div>\n                        <\/div>\n                        <div class=\"postBottom\">\n                            <p class=\"infoPost\">Jun 16 2017<\/p>\n                        <\/div>\n                    <\/div>\n                <\/div>\n                            <div class=\"post post_250\">\n                    <div class=\"postBox\">\n                        <div class=\"postTop\">\n                            <div class=\"imgBox\">\n                                <img loading=\"lazy\" decoding=\"async\" width=\"400\" height=\"400\" src=\"https:\/\/cusointernational.org\/wp-content\/uploads\/kigoma2_080-400x400.jpeg\" class=\"attachment-thumbnail size-thumbnail wp-post-image\" alt=\"Woman with infant\" \/>                                <div class=\"tags\">\n                                    stories                                <\/div>\n                            <\/div>\n                            <div class=\"infoBox\">\n                                <h3 class=\"h4\"><a href=\"https:\/\/cusointernational.org\/fr\/recit\/ameliorer-les-services-de-sante-pour-pelida-et-sa-famille\/\">Am\u00e9liorer les services de sant\u00e9 pour Pelida et sa famille<\/a><\/h3>\n                            <\/div>\n                        <\/div>\n                        <div class=\"postBottom\">\n                            <p class=\"infoPost\">May 25 2017<\/p>\n                        <\/div>\n                    <\/div>\n                <\/div>\n                            <div class=\"post post_251\">\n                    <div class=\"postBox\">\n                        <div class=\"postTop\">\n                            <div class=\"imgBox\">\n                                <img loading=\"lazy\" decoding=\"async\" width=\"400\" height=\"400\" src=\"https:\/\/cusointernational.org\/wp-content\/uploads\/the-next-gen-of-leaders-400x400.jpeg\" class=\"attachment-thumbnail size-thumbnail wp-post-image\" alt=\"Two boys in school uniforms\" \/>                                <div class=\"tags\">\n                                    stories                                <\/div>\n                            <\/div>\n                            <div class=\"infoBox\">\n                                <h3 class=\"h4\"><a href=\"https:\/\/cusointernational.org\/fr\/recit\/les-futurs-leaders-camerounais\/\">Les futurs leaders camerounais<\/a><\/h3>\n                            <\/div>\n                        <\/div>\n                        <div class=\"postBottom\">\n                            <p class=\"infoPost\">May 22 2017<\/p>\n                        <\/div>\n                    <\/div>\n                <\/div>\n                            <div class=\"post post_252\">\n                    <div class=\"postBox\">\n                        <div class=\"postTop\">\n                            <div class=\"imgBox\">\n                                <img loading=\"lazy\" decoding=\"async\" width=\"400\" height=\"400\" src=\"https:\/\/cusointernational.org\/wp-content\/uploads\/christine-photo-1-400x400.jpeg\" class=\"attachment-thumbnail size-thumbnail wp-post-image\" alt=\"Group photo\" \/>                                <div class=\"tags\">\n                                    stories                                <\/div>\n                            <\/div>\n                            <div class=\"infoBox\">\n                                <h3 class=\"h4\"><a href=\"https:\/\/cusointernational.org\/fr\/recit\/une-fonctionnaire-de-la-colombie-britannique-la-rencontre-des-jeunes-jamaicains\/\">Une fonctionnaire de la Colombie-Britannique \u00e0 la rencontre des jeunes jama\u00efcains<\/a><\/h3>\n                            <\/div>\n                        <\/div>\n                        <div class=\"postBottom\">\n                            <p class=\"infoPost\">May 09 2017<\/p>\n                        <\/div>\n                    <\/div>\n                <\/div>\n                            <div class=\"post post_253\">\n                    <div class=\"postBox\">\n                        <div class=\"postTop\">\n                            <div class=\"imgBox\">\n                                <img loading=\"lazy\" decoding=\"async\" width=\"400\" height=\"400\" src=\"https:\/\/cusointernational.org\/wp-content\/uploads\/cameroon_empoweringchange-400x400.jpeg\" class=\"attachment-thumbnail size-thumbnail wp-post-image\" alt=\"\" \/>                                <div class=\"tags\">\n                                    stories                                <\/div>\n                            <\/div>\n                            <div class=\"infoBox\">\n                                <h3 class=\"h4\"><a href=\"https:\/\/cusointernational.org\/fr\/recit\/susciter-le-changement-une-personne-a-la-fois\/\">Susciter le changement \u2014 une personne \u00e0 la fois<\/a><\/h3>\n                            <\/div>\n                        <\/div>\n                        <div class=\"postBottom\">\n                            <p class=\"infoPost\">May 08 2017<\/p>\n                        <\/div>\n                    <\/div>\n                <\/div>\n                            <div class=\"post post_254\">\n                    <div class=\"postBox\">\n                        <div class=\"postTop\">\n                            <div class=\"imgBox\">\n                                <img loading=\"lazy\" decoding=\"async\" width=\"400\" height=\"400\" src=\"https:\/\/cusointernational.org\/wp-content\/uploads\/irenealadaye_stcamille-400x400.jpeg\" class=\"attachment-thumbnail size-thumbnail wp-post-image\" alt=\"Woman outdoors\" \/>                                <div class=\"tags\">\n                                    stories                                <\/div>\n                            <\/div>\n                            <div class=\"infoBox\">\n                                <h3 class=\"h4\"><a href=\"https:\/\/cusointernational.org\/fr\/recit\/irene-aladaye-une-vie-meilleure-saint-camille\/\">Ir\u00e8ne Aladaye : Une vie meilleure \u00e0 Saint-Camille<\/a><\/h3>\n                            <\/div>\n                        <\/div>\n                        <div class=\"postBottom\">\n                            <p class=\"infoPost\">May 03 2017<\/p>\n                        <\/div>\n                    <\/div>\n                <\/div>\n                            <div class=\"post post_255\">\n                    <div class=\"postBox\">\n                        <div class=\"postTop\">\n                            <div class=\"imgBox\">\n                                <img loading=\"lazy\" decoding=\"async\" width=\"400\" height=\"400\" src=\"https:\/\/cusointernational.org\/wp-content\/uploads\/caribbean_stephanie-400x400.png\" class=\"attachment-thumbnail size-thumbnail wp-post-image\" alt=\"Woman posing on bench\" \/>                                <div class=\"tags\">\n                                    stories                                <\/div>\n                            <\/div>\n                            <div class=\"infoBox\">\n                                <h3 class=\"h4\"><a href=\"https:\/\/cusointernational.org\/fr\/recit\/retrouver-sa-culture-et-son-identite-jamaicaines\/\">Retrouver sa culture et son identit\u00e9 jama\u00efcaines<\/a><\/h3>\n                            <\/div>\n                        <\/div>\n                        <div class=\"postBottom\">\n                            <p class=\"infoPost\">Apr 27 2017<\/p>\n                        <\/div>\n                    <\/div>\n                <\/div>\n                            <div class=\"post post_256\">\n                    <div class=\"postBox\">\n                        <div class=\"postTop\">\n                            <div class=\"imgBox\">\n                                <img loading=\"lazy\" decoding=\"async\" width=\"400\" height=\"400\" src=\"https:\/\/cusointernational.org\/wp-content\/uploads\/mt-pleasant-hill-naypyitaw-dec2016-400x400.jpeg\" class=\"attachment-thumbnail size-thumbnail wp-post-image\" alt=\"Couple in front of mountain view\" \/>                                <div class=\"tags\">\n                                    stories                                <\/div>\n                            <\/div>\n                            <div class=\"infoBox\">\n                                <h3 class=\"h4\"><a href=\"https:\/\/cusointernational.org\/fr\/recit\/retourner-au-myanmar-avec-ses-competences-et-son-mari\/\">Retourner au Myanmar avec ses comp\u00e9tences... et son mari!<\/a><\/h3>\n                            <\/div>\n                        <\/div>\n                        <div class=\"postBottom\">\n                            <p class=\"infoPost\">Apr 24 2017<\/p>\n                        <\/div>\n                    <\/div>\n                <\/div>\n                            <div class=\"post post_257\">\n                    <div class=\"postBox\">\n                        <div class=\"postTop\">\n                            <div class=\"imgBox\">\n                                <img loading=\"lazy\" decoding=\"async\" width=\"400\" height=\"400\" src=\"https:\/\/cusointernational.org\/wp-content\/uploads\/brit2-400x400.jpeg\" class=\"attachment-thumbnail size-thumbnail wp-post-image\" alt=\"\" \/>                                <div class=\"tags\">\n                                    stories                                <\/div>\n                            <\/div>\n                            <div class=\"infoBox\">\n                                <h3 class=\"h4\"><a href=\"https:\/\/cusointernational.org\/fr\/recit\/une-stagiaire-canadienne-au-nicaragua\/\">Une stagiaire canadienne au Nicaragua<\/a><\/h3>\n                            <\/div>\n                        <\/div>\n                        <div class=\"postBottom\">\n                            <p class=\"infoPost\">Mar 28 2017<\/p>\n                        <\/div>\n                    <\/div>\n                <\/div>\n                            <div class=\"post post_258\">\n                    <div class=\"postBox\">\n                        <div class=\"postTop\">\n                            <div class=\"imgBox\">\n                                <img loading=\"lazy\" decoding=\"async\" width=\"400\" height=\"400\" src=\"https:\/\/cusointernational.org\/wp-content\/uploads\/mothers_change-400x400.jpg\" class=\"attachment-thumbnail size-thumbnail wp-post-image\" alt=\"Three women drawing\" \/>                                <div class=\"tags\">\n                                    stories                                <\/div>\n                            <\/div>\n                            <div class=\"infoBox\">\n                                <h3 class=\"h4\"><a href=\"https:\/\/cusointernational.org\/fr\/recit\/journee-internationale-de-la-femme-des-modeles-dentraide-internationale-au-feminin\/\">Journ\u00e9e internationale de la femme : des mod\u00e8les d\u2019entraide internationale au f\u00e9minin<\/a><\/h3>\n                            <\/div>\n                        <\/div>\n                        <div class=\"postBottom\">\n                            <p class=\"infoPost\">Mar 08 2017<\/p>\n                        <\/div>\n                    <\/div>\n                <\/div>\n                            <div class=\"post post_259\">\n                    <div class=\"postBox\">\n                        <div class=\"postTop\">\n                            <div class=\"imgBox\">\n                                <img loading=\"lazy\" decoding=\"async\" width=\"400\" height=\"400\" src=\"https:\/\/cusointernational.org\/wp-content\/uploads\/viviane_akomii_large_dscf4798-400x400.jpg\" class=\"attachment-thumbnail size-thumbnail wp-post-image\" alt=\"Group holding vegetables\" \/>                                <div class=\"tags\">\n                                    stories                                <\/div>\n                            <\/div>\n                            <div class=\"infoBox\">\n                                <h3 class=\"h4\"><a href=\"https:\/\/cusointernational.org\/fr\/recit\/un-gros-projet-akom-ii\/\">Un Gros Projet \u00e0 Akom II<\/a><\/h3>\n                            <\/div>\n                        <\/div>\n                        <div class=\"postBottom\">\n                            <p class=\"infoPost\">Mar 01 2017<\/p>\n                        <\/div>\n                    <\/div>\n                <\/div>\n                            <div class=\"post post_260\">\n                    <div class=\"postBox\">\n                        <div class=\"postTop\">\n                            <div class=\"imgBox\">\n                                <img loading=\"lazy\" decoding=\"async\" width=\"400\" height=\"400\" src=\"https:\/\/cusointernational.org\/wp-content\/uploads\/01marie-he-le-ne-400x400.jpg\" class=\"attachment-thumbnail size-thumbnail wp-post-image\" alt=\"\" \/>                                <div class=\"tags\">\n                                    stories                                <\/div>\n                            <\/div>\n                            <div class=\"infoBox\">\n                                <h3 class=\"h4\"><a href=\"https:\/\/cusointernational.org\/fr\/recit\/ouvrir-de-nouveaux-horizons-professionnels\/\">Ouvrir de nouveaux horizons professionnels<\/a><\/h3>\n                            <\/div>\n                        <\/div>\n                        <div class=\"postBottom\">\n                            <p class=\"infoPost\">Jan 30 2017<\/p>\n                        <\/div>\n                    <\/div>\n                <\/div>\n                            <div class=\"post post_261\">\n                    <div class=\"postBox\">\n                        <div class=\"postTop\">\n                            <div class=\"imgBox\">\n                                <img loading=\"lazy\" decoding=\"async\" width=\"400\" height=\"400\" src=\"https:\/\/cusointernational.org\/wp-content\/uploads\/sharleen-gerry-at-ngorongoro-in-tanzania-400x400.jpg\" class=\"attachment-thumbnail size-thumbnail wp-post-image\" alt=\"Couple in\" \/>                                <div class=\"tags\">\n                                    stories                                <\/div>\n                            <\/div>\n                            <div class=\"infoBox\">\n                                <h3 class=\"h4\"><a href=\"https:\/\/cusointernational.org\/fr\/recit\/de-toronto-en-tanzanie\/\">De Toronto en Tanzanie<\/a><\/h3>\n                            <\/div>\n                        <\/div>\n                        <div class=\"postBottom\">\n                            <p class=\"infoPost\">Jan 30 2017<\/p>\n                        <\/div>\n                    <\/div>\n                <\/div>\n                            <div class=\"post post_262\">\n                    <div class=\"postBox\">\n                        <div class=\"postTop\">\n                            <div class=\"imgBox\">\n                                <img loading=\"lazy\" decoding=\"async\" width=\"400\" height=\"400\" src=\"https:\/\/cusointernational.org\/wp-content\/uploads\/img_20161214_112442-400x400.jpg\" class=\"attachment-thumbnail size-thumbnail wp-post-image\" alt=\"Group photo\" \/>                                <div class=\"tags\">\n                                    stories                                <\/div>\n                            <\/div>\n                            <div class=\"infoBox\">\n                                <h3 class=\"h4\"><a href=\"https:\/\/cusointernational.org\/fr\/recit\/apres-six-mois-au-nigeria-un-cooperant-volontaire-compte-bien-y-retourner\/\">Apr\u00e8s six mois au Nigeria, un coop\u00e9rant-volontaire compte bien y retourner!<\/a><\/h3>\n                            <\/div>\n                        <\/div>\n                        <div class=\"postBottom\">\n                            <p class=\"infoPost\">Jan 30 2017<\/p>\n                        <\/div>\n                    <\/div>\n                <\/div>\n                            <div class=\"post post_263\">\n                    <div class=\"postBox\">\n                        <div class=\"postTop\">\n                            <div class=\"imgBox\">\n                                <img loading=\"lazy\" decoding=\"async\" width=\"400\" height=\"400\" src=\"https:\/\/cusointernational.org\/wp-content\/uploads\/newspaper-pic-meet-with-government_cropped-400x400.jpg\" class=\"attachment-thumbnail size-thumbnail wp-post-image\" alt=\"Three people smiling\" \/>                                <div class=\"tags\">\n                                    stories                                <\/div>\n                            <\/div>\n                            <div class=\"infoBox\">\n                                <h3 class=\"h4\"><a href=\"https:\/\/cusointernational.org\/fr\/recit\/du-mentorat-inspirant-au-myanmar\/\">Du mentorat inspirant au Myanmar<\/a><\/h3>\n                            <\/div>\n                        <\/div>\n                        <div class=\"postBottom\">\n                            <p class=\"infoPost\">Jan 10 2017<\/p>\n                        <\/div>\n                    <\/div>\n                <\/div>\n                            <div class=\"post post_264\">\n                    <div class=\"postBox\">\n                        <div class=\"postTop\">\n                            <div class=\"imgBox\">\n                                <img loading=\"lazy\" decoding=\"async\" width=\"400\" height=\"400\" src=\"https:\/\/cusointernational.org\/wp-content\/uploads\/eben1-400x400.jpg\" class=\"attachment-thumbnail size-thumbnail wp-post-image\" alt=\"People wearing matching shirts\" \/>                                <div class=\"tags\">\n                                    stories                                <\/div>\n                            <\/div>\n                            <div class=\"infoBox\">\n                                <h3 class=\"h4\"><a href=\"https:\/\/cusointernational.org\/fr\/recit\/oser-entreprendre-une-carriere-internationale\/\">Oser entreprendre une carri\u00e8re internationale<\/a><\/h3>\n                            <\/div>\n                        <\/div>\n                        <div class=\"postBottom\">\n                            <p class=\"infoPost\">Jan 05 2017<\/p>\n                        <\/div>\n                    <\/div>\n                <\/div>\n                            <div class=\"post post_265\">\n                    <div class=\"postBox\">\n                        <div class=\"postTop\">\n                            <div class=\"imgBox\">\n                                <img loading=\"lazy\" decoding=\"async\" width=\"400\" height=\"400\" src=\"https:\/\/cusointernational.org\/wp-content\/uploads\/alisonchan_hs_09313-400x400.jpeg\" class=\"attachment-thumbnail size-thumbnail wp-post-image\" alt=\"Women talking around table\" \/>                                <div class=\"tags\">\n                                    stories                                <\/div>\n                            <\/div>\n                            <div class=\"infoBox\">\n                                <h3 class=\"h4\"><a href=\"https:\/\/cusointernational.org\/fr\/recit\/marcher-vers-lavenir-aux-cotes-des-birmanes\/\">Marcher vers l\u2019avenir aux c\u00f4t\u00e9s des Birmanes<\/a><\/h3>\n                            <\/div>\n                        <\/div>\n                        <div class=\"postBottom\">\n                            <p class=\"infoPost\">Dec 08 2016<\/p>\n                        <\/div>\n                    <\/div>\n                <\/div>\n                            <div class=\"post post_266\">\n                    <div class=\"postBox\">\n                        <div class=\"postTop\">\n                            <div class=\"imgBox\">\n                                <img loading=\"lazy\" decoding=\"async\" width=\"400\" height=\"400\" src=\"https:\/\/cusointernational.org\/wp-content\/uploads\/dscn0429-400x400.jpg\" class=\"attachment-thumbnail size-thumbnail wp-post-image\" alt=\"Three people, one in donkey costume\" \/>                                <div class=\"tags\">\n                                    stories                                <\/div>\n                            <\/div>\n                            <div class=\"infoBox\">\n                                <h3 class=\"h4\"><a href=\"https:\/\/cusointernational.org\/fr\/recit\/changer-le-monde\/\">Changer le monde<\/a><\/h3>\n                            <\/div>\n                        <\/div>\n                        <div class=\"postBottom\">\n                            <p class=\"infoPost\">Nov 29 2016<\/p>\n                        <\/div>\n                    <\/div>\n                <\/div>\n                            <div class=\"post post_267\">\n                    <div class=\"postBox\">\n                        <div class=\"postTop\">\n                            <div class=\"imgBox\">\n                                <img loading=\"lazy\" decoding=\"async\" width=\"400\" height=\"400\" src=\"https:\/\/cusointernational.org\/wp-content\/uploads\/jos-constant_aped_large_dscf5441-400x400.jpg\" class=\"attachment-thumbnail size-thumbnail wp-post-image\" alt=\"Men sitting in circle\" \/>                                <div class=\"tags\">\n                                    stories                                <\/div>\n                            <\/div>\n                            <div class=\"infoBox\">\n                                <h3 class=\"h4\"><a href=\"https:\/\/cusointernational.org\/fr\/recit\/redonner-au-monde-en-devenant-cooperant-volontaire\/\">Redonner au monde en devenant coop\u00e9rant-volontaire<\/a><\/h3>\n                            <\/div>\n                        <\/div>\n                        <div class=\"postBottom\">\n                            <p class=\"infoPost\">Oct 06 2016<\/p>\n                        <\/div>\n                    <\/div>\n                <\/div>\n                            <div class=\"post post_268\">\n                    <div class=\"postBox\">\n                        <div class=\"postTop\">\n                            <div class=\"imgBox\">\n                                <img loading=\"lazy\" decoding=\"async\" width=\"400\" height=\"400\" src=\"https:\/\/cusointernational.org\/wp-content\/uploads\/sandra_cameco_large_dscf4322-400x400.jpg\" class=\"attachment-thumbnail size-thumbnail wp-post-image\" alt=\"Hands pointing at tablet screen\" \/>                                <div class=\"tags\">\n                                    stories                                <\/div>\n                            <\/div>\n                            <div class=\"infoBox\">\n                                <h3 class=\"h4\"><a href=\"https:\/\/cusointernational.org\/fr\/recit\/la-conservation-cest-branche\/\">La conservation c\u2019est branch\u00e9 !<\/a><\/h3>\n                            <\/div>\n                        <\/div>\n                        <div class=\"postBottom\">\n                            <p class=\"infoPost\">Oct 06 2016<\/p>\n                        <\/div>\n                    <\/div>\n                <\/div>\n                            <div class=\"post post_269\">\n                    <div class=\"postBox\">\n                        <div class=\"postTop\">\n                            <div class=\"imgBox\">\n                                <img loading=\"lazy\" decoding=\"async\" width=\"400\" height=\"400\" src=\"https:\/\/cusointernational.org\/wp-content\/uploads\/coll-gues-tant-des-malades-et-moi-400x400.jpg\" class=\"attachment-thumbnail size-thumbnail wp-post-image\" alt=\"Group photo\" \/>                                <div class=\"tags\">\n                                    stories                                <\/div>\n                            <\/div>\n                            <div class=\"infoBox\">\n                                <h3 class=\"h4\"><a href=\"https:\/\/cusointernational.org\/fr\/recit\/changer-de-cadre-transforme-la-perspective-que-lon-a-sur-le-monde\/\">Changer de cadre transforme la perspective que l\u2019on a sur le monde<\/a><\/h3>\n                            <\/div>\n                        <\/div>\n                        <div class=\"postBottom\">\n                            <p class=\"infoPost\">Oct 06 2016<\/p>\n                        <\/div>\n                    <\/div>\n                <\/div>\n                            <div class=\"post post_270\">\n                    <div class=\"postBox\">\n                        <div class=\"postTop\">\n                            <div class=\"imgBox\">\n                                <img loading=\"lazy\" decoding=\"async\" width=\"400\" height=\"400\" src=\"https:\/\/cusointernational.org\/wp-content\/uploads\/eduardo_primera-clase-_1-ok-400x400.jpg\" class=\"attachment-thumbnail size-thumbnail wp-post-image\" alt=\"Group photo\" \/>                                <div class=\"tags\">\n                                    stories                                <\/div>\n                            <\/div>\n                            <div class=\"infoBox\">\n                                <h3 class=\"h4\"><a href=\"https:\/\/cusointernational.org\/fr\/recit\/son-experience-de-cooperation-lui-a-rapporte-plus-que-ce-quil-a-donne\/\">Son exp\u00e9rience de coop\u00e9ration lui a rapport\u00e9 plus que ce qu\u2019il a donn\u00e9\u2026<\/a><\/h3>\n                            <\/div>\n                        <\/div>\n                        <div class=\"postBottom\">\n                            <p class=\"infoPost\">Oct 06 2016<\/p>\n                        <\/div>\n                    <\/div>\n                <\/div>\n                            <div class=\"post post_271\">\n                    <div class=\"postBox\">\n                        <div class=\"postTop\">\n                            <div class=\"imgBox\">\n                                <img loading=\"lazy\" decoding=\"async\" width=\"400\" height=\"400\" src=\"https:\/\/cusointernational.org\/wp-content\/uploads\/careern-guidance-precious-edited-400x400.jpg\" class=\"attachment-thumbnail size-thumbnail wp-post-image\" alt=\"Girl in school uniform at desk\" \/>                                <div class=\"tags\">\n                                    stories                                <\/div>\n                            <\/div>\n                            <div class=\"infoBox\">\n                                <h3 class=\"h4\"><a href=\"https:\/\/cusointernational.org\/fr\/recit\/sattaquer-au-taux-de-chomage-endemique-chez-les-jeunes-caribeens\/\">S\u2019attaquer au taux de ch\u00f4mage end\u00e9mique chez les jeunes carib\u00e9ens<\/a><\/h3>\n                            <\/div>\n                        <\/div>\n                        <div class=\"postBottom\">\n                            <p class=\"infoPost\">Jul 11 2016<\/p>\n                        <\/div>\n                    <\/div>\n                <\/div>\n                            <div class=\"post post_272\">\n                    <div class=\"postBox\">\n                        <div class=\"postTop\">\n                            <div class=\"imgBox\">\n                                <img loading=\"lazy\" decoding=\"async\" width=\"400\" height=\"400\" src=\"https:\/\/cusointernational.org\/wp-content\/uploads\/english_laos_alyssa_hja_engworkshop_27-400x400.jpeg\" class=\"attachment-thumbnail size-thumbnail wp-post-image\" alt=\"Group around table with notebooks\" \/>                                <div class=\"tags\">\n                                    stories                                <\/div>\n                            <\/div>\n                            <div class=\"infoBox\">\n                                <h3 class=\"h4\"><a href=\"https:\/\/cusointernational.org\/fr\/recit\/mobiliser-des-stagiaires-canadiens-des-mentors-virtuels-et-les-nouvelles-technologies-de-linformation-pour-appuyer-le-developpement-international\/\">Mobiliser des stagiaires canadiens, des mentors virtuels et les nouvelles technologies de l\u2019information pour appuyer le d\u00e9veloppement international<\/a><\/h3>\n                            <\/div>\n                        <\/div>\n                        <div class=\"postBottom\">\n                            <p class=\"infoPost\">May 24 2016<\/p>\n                        <\/div>\n                    <\/div>\n                <\/div>\n                            <div class=\"post post_273\">\n                    <div class=\"postBox\">\n                        <div class=\"postTop\">\n                            <div class=\"imgBox\">\n                                <img loading=\"lazy\" decoding=\"async\" width=\"400\" height=\"400\" src=\"https:\/\/cusointernational.org\/wp-content\/uploads\/brent_cocoa_p1030259-400x400.jpg\" class=\"attachment-thumbnail size-thumbnail wp-post-image\" alt=\"Pile of gourds\" \/>                                <div class=\"tags\">\n                                    stories                                <\/div>\n                            <\/div>\n                            <div class=\"infoBox\">\n                                <h3 class=\"h4\"><a href=\"https:\/\/cusointernational.org\/fr\/recit\/le-volontariat-virtuel-des-equipes-virtuelles-qui-font-une-vraie-difference\/\">Le volontariat virtuel : des \u00e9quipes virtuelles qui font une vraie diff\u00e9rence<\/a><\/h3>\n                            <\/div>\n                        <\/div>\n                        <div class=\"postBottom\">\n                            <p class=\"infoPost\">May 24 2016<\/p>\n                        <\/div>\n                    <\/div>\n                <\/div>\n                            <div class=\"post post_274\">\n                    <div class=\"postBox\">\n                        <div class=\"postTop\">\n                            <div class=\"imgBox\">\n                                <img loading=\"lazy\" decoding=\"async\" width=\"400\" height=\"400\" src=\"https:\/\/cusointernational.org\/wp-content\/uploads\/nick_laos_img_3253-400x400.jpeg\" class=\"attachment-thumbnail size-thumbnail wp-post-image\" alt=\"Person wading in water\" \/>                                <div class=\"tags\">\n                                    stories                                <\/div>\n                            <\/div>\n                            <div class=\"infoBox\">\n                                <h3 class=\"h4\"><a href=\"https:\/\/cusointernational.org\/fr\/recit\/utiliser-la-mondialisation-pour-le-bien\/\">Utiliser la mondialisation pour le bien<\/a><\/h3>\n                            <\/div>\n                        <\/div>\n                        <div class=\"postBottom\">\n                            <p class=\"infoPost\">May 24 2016<\/p>\n                        <\/div>\n                    <\/div>\n                <\/div>\n                            <div class=\"post post_275\">\n                    <div class=\"postBox\">\n                        <div class=\"postTop\">\n                            <div class=\"imgBox\">\n                                <img loading=\"lazy\" decoding=\"async\" width=\"400\" height=\"400\" src=\"https:\/\/cusointernational.org\/wp-content\/uploads\/viviane_akomii_large_dscf4798-400x400.jpg\" class=\"attachment-thumbnail size-thumbnail wp-post-image\" alt=\"Group holding vegetables\" \/>                                <div class=\"tags\">\n                                    stories                                <\/div>\n                            <\/div>\n                            <div class=\"infoBox\">\n                                <h3 class=\"h4\"><a href=\"https:\/\/cusointernational.org\/fr\/recit\/la-cooperation-volontaire-dans-la-foret-tropicale-au-cameroun\/\">La coop\u00e9ration-volontaire dans la for\u00eat tropicale au Cameroun<\/a><\/h3>\n                            <\/div>\n                        <\/div>\n                        <div class=\"postBottom\">\n                            <p class=\"infoPost\">Apr 28 2016<\/p>\n                        <\/div>\n                    <\/div>\n                <\/div>\n                            <div class=\"post post_276\">\n                    <div class=\"postBox\">\n                        <div class=\"postTop\">\n                            <div class=\"imgBox\">\n                                <img loading=\"lazy\" decoding=\"async\" width=\"400\" height=\"400\" src=\"https:\/\/cusointernational.org\/wp-content\/uploads\/rueben-400x400.jpg\" class=\"attachment-thumbnail size-thumbnail wp-post-image\" alt=\"\" \/>                                <div class=\"tags\">\n                                    stories                                <\/div>\n                            <\/div>\n                            <div class=\"infoBox\">\n                                <h3 class=\"h4\"><a href=\"https:\/\/cusointernational.org\/fr\/recit\/cooperation-volontaire-dans-la-jungle-peruvienne\/\">Coop\u00e9ration volontaire dans la jungle p\u00e9ruvienne<\/a><\/h3>\n                            <\/div>\n                        <\/div>\n                        <div class=\"postBottom\">\n                            <p class=\"infoPost\">Feb 26 2016<\/p>\n                        <\/div>\n                    <\/div>\n                <\/div>\n                            <div class=\"post post_277\">\n                    <div class=\"postBox\">\n                        <div class=\"postTop\">\n                            <div class=\"imgBox\">\n                                <img loading=\"lazy\" decoding=\"async\" width=\"400\" height=\"400\" src=\"https:\/\/cusointernational.org\/wp-content\/uploads\/rosa-m-cruz-photo-1-400x400.jpg\" class=\"attachment-thumbnail size-thumbnail wp-post-image\" alt=\"Woman with a person wearing a decorative mask\" \/>                                <div class=\"tags\">\n                                    stories                                <\/div>\n                            <\/div>\n                            <div class=\"infoBox\">\n                                <h3 class=\"h4\"><a href=\"https:\/\/cusointernational.org\/fr\/recit\/faire-appel-au-theatre-pour-sortir-les-jeunes-salvadoriens-de-la-rue\/\">Faire appel au th\u00e9\u00e2tre pour sortir les jeunes salvadoriens de la rue<\/a><\/h3>\n                            <\/div>\n                        <\/div>\n                        <div class=\"postBottom\">\n                            <p class=\"infoPost\">Jan 19 2016<\/p>\n                        <\/div>\n                    <\/div>\n                <\/div>\n                            <div class=\"post post_278\">\n                    <div class=\"postBox\">\n                        <div class=\"postTop\">\n                            <div class=\"imgBox\">\n                                <img loading=\"lazy\" decoding=\"async\" width=\"400\" height=\"400\" src=\"https:\/\/cusointernational.org\/wp-content\/uploads\/cus9476-002-400x400.jpeg\" class=\"attachment-thumbnail size-thumbnail wp-post-image\" alt=\"Women holding honeycomb\" \/>                                <div class=\"tags\">\n                                    stories                                <\/div>\n                            <\/div>\n                            <div class=\"infoBox\">\n                                <h3 class=\"h4\"><a href=\"https:\/\/cusointernational.org\/fr\/recit\/changer-le-cours-des-choses-au-nicaragua\/\">Changer le cours des choses au Nicaragua<\/a><\/h3>\n                            <\/div>\n                        <\/div>\n                        <div class=\"postBottom\">\n                            <p class=\"infoPost\">Dec 15 2015<\/p>\n                        <\/div>\n                    <\/div>\n                <\/div>\n                            <div class=\"post post_279\">\n                    <div class=\"postBox\">\n                        <div class=\"postTop\">\n                            <div class=\"imgBox\">\n                                <img loading=\"lazy\" decoding=\"async\" width=\"400\" height=\"333\" src=\"https:\/\/cusointernational.org\/wp-content\/uploads\/2-4_4b_youth_asia-clarke-400x333.jpg\" class=\"attachment-thumbnail size-thumbnail wp-post-image\" alt=\"Woman selling things on a table\" \/>                                <div class=\"tags\">\n                                    stories                                <\/div>\n                            <\/div>\n                            <div class=\"infoBox\">\n                                <h3 class=\"h4\"><a href=\"https:\/\/cusointernational.org\/fr\/recit\/un-parfait-exemple-du-developpement-a-loeuvre\/\">Un parfait exemple du d\u00e9veloppement \u00e0 l'\u0153uvre<\/a><\/h3>\n                            <\/div>\n                        <\/div>\n                        <div class=\"postBottom\">\n                            <p class=\"infoPost\">Oct 16 2015<\/p>\n                        <\/div>\n                    <\/div>\n                <\/div>\n                            <div class=\"post post_280\">\n                    <div class=\"postBox\">\n                        <div class=\"postTop\">\n                            <div class=\"imgBox\">\n                                <img loading=\"lazy\" decoding=\"async\" width=\"400\" height=\"400\" src=\"https:\/\/cusointernational.org\/wp-content\/uploads\/giuliano1_withguineapigproducers-400x400.jpg\" class=\"attachment-thumbnail size-thumbnail wp-post-image\" alt=\"Indoor chicken coop\" \/>                                <div class=\"tags\">\n                                    stories                                <\/div>\n                            <\/div>\n                            <div class=\"infoBox\">\n                                <h3 class=\"h4\"><a href=\"https:\/\/cusointernational.org\/fr\/recit\/la-croissance-economique-au-perou\/\">La croissance \u00e9conomique au P\u00e9rou<\/a><\/h3>\n                            <\/div>\n                        <\/div>\n                        <div class=\"postBottom\">\n                            <p class=\"infoPost\">Oct 16 2015<\/p>\n                        <\/div>\n                    <\/div>\n                <\/div>\n                            <div class=\"post post_281\">\n                    <div class=\"postBox\">\n                        <div class=\"postTop\">\n                            <div class=\"imgBox\">\n                                <img loading=\"lazy\" decoding=\"async\" width=\"400\" height=\"400\" src=\"https:\/\/cusointernational.org\/wp-content\/uploads\/eyerusalem_padet-pic-400x400.jpg\" class=\"attachment-thumbnail size-thumbnail wp-post-image\" alt=\"Group around a table\" \/>                                <div class=\"tags\">\n                                    stories                                <\/div>\n                            <\/div>\n                            <div class=\"infoBox\">\n                                <h3 class=\"h4\"><a href=\"https:\/\/cusointernational.org\/fr\/recit\/la-ou-les-generations-se-rencontrent\/\">L\u00e0 o\u00f9 les g\u00e9n\u00e9rations se rencontrent<\/a><\/h3>\n                            <\/div>\n                        <\/div>\n                        <div class=\"postBottom\">\n                            <p class=\"infoPost\">Oct 15 2015<\/p>\n                        <\/div>\n                    <\/div>\n                <\/div>\n                            <div class=\"post post_282\">\n                    <div class=\"postBox\">\n                        <div class=\"postTop\">\n                            <div class=\"imgBox\">\n                                <img loading=\"lazy\" decoding=\"async\" width=\"400\" height=\"400\" src=\"https:\/\/cusointernational.org\/wp-content\/uploads\/breaking-down-barrier-in-bolivia-400x400.jpeg\" class=\"attachment-thumbnail size-thumbnail wp-post-image\" alt=\"\" \/>                                <div class=\"tags\">\n                                    stories                                <\/div>\n                            <\/div>\n                            <div class=\"infoBox\">\n                                <h3 class=\"h4\"><a href=\"https:\/\/cusointernational.org\/fr\/recit\/faire-tomber-les-barrieres-en-bolivie\/\">Faire tomber les barri\u00e8res en Bolivie<\/a><\/h3>\n                            <\/div>\n                        <\/div>\n                        <div class=\"postBottom\">\n                            <p class=\"infoPost\">Oct 14 2015<\/p>\n                        <\/div>\n                    <\/div>\n                <\/div>\n                            <div class=\"post post_283\">\n                    <div class=\"postBox\">\n                        <div class=\"postTop\">\n                            <div class=\"imgBox\">\n                                <img loading=\"lazy\" decoding=\"async\" width=\"400\" height=\"400\" src=\"https:\/\/cusointernational.org\/wp-content\/uploads\/ravi2-400x400.jpeg\" class=\"attachment-thumbnail size-thumbnail wp-post-image\" alt=\"Man holding stick with caterpillar on it\" \/>                                <div class=\"tags\">\n                                    stories                                <\/div>\n                            <\/div>\n                            <div class=\"infoBox\">\n                                <h3 class=\"h4\"><a href=\"https:\/\/cusointernational.org\/fr\/recit\/investissement-au-guyana\/\">Investissement au Guyana<\/a><\/h3>\n                            <\/div>\n                        <\/div>\n                        <div class=\"postBottom\">\n                            <p class=\"infoPost\">Oct 13 2015<\/p>\n                        <\/div>\n                    <\/div>\n                <\/div>\n                            <div class=\"post post_284\">\n                    <div class=\"postBox\">\n                        <div class=\"postTop\">\n                            <div class=\"imgBox\">\n                                <img loading=\"lazy\" decoding=\"async\" width=\"400\" height=\"400\" src=\"https:\/\/cusointernational.org\/wp-content\/uploads\/donna1_esp_6801-400x400.jpg\" class=\"attachment-thumbnail size-thumbnail wp-post-image\" alt=\"Woman holding microphone out to group of men\" \/>                                <div class=\"tags\">\n                                    stories                                <\/div>\n                            <\/div>\n                            <div class=\"infoBox\">\n                                <h3 class=\"h4\"><a href=\"https:\/\/cusointernational.org\/fr\/recit\/une-montagne-dopportunite-en-jamaique\/\">Une montagne d'opportunit\u00e9 en Jama\u00efque<\/a><\/h3>\n                            <\/div>\n                        <\/div>\n                        <div class=\"postBottom\">\n                            <p class=\"infoPost\">Oct 10 2015<\/p>\n                        <\/div>\n                    <\/div>\n                <\/div>\n                            <div class=\"post post_285\">\n                    <div class=\"postBox\">\n                        <div class=\"postTop\">\n                            <div class=\"imgBox\">\n                                <img loading=\"lazy\" decoding=\"async\" width=\"400\" height=\"324\" src=\"https:\/\/cusointernational.org\/wp-content\/uploads\/st-camille-founder-gr-goire-ahongbonon-third-from-left-and-community-members-400x324.png\" class=\"attachment-thumbnail size-thumbnail wp-post-image\" alt=\"Group photo\" \/>                                <div class=\"tags\">\n                                    stories                                <\/div>\n                            <\/div>\n                            <div class=\"infoBox\">\n                                <h3 class=\"h4\"><a href=\"https:\/\/cusointernational.org\/fr\/recit\/sensibiliser-la-population-a-la-stigmatisation-de-la-sante-mentale\/\">Sensibiliser la population \u00e0 la stigmatisation de la sant\u00e9 mentale<\/a><\/h3>\n                            <\/div>\n                        <\/div>\n                        <div class=\"postBottom\">\n                            <p class=\"infoPost\">Oct 09 2015<\/p>\n                        <\/div>\n                    <\/div>\n                <\/div>\n                            <div class=\"post post_286\">\n                    <div class=\"postBox\">\n                        <div class=\"postTop\">\n                            <div class=\"imgBox\">\n                                <img loading=\"lazy\" decoding=\"async\" width=\"400\" height=\"400\" src=\"https:\/\/cusointernational.org\/wp-content\/uploads\/pamela-grant-400x400.jpg\" class=\"attachment-thumbnail size-thumbnail wp-post-image\" alt=\"Schoolchildren at desks\" \/>                                <div class=\"tags\">\n                                    stories                                <\/div>\n                            <\/div>\n                            <div class=\"infoBox\">\n                                <h3 class=\"h4\"><a href=\"https:\/\/cusointernational.org\/fr\/recit\/redonner-a-sa-guyana-natal\/\">Redonner \u00e0 sa Guyana natal<\/a><\/h3>\n                            <\/div>\n                        <\/div>\n                        <div class=\"postBottom\">\n                            <p class=\"infoPost\">Sep 30 2015<\/p>\n                        <\/div>\n                    <\/div>\n                <\/div>\n                            <div class=\"post post_287\">\n                    <div class=\"postBox\">\n                        <div class=\"postTop\">\n                            <div class=\"imgBox\">\n                                <img loading=\"lazy\" decoding=\"async\" width=\"400\" height=\"400\" src=\"https:\/\/cusointernational.org\/wp-content\/uploads\/belay_dscf0920-400x400.jpg\" class=\"attachment-thumbnail size-thumbnail wp-post-image\" alt=\"Man smiling\" \/>                                <div class=\"tags\">\n                                    stories                                <\/div>\n                            <\/div>\n                            <div class=\"infoBox\">\n                                <h3 class=\"h4\"><a href=\"https:\/\/cusointernational.org\/fr\/recit\/impact-2-0\/\">Impact 2.0<\/a><\/h3>\n                            <\/div>\n                        <\/div>\n                        <div class=\"postBottom\">\n                            <p class=\"infoPost\">Sep 30 2015<\/p>\n                        <\/div>\n                    <\/div>\n                <\/div>\n                            <div class=\"post post_288\">\n                    <div class=\"postBox\">\n                        <div class=\"postTop\">\n                            <div class=\"imgBox\">\n                                <img loading=\"lazy\" decoding=\"async\" width=\"400\" height=\"400\" src=\"https:\/\/cusointernational.org\/wp-content\/uploads\/martinegauthier1-400x400.jpg\" class=\"attachment-thumbnail size-thumbnail wp-post-image\" alt=\"\" \/>                                <div class=\"tags\">\n                                    stories                                <\/div>\n                            <\/div>\n                            <div class=\"infoBox\">\n                                <h3 class=\"h4\"><a href=\"https:\/\/cusointernational.org\/fr\/recit\/amener-une-organisation-a-sevaluer-pour-mieux-poursuivre-sa-mission\/\">Amener une organisation \u00e0 s\u2019\u00e9valuer pour mieux poursuivre sa mission<\/a><\/h3>\n                            <\/div>\n                        <\/div>\n                        <div class=\"postBottom\">\n                            <p class=\"infoPost\">Apr 16 2015<\/p>\n                        <\/div>\n                    <\/div>\n                <\/div>\n                            <div class=\"post post_289\">\n                    <div class=\"postBox\">\n                        <div class=\"postTop\">\n                            <div class=\"imgBox\">\n                                <img loading=\"lazy\" decoding=\"async\" width=\"400\" height=\"400\" src=\"https:\/\/cusointernational.org\/wp-content\/uploads\/guyana_supportingleaders-400x400.jpeg\" class=\"attachment-thumbnail size-thumbnail wp-post-image\" alt=\"School children with notebooks\" \/>                                <div class=\"tags\">\n                                    stories                                <\/div>\n                            <\/div>\n                            <div class=\"infoBox\">\n                                <h3 class=\"h4\"><a href=\"https:\/\/cusointernational.org\/fr\/recit\/soutenir-les-leaders-de-demain\/\">Soutenir les leaders de demain<\/a><\/h3>\n                            <\/div>\n                        <\/div>\n                        <div class=\"postBottom\">\n                            <p class=\"infoPost\">Apr 16 2015<\/p>\n                        <\/div>\n                    <\/div>\n                <\/div>\n                            <div class=\"post post_290\">\n                    <div class=\"postBox\">\n                        <div class=\"postTop\">\n                            <div class=\"imgBox\">\n                                <img loading=\"lazy\" decoding=\"async\" width=\"400\" height=\"400\" src=\"https:\/\/cusointernational.org\/wp-content\/uploads\/jamaica-business-1-400x400.png\" class=\"attachment-thumbnail size-thumbnail wp-post-image\" alt=\"\" \/>                                <div class=\"tags\">\n                                    stories                                <\/div>\n                            <\/div>\n                            <div class=\"infoBox\">\n                                <h3 class=\"h4\"><a href=\"https:\/\/cusointernational.org\/fr\/recit\/renforcer-la-responsabilite-sociale-des-entreprises\/\">Renforcer la responsabilit\u00e9 sociale des entreprises<\/a><\/h3>\n                            <\/div>\n                        <\/div>\n                        <div class=\"postBottom\">\n                            <p class=\"infoPost\">Apr 15 2015<\/p>\n                        <\/div>\n                    <\/div>\n                <\/div>\n                            <div class=\"post post_291\">\n                    <div class=\"postBox\">\n                        <div class=\"postTop\">\n                            <div class=\"imgBox\">\n                                <img loading=\"lazy\" decoding=\"async\" width=\"400\" height=\"400\" src=\"https:\/\/cusointernational.org\/wp-content\/uploads\/the-chicken-and-micro-400x400.jpeg\" class=\"attachment-thumbnail size-thumbnail wp-post-image\" alt=\"Girl holding a chicken\" \/>                                <div class=\"tags\">\n                                    stories                                <\/div>\n                            <\/div>\n                            <div class=\"infoBox\">\n                                <h3 class=\"h4\"><a href=\"https:\/\/cusointernational.org\/fr\/recit\/des-poules-et-des-oeufs\/\">Des poules et des oeufs<\/a><\/h3>\n                            <\/div>\n                        <\/div>\n                        <div class=\"postBottom\">\n                            <p class=\"infoPost\">Jan 01 2015<\/p>\n                        <\/div>\n                    <\/div>\n                <\/div>\n                            <div class=\"post post_292\">\n                    <div class=\"postBox\">\n                        <div class=\"postTop\">\n                            <div class=\"imgBox\">\n                                <img loading=\"lazy\" decoding=\"async\" width=\"400\" height=\"400\" src=\"https:\/\/cusointernational.org\/wp-content\/uploads\/a-forest-for-a-tree-400x400.jpeg\" class=\"attachment-thumbnail size-thumbnail wp-post-image\" alt=\"Men looking at a tree\" \/>                                <div class=\"tags\">\n                                    stories                                <\/div>\n                            <\/div>\n                            <div class=\"infoBox\">\n                                <h3 class=\"h4\"><a href=\"https:\/\/cusointernational.org\/fr\/recit\/une-foret-pour-les-arbres\/\">Une for\u00eat pour les arbres<\/a><\/h3>\n                            <\/div>\n                        <\/div>\n                        <div class=\"postBottom\">\n                            <p class=\"infoPost\">Jan 01 2015<\/p>\n                        <\/div>\n                    <\/div>\n                <\/div>\n                            <div class=\"post post_293\">\n                    <div class=\"postBox\">\n                        <div class=\"postTop\">\n                            <div class=\"imgBox\">\n                                <img loading=\"lazy\" decoding=\"async\" width=\"400\" height=\"400\" src=\"https:\/\/cusointernational.org\/wp-content\/uploads\/2-3_10a_deaths_sechns-smiling-400x400.jpg\" class=\"attachment-thumbnail size-thumbnail wp-post-image\" alt=\"Women wearing nurses uniforms\" \/>                                <div class=\"tags\">\n                                    stories                                <\/div>\n                            <\/div>\n                            <div class=\"infoBox\">\n                                <h3 class=\"h4\"><a href=\"https:\/\/cusointernational.org\/fr\/recit\/finies-les-morts-inutiles\/\">Finies les morts inutiles<\/a><\/h3>\n                            <\/div>\n                        <\/div>\n                        <div class=\"postBottom\">\n                            <p class=\"infoPost\">Jan 01 2015<\/p>\n                        <\/div>\n                    <\/div>\n                <\/div>\n                            <div class=\"post post_294\">\n                    <div class=\"postBox\">\n                        <div class=\"postTop\">\n                            <div class=\"imgBox\">\n                                <img loading=\"lazy\" decoding=\"async\" width=\"400\" height=\"400\" src=\"https:\/\/cusointernational.org\/wp-content\/uploads\/2-3_9a_tourist_cuso-111023-02092-400x400.jpeg\" class=\"attachment-thumbnail size-thumbnail wp-post-image\" alt=\"Peopl writing on papers\" \/>                                <div class=\"tags\">\n                                    stories                                <\/div>\n                            <\/div>\n                            <div class=\"infoBox\">\n                                <h3 class=\"h4\"><a href=\"https:\/\/cusointernational.org\/fr\/recit\/touristes-internationaux-emplois-locaux\/\">Touristes internationaux. Emplois locaux.<\/a><\/h3>\n                            <\/div>\n                        <\/div>\n                        <div class=\"postBottom\">\n                            <p class=\"infoPost\">Jan 01 2015<\/p>\n                        <\/div>\n                    <\/div>\n                <\/div>\n                            <div class=\"post post_295\">\n                    <div class=\"postBox\">\n                        <div class=\"postTop\">\n                            <div class=\"imgBox\">\n                                <img loading=\"lazy\" decoding=\"async\" width=\"400\" height=\"355\" src=\"https:\/\/cusointernational.org\/wp-content\/uploads\/2-3_8a_voice-400x355.jpg\" class=\"attachment-thumbnail size-thumbnail wp-post-image\" alt=\"Three people with microphones\" \/>                                <div class=\"tags\">\n                                    stories                                <\/div>\n                            <\/div>\n                            <div class=\"infoBox\">\n                                <h3 class=\"h4\"><a href=\"https:\/\/cusointernational.org\/fr\/recit\/donner-la-parole-aux-laisses-pour-compte\/\">Donner la parole aux laiss\u00e9s-pour-compte<\/a><\/h3>\n                            <\/div>\n                        <\/div>\n                        <div class=\"postBottom\">\n                            <p class=\"infoPost\">Jan 01 2015<\/p>\n                        <\/div>\n                    <\/div>\n                <\/div>\n                            <div class=\"post post_296\">\n                    <div class=\"postBox\">\n                        <div class=\"postTop\">\n                            <div class=\"imgBox\">\n                                <img loading=\"lazy\" decoding=\"async\" width=\"400\" height=\"400\" src=\"https:\/\/cusointernational.org\/wp-content\/uploads\/2-3_7a_court_cuso-120627-00011-400x400.jpeg\" class=\"attachment-thumbnail size-thumbnail wp-post-image\" alt=\"Back of a persons head\" \/>                                <div class=\"tags\">\n                                    stories                                <\/div>\n                            <\/div>\n                            <div class=\"infoBox\">\n                                <h3 class=\"h4\"><a href=\"https:\/\/cusointernational.org\/fr\/recit\/aider-les-enfants-a-temoigner-en-cour\/\">Aider les enfants \u00e0 t\u00e9moigner en cour<\/a><\/h3>\n                            <\/div>\n                        <\/div>\n                        <div class=\"postBottom\">\n                            <p class=\"infoPost\">Jan 01 2015<\/p>\n                        <\/div>\n                    <\/div>\n                <\/div>\n                            <div class=\"post post_297\">\n                    <div class=\"postBox\">\n                        <div class=\"postTop\">\n                            <div class=\"imgBox\">\n                                <img loading=\"lazy\" decoding=\"async\" width=\"400\" height=\"315\" src=\"https:\/\/cusointernational.org\/wp-content\/uploads\/2-3_5a_promise_screenshot-1-400x315.jpg\" class=\"attachment-thumbnail size-thumbnail wp-post-image\" alt=\"Person speaking into microphone\" \/>                                <div class=\"tags\">\n                                    stories                                <\/div>\n                            <\/div>\n                            <div class=\"infoBox\">\n                                <h3 class=\"h4\"><a href=\"https:\/\/cusointernational.org\/fr\/recit\/chose-promise-chose-due\/\">Chose promise, chose due<\/a><\/h3>\n                            <\/div>\n                        <\/div>\n                        <div class=\"postBottom\">\n                            <p class=\"infoPost\">Jan 01 2015<\/p>\n                        <\/div>\n                    <\/div>\n                <\/div>\n                            <div class=\"post post_298\">\n                    <div class=\"postBox\">\n                        <div class=\"postTop\">\n                            <div class=\"imgBox\">\n                                <img loading=\"lazy\" decoding=\"async\" width=\"400\" height=\"400\" src=\"https:\/\/cusointernational.org\/wp-content\/uploads\/2-3_4a_education_cuso-130213-05017-400x400.jpeg\" class=\"attachment-thumbnail size-thumbnail wp-post-image\" alt=\"Children around a table\" \/>                                <div class=\"tags\">\n                                    stories                                <\/div>\n                            <\/div>\n                            <div class=\"infoBox\">\n                                <h3 class=\"h4\"><a href=\"https:\/\/cusointernational.org\/fr\/recit\/lespoir-dun-avenir-meilleur-commence-par-leducation\/\">L\u2019espoir d\u2019un avenir meilleur commence par l\u2019\u00e9ducation<\/a><\/h3>\n                            <\/div>\n                        <\/div>\n                        <div class=\"postBottom\">\n                            <p class=\"infoPost\">Jan 01 2015<\/p>\n                        <\/div>\n                    <\/div>\n                <\/div>\n                            <div class=\"post post_299\">\n                    <div class=\"postBox\">\n                        <div class=\"postTop\">\n                            <div class=\"imgBox\">\n                                <img loading=\"lazy\" decoding=\"async\" width=\"400\" height=\"400\" src=\"https:\/\/cusointernational.org\/wp-content\/uploads\/2-3_3a_hiv_51013915_dscn0049-400x400.jpg\" class=\"attachment-thumbnail size-thumbnail wp-post-image\" alt=\"Woman with two young children\" \/>                                <div class=\"tags\">\n                                    stories                                <\/div>\n                            <\/div>\n                            <div class=\"infoBox\">\n                                <h3 class=\"h4\"><a href=\"https:\/\/cusointernational.org\/fr\/recit\/voir-le-vihsida-autrement\/\">Voir le VIH\/SIDA autrement<\/a><\/h3>\n                            <\/div>\n                        <\/div>\n                        <div class=\"postBottom\">\n                            <p class=\"infoPost\">Jan 01 2015<\/p>\n                        <\/div>\n                    <\/div>\n                <\/div>\n                            <div class=\"post post_300\">\n                    <div class=\"postBox\">\n                        <div class=\"postTop\">\n                            <div class=\"imgBox\">\n                                <img loading=\"lazy\" decoding=\"async\" width=\"400\" height=\"400\" src=\"https:\/\/cusointernational.org\/wp-content\/uploads\/2-3_2a_victims_cuso-130402-06840-400x400.jpeg\" class=\"attachment-thumbnail size-thumbnail wp-post-image\" alt=\"Two women\" \/>                                <div class=\"tags\">\n                                    stories                                <\/div>\n                            <\/div>\n                            <div class=\"infoBox\">\n                                <h3 class=\"h4\"><a href=\"https:\/\/cusointernational.org\/fr\/recit\/non-a-la-violence-conjugale\/\">Non \u00e0 la violence conjugale<\/a><\/h3>\n                            <\/div>\n                        <\/div>\n                        <div class=\"postBottom\">\n                            <p class=\"infoPost\">Jan 01 2015<\/p>\n                        <\/div>\n                    <\/div>\n                <\/div>\n                            <div class=\"post post_301\">\n                    <div class=\"postBox\">\n                        <div class=\"postTop\">\n                            <div class=\"imgBox\">\n                                <div class=\"defaultImg\"><\/div>                                <div class=\"tags\">\n                                    stories                                <\/div>\n                            <\/div>\n                            <div class=\"infoBox\">\n                                <h3 class=\"h4\"><a href=\"https:\/\/cusointernational.org\/fr\/recit\/leading-the-way\/\">Leading the way<\/a><\/h3>\n                            <\/div>\n                        <\/div>\n                        <div class=\"postBottom\">\n                            <p class=\"infoPost\">Jan 01 1970<\/p>\n                        <\/div>\n                    <\/div>\n                <\/div>\n                            <div class=\"post post_302\">\n                    <div class=\"postBox\">\n                        <div class=\"postTop\">\n                            <div class=\"imgBox\">\n                                <div class=\"defaultImg\"><\/div>                                <div class=\"tags\">\n                                    stories                                <\/div>\n                            <\/div>\n                            <div class=\"infoBox\">\n                                <h3 class=\"h4\"><a href=\"https:\/\/cusointernational.org\/fr\/recit\/making-a-mark-volunteers-work-on-climate-change-recognized-by-un\/\">Making a mark: volunteer\u2019s work on climate change recognized by UN<\/a><\/h3>\n                            <\/div>\n                        <\/div>\n                        <div class=\"postBottom\">\n                            <p class=\"infoPost\">Jan 01 1970<\/p>\n                        <\/div>\n                    <\/div>\n                <\/div>\n                            <div class=\"post post_303\">\n                    <div class=\"postBox\">\n                        <div class=\"postTop\">\n                            <div class=\"imgBox\">\n                                <div class=\"defaultImg\"><\/div>                                <div class=\"tags\">\n                                    stories                                <\/div>\n                            <\/div>\n                            <div class=\"infoBox\">\n                                <h3 class=\"h4\"><a href=\"https:\/\/cusointernational.org\/fr\/recit\/breaking-barriers-with-youlead\/\">Breaking barriers with YouLead<\/a><\/h3>\n                            <\/div>\n                        <\/div>\n                        <div class=\"postBottom\">\n                            <p class=\"infoPost\">Jan 01 1970<\/p>\n                        <\/div>\n                    <\/div>\n                <\/div>\n                            <div class=\"post post_304\">\n                    <div class=\"postBox\">\n                        <div class=\"postTop\">\n                            <div class=\"imgBox\">\n                                <img loading=\"lazy\" decoding=\"async\" width=\"400\" height=\"400\" src=\"https:\/\/cusointernational.org\/wp-content\/uploads\/Awae__017-1-400x400.jpg\" class=\"attachment-thumbnail size-thumbnail wp-post-image\" alt=\"a young woman in a red headband writing on a board in front of a group of women\" \/>                                <div class=\"tags\">\n                                    stories                                <\/div>\n                            <\/div>\n                            <div class=\"infoBox\">\n                                <h3 class=\"h4\"><a href=\"https:\/\/cusointernational.org\/fr\/recit\/cuso-international-reconnu-pour-avoir-cree-une-main-doeuvre-diversifiee-et-inclusive\/\">Cuso International reconnu pour avoir cr\u00e9\u00e9 une main-d'\u0153uvre diversifi\u00e9e et inclusive<\/a><\/h3>\n                            <\/div>\n                        <\/div>\n                        <div class=\"postBottom\">\n                            <p class=\"infoPost\">Jan 01 1970<\/p>\n                        <\/div>\n                    <\/div>\n                <\/div>\n                            <div class=\"post post_305\">\n                    <div class=\"postBox\">\n                        <div class=\"postTop\">\n                            <div class=\"imgBox\">\n                                <div class=\"defaultImg\"><\/div>                                <div class=\"tags\">\n                                    stories                                <\/div>\n                            <\/div>\n                            <div class=\"infoBox\">\n                                <h3 class=\"h4\"><a href=\"https:\/\/cusointernational.org\/fr\/recit\/on-a-mission-advancing-womens-rights-in-myanmar\/\">On a mission: advancing women\u2019s rights in Myanmar<\/a><\/h3>\n                            <\/div>\n                        <\/div>\n                        <div class=\"postBottom\">\n                            <p class=\"infoPost\">Jan 01 1970<\/p>\n                        <\/div>\n                    <\/div>\n                <\/div>\n            <\/div>            <div class=\"loadMore\">\n                <button class=\"pre page_btn\"><img decoding=\"async\" src=\"\/wp-content\/uploads\/Group-3579.svg\" alt=\"previous page button\"><\/button>\n                <p class=\"page_tags\">\n                <span class='page_tag page_0 active'>1<\/span><span class='page_tag page_1'>2<\/span><span class='page_tag page_2'>3<\/span><span class='page_tag page_3'>4<\/span><span class='page_tag page_4'>5<\/span><span class='page_tag page_5'>6<\/span><span class='page_tag page_6'>7<\/span><span class='page_tag page_7'>8<\/span><span class='page_tag page_8'>9<\/span><span class='page_tag page_9'>10<\/span><span class='page_tag page_10'>11<\/span><span class='page_tag page_11'>12<\/span><span class='page_tag page_12'>13<\/span><span class='page_tag page_13'>14<\/span><span class='page_tag page_14'>15<\/span><span class='page_tag page_15'>16<\/span><span class='page_tag page_16'>17<\/span><span class='page_tag page_17'>18<\/span><span class='page_tag page_18'>19<\/span><span class='page_tag page_19'>20<\/span><span class='page_tag page_20'>21<\/span><span class='page_tag page_21'>22<\/span><span class='page_tag page_22'>23<\/span><span class='page_tag page_23'>24<\/span><span class='page_tag page_24'>25<\/span><span class='page_tag page_25'>26<\/span><span class='page_tag page_26'>27<\/span><span class='page_tag page_27'>28<\/span><span class='page_tag page_28'>29<\/span><span class='page_tag page_29'>30<\/span><span class='page_tag page_30'>31<\/span><span class='page_tag page_31'>32<\/span><span class='page_tag page_32'>33<\/span><span class='page_tag page_33'>34<\/span><span class='page_tag page_34'>35<\/span><span class='page_tag page_35'>36<\/span><span class='page_tag page_36'>37<\/span><span class='page_tag page_37'>38<\/span><span class='page_tag page_38'>39<\/span><span class='page_tag page_39'>40<\/span><span class='page_tag page_40'>41<\/span><span class='page_tag page_41'>42<\/span><span class='page_tag page_42'>43<\/span><span class='page_tag page_43'>44<\/span><span class='page_tag page_44'>45<\/span><span class='page_tag page_45'>46<\/span><span class='page_tag page_46'>47<\/span><span class='page_tag page_47'>48<\/span><span class='page_tag page_48'>49<\/span><span class='page_tag page_49'>50<\/span><span class='page_tag page_50'>51<\/span><span class='page_tag page_51'>52<\/span><span class='page_tag page_52'>53<\/span><span class='page_tag page_53'>54<\/span>                of \n                <span class='total_pages'>54<\/span>                <\/p>\n                <button class=\"nex page_btn\"><img decoding=\"async\" src=\"\/wp-content\/uploads\/Group-3578.svg\" alt=\"next page button\"><\/button>\n            <\/div>\n            \n        <\/div>\n        \n    <\/p>\r\n<h2>Share your story with us!<\/h2>\r\n<p>We love hearing stories from our alumni and partners. For a chance to be featured contact Linda Hartwell at +1.888.434.2876 x295 or by email at linda.hartwell@cusointernational.org.<\/p>\r\n<p><img decoding=\"async\" title=\"Group 5319\" src=\"https:\/\/cusointernational.org\/wp-content\/uploads\/Group-5319.svg\" alt=\"Group 5319\" width=\"226.542\" height=\"226.542\" \/><\/p>\r\n","protected":false},"excerpt":{"rendered":"<p>R\u00c9CITS ET T\u00c9MOIGNAGES Des \u00eatres authentiques. Des r\u00e9cits authentiques. D\u00e9couvrez les transformations survenues sur le terrain gr\u00e2ce \u00e0 notre lutte pour \u00e9liminer la pauvret\u00e9 et les in\u00e9galit\u00e9s. Share your story with us! We love hearing stories from our alumni and partners. For a chance to be featured contact Linda Hartwell at +1.888.434.2876 x295 or by&hellip;<\/p>\n","protected":false},"author":3,"featured_media":0,"parent":0,"menu_order":0,"comment_status":"closed","ping_status":"closed","template":"","meta":{"_acf_changed":false,"footnotes":""},"tags":[],"class_list":["post-35240","page","type-page","status-publish","hentry"],"acf":[],"yoast_head":"<!-- This site is optimized with the Yoast SEO plugin v27.5 - https:\/\/yoast.com\/product\/yoast-seo-wordpress\/ -->\n<title>R\u00e9cits | Cuso International<\/title>\n<meta name=\"description\" content=\"Cuso&#039;s development programs &amp; international volunteers work to advance gender equality &amp; improve economic opportunities for youth across four continents.\" \/>\n<meta name=\"robots\" content=\"index, follow, max-snippet:-1, max-image-preview:large, max-video-preview:-1\" \/>\n<link rel=\"canonical\" href=\"https:\/\/cusointernational.org\/fr\/recits\/\" \/>\n<meta property=\"og:locale\" content=\"fr_FR\" \/>\n<meta property=\"og:type\" content=\"article\" \/>\n<meta property=\"og:title\" content=\"R\u00e9cits | Cuso International\" \/>\n<meta property=\"og:description\" content=\"Cuso&#039;s development programs &amp; international volunteers work to advance gender equality &amp; improve economic opportunities for youth across four continents.\" \/>\n<meta property=\"og:url\" content=\"https:\/\/cusointernational.org\/fr\/recits\/\" \/>\n<meta property=\"og:site_name\" content=\"Cuso International\" \/>\n<meta property=\"article:modified_time\" content=\"2023-06-02T14:46:51+00:00\" \/>\n<meta property=\"og:image\" content=\"https:\/\/cusointernational.org\/wp-content\/uploads\/Group-5319.svg\" \/>\n<meta name=\"twitter:card\" content=\"summary_large_image\" \/>\n<meta name=\"twitter:label1\" content=\"Dur\u00e9e de lecture estim\u00e9e\" \/>\n\t<meta name=\"twitter:data1\" content=\"1 minute\" \/>\n<script type=\"application\/ld+json\" class=\"yoast-schema-graph\">{\"@context\":\"https:\\\/\\\/schema.org\",\"@graph\":[{\"@type\":\"WebPage\",\"@id\":\"https:\\\/\\\/cusointernational.org\\\/fr\\\/recits\\\/\",\"url\":\"https:\\\/\\\/cusointernational.org\\\/fr\\\/recits\\\/\",\"name\":\"R\u00e9cits | Cuso International\",\"isPartOf\":{\"@id\":\"https:\\\/\\\/cusointernational.org\\\/fr\\\/#website\"},\"primaryImageOfPage\":{\"@id\":\"https:\\\/\\\/cusointernational.org\\\/fr\\\/recits\\\/#primaryimage\"},\"image\":{\"@id\":\"https:\\\/\\\/cusointernational.org\\\/fr\\\/recits\\\/#primaryimage\"},\"thumbnailUrl\":\"https:\\\/\\\/cusointernational.org\\\/wp-content\\\/uploads\\\/Group-5319.svg\",\"datePublished\":\"2020-08-18T01:58:32+00:00\",\"dateModified\":\"2023-06-02T14:46:51+00:00\",\"description\":\"Cuso's development programs & international volunteers work to advance gender equality & improve economic opportunities for youth across four continents.\",\"breadcrumb\":{\"@id\":\"https:\\\/\\\/cusointernational.org\\\/fr\\\/recits\\\/#breadcrumb\"},\"inLanguage\":\"fr-FR\",\"potentialAction\":[{\"@type\":\"ReadAction\",\"target\":[\"https:\\\/\\\/cusointernational.org\\\/fr\\\/recits\\\/\"]}]},{\"@type\":\"ImageObject\",\"inLanguage\":\"fr-FR\",\"@id\":\"https:\\\/\\\/cusointernational.org\\\/fr\\\/recits\\\/#primaryimage\",\"url\":\"https:\\\/\\\/cusointernational.org\\\/wp-content\\\/uploads\\\/Group-5319.svg\",\"contentUrl\":\"https:\\\/\\\/cusointernational.org\\\/wp-content\\\/uploads\\\/Group-5319.svg\"},{\"@type\":\"BreadcrumbList\",\"@id\":\"https:\\\/\\\/cusointernational.org\\\/fr\\\/recits\\\/#breadcrumb\",\"itemListElement\":[{\"@type\":\"ListItem\",\"position\":1,\"name\":\"Home\",\"item\":\"https:\\\/\\\/cusointernational.org\\\/fr\\\/\"},{\"@type\":\"ListItem\",\"position\":2,\"name\":\"R\u00e9cits\"}]},{\"@type\":\"WebSite\",\"@id\":\"https:\\\/\\\/cusointernational.org\\\/fr\\\/#website\",\"url\":\"https:\\\/\\\/cusointernational.org\\\/fr\\\/\",\"name\":\"Cuso International\",\"description\":\"Connecting communities around the world with skilled Canadians to help end poverty\",\"potentialAction\":[{\"@type\":\"SearchAction\",\"target\":{\"@type\":\"EntryPoint\",\"urlTemplate\":\"https:\\\/\\\/cusointernational.org\\\/fr\\\/?s={search_term_string}\"},\"query-input\":{\"@type\":\"PropertyValueSpecification\",\"valueRequired\":true,\"valueName\":\"search_term_string\"}}],\"inLanguage\":\"fr-FR\"}]}<\/script>\n<!-- \/ Yoast SEO plugin. -->","yoast_head_json":{"title":"R\u00e9cits | Cuso International","description":"Cuso's development programs & international volunteers work to advance gender equality & improve economic opportunities for youth across four continents.","robots":{"index":"index","follow":"follow","max-snippet":"max-snippet:-1","max-image-preview":"max-image-preview:large","max-video-preview":"max-video-preview:-1"},"canonical":"https:\/\/cusointernational.org\/fr\/recits\/","og_locale":"fr_FR","og_type":"article","og_title":"R\u00e9cits | Cuso International","og_description":"Cuso's development programs & international volunteers work to advance gender equality & improve economic opportunities for youth across four continents.","og_url":"https:\/\/cusointernational.org\/fr\/recits\/","og_site_name":"Cuso International","article_modified_time":"2023-06-02T14:46:51+00:00","og_image":[{"url":"https:\/\/cusointernational.org\/wp-content\/uploads\/Group-5319.svg","type":"","width":"","height":""}],"twitter_card":"summary_large_image","twitter_misc":{"Dur\u00e9e de lecture estim\u00e9e":"1 minute"},"schema":{"@context":"https:\/\/schema.org","@graph":[{"@type":"WebPage","@id":"https:\/\/cusointernational.org\/fr\/recits\/","url":"https:\/\/cusointernational.org\/fr\/recits\/","name":"R\u00e9cits | Cuso International","isPartOf":{"@id":"https:\/\/cusointernational.org\/fr\/#website"},"primaryImageOfPage":{"@id":"https:\/\/cusointernational.org\/fr\/recits\/#primaryimage"},"image":{"@id":"https:\/\/cusointernational.org\/fr\/recits\/#primaryimage"},"thumbnailUrl":"https:\/\/cusointernational.org\/wp-content\/uploads\/Group-5319.svg","datePublished":"2020-08-18T01:58:32+00:00","dateModified":"2023-06-02T14:46:51+00:00","description":"Cuso's development programs & international volunteers work to advance gender equality & improve economic opportunities for youth across four continents.","breadcrumb":{"@id":"https:\/\/cusointernational.org\/fr\/recits\/#breadcrumb"},"inLanguage":"fr-FR","potentialAction":[{"@type":"ReadAction","target":["https:\/\/cusointernational.org\/fr\/recits\/"]}]},{"@type":"ImageObject","inLanguage":"fr-FR","@id":"https:\/\/cusointernational.org\/fr\/recits\/#primaryimage","url":"https:\/\/cusointernational.org\/wp-content\/uploads\/Group-5319.svg","contentUrl":"https:\/\/cusointernational.org\/wp-content\/uploads\/Group-5319.svg"},{"@type":"BreadcrumbList","@id":"https:\/\/cusointernational.org\/fr\/recits\/#breadcrumb","itemListElement":[{"@type":"ListItem","position":1,"name":"Home","item":"https:\/\/cusointernational.org\/fr\/"},{"@type":"ListItem","position":2,"name":"R\u00e9cits"}]},{"@type":"WebSite","@id":"https:\/\/cusointernational.org\/fr\/#website","url":"https:\/\/cusointernational.org\/fr\/","name":"Cuso International","description":"Connecting communities around the world with skilled Canadians to help end poverty","potentialAction":[{"@type":"SearchAction","target":{"@type":"EntryPoint","urlTemplate":"https:\/\/cusointernational.org\/fr\/?s={search_term_string}"},"query-input":{"@type":"PropertyValueSpecification","valueRequired":true,"valueName":"search_term_string"}}],"inLanguage":"fr-FR"}]}},"_links":{"self":[{"href":"https:\/\/cusointernational.org\/fr\/wp-json\/wp\/v2\/pages\/35240","targetHints":{"allow":["GET"]}}],"collection":[{"href":"https:\/\/cusointernational.org\/fr\/wp-json\/wp\/v2\/pages"}],"about":[{"href":"https:\/\/cusointernational.org\/fr\/wp-json\/wp\/v2\/types\/page"}],"author":[{"embeddable":true,"href":"https:\/\/cusointernational.org\/fr\/wp-json\/wp\/v2\/users\/3"}],"replies":[{"embeddable":true,"href":"https:\/\/cusointernational.org\/fr\/wp-json\/wp\/v2\/comments?post=35240"}],"version-history":[{"count":0,"href":"https:\/\/cusointernational.org\/fr\/wp-json\/wp\/v2\/pages\/35240\/revisions"}],"wp:attachment":[{"href":"https:\/\/cusointernational.org\/fr\/wp-json\/wp\/v2\/media?parent=35240"}],"wp:term":[{"taxonomy":"post_tag","embeddable":true,"href":"https:\/\/cusointernational.org\/fr\/wp-json\/wp\/v2\/tags?post=35240"}],"curies":[{"name":"wp","href":"https:\/\/api.w.org\/{rel}","templated":true}]}}