{"id":39361,"date":"2021-06-01T19:14:20","date_gmt":"2021-06-01T23:14:20","guid":{"rendered":"https:\/\/cusointernational.org\/cuso60\/marie-small-face-marule\/"},"modified":"2023-02-22T23:11:57","modified_gmt":"2023-02-23T04:11:57","slug":"marie-small-face-marule","status":"publish","type":"cuso60","link":"https:\/\/cusointernational.org\/fr\/cuso60\/marie-small-face-marule\/","title":{"rendered":"Marie Small Face-Marule"},"content":{"rendered":"<p>Marie est l\u2019une des premi\u00e8res femmes autochtones \u00e0 partir sur le terrain avec Cuso International.<\/p>\n<p>\u00c0 son retour, elle devient rectrice du Coll\u00e8ge communautaire Red Crow, participe \u00e0 la cr\u00e9ation du Conseil mondial des peuples indig\u00e8nes, assure la direction g\u00e9n\u00e9rale de la Fraternit\u00e9 nationale des Indiens et re\u00e7oit le Prix national d\u2019excellence d\u00e9cern\u00e9 aux Autochtones. De plus, l\u2019Institute for the Advancement of Aboriginal Women lui remet le prix de leadership Dorothy MacDonald et l\u2019intronise \u00e0 son Cercle d\u2019honneur.<\/p>\n","protected":false},"featured_media":39312,"template":"","country":[250],"class_list":["post-39361","cuso60","type-cuso60","status-publish","has-post-thumbnail","hentry","country-zambie"],"acf":[],"yoast_head":"<!-- This site is optimized with the Yoast SEO plugin v27.5 - https:\/\/yoast.com\/product\/yoast-seo-wordpress\/ -->\n<title>Marie Small Face-Marule - Cuso International<\/title>\n<meta name=\"robots\" content=\"index, follow, max-snippet:-1, max-image-preview:large, max-video-preview:-1\" \/>\n<link rel=\"canonical\" href=\"https:\/\/cusointernational.org\/fr\/cuso60\/marie-small-face-marule\/\" \/>\n<meta property=\"og:locale\" content=\"fr_FR\" \/>\n<meta property=\"og:type\" content=\"article\" \/>\n<meta property=\"og:title\" content=\"Marie Small Face-Marule - Cuso International\" \/>\n<meta property=\"og:description\" content=\"Marie est l\u2019une des premi\u00e8res femmes autochtones \u00e0 partir sur le terrain avec Cuso International. \u00c0 son retour, elle devient rectrice du Coll\u00e8ge communautaire Red Crow, participe \u00e0 la cr\u00e9ation du Conseil mondial des peuples indig\u00e8nes, assure la direction g\u00e9n\u00e9rale de la Fraternit\u00e9 nationale des Indiens et re\u00e7oit le Prix national d\u2019excellence d\u00e9cern\u00e9 aux Autochtones.&hellip;\" \/>\n<meta property=\"og:url\" content=\"https:\/\/cusointernational.org\/fr\/cuso60\/marie-small-face-marule\/\" \/>\n<meta property=\"og:site_name\" content=\"Cuso International\" \/>\n<meta property=\"article:modified_time\" content=\"2023-02-23T04:11:57+00:00\" \/>\n<meta property=\"og:image\" content=\"https:\/\/cusointernational.org\/wp-content\/uploads\/marie-murale.jpg\" \/>\n\t<meta property=\"og:image:width\" content=\"800\" \/>\n\t<meta property=\"og:image:height\" content=\"800\" \/>\n\t<meta property=\"og:image:type\" content=\"image\/jpeg\" \/>\n<meta name=\"twitter:card\" content=\"summary_large_image\" \/>\n<meta name=\"twitter:label1\" content=\"Dur\u00e9e de lecture estim\u00e9e\" \/>\n\t<meta name=\"twitter:data1\" content=\"1 minute\" \/>\n<script type=\"application\/ld+json\" class=\"yoast-schema-graph\">{\"@context\":\"https:\\\/\\\/schema.org\",\"@graph\":[{\"@type\":\"WebPage\",\"@id\":\"https:\\\/\\\/cusointernational.org\\\/fr\\\/cuso60\\\/marie-small-face-marule\\\/\",\"url\":\"https:\\\/\\\/cusointernational.org\\\/fr\\\/cuso60\\\/marie-small-face-marule\\\/\",\"name\":\"Marie Small Face-Marule - Cuso International\",\"isPartOf\":{\"@id\":\"https:\\\/\\\/cusointernational.org\\\/fr\\\/#website\"},\"primaryImageOfPage\":{\"@id\":\"https:\\\/\\\/cusointernational.org\\\/fr\\\/cuso60\\\/marie-small-face-marule\\\/#primaryimage\"},\"image\":{\"@id\":\"https:\\\/\\\/cusointernational.org\\\/fr\\\/cuso60\\\/marie-small-face-marule\\\/#primaryimage\"},\"thumbnailUrl\":\"https:\\\/\\\/cusointernational.org\\\/wp-content\\\/uploads\\\/marie-murale.jpg\",\"datePublished\":\"2021-06-01T23:14:20+00:00\",\"dateModified\":\"2023-02-23T04:11:57+00:00\",\"breadcrumb\":{\"@id\":\"https:\\\/\\\/cusointernational.org\\\/fr\\\/cuso60\\\/marie-small-face-marule\\\/#breadcrumb\"},\"inLanguage\":\"fr-FR\",\"potentialAction\":[{\"@type\":\"ReadAction\",\"target\":[\"https:\\\/\\\/cusointernational.org\\\/fr\\\/cuso60\\\/marie-small-face-marule\\\/\"]}]},{\"@type\":\"ImageObject\",\"inLanguage\":\"fr-FR\",\"@id\":\"https:\\\/\\\/cusointernational.org\\\/fr\\\/cuso60\\\/marie-small-face-marule\\\/#primaryimage\",\"url\":\"https:\\\/\\\/cusointernational.org\\\/wp-content\\\/uploads\\\/marie-murale.jpg\",\"contentUrl\":\"https:\\\/\\\/cusointernational.org\\\/wp-content\\\/uploads\\\/marie-murale.jpg\",\"width\":800,\"height\":800,\"caption\":\"Black and white image of Marie Murale\"},{\"@type\":\"BreadcrumbList\",\"@id\":\"https:\\\/\\\/cusointernational.org\\\/fr\\\/cuso60\\\/marie-small-face-marule\\\/#breadcrumb\",\"itemListElement\":[{\"@type\":\"ListItem\",\"position\":1,\"name\":\"Home\",\"item\":\"https:\\\/\\\/cusointernational.org\\\/fr\\\/\"},{\"@type\":\"ListItem\",\"position\":2,\"name\":\"Marie Small Face-Marule\"}]},{\"@type\":\"WebSite\",\"@id\":\"https:\\\/\\\/cusointernational.org\\\/fr\\\/#website\",\"url\":\"https:\\\/\\\/cusointernational.org\\\/fr\\\/\",\"name\":\"Cuso International\",\"description\":\"Connecting communities around the world with skilled Canadians to help end poverty\",\"potentialAction\":[{\"@type\":\"SearchAction\",\"target\":{\"@type\":\"EntryPoint\",\"urlTemplate\":\"https:\\\/\\\/cusointernational.org\\\/fr\\\/?s={search_term_string}\"},\"query-input\":{\"@type\":\"PropertyValueSpecification\",\"valueRequired\":true,\"valueName\":\"search_term_string\"}}],\"inLanguage\":\"fr-FR\"}]}<\/script>\n<!-- \/ Yoast SEO plugin. -->","yoast_head_json":{"title":"Marie Small Face-Marule - Cuso International","robots":{"index":"index","follow":"follow","max-snippet":"max-snippet:-1","max-image-preview":"max-image-preview:large","max-video-preview":"max-video-preview:-1"},"canonical":"https:\/\/cusointernational.org\/fr\/cuso60\/marie-small-face-marule\/","og_locale":"fr_FR","og_type":"article","og_title":"Marie Small Face-Marule - Cuso International","og_description":"Marie est l\u2019une des premi\u00e8res femmes autochtones \u00e0 partir sur le terrain avec Cuso International. \u00c0 son retour, elle devient rectrice du Coll\u00e8ge communautaire Red Crow, participe \u00e0 la cr\u00e9ation du Conseil mondial des peuples indig\u00e8nes, assure la direction g\u00e9n\u00e9rale de la Fraternit\u00e9 nationale des Indiens et re\u00e7oit le Prix national d\u2019excellence d\u00e9cern\u00e9 aux Autochtones.&hellip;","og_url":"https:\/\/cusointernational.org\/fr\/cuso60\/marie-small-face-marule\/","og_site_name":"Cuso International","article_modified_time":"2023-02-23T04:11:57+00:00","og_image":[{"width":800,"height":800,"url":"https:\/\/cusointernational.org\/wp-content\/uploads\/marie-murale.jpg","type":"image\/jpeg"}],"twitter_card":"summary_large_image","twitter_misc":{"Dur\u00e9e de lecture estim\u00e9e":"1 minute"},"schema":{"@context":"https:\/\/schema.org","@graph":[{"@type":"WebPage","@id":"https:\/\/cusointernational.org\/fr\/cuso60\/marie-small-face-marule\/","url":"https:\/\/cusointernational.org\/fr\/cuso60\/marie-small-face-marule\/","name":"Marie Small Face-Marule - Cuso International","isPartOf":{"@id":"https:\/\/cusointernational.org\/fr\/#website"},"primaryImageOfPage":{"@id":"https:\/\/cusointernational.org\/fr\/cuso60\/marie-small-face-marule\/#primaryimage"},"image":{"@id":"https:\/\/cusointernational.org\/fr\/cuso60\/marie-small-face-marule\/#primaryimage"},"thumbnailUrl":"https:\/\/cusointernational.org\/wp-content\/uploads\/marie-murale.jpg","datePublished":"2021-06-01T23:14:20+00:00","dateModified":"2023-02-23T04:11:57+00:00","breadcrumb":{"@id":"https:\/\/cusointernational.org\/fr\/cuso60\/marie-small-face-marule\/#breadcrumb"},"inLanguage":"fr-FR","potentialAction":[{"@type":"ReadAction","target":["https:\/\/cusointernational.org\/fr\/cuso60\/marie-small-face-marule\/"]}]},{"@type":"ImageObject","inLanguage":"fr-FR","@id":"https:\/\/cusointernational.org\/fr\/cuso60\/marie-small-face-marule\/#primaryimage","url":"https:\/\/cusointernational.org\/wp-content\/uploads\/marie-murale.jpg","contentUrl":"https:\/\/cusointernational.org\/wp-content\/uploads\/marie-murale.jpg","width":800,"height":800,"caption":"Black and white image of Marie Murale"},{"@type":"BreadcrumbList","@id":"https:\/\/cusointernational.org\/fr\/cuso60\/marie-small-face-marule\/#breadcrumb","itemListElement":[{"@type":"ListItem","position":1,"name":"Home","item":"https:\/\/cusointernational.org\/fr\/"},{"@type":"ListItem","position":2,"name":"Marie Small Face-Marule"}]},{"@type":"WebSite","@id":"https:\/\/cusointernational.org\/fr\/#website","url":"https:\/\/cusointernational.org\/fr\/","name":"Cuso International","description":"Connecting communities around the world with skilled Canadians to help end poverty","potentialAction":[{"@type":"SearchAction","target":{"@type":"EntryPoint","urlTemplate":"https:\/\/cusointernational.org\/fr\/?s={search_term_string}"},"query-input":{"@type":"PropertyValueSpecification","valueRequired":true,"valueName":"search_term_string"}}],"inLanguage":"fr-FR"}]}},"_links":{"self":[{"href":"https:\/\/cusointernational.org\/fr\/wp-json\/wp\/v2\/cuso60\/39361","targetHints":{"allow":["GET"]}}],"collection":[{"href":"https:\/\/cusointernational.org\/fr\/wp-json\/wp\/v2\/cuso60"}],"about":[{"href":"https:\/\/cusointernational.org\/fr\/wp-json\/wp\/v2\/types\/cuso60"}],"wp:featuredmedia":[{"embeddable":true,"href":"https:\/\/cusointernational.org\/fr\/wp-json\/wp\/v2\/media\/39312"}],"wp:attachment":[{"href":"https:\/\/cusointernational.org\/fr\/wp-json\/wp\/v2\/media?parent=39361"}],"wp:term":[{"taxonomy":"country","embeddable":true,"href":"https:\/\/cusointernational.org\/fr\/wp-json\/wp\/v2\/country?post=39361"}],"curies":[{"name":"wp","href":"https:\/\/api.w.org\/{rel}","templated":true}]}}